{"id":2250,"date":"2020-03-30T09:45:03","date_gmt":"2020-03-30T08:45:03","guid":{"rendered":"https:\/\/the7.io\/online-courses\/?page_id=2"},"modified":"2021-12-04T01:48:13","modified_gmt":"2021-12-04T01:48:13","slug":"sample-page-2","status":"publish","type":"page","link":"https:\/\/obispadosanfelipe.cl\/2020\/","title":{"rendered":"Inicio"},"content":{"rendered":"\t\t<div data-elementor-type=\"wp-page\" data-elementor-id=\"2250\" class=\"elementor elementor-2250\" data-elementor-settings=\"[]\">\n\t\t\t\t\t\t<div class=\"elementor-inner\">\n\t\t\t\t\t\t\t<div class=\"elementor-section-wrap\">\n\t\t\t\t\t\t\t<section class=\"elementor-section elementor-top-section elementor-element elementor-element-19f2678 elementor-section-boxed elementor-section-height-default elementor-section-height-default\" data-id=\"19f2678\" data-element_type=\"section\">\n\t\t\t\t\t\t<div class=\"elementor-container elementor-column-gap-default\">\n\t\t\t\t\t\t\t<div class=\"elementor-row\">\n\t\t\t\t\t<div class=\"elementor-column elementor-col-100 elementor-top-column elementor-element elementor-element-6f27b6b\" data-id=\"6f27b6b\" data-element_type=\"column\">\n\t\t\t<div class=\"elementor-column-wrap\">\n\t\t\t\t\t\t\t<div class=\"elementor-widget-wrap\">\n\t\t\t\t\t\t\t\t<\/div>\n\t\t\t\t\t<\/div>\n\t\t<\/div>\n\t\t\t\t\t\t\t\t<\/div>\n\t\t\t\t\t<\/div>\n\t\t<\/section>\n\t\t\t\t<section class=\"elementor-section elementor-top-section elementor-element elementor-element-9112fd6 elementor-section-boxed elementor-section-height-default elementor-section-height-default\" data-id=\"9112fd6\" data-element_type=\"section\">\n\t\t\t\t\t\t<div class=\"elementor-container elementor-column-gap-default\">\n\t\t\t\t\t\t\t<div class=\"elementor-row\">\n\t\t\t\t\t<div class=\"elementor-column elementor-col-100 elementor-top-column elementor-element elementor-element-456bc31\" data-id=\"456bc31\" data-element_type=\"column\">\n\t\t\t<div class=\"elementor-column-wrap\">\n\t\t\t\t\t\t\t<div class=\"elementor-widget-wrap\">\n\t\t\t\t\t\t\t\t<\/div>\n\t\t\t\t\t<\/div>\n\t\t<\/div>\n\t\t\t\t\t\t\t\t<\/div>\n\t\t\t\t\t<\/div>\n\t\t<\/section>\n\t\t\t\t<section class=\"elementor-section elementor-top-section elementor-element elementor-element-5f5e2a0 elementor-section-boxed elementor-section-height-default elementor-section-height-default\" data-id=\"5f5e2a0\" data-element_type=\"section\">\n\t\t\t\t\t\t<div class=\"elementor-container elementor-column-gap-default\">\n\t\t\t\t\t\t\t<div class=\"elementor-row\">\n\t\t\t\t\t<div class=\"elementor-column elementor-col-100 elementor-top-column elementor-element elementor-element-2d97783\" data-id=\"2d97783\" data-element_type=\"column\">\n\t\t\t<div class=\"elementor-column-wrap elementor-element-populated\">\n\t\t\t\t\t\t\t<div class=\"elementor-widget-wrap\">\n\t\t\t\t\t\t<div class=\"elementor-element elementor-element-714d8e0 animated-slow elementor-invisible elementor-widget elementor-widget-image\" data-id=\"714d8e0\" data-element_type=\"widget\" data-settings=\"{&quot;_animation&quot;:&quot;fadeIn&quot;}\" data-widget_type=\"image.default\">\n\t\t\t\t<div class=\"elementor-widget-container\">\n\t\t\t\t\t\t\t\t<div class=\"elementor-image\">\n\t\t\t\t\t\t\t\t\t\t\t\t<img width=\"1280\" height=\"363\" src=\"https:\/\/obispadosanfelipe.cl\/2020\/wp-content\/uploads\/2021\/05\/WhatsApp-Image-2021-05-29-at-12.55.13-1.jpeg\" class=\"attachment-1536x1536 size-1536x1536\" alt=\"\" loading=\"lazy\" srcset=\"https:\/\/obispadosanfelipe.cl\/2020\/wp-content\/uploads\/2021\/05\/WhatsApp-Image-2021-05-29-at-12.55.13-1.jpeg 1280w, https:\/\/obispadosanfelipe.cl\/2020\/wp-content\/uploads\/2021\/05\/WhatsApp-Image-2021-05-29-at-12.55.13-1-300x85.jpeg 300w, https:\/\/obispadosanfelipe.cl\/2020\/wp-content\/uploads\/2021\/05\/WhatsApp-Image-2021-05-29-at-12.55.13-1-1024x290.jpeg 1024w, https:\/\/obispadosanfelipe.cl\/2020\/wp-content\/uploads\/2021\/05\/WhatsApp-Image-2021-05-29-at-12.55.13-1-768x218.jpeg 768w\" sizes=\"(max-width: 1280px) 100vw, 1280px\" \/>\t\t\t\t\t\t\t\t\t\t\t\t\t\t<\/div>\n\t\t\t\t\t\t<\/div>\n\t\t\t\t<\/div>\n\t\t\t\t\t\t<\/div>\n\t\t\t\t\t<\/div>\n\t\t<\/div>\n\t\t\t\t\t\t\t\t<\/div>\n\t\t\t\t\t<\/div>\n\t\t<\/section>\n\t\t\t\t<section class=\"elementor-section elementor-top-section elementor-element elementor-element-2934e8d elementor-section-boxed elementor-section-height-default elementor-section-height-default\" data-id=\"2934e8d\" data-element_type=\"section\">\n\t\t\t\t\t\t<div class=\"elementor-container elementor-column-gap-default\">\n\t\t\t\t\t\t\t<div class=\"elementor-row\">\n\t\t\t\t\t<div class=\"elementor-column elementor-col-100 elementor-top-column elementor-element elementor-element-fc18e59\" data-id=\"fc18e59\" data-element_type=\"column\">\n\t\t\t<div class=\"elementor-column-wrap elementor-element-populated\">\n\t\t\t\t\t\t\t<div class=\"elementor-widget-wrap\">\n\t\t\t\t\t\t<div class=\"elementor-element elementor-element-1129a9b elementor-align-justify elementor-widget elementor-widget-button\" data-id=\"1129a9b\" data-element_type=\"widget\" data-widget_type=\"button.default\">\n\t\t\t\t<div class=\"elementor-widget-container\">\n\t\t\t\t\t<div class=\"elementor-button-wrapper\">\n\t\t\t<a href=\"https:\/\/obispadosanfelipe.cl\/2020\/caminar-diocesano-iglesia-sinodal\/\" class=\"elementor-button-link elementor-button elementor-size-lg\" role=\"button\">\n\t\t\t\t\t\t<span class=\"elementor-button-content-wrapper\">\n\t\t\t\t\t\t<span class=\"elementor-button-icon elementor-align-icon-left\">\n\t\t\t\t<i aria-hidden=\"true\" class=\"far fa-arrow-alt-circle-right\"><\/i>\t\t\t<\/span>\n\t\t\t\t\t\t<span class=\"elementor-button-text\">Caminar Diocesano - Iglesia Sinodal<\/span>\n\t\t<\/span>\n\t\t\t\t\t<\/a>\n\t\t<\/div>\n\t\t\t\t<\/div>\n\t\t\t\t<\/div>\n\t\t\t\t\t\t<\/div>\n\t\t\t\t\t<\/div>\n\t\t<\/div>\n\t\t\t\t\t\t\t\t<\/div>\n\t\t\t\t\t<\/div>\n\t\t<\/section>\n\t\t\t\t<section class=\"elementor-section elementor-top-section elementor-element elementor-element-c0a3c11 elementor-section-boxed elementor-section-height-default elementor-section-height-default\" data-id=\"c0a3c11\" data-element_type=\"section\">\n\t\t\t\t\t\t<div class=\"elementor-container elementor-column-gap-default\">\n\t\t\t\t\t\t\t<div class=\"elementor-row\">\n\t\t\t\t\t<div class=\"elementor-column elementor-col-100 elementor-top-column elementor-element elementor-element-d21c3f4\" data-id=\"d21c3f4\" data-element_type=\"column\">\n\t\t\t<div class=\"elementor-column-wrap elementor-element-populated\">\n\t\t\t\t\t\t\t<div class=\"elementor-widget-wrap\">\n\t\t\t\t\t\t<div class=\"elementor-element elementor-element-6e07a6f elementor-widget elementor-widget-image\" data-id=\"6e07a6f\" data-element_type=\"widget\" data-widget_type=\"image.default\">\n\t\t\t\t<div class=\"elementor-widget-container\">\n\t\t\t\t\t\t\t\t<div class=\"elementor-image\">\n\t\t\t\t\t\t\t\t\t\t\t\t\t<a href=\"https:\/\/obispadosanfelipe.cl\/2020\/consejo-diocesano-para-la-prevencion-de-abusos-sexuales-y-acompanamiento-de-victimas\/\">\n\t\t\t\t\t\t\t<img width=\"1024\" height=\"174\" src=\"https:\/\/obispadosanfelipe.cl\/2020\/wp-content\/uploads\/2020\/09\/Prevengamos-Abusos-342-510-121-escucha@obispadosanfelipe.cl-1-1024x174.jpg\" class=\"attachment-large size-large\" alt=\"\" loading=\"lazy\" srcset=\"https:\/\/obispadosanfelipe.cl\/2020\/wp-content\/uploads\/2020\/09\/Prevengamos-Abusos-342-510-121-escucha@obispadosanfelipe.cl-1-1024x174.jpg 1024w, https:\/\/obispadosanfelipe.cl\/2020\/wp-content\/uploads\/2020\/09\/Prevengamos-Abusos-342-510-121-escucha@obispadosanfelipe.cl-1-300x51.jpg 300w, https:\/\/obispadosanfelipe.cl\/2020\/wp-content\/uploads\/2020\/09\/Prevengamos-Abusos-342-510-121-escucha@obispadosanfelipe.cl-1-768x131.jpg 768w, https:\/\/obispadosanfelipe.cl\/2020\/wp-content\/uploads\/2020\/09\/Prevengamos-Abusos-342-510-121-escucha@obispadosanfelipe.cl-1-1536x262.jpg 1536w, https:\/\/obispadosanfelipe.cl\/2020\/wp-content\/uploads\/2020\/09\/Prevengamos-Abusos-342-510-121-escucha@obispadosanfelipe.cl-1.jpg 2043w\" sizes=\"(max-width: 1024px) 100vw, 1024px\" \/>\t\t\t\t\t\t\t\t<\/a>\n\t\t\t\t\t\t\t\t\t\t\t\t\t\t<\/div>\n\t\t\t\t\t\t<\/div>\n\t\t\t\t<\/div>\n\t\t\t\t\t\t<\/div>\n\t\t\t\t\t<\/div>\n\t\t<\/div>\n\t\t\t\t\t\t\t\t<\/div>\n\t\t\t\t\t<\/div>\n\t\t<\/section>\n\t\t\t\t<section class=\"elementor-section elementor-top-section elementor-element elementor-element-d25571c elementor-section-boxed elementor-section-height-default elementor-section-height-default\" data-id=\"d25571c\" data-element_type=\"section\">\n\t\t\t\t\t\t<div class=\"elementor-container elementor-column-gap-default\">\n\t\t\t\t\t\t\t<div class=\"elementor-row\">\n\t\t\t\t\t<div class=\"elementor-column elementor-col-100 elementor-top-column elementor-element elementor-element-ffcf937\" data-id=\"ffcf937\" data-element_type=\"column\">\n\t\t\t<div class=\"elementor-column-wrap elementor-element-populated\">\n\t\t\t\t\t\t\t<div class=\"elementor-widget-wrap\">\n\t\t\t\t\t\t<div class=\"elementor-element elementor-element-f7fbee4 elementor-button-danger elementor-align-center elementor-widget elementor-widget-button\" data-id=\"f7fbee4\" data-element_type=\"widget\" data-widget_type=\"button.default\">\n\t\t\t\t<div class=\"elementor-widget-container\">\n\t\t\t\t\t<div class=\"elementor-button-wrapper\">\n\t\t\t<a href=\"https:\/\/forms.gle\/VEKF3zRpsUcNVTV28\" class=\"elementor-button-link elementor-button elementor-size-lg\" role=\"button\">\n\t\t\t\t\t\t<span class=\"elementor-button-content-wrapper\">\n\t\t\t\t\t\t<span class=\"elementor-button-icon elementor-align-icon-left\">\n\t\t\t\t<i aria-hidden=\"true\" class=\"far fa-arrow-alt-circle-right\"><\/i>\t\t\t<\/span>\n\t\t\t\t\t\t<span class=\"elementor-button-text\">Consulta de la Delegaci\u00f3n Episcopal para la Familia                       Responde aqu\u00ed <\/span>\n\t\t<\/span>\n\t\t\t\t\t<\/a>\n\t\t<\/div>\n\t\t\t\t<\/div>\n\t\t\t\t<\/div>\n\t\t\t\t\t\t<\/div>\n\t\t\t\t\t<\/div>\n\t\t<\/div>\n\t\t\t\t\t\t\t\t<\/div>\n\t\t\t\t\t<\/div>\n\t\t<\/section>\n\t\t\t\t<section class=\"elementor-section elementor-top-section elementor-element elementor-element-344e7ef elementor-section-boxed elementor-section-height-default elementor-section-height-default\" data-id=\"344e7ef\" data-element_type=\"section\">\n\t\t\t\t\t\t<div class=\"elementor-container elementor-column-gap-default\">\n\t\t\t\t\t\t\t<div class=\"elementor-row\">\n\t\t\t\t\t<div class=\"elementor-column elementor-col-50 elementor-top-column elementor-element elementor-element-9b8db0a\" data-id=\"9b8db0a\" data-element_type=\"column\">\n\t\t\t<div class=\"elementor-column-wrap elementor-element-populated\">\n\t\t\t\t\t\t\t<div class=\"elementor-widget-wrap\">\n\t\t\t\t\t\t<div class=\"elementor-element elementor-element-2c78d19 elementor-button-success elementor-align-right elementor-widget elementor-widget-button\" data-id=\"2c78d19\" data-element_type=\"widget\" data-widget_type=\"button.default\">\n\t\t\t\t<div class=\"elementor-widget-container\">\n\t\t\t\t\t<div class=\"elementor-button-wrapper\">\n\t\t\t<a href=\"https:\/\/obispadosanfelipe.cl\/2020\/material-de-adviento-delegacion-de-la-familia\/\" class=\"elementor-button-link elementor-button elementor-size-lg\" role=\"button\">\n\t\t\t\t\t\t<span class=\"elementor-button-content-wrapper\">\n\t\t\t\t\t\t<span class=\"elementor-button-text\">Material de Adviento<\/span>\n\t\t<\/span>\n\t\t\t\t\t<\/a>\n\t\t<\/div>\n\t\t\t\t<\/div>\n\t\t\t\t<\/div>\n\t\t\t\t\t\t<\/div>\n\t\t\t\t\t<\/div>\n\t\t<\/div>\n\t\t\t\t<div class=\"elementor-column elementor-col-50 elementor-top-column elementor-element elementor-element-b123d03\" data-id=\"b123d03\" data-element_type=\"column\">\n\t\t\t<div class=\"elementor-column-wrap elementor-element-populated\">\n\t\t\t\t\t\t\t<div class=\"elementor-widget-wrap\">\n\t\t\t\t\t\t<div class=\"elementor-element elementor-element-27a782b elementor-button-danger elementor-align-left elementor-widget elementor-widget-button\" data-id=\"27a782b\" data-element_type=\"widget\" data-widget_type=\"button.default\">\n\t\t\t\t<div class=\"elementor-widget-container\">\n\t\t\t\t\t<div class=\"elementor-button-wrapper\">\n\t\t\t<a href=\"https:\/\/obispadosanfelipe.cl\/2020\/material-de-catequesis\/\" class=\"elementor-button-link elementor-button elementor-size-lg\" role=\"button\">\n\t\t\t\t\t\t<span class=\"elementor-button-content-wrapper\">\n\t\t\t\t\t\t<span class=\"elementor-button-text\">Material Catequesis<\/span>\n\t\t<\/span>\n\t\t\t\t\t<\/a>\n\t\t<\/div>\n\t\t\t\t<\/div>\n\t\t\t\t<\/div>\n\t\t\t\t\t\t<\/div>\n\t\t\t\t\t<\/div>\n\t\t<\/div>\n\t\t\t\t\t\t\t\t<\/div>\n\t\t\t\t\t<\/div>\n\t\t<\/section>\n\t\t\t\t<section class=\"elementor-section elementor-top-section elementor-element elementor-element-7e3ec9a elementor-section-boxed elementor-section-height-default elementor-section-height-default\" data-id=\"7e3ec9a\" data-element_type=\"section\">\n\t\t\t\t\t\t<div class=\"elementor-container elementor-column-gap-default\">\n\t\t\t\t\t\t\t<div class=\"elementor-row\">\n\t\t\t\t\t<div class=\"elementor-column elementor-col-50 elementor-top-column elementor-element elementor-element-8f26673\" data-id=\"8f26673\" data-element_type=\"column\">\n\t\t\t<div class=\"elementor-column-wrap elementor-element-populated\">\n\t\t\t\t\t\t\t<div class=\"elementor-widget-wrap\">\n\t\t\t\t\t\t<div class=\"elementor-element elementor-element-5bf864b elementor-align-left elementor-tablet-align-left elementor-widget elementor-widget-button\" data-id=\"5bf864b\" data-element_type=\"widget\" data-widget_type=\"button.default\">\n\t\t\t\t<div class=\"elementor-widget-container\">\n\t\t\t\t\t<div class=\"elementor-button-wrapper\">\n\t\t\t<a href=\"https:\/\/obispadosanfelipe.cl\/2020\/noticias\/\" class=\"elementor-button-link elementor-button elementor-size-md\" role=\"button\">\n\t\t\t\t\t\t<span class=\"elementor-button-content-wrapper\">\n\t\t\t\t\t\t<span class=\"elementor-button-icon elementor-align-icon-left\">\n\t\t\t\t<i aria-hidden=\"true\" class=\"far fa-newspaper\"><\/i>\t\t\t<\/span>\n\t\t\t\t\t\t<span class=\"elementor-button-text\"><\/span>\n\t\t<\/span>\n\t\t\t\t\t<\/a>\n\t\t<\/div>\n\t\t\t\t<\/div>\n\t\t\t\t<\/div>\n\t\t\t\t\t\t<\/div>\n\t\t\t\t\t<\/div>\n\t\t<\/div>\n\t\t\t\t<div class=\"elementor-column elementor-col-50 elementor-top-column elementor-element elementor-element-df4b7d3\" data-id=\"df4b7d3\" data-element_type=\"column\">\n\t\t\t<div class=\"elementor-column-wrap elementor-element-populated\">\n\t\t\t\t\t\t\t<div class=\"elementor-widget-wrap\">\n\t\t\t\t\t\t<div class=\"elementor-element elementor-element-6a7547d elementor-align-right elementor-tablet-align-left elementor-widget elementor-widget-button\" data-id=\"6a7547d\" data-element_type=\"widget\" data-widget_type=\"button.default\">\n\t\t\t\t<div class=\"elementor-widget-container\">\n\t\t\t\t\t<div class=\"elementor-button-wrapper\">\n\t\t\t<a href=\"#\" class=\"elementor-button-link elementor-button elementor-size-md\" role=\"button\">\n\t\t\t\t\t\t<span class=\"elementor-button-content-wrapper\">\n\t\t\t\t\t\t<span class=\"elementor-button-icon elementor-align-icon-left\">\n\t\t\t\t<i aria-hidden=\"true\" class=\"far fa-edit\"><\/i>\t\t\t<\/span>\n\t\t\t\t\t\t<span class=\"elementor-button-text\">SUSCR\u00cdBASE AL BOLET\u00cdN DE NOTICIAS<\/span>\n\t\t<\/span>\n\t\t\t\t\t<\/a>\n\t\t<\/div>\n\t\t\t\t<\/div>\n\t\t\t\t<\/div>\n\t\t\t\t\t\t<\/div>\n\t\t\t\t\t<\/div>\n\t\t<\/div>\n\t\t\t\t\t\t\t\t<\/div>\n\t\t\t\t\t<\/div>\n\t\t<\/section>\n\t\t\t\t<section class=\"elementor-section elementor-top-section elementor-element elementor-element-71550cc elementor-section-boxed elementor-section-height-default elementor-section-height-default\" data-id=\"71550cc\" data-element_type=\"section\" data-settings=\"{&quot;background_background&quot;:&quot;gradient&quot;}\">\n\t\t\t\t\t\t<div class=\"elementor-container elementor-column-gap-default\">\n\t\t\t\t\t\t\t<div class=\"elementor-row\">\n\t\t\t\t\t<div class=\"elementor-column elementor-col-100 elementor-top-column elementor-element elementor-element-3806afc\" data-id=\"3806afc\" data-element_type=\"column\">\n\t\t\t<div class=\"elementor-column-wrap elementor-element-populated\">\n\t\t\t\t\t\t\t<div class=\"elementor-widget-wrap\">\n\t\t\t\t\t\t<div class=\"elementor-element elementor-element-a36b352 elementor-widget elementor-widget-the7_elements\" data-id=\"a36b352\" data-element_type=\"widget\" data-widget_type=\"the7_elements.default\">\n\t\t\t\t<div class=\"elementor-widget-container\">\n\t\t\t<div  class=\"portfolio-shortcode the7-elementor-widget the7_elements-a36b352 mode-masonry classic-layout-list description-under-image quick-scale-img content-bg-on enable-bg-rollover widget-with-filter loading-effect-fade-in\"  data-padding=\"20px\" data-cur-page=\"1\" data-post-limit=\"-1\" data-pagination-mode=\"standard\" data-width=\"200\" data-columns=\"4\"><div class=\"iso-filter filter-decorations without-isotope filter filter-pointer-default filter-underline-decoration\"><div class=\"filter-categories\" data-default-order=\"\" data-default-orderby=\"\"><a href=\"https:\/\/obispadosanfelipe.cl\/2020\/\" class=\"show-all filter-item act\" data-filter=\"*\">Ver todo<\/a><a href=\"https:\/\/obispadosanfelipe.cl\/2020\/?term=diocesis\" class=\"filter-item diocesis\" data-filter=\".category-5\">Di\u00f3cesis<\/a><a href=\"https:\/\/obispadosanfelipe.cl\/2020\/?term=noticias\" class=\"filter-item noticias\" data-filter=\".category-8\">Noticias<\/a><\/div><div class=\"filter-extras\"><div class=\"filter-by\"><a href=\"https:\/\/obispadosanfelipe.cl\/2020\/?orderby=date&#038;order=desc\" class=\"sort-by-date act\" data-by=\"date\"><i class=\"dt-icon-the7-sort-02\"><\/i><span class=\"filter-popup\">Ordenar por fecha<\/span><\/a><span class=\"filter-switch\"><\/span><a href=\"https:\/\/obispadosanfelipe.cl\/2020\/?orderby=name&#038;order=desc\" class=\"sort-by-name\" data-by=\"name\"><i class=\"dt-icon-the7-sort-03\" aria-hidden=\"true\"><\/i><span class=\"filter-popup\">Ordenar por nombre<\/span><\/a><\/div><div class=\"filter-sorting\"><a href=\"https:\/\/obispadosanfelipe.cl\/2020\/?orderby=date&#038;order=desc\" class=\"sort-by-desc act\" data-sort=\"desc\"><i class=\"dt-icon-the7-sort-00\" aria-hidden=\"true\"><\/i><span class=\"filter-popup\">Descendente<\/span><\/a><span class=\"filter-switch\"><\/span><a href=\"https:\/\/obispadosanfelipe.cl\/2020\/?orderby=date&#038;order=asc\" class=\"sort-by-asc\" data-sort=\"asc\"><i class=\"dt-icon-the7-sort-01\" aria-hidden=\"true\"><\/i><span class=\"filter-popup\">Ascendente<\/span><\/a><\/div><\/div><\/div><div class=\"iso-container dt-isotope custom-iso-columns\"><div class=\"visible wf-cell iso-item category-8\" data-post-id=\"6752\" data-date=\"2022-02-20T13:34:09+00:00\" data-name=\"Campa\u00f1a de Cuaresma de Fraternidad apoyar\u00e1 a familias vulnerables\"><article class=\"post visible post-6752 type-post status-publish format-standard has-post-thumbnail hentry category-noticias category-8 description-off\" data-name=\"Campa\u00f1a de Cuaresma de Fraternidad apoyar\u00e1 a familias vulnerables\" data-date=\"2022-02-20T13:34:09+00:00\">\n\n\t<div class=\"post-thumbnail-wrap rollover-active\">\n\t\t<div class=\"post-thumbnail\">\n\n\t\t\t<a href=\"https:\/\/obispadosanfelipe.cl\/2020\/campana-de-cuaresma-de-fraternidad-apoyara-a-familias-vulnerables\/\" class=\"post-thumbnail-rollover layzr-bg\" aria-label=\"Post image\" rel=\"nofollow\"><img loading=\"lazy\" class=\"preload-me iso-lazy-load\" src=\"data:image\/svg+xml,%3Csvg%20xmlns%3D&#39;http%3A%2F%2Fwww.w3.org%2F2000%2Fsvg&#39;%20viewBox%3D&#39;0%200%20488%20348&#39;%2F%3E\" data-src=\"https:\/\/obispadosanfelipe.cl\/2020\/wp-content\/uploads\/2022\/02\/Gale620405f9790ac_09022022_320pm-488x348.jpg\" data-srcset=\"https:\/\/obispadosanfelipe.cl\/2020\/wp-content\/uploads\/2022\/02\/Gale620405f9790ac_09022022_320pm-488x348.jpg 488w, https:\/\/obispadosanfelipe.cl\/2020\/wp-content\/uploads\/2022\/02\/Gale620405f9790ac_09022022_320pm.jpg 800w\" alt=\"\" title=\"Gale620405f9790ac_09022022_320pm\" width=\"488\" height=\"348\"  \/><\/a><div class=\"project-links-container\"><a href=\"https:\/\/obispadosanfelipe.cl\/2020\/campana-de-cuaresma-de-fraternidad-apoyara-a-familias-vulnerables\/\" class=\"project-details\" aria-label=\"Details link\" rel=\"nofollow\"><span aria-hidden=\"true\" class=\"icomoon-the7-font-the7-plus-02\"><\/span><\/a><\/div>\n\t\t<\/div>\n\t<\/div>\n\n\n<div class=\"post-entry-content\">\n\n\t<h3 class=\"ele-entry-title\"><a href=\"https:\/\/obispadosanfelipe.cl\/2020\/campana-de-cuaresma-de-fraternidad-apoyara-a-familias-vulnerables\/\" title=\"Campa\u00f1a de Cuaresma de Fraternidad apoyar\u00e1 a familias vulnerables\" rel=\"bookmark\">Campa\u00f1a de Cuaresma de Fraternidad apoyar\u00e1 a familias vulnerables<\/a><\/h3><div class=\"entry-meta\"><a href=\"https:\/\/obispadosanfelipe.cl\/2020\/2022\/02\/20\/\" title=\"13:34\" class=\"meta-item data-link\" rel=\"bookmark\"><time class=\"entry-date updated\" datetime=\"2022-02-20T13:34:09+00:00\">20\/02\/2022<\/time><\/a><\/div><div class=\"entry-excerpt\"><p>A partir de este a\u00f1o la campa\u00f1a de Cuaresma de Fraternidad cambia de sujeto prioritario y bajo el lema \u201cChile&hellip;<\/p>\n<\/div>\n<a class=\"post-details details-type-btn dt-btn-s dt-btn\" href=\"https:\/\/obispadosanfelipe.cl\/2020\/campana-de-cuaresma-de-fraternidad-apoyara-a-familias-vulnerables\/\" rel=\"nofollow\" aria-label=\"Read more about Campa\u00f1a de Cuaresma de Fraternidad apoyar\u00e1 a familias vulnerables\"><i aria-hidden=\"true\" class=\"dt-icon-the7-arrow-552\"><\/i><span>Leer M\u00e1s<\/span><\/a>\n<\/div><\/article><\/div><div class=\"visible wf-cell iso-item category-8\" data-post-id=\"6735\" data-date=\"2022-02-18T20:43:58+00:00\" data-name=\"Ya est\u00e1 Disponible el Juego &quot;DEMOSLE OTRA VUELTA&quot; del Camino Sinodal\"><article class=\"post visible post-6735 type-post status-publish format-standard has-post-thumbnail hentry category-noticias category-8 description-off\" data-name=\"Ya est\u00e1 Disponible el Juego \u00abDEMOSLE OTRA VUELTA\u00bb del Camino Sinodal\" data-date=\"2022-02-18T20:43:58+00:00\">\n\n\t<div class=\"post-thumbnail-wrap rollover-active\">\n\t\t<div class=\"post-thumbnail\">\n\n\t\t\t<a href=\"https:\/\/obispadosanfelipe.cl\/2020\/ya-esta-disponible-el-juego-demosle-otra-vuelta-del-camino-sinodal\/\" class=\"post-thumbnail-rollover layzr-bg\" aria-label=\"Post image\" rel=\"nofollow\"><img loading=\"lazy\" class=\"preload-me iso-lazy-load\" src=\"data:image\/svg+xml,%3Csvg%20xmlns%3D&#39;http%3A%2F%2Fwww.w3.org%2F2000%2Fsvg&#39;%20viewBox%3D&#39;0%200%20488%20586&#39;%2F%3E\" data-src=\"https:\/\/obispadosanfelipe.cl\/2020\/wp-content\/uploads\/2022\/02\/insumo-demosle-otrs-vuelta-1-488x586.jpg\" data-srcset=\"https:\/\/obispadosanfelipe.cl\/2020\/wp-content\/uploads\/2022\/02\/insumo-demosle-otrs-vuelta-1-488x586.jpg 488w, https:\/\/obispadosanfelipe.cl\/2020\/wp-content\/uploads\/2022\/02\/insumo-demosle-otrs-vuelta-1-976x1172.jpg 976w\" alt=\"\" title=\"insumo demosle otrs vuelta\" width=\"488\" height=\"586\"  \/><\/a><div class=\"project-links-container\"><a href=\"https:\/\/obispadosanfelipe.cl\/2020\/ya-esta-disponible-el-juego-demosle-otra-vuelta-del-camino-sinodal\/\" class=\"project-details\" aria-label=\"Details link\" rel=\"nofollow\"><span aria-hidden=\"true\" class=\"icomoon-the7-font-the7-plus-02\"><\/span><\/a><\/div>\n\t\t<\/div>\n\t<\/div>\n\n\n<div class=\"post-entry-content\">\n\n\t<h3 class=\"ele-entry-title\"><a href=\"https:\/\/obispadosanfelipe.cl\/2020\/ya-esta-disponible-el-juego-demosle-otra-vuelta-del-camino-sinodal\/\" title=\"Ya est\u00e1 Disponible el Juego \u00abDEMOSLE OTRA VUELTA\u00bb del Camino Sinodal\" rel=\"bookmark\">Ya est\u00e1 Disponible el Juego \u00abDEMOSLE OTRA VUELTA\u00bb del Camino Sinodal<\/a><\/h3><div class=\"entry-meta\"><a href=\"https:\/\/obispadosanfelipe.cl\/2020\/2022\/02\/18\/\" title=\"20:43\" class=\"meta-item data-link\" rel=\"bookmark\"><time class=\"entry-date updated\" datetime=\"2022-02-18T20:43:58+00:00\">18\/02\/2022<\/time><\/a><\/div><div class=\"entry-excerpt\"><p>Nuestra Iglesia Diocesana se ha sumado a vivir e impregnarse de este tiempo sinodal. Creemos firmemente que solo caminando juntos&hellip;<\/p>\n<\/div>\n<a class=\"post-details details-type-btn dt-btn-s dt-btn\" href=\"https:\/\/obispadosanfelipe.cl\/2020\/ya-esta-disponible-el-juego-demosle-otra-vuelta-del-camino-sinodal\/\" rel=\"nofollow\" aria-label=\"Read more about Ya est\u00e1 Disponible el Juego \u00abDEMOSLE OTRA VUELTA\u00bb del Camino Sinodal\"><i aria-hidden=\"true\" class=\"dt-icon-the7-arrow-552\"><\/i><span>Leer M\u00e1s<\/span><\/a>\n<\/div><\/article><\/div><div class=\"visible wf-cell iso-item category-8 category-1\" data-post-id=\"6724\" data-date=\"2022-02-18T20:28:54+00:00\" data-name=\"Aforos y Restricciones Plan Paso a Paso 2022\"><article class=\"post visible post-6724 type-post status-publish format-standard has-post-thumbnail hentry category-noticias category-uncategorized category-8 category-1 description-off\" data-name=\"Aforos y Restricciones Plan Paso a Paso 2022\" data-date=\"2022-02-18T20:28:54+00:00\">\n\n\t<div class=\"post-thumbnail-wrap rollover-active\">\n\t\t<div class=\"post-thumbnail\">\n\n\t\t\t<a href=\"https:\/\/obispadosanfelipe.cl\/2020\/aforos-y-restricciones-plan-paso-a-paso-2022\/\" class=\"post-thumbnail-rollover layzr-bg\" aria-label=\"Post image\" rel=\"nofollow\"><img loading=\"lazy\" class=\"preload-me iso-lazy-load\" src=\"data:image\/svg+xml,%3Csvg%20xmlns%3D&#39;http%3A%2F%2Fwww.w3.org%2F2000%2Fsvg&#39;%20viewBox%3D&#39;0%200%20488%20328&#39;%2F%3E\" data-src=\"https:\/\/obispadosanfelipe.cl\/2020\/wp-content\/uploads\/2022\/02\/30d17b923b54230c4e78dc61d1930104-488x328.jpg\" data-srcset=\"https:\/\/obispadosanfelipe.cl\/2020\/wp-content\/uploads\/2022\/02\/30d17b923b54230c4e78dc61d1930104-488x328.jpg 488w, https:\/\/obispadosanfelipe.cl\/2020\/wp-content\/uploads\/2022\/02\/30d17b923b54230c4e78dc61d1930104.jpg 717w\" alt=\"\" title=\"30d17b923b54230c4e78dc61d1930104\" width=\"488\" height=\"328\"  \/><\/a><div class=\"project-links-container\"><a href=\"https:\/\/obispadosanfelipe.cl\/2020\/aforos-y-restricciones-plan-paso-a-paso-2022\/\" class=\"project-details\" aria-label=\"Details link\" rel=\"nofollow\"><span aria-hidden=\"true\" class=\"icomoon-the7-font-the7-plus-02\"><\/span><\/a><\/div>\n\t\t<\/div>\n\t<\/div>\n\n\n<div class=\"post-entry-content\">\n\n\t<h3 class=\"ele-entry-title\"><a href=\"https:\/\/obispadosanfelipe.cl\/2020\/aforos-y-restricciones-plan-paso-a-paso-2022\/\" title=\"Aforos y Restricciones Plan Paso a Paso 2022\" rel=\"bookmark\">Aforos y Restricciones Plan Paso a Paso 2022<\/a><\/h3><div class=\"entry-meta\"><a href=\"https:\/\/obispadosanfelipe.cl\/2020\/2022\/02\/18\/\" title=\"20:28\" class=\"meta-item data-link\" rel=\"bookmark\"><time class=\"entry-date updated\" datetime=\"2022-02-18T20:28:54+00:00\">18\/02\/2022<\/time><\/a><\/div><div class=\"entry-excerpt\"><p>Ante el retroceso de algunas ciudades de los decanatos de Petorca, San Felipe y Los Andes. Queremos que est\u00e9s bien&hellip;<\/p>\n<\/div>\n<a class=\"post-details details-type-btn dt-btn-s dt-btn\" href=\"https:\/\/obispadosanfelipe.cl\/2020\/aforos-y-restricciones-plan-paso-a-paso-2022\/\" rel=\"nofollow\" aria-label=\"Read more about Aforos y Restricciones Plan Paso a Paso 2022\"><i aria-hidden=\"true\" class=\"dt-icon-the7-arrow-552\"><\/i><span>Leer M\u00e1s<\/span><\/a>\n<\/div><\/article><\/div><div class=\"visible wf-cell iso-item category-8\" data-post-id=\"6729\" data-date=\"2022-02-15T20:30:29+00:00\" data-name=\"El Papa transfiere a los obispos competencias reservadas a la Santa Sede\"><article class=\"post visible post-6729 type-post status-publish format-standard has-post-thumbnail hentry category-noticias category-8 description-off\" data-name=\"El Papa transfiere a los obispos competencias reservadas a la Santa Sede\" data-date=\"2022-02-15T20:30:29+00:00\">\n\n\t<div class=\"post-thumbnail-wrap rollover-active\">\n\t\t<div class=\"post-thumbnail\">\n\n\t\t\t<a href=\"https:\/\/obispadosanfelipe.cl\/2020\/el-papa-transfiere-a-los-obispos-competencias-reservadas-a-la-santa-sede\/\" class=\"post-thumbnail-rollover layzr-bg\" aria-label=\"Post image\" rel=\"nofollow\"><img loading=\"lazy\" class=\"preload-me iso-lazy-load\" src=\"data:image\/svg+xml,%3Csvg%20xmlns%3D&#39;http%3A%2F%2Fwww.w3.org%2F2000%2Fsvg&#39;%20viewBox%3D&#39;0%200%20488%20275&#39;%2F%3E\" data-src=\"https:\/\/obispadosanfelipe.cl\/2020\/wp-content\/uploads\/2022\/02\/cq5dam.thumbnail.cropped.1000.563-488x275.jpeg\" data-srcset=\"https:\/\/obispadosanfelipe.cl\/2020\/wp-content\/uploads\/2022\/02\/cq5dam.thumbnail.cropped.1000.563-488x275.jpeg 488w, https:\/\/obispadosanfelipe.cl\/2020\/wp-content\/uploads\/2022\/02\/cq5dam.thumbnail.cropped.1000.563-976x550.jpeg 976w\" alt=\"\" title=\"cq5dam.thumbnail.cropped.1000.563\" width=\"488\" height=\"275\"  \/><\/a><div class=\"project-links-container\"><a href=\"https:\/\/obispadosanfelipe.cl\/2020\/el-papa-transfiere-a-los-obispos-competencias-reservadas-a-la-santa-sede\/\" class=\"project-details\" aria-label=\"Details link\" rel=\"nofollow\"><span aria-hidden=\"true\" class=\"icomoon-the7-font-the7-plus-02\"><\/span><\/a><\/div>\n\t\t<\/div>\n\t<\/div>\n\n\n<div class=\"post-entry-content\">\n\n\t<h3 class=\"ele-entry-title\"><a href=\"https:\/\/obispadosanfelipe.cl\/2020\/el-papa-transfiere-a-los-obispos-competencias-reservadas-a-la-santa-sede\/\" title=\"El Papa transfiere a los obispos competencias reservadas a la Santa Sede\" rel=\"bookmark\">El Papa transfiere a los obispos competencias reservadas a la Santa Sede<\/a><\/h3><div class=\"entry-meta\"><a href=\"https:\/\/obispadosanfelipe.cl\/2020\/2022\/02\/15\/\" title=\"20:30\" class=\"meta-item data-link\" rel=\"bookmark\"><time class=\"entry-date updated\" datetime=\"2022-02-15T20:30:29+00:00\">15\/02\/2022<\/time><\/a><\/div><div class=\"entry-excerpt\"><p>Con un motu proprio, Francisco ha establecido que los ordinarios de las Iglesias locales podr\u00e1n intervenir en la gesti\u00f3n de&hellip;<\/p>\n<\/div>\n<a class=\"post-details details-type-btn dt-btn-s dt-btn\" href=\"https:\/\/obispadosanfelipe.cl\/2020\/el-papa-transfiere-a-los-obispos-competencias-reservadas-a-la-santa-sede\/\" rel=\"nofollow\" aria-label=\"Read more about El Papa transfiere a los obispos competencias reservadas a la Santa Sede\"><i aria-hidden=\"true\" class=\"dt-icon-the7-arrow-552\"><\/i><span>Leer M\u00e1s<\/span><\/a>\n<\/div><\/article><\/div><div class=\"visible wf-cell iso-item category-8\" data-post-id=\"6721\" data-date=\"2022-02-01T20:12:53+00:00\" data-name=\"Inscr\u00edbete en el Centro de Formaci\u00f3n Ap\u00f3stol San Felipe\"><article class=\"post visible post-6721 type-post status-publish format-standard has-post-thumbnail hentry category-noticias category-8 description-off\" data-name=\"Inscr\u00edbete en el Centro de Formaci\u00f3n Ap\u00f3stol San Felipe\" data-date=\"2022-02-01T20:12:53+00:00\">\n\n\t<div class=\"post-thumbnail-wrap rollover-active\">\n\t\t<div class=\"post-thumbnail\">\n\n\t\t\t<a href=\"https:\/\/obispadosanfelipe.cl\/2020\/inscribete-en-el-centro-de-formacion-apostol-san-felipe\/\" class=\"post-thumbnail-rollover layzr-bg\" aria-label=\"Post image\" rel=\"nofollow\"><img loading=\"lazy\" class=\"preload-me iso-lazy-load\" src=\"data:image\/svg+xml,%3Csvg%20xmlns%3D&#39;http%3A%2F%2Fwww.w3.org%2F2000%2Fsvg&#39;%20viewBox%3D&#39;0%200%20488%20569&#39;%2F%3E\" data-src=\"https:\/\/obispadosanfelipe.cl\/2020\/wp-content\/uploads\/2022\/02\/escuela-formacion-2022-488x569.jpg\" data-srcset=\"https:\/\/obispadosanfelipe.cl\/2020\/wp-content\/uploads\/2022\/02\/escuela-formacion-2022-488x569.jpg 488w, https:\/\/obispadosanfelipe.cl\/2020\/wp-content\/uploads\/2022\/02\/escuela-formacion-2022-976x1138.jpg 976w\" alt=\"\" title=\"escuela formaci\u00f3n 2022\" width=\"488\" height=\"569\"  \/><\/a><div class=\"project-links-container\"><a href=\"https:\/\/obispadosanfelipe.cl\/2020\/inscribete-en-el-centro-de-formacion-apostol-san-felipe\/\" class=\"project-details\" aria-label=\"Details link\" rel=\"nofollow\"><span aria-hidden=\"true\" class=\"icomoon-the7-font-the7-plus-02\"><\/span><\/a><\/div>\n\t\t<\/div>\n\t<\/div>\n\n\n<div class=\"post-entry-content\">\n\n\t<h3 class=\"ele-entry-title\"><a href=\"https:\/\/obispadosanfelipe.cl\/2020\/inscribete-en-el-centro-de-formacion-apostol-san-felipe\/\" title=\"Inscr\u00edbete en el Centro de Formaci\u00f3n Ap\u00f3stol San Felipe\" rel=\"bookmark\">Inscr\u00edbete en el Centro de Formaci\u00f3n Ap\u00f3stol San Felipe<\/a><\/h3><div class=\"entry-meta\"><a href=\"https:\/\/obispadosanfelipe.cl\/2020\/2022\/02\/01\/\" title=\"20:12\" class=\"meta-item data-link\" rel=\"bookmark\"><time class=\"entry-date updated\" datetime=\"2022-02-01T20:12:53+00:00\">01\/02\/2022<\/time><\/a><\/div><div class=\"entry-excerpt\"><p>La Di\u00f3cesis de San Felipe ofrece a todos los agentes de pastoral un espacio de formaci\u00f3n y reflexi\u00f3n teol\u00f3gico- pastoral,&hellip;<\/p>\n<\/div>\n<a class=\"post-details details-type-btn dt-btn-s dt-btn\" href=\"https:\/\/obispadosanfelipe.cl\/2020\/inscribete-en-el-centro-de-formacion-apostol-san-felipe\/\" rel=\"nofollow\" aria-label=\"Read more about Inscr\u00edbete en el Centro de Formaci\u00f3n Ap\u00f3stol San Felipe\"><i aria-hidden=\"true\" class=\"dt-icon-the7-arrow-552\"><\/i><span>Leer M\u00e1s<\/span><\/a>\n<\/div><\/article><\/div><div class=\"visible wf-cell iso-item category-8\" data-post-id=\"6699\" data-date=\"2022-01-17T19:56:56+00:00\" data-name=\"Semana de Formaci\u00f3n Teol\u00f3gica Pastoral 2022 se realiz\u00f3 poniendo el foco en la Sinodalidad\"><article class=\"post visible post-6699 type-post status-publish format-standard has-post-thumbnail hentry category-noticias category-8 description-off\" data-name=\"Semana de Formaci\u00f3n Teol\u00f3gica Pastoral 2022 se realiz\u00f3 poniendo el foco en la Sinodalidad\" data-date=\"2022-01-17T19:56:56+00:00\">\n\n\t<div class=\"post-thumbnail-wrap rollover-active\">\n\t\t<div class=\"post-thumbnail\">\n\n\t\t\t<a href=\"https:\/\/obispadosanfelipe.cl\/2020\/semana-de-formacion-teologica-pastoral-2022-se-realizo-poniendo-el-foco-en-la-sinodalidad\/\" class=\"post-thumbnail-rollover layzr-bg\" aria-label=\"Post image\" rel=\"nofollow\"><img loading=\"lazy\" class=\"preload-me iso-lazy-load\" src=\"data:image\/svg+xml,%3Csvg%20xmlns%3D&#39;http%3A%2F%2Fwww.w3.org%2F2000%2Fsvg&#39;%20viewBox%3D&#39;0%200%20488%20366&#39;%2F%3E\" data-src=\"https:\/\/obispadosanfelipe.cl\/2020\/wp-content\/uploads\/2022\/02\/WhatsApp-Image-2022-02-21-at-17.02.41-488x366.jpeg\" data-srcset=\"https:\/\/obispadosanfelipe.cl\/2020\/wp-content\/uploads\/2022\/02\/WhatsApp-Image-2022-02-21-at-17.02.41-488x366.jpeg 488w, https:\/\/obispadosanfelipe.cl\/2020\/wp-content\/uploads\/2022\/02\/WhatsApp-Image-2022-02-21-at-17.02.41-976x732.jpeg 976w\" alt=\"\" title=\"WhatsApp Image 2022-02-21 at 17.02.41\" width=\"488\" height=\"366\"  \/><\/a><div class=\"project-links-container\"><a href=\"https:\/\/obispadosanfelipe.cl\/2020\/semana-de-formacion-teologica-pastoral-2022-se-realizo-poniendo-el-foco-en-la-sinodalidad\/\" class=\"project-details\" aria-label=\"Details link\" rel=\"nofollow\"><span aria-hidden=\"true\" class=\"icomoon-the7-font-the7-plus-02\"><\/span><\/a><\/div>\n\t\t<\/div>\n\t<\/div>\n\n\n<div class=\"post-entry-content\">\n\n\t<h3 class=\"ele-entry-title\"><a href=\"https:\/\/obispadosanfelipe.cl\/2020\/semana-de-formacion-teologica-pastoral-2022-se-realizo-poniendo-el-foco-en-la-sinodalidad\/\" title=\"Semana de Formaci\u00f3n Teol\u00f3gica Pastoral 2022 se realiz\u00f3 poniendo el foco en la Sinodalidad\" rel=\"bookmark\">Semana de Formaci\u00f3n Teol\u00f3gica Pastoral 2022 se realiz\u00f3 poniendo el foco en la Sinodalidad<\/a><\/h3><div class=\"entry-meta\"><a href=\"https:\/\/obispadosanfelipe.cl\/2020\/2022\/01\/17\/\" title=\"19:56\" class=\"meta-item data-link\" rel=\"bookmark\"><time class=\"entry-date updated\" datetime=\"2022-01-17T19:56:56+00:00\">17\/01\/2022<\/time><\/a><\/div><div class=\"entry-excerpt\"><p>Desde el 3 al 14 de enero se realiz\u00f3 la semana Teol\u00f3gico Pastoral, iniciativa organizada por la comisi\u00f3n de Formaci\u00f3n&hellip;<\/p>\n<\/div>\n<a class=\"post-details details-type-btn dt-btn-s dt-btn\" href=\"https:\/\/obispadosanfelipe.cl\/2020\/semana-de-formacion-teologica-pastoral-2022-se-realizo-poniendo-el-foco-en-la-sinodalidad\/\" rel=\"nofollow\" aria-label=\"Read more about Semana de Formaci\u00f3n Teol\u00f3gica Pastoral 2022 se realiz\u00f3 poniendo el foco en la Sinodalidad\"><i aria-hidden=\"true\" class=\"dt-icon-the7-arrow-552\"><\/i><span>Leer M\u00e1s<\/span><\/a>\n<\/div><\/article><\/div><div class=\"visible wf-cell iso-item category-8\" data-post-id=\"6683\" data-date=\"2022-01-11T17:33:27+00:00\" data-name=\"Lanzamiento del libro \u201cSemblanza de Josefa Misionera Infatigable\u201d\"><article class=\"post visible post-6683 type-post status-publish format-standard has-post-thumbnail hentry category-noticias category-8 description-off\" data-name=\"Lanzamiento del libro \u201cSemblanza de Josefa Misionera Infatigable\u201d\" data-date=\"2022-01-11T17:33:27+00:00\">\n\n\t<div class=\"post-thumbnail-wrap rollover-active\">\n\t\t<div class=\"post-thumbnail\">\n\n\t\t\t<a href=\"https:\/\/obispadosanfelipe.cl\/2020\/lanzamiento-del-libro-semblanza-de-josefa-misionera-infatigable\/\" class=\"post-thumbnail-rollover layzr-bg\" aria-label=\"Post image\" rel=\"nofollow\"><img loading=\"lazy\" class=\"preload-me iso-lazy-load\" src=\"data:image\/svg+xml,%3Csvg%20xmlns%3D&#39;http%3A%2F%2Fwww.w3.org%2F2000%2Fsvg&#39;%20viewBox%3D&#39;0%200%20488%20489&#39;%2F%3E\" data-src=\"https:\/\/obispadosanfelipe.cl\/2020\/wp-content\/uploads\/2022\/01\/WhatsApp-Image-2022-01-11-at-11.42.06-488x489.jpeg\" data-srcset=\"https:\/\/obispadosanfelipe.cl\/2020\/wp-content\/uploads\/2022\/01\/WhatsApp-Image-2022-01-11-at-11.42.06-488x489.jpeg 488w, https:\/\/obispadosanfelipe.cl\/2020\/wp-content\/uploads\/2022\/01\/WhatsApp-Image-2022-01-11-at-11.42.06-976x978.jpeg 976w\" alt=\"\" title=\"WhatsApp Image 2022-01-11 at 11.42.06\" width=\"488\" height=\"489\"  \/><\/a><div class=\"project-links-container\"><a href=\"https:\/\/obispadosanfelipe.cl\/2020\/lanzamiento-del-libro-semblanza-de-josefa-misionera-infatigable\/\" class=\"project-details\" aria-label=\"Details link\" rel=\"nofollow\"><span aria-hidden=\"true\" class=\"icomoon-the7-font-the7-plus-02\"><\/span><\/a><\/div>\n\t\t<\/div>\n\t<\/div>\n\n\n<div class=\"post-entry-content\">\n\n\t<h3 class=\"ele-entry-title\"><a href=\"https:\/\/obispadosanfelipe.cl\/2020\/lanzamiento-del-libro-semblanza-de-josefa-misionera-infatigable\/\" title=\"Lanzamiento del libro \u201cSemblanza de Josefa Misionera Infatigable\u201d\" rel=\"bookmark\">Lanzamiento del libro \u201cSemblanza de Josefa Misionera Infatigable\u201d<\/a><\/h3><div class=\"entry-meta\"><a href=\"https:\/\/obispadosanfelipe.cl\/2020\/2022\/01\/11\/\" title=\"17:33\" class=\"meta-item data-link\" rel=\"bookmark\"><time class=\"entry-date updated\" datetime=\"2022-01-11T17:33:27+00:00\">11\/01\/2022<\/time><\/a><\/div><div class=\"entry-excerpt\"><p>El Centro de Espiritualidad Buen Pastor de San Felipe, como parte de nuestra di\u00f3cesis\u00a0 hace una invitaci\u00f3n al lanzamiento del&hellip;<\/p>\n<\/div>\n<a class=\"post-details details-type-btn dt-btn-s dt-btn\" href=\"https:\/\/obispadosanfelipe.cl\/2020\/lanzamiento-del-libro-semblanza-de-josefa-misionera-infatigable\/\" rel=\"nofollow\" aria-label=\"Read more about Lanzamiento del libro \u201cSemblanza de Josefa Misionera Infatigable\u201d\"><i aria-hidden=\"true\" class=\"dt-icon-the7-arrow-552\"><\/i><span>Leer M\u00e1s<\/span><\/a>\n<\/div><\/article><\/div><div class=\"visible wf-cell iso-item category-8\" data-post-id=\"6686\" data-date=\"2022-01-10T17:48:16+00:00\" data-name=\"Celebraci\u00f3n Eucar\u00edstica de los Movimientos Organizada por Delegaci\u00f3n de la Familia\"><article class=\"post visible post-6686 type-post status-publish format-standard has-post-thumbnail hentry category-noticias category-8 description-off\" data-name=\"Celebraci\u00f3n Eucar\u00edstica de los Movimientos Organizada por Delegaci\u00f3n de la Familia\" data-date=\"2022-01-10T17:48:16+00:00\">\n\n\t<div class=\"post-thumbnail-wrap rollover-active\">\n\t\t<div class=\"post-thumbnail\">\n\n\t\t\t<a href=\"https:\/\/obispadosanfelipe.cl\/2020\/celebracion-eucaristica-de-los-movimientos-organizada-por-delegacion-de-la-familia\/\" class=\"post-thumbnail-rollover layzr-bg\" aria-label=\"Post image\" rel=\"nofollow\"><img loading=\"lazy\" class=\"preload-me iso-lazy-load\" src=\"data:image\/svg+xml,%3Csvg%20xmlns%3D&#39;http%3A%2F%2Fwww.w3.org%2F2000%2Fsvg&#39;%20viewBox%3D&#39;0%200%20488%20366&#39;%2F%3E\" data-src=\"https:\/\/obispadosanfelipe.cl\/2020\/wp-content\/uploads\/2022\/01\/271750804_4738520159564874_6629344478887292080_n-488x366.jpg\" data-srcset=\"https:\/\/obispadosanfelipe.cl\/2020\/wp-content\/uploads\/2022\/01\/271750804_4738520159564874_6629344478887292080_n-488x366.jpg 488w, https:\/\/obispadosanfelipe.cl\/2020\/wp-content\/uploads\/2022\/01\/271750804_4738520159564874_6629344478887292080_n-976x732.jpg 976w\" alt=\"\" title=\"271750804_4738520159564874_6629344478887292080_n\" width=\"488\" height=\"366\"  \/><\/a><div class=\"project-links-container\"><a href=\"https:\/\/obispadosanfelipe.cl\/2020\/celebracion-eucaristica-de-los-movimientos-organizada-por-delegacion-de-la-familia\/\" class=\"project-details\" aria-label=\"Details link\" rel=\"nofollow\"><span aria-hidden=\"true\" class=\"icomoon-the7-font-the7-plus-02\"><\/span><\/a><\/div>\n\t\t<\/div>\n\t<\/div>\n\n\n<div class=\"post-entry-content\">\n\n\t<h3 class=\"ele-entry-title\"><a href=\"https:\/\/obispadosanfelipe.cl\/2020\/celebracion-eucaristica-de-los-movimientos-organizada-por-delegacion-de-la-familia\/\" title=\"Celebraci\u00f3n Eucar\u00edstica de los Movimientos Organizada por Delegaci\u00f3n de la Familia\" rel=\"bookmark\">Celebraci\u00f3n Eucar\u00edstica de los Movimientos Organizada por Delegaci\u00f3n de la Familia<\/a><\/h3><div class=\"entry-meta\"><a href=\"https:\/\/obispadosanfelipe.cl\/2020\/2022\/01\/10\/\" title=\"17:48\" class=\"meta-item data-link\" rel=\"bookmark\"><time class=\"entry-date updated\" datetime=\"2022-01-10T17:48:16+00:00\">10\/01\/2022<\/time><\/a><\/div><div class=\"entry-excerpt\"><p>Celebraci\u00f3n eucar\u00edstica se vivi\u00f3 este domingo 09 de enero desde la Gruta del Buen Pastor, con participaci\u00f3n de m\u00e1s de&hellip;<\/p>\n<\/div>\n<a class=\"post-details details-type-btn dt-btn-s dt-btn\" href=\"https:\/\/obispadosanfelipe.cl\/2020\/celebracion-eucaristica-de-los-movimientos-organizada-por-delegacion-de-la-familia\/\" rel=\"nofollow\" aria-label=\"Read more about Celebraci\u00f3n Eucar\u00edstica de los Movimientos Organizada por Delegaci\u00f3n de la Familia\"><i aria-hidden=\"true\" class=\"dt-icon-the7-arrow-552\"><\/i><span>Leer M\u00e1s<\/span><\/a>\n<\/div><\/article><\/div><\/div><!-- iso-container|iso-grid --><div class=\"paginator filter-decorations filter-pointer-underline filter-animation-fade\" role=\"navigation\"><a href=\"https:\/\/obispadosanfelipe.cl\/2020\/wp-json\/wp\/v2\/pages\/2250\/\" class=\"page-numbers filter-item act\" data-page-num=\"1\">1<\/a><a href=\"https:\/\/obispadosanfelipe.cl\/2020\/wp-json\/wp\/v2\/pages\/2250\/page\/2\/\" class=\"page-numbers filter-item \" data-page-num=\"2\">2<\/a><a href=\"https:\/\/obispadosanfelipe.cl\/2020\/wp-json\/wp\/v2\/pages\/2250\/page\/3\/\" class=\"page-numbers filter-item \" data-page-num=\"3\">3<\/a><a href=\"https:\/\/obispadosanfelipe.cl\/2020\/wp-json\/wp\/v2\/pages\/2250\/page\/4\/\" class=\"page-numbers filter-item \" data-page-num=\"4\">4<\/a><a href=\"https:\/\/obispadosanfelipe.cl\/2020\/wp-json\/wp\/v2\/pages\/2250\/page\/5\/\" class=\"page-numbers filter-item \" data-page-num=\"5\">5<\/a><a href=\"https:\/\/obispadosanfelipe.cl\/2020\/wp-json\/wp\/v2\/pages\/2250\/page\/6\/\" class=\"page-numbers filter-item \" data-page-num=\"6\">6<\/a><a href=\"https:\/\/obispadosanfelipe.cl\/2020\/wp-json\/wp\/v2\/pages\/2250\/page\/7\/\" class=\"page-numbers filter-item \" data-page-num=\"7\">7<\/a><a href=\"https:\/\/obispadosanfelipe.cl\/2020\/wp-json\/wp\/v2\/pages\/2250\/page\/8\/\" class=\"page-numbers filter-item \" data-page-num=\"8\">8<\/a><a href=\"https:\/\/obispadosanfelipe.cl\/2020\/wp-json\/wp\/v2\/pages\/2250\/page\/9\/\" class=\"page-numbers filter-item \" data-page-num=\"9\">9<\/a><a href=\"https:\/\/obispadosanfelipe.cl\/2020\/wp-json\/wp\/v2\/pages\/2250\/page\/10\/\" class=\"page-numbers filter-item \" data-page-num=\"10\">10<\/a><a href=\"https:\/\/obispadosanfelipe.cl\/2020\/wp-json\/wp\/v2\/pages\/2250\/page\/11\/\" class=\"page-numbers filter-item \" data-page-num=\"11\">11<\/a><a href=\"https:\/\/obispadosanfelipe.cl\/2020\/wp-json\/wp\/v2\/pages\/2250\/page\/12\/\" class=\"page-numbers filter-item \" data-page-num=\"12\">12<\/a><a href=\"https:\/\/obispadosanfelipe.cl\/2020\/wp-json\/wp\/v2\/pages\/2250\/page\/13\/\" class=\"page-numbers filter-item \" data-page-num=\"13\">13<\/a><a href=\"https:\/\/obispadosanfelipe.cl\/2020\/wp-json\/wp\/v2\/pages\/2250\/page\/14\/\" class=\"page-numbers filter-item \" data-page-num=\"14\">14<\/a><a href=\"https:\/\/obispadosanfelipe.cl\/2020\/wp-json\/wp\/v2\/pages\/2250\/page\/15\/\" class=\"page-numbers filter-item \" data-page-num=\"15\">15<\/a><a href=\"https:\/\/obispadosanfelipe.cl\/2020\/wp-json\/wp\/v2\/pages\/2250\/page\/16\/\" class=\"page-numbers filter-item \" data-page-num=\"16\">16<\/a><a href=\"https:\/\/obispadosanfelipe.cl\/2020\/wp-json\/wp\/v2\/pages\/2250\/page\/17\/\" class=\"page-numbers filter-item \" data-page-num=\"17\">17<\/a><a href=\"https:\/\/obispadosanfelipe.cl\/2020\/wp-json\/wp\/v2\/pages\/2250\/page\/18\/\" class=\"page-numbers filter-item \" data-page-num=\"18\">18<\/a><a href=\"https:\/\/obispadosanfelipe.cl\/2020\/wp-json\/wp\/v2\/pages\/2250\/page\/19\/\" class=\"page-numbers filter-item \" data-page-num=\"19\">19<\/a><a href=\"https:\/\/obispadosanfelipe.cl\/2020\/wp-json\/wp\/v2\/pages\/2250\/page\/20\/\" class=\"page-numbers filter-item \" data-page-num=\"20\">20<\/a><a href=\"https:\/\/obispadosanfelipe.cl\/2020\/wp-json\/wp\/v2\/pages\/2250\/page\/21\/\" class=\"page-numbers filter-item \" data-page-num=\"21\">21<\/a><a href=\"https:\/\/obispadosanfelipe.cl\/2020\/wp-json\/wp\/v2\/pages\/2250\/page\/22\/\" class=\"page-numbers filter-item \" data-page-num=\"22\">22<\/a><a href=\"https:\/\/obispadosanfelipe.cl\/2020\/wp-json\/wp\/v2\/pages\/2250\/page\/23\/\" class=\"page-numbers filter-item \" data-page-num=\"23\">23<\/a><a href=\"https:\/\/obispadosanfelipe.cl\/2020\/wp-json\/wp\/v2\/pages\/2250\/page\/24\/\" class=\"page-numbers filter-item \" data-page-num=\"24\">24<\/a><a href=\"https:\/\/obispadosanfelipe.cl\/2020\/wp-json\/wp\/v2\/pages\/2250\/page\/25\/\" class=\"page-numbers filter-item \" data-page-num=\"25\">25<\/a><a href=\"https:\/\/obispadosanfelipe.cl\/2020\/wp-json\/wp\/v2\/pages\/2250\/page\/26\/\" class=\"page-numbers filter-item \" data-page-num=\"26\">26<\/a><a href=\"https:\/\/obispadosanfelipe.cl\/2020\/wp-json\/wp\/v2\/pages\/2250\/page\/27\/\" class=\"page-numbers filter-item \" data-page-num=\"27\">27<\/a><a href=\"https:\/\/obispadosanfelipe.cl\/2020\/wp-json\/wp\/v2\/pages\/2250\/page\/28\/\" class=\"page-numbers filter-item \" data-page-num=\"28\">28<\/a><a href=\"https:\/\/obispadosanfelipe.cl\/2020\/wp-json\/wp\/v2\/pages\/2250\/page\/29\/\" class=\"page-numbers filter-item \" data-page-num=\"29\">29<\/a><a href=\"https:\/\/obispadosanfelipe.cl\/2020\/wp-json\/wp\/v2\/pages\/2250\/page\/30\/\" class=\"page-numbers filter-item \" data-page-num=\"30\">30<\/a><a href=\"https:\/\/obispadosanfelipe.cl\/2020\/wp-json\/wp\/v2\/pages\/2250\/page\/31\/\" class=\"page-numbers filter-item \" data-page-num=\"31\">31<\/a><a href=\"https:\/\/obispadosanfelipe.cl\/2020\/wp-json\/wp\/v2\/pages\/2250\/page\/32\/\" class=\"page-numbers filter-item \" data-page-num=\"32\">32<\/a><a href=\"https:\/\/obispadosanfelipe.cl\/2020\/wp-json\/wp\/v2\/pages\/2250\/page\/33\/\" class=\"page-numbers filter-item \" data-page-num=\"33\">33<\/a><a href=\"https:\/\/obispadosanfelipe.cl\/2020\/wp-json\/wp\/v2\/pages\/2250\/page\/34\/\" class=\"page-numbers filter-item \" data-page-num=\"34\">34<\/a><a href=\"https:\/\/obispadosanfelipe.cl\/2020\/wp-json\/wp\/v2\/pages\/2250\/page\/35\/\" class=\"page-numbers filter-item \" data-page-num=\"35\">35<\/a><a href=\"https:\/\/obispadosanfelipe.cl\/2020\/wp-json\/wp\/v2\/pages\/2250\/page\/36\/\" class=\"page-numbers filter-item \" data-page-num=\"36\">36<\/a><a href=\"https:\/\/obispadosanfelipe.cl\/2020\/wp-json\/wp\/v2\/pages\/2250\/page\/37\/\" class=\"page-numbers filter-item \" data-page-num=\"37\">37<\/a><a href=\"https:\/\/obispadosanfelipe.cl\/2020\/wp-json\/wp\/v2\/pages\/2250\/page\/38\/\" class=\"page-numbers filter-item \" data-page-num=\"38\">38<\/a><a href=\"https:\/\/obispadosanfelipe.cl\/2020\/wp-json\/wp\/v2\/pages\/2250\/page\/39\/\" class=\"page-numbers filter-item \" data-page-num=\"39\">39<\/a><a href=\"https:\/\/obispadosanfelipe.cl\/2020\/wp-json\/wp\/v2\/pages\/2250\/page\/40\/\" class=\"page-numbers filter-item \" data-page-num=\"40\">40<\/a><a href=\"https:\/\/obispadosanfelipe.cl\/2020\/wp-json\/wp\/v2\/pages\/2250\/page\/41\/\" class=\"page-numbers filter-item \" data-page-num=\"41\">41<\/a><a href=\"https:\/\/obispadosanfelipe.cl\/2020\/wp-json\/wp\/v2\/pages\/2250\/page\/42\/\" class=\"page-numbers filter-item \" data-page-num=\"42\">42<\/a><a href=\"https:\/\/obispadosanfelipe.cl\/2020\/wp-json\/wp\/v2\/pages\/2250\/page\/43\/\" class=\"page-numbers filter-item \" data-page-num=\"43\">43<\/a><a href=\"https:\/\/obispadosanfelipe.cl\/2020\/wp-json\/wp\/v2\/pages\/2250\/page\/44\/\" class=\"page-numbers filter-item \" data-page-num=\"44\">44<\/a><a href=\"https:\/\/obispadosanfelipe.cl\/2020\/wp-json\/wp\/v2\/pages\/2250\/page\/45\/\" class=\"page-numbers filter-item \" data-page-num=\"45\">45<\/a><a href=\"https:\/\/obispadosanfelipe.cl\/2020\/wp-json\/wp\/v2\/pages\/2250\/page\/46\/\" class=\"page-numbers filter-item \" data-page-num=\"46\">46<\/a><a href=\"https:\/\/obispadosanfelipe.cl\/2020\/wp-json\/wp\/v2\/pages\/2250\/page\/47\/\" class=\"page-numbers filter-item \" data-page-num=\"47\">47<\/a><a href=\"https:\/\/obispadosanfelipe.cl\/2020\/wp-json\/wp\/v2\/pages\/2250\/page\/48\/\" class=\"page-numbers filter-item \" data-page-num=\"48\">48<\/a><a href=\"https:\/\/obispadosanfelipe.cl\/2020\/wp-json\/wp\/v2\/pages\/2250\/page\/49\/\" class=\"page-numbers filter-item \" data-page-num=\"49\">49<\/a><a href=\"https:\/\/obispadosanfelipe.cl\/2020\/wp-json\/wp\/v2\/pages\/2250\/page\/50\/\" class=\"page-numbers filter-item \" data-page-num=\"50\">50<\/a><a href=\"https:\/\/obispadosanfelipe.cl\/2020\/wp-json\/wp\/v2\/pages\/2250\/page\/51\/\" class=\"page-numbers filter-item \" data-page-num=\"51\">51<\/a><a href=\"https:\/\/obispadosanfelipe.cl\/2020\/wp-json\/wp\/v2\/pages\/2250\/page\/52\/\" class=\"page-numbers filter-item \" data-page-num=\"52\">52<\/a><a href=\"https:\/\/obispadosanfelipe.cl\/2020\/wp-json\/wp\/v2\/pages\/2250\/page\/53\/\" class=\"page-numbers filter-item \" data-page-num=\"53\">53<\/a><a href=\"https:\/\/obispadosanfelipe.cl\/2020\/wp-json\/wp\/v2\/pages\/2250\/page\/54\/\" class=\"page-numbers filter-item \" data-page-num=\"54\">54<\/a><a href=\"https:\/\/obispadosanfelipe.cl\/2020\/wp-json\/wp\/v2\/pages\/2250\/page\/55\/\" class=\"page-numbers filter-item \" data-page-num=\"55\">55<\/a><a href=\"https:\/\/obispadosanfelipe.cl\/2020\/wp-json\/wp\/v2\/pages\/2250\/page\/56\/\" class=\"page-numbers filter-item \" data-page-num=\"56\">56<\/a><a href=\"https:\/\/obispadosanfelipe.cl\/2020\/wp-json\/wp\/v2\/pages\/2250\/page\/57\/\" class=\"page-numbers filter-item \" data-page-num=\"57\">57<\/a><a href=\"https:\/\/obispadosanfelipe.cl\/2020\/wp-json\/wp\/v2\/pages\/2250\/page\/58\/\" class=\"page-numbers filter-item \" data-page-num=\"58\">58<\/a><a href=\"https:\/\/obispadosanfelipe.cl\/2020\/wp-json\/wp\/v2\/pages\/2250\/page\/59\/\" class=\"page-numbers filter-item \" data-page-num=\"59\">59<\/a><a href=\"https:\/\/obispadosanfelipe.cl\/2020\/wp-json\/wp\/v2\/pages\/2250\/page\/60\/\" class=\"page-numbers filter-item \" data-page-num=\"60\">60<\/a><a href=\"https:\/\/obispadosanfelipe.cl\/2020\/wp-json\/wp\/v2\/pages\/2250\/page\/2\/\" class=\"page-numbers nav-next\" data-page-num=\"2\" ><i class=\"dt-icon-the7-arrow-35-2\" aria-hidden=\"true\"><\/i><\/a><\/div><\/div>\t\t<\/div>\n\t\t\t\t<\/div>\n\t\t\t\t\t\t<\/div>\n\t\t\t\t\t<\/div>\n\t\t<\/div>\n\t\t\t\t\t\t\t\t<\/div>\n\t\t\t\t\t<\/div>\n\t\t<\/section>\n\t\t\t\t<section class=\"elementor-section elementor-top-section elementor-element elementor-element-521eec1 elementor-section-boxed elementor-section-height-default elementor-section-height-default\" data-id=\"521eec1\" data-element_type=\"section\">\n\t\t\t\t\t\t<div class=\"elementor-container elementor-column-gap-default\">\n\t\t\t\t\t\t\t<div class=\"elementor-row\">\n\t\t\t\t\t<div class=\"elementor-column elementor-col-50 elementor-top-column elementor-element elementor-element-3fb9a26\" data-id=\"3fb9a26\" data-element_type=\"column\">\n\t\t\t<div class=\"elementor-column-wrap elementor-element-populated\">\n\t\t\t\t\t\t\t<div class=\"elementor-widget-wrap\">\n\t\t\t\t\t\t<div class=\"elementor-element elementor-element-9e59ba5 elementor-widget elementor-widget-wp-widget-my_calendar_upcoming_widget\" data-id=\"9e59ba5\" data-element_type=\"widget\" data-widget_type=\"wp-widget-my_calendar_upcoming_widget.default\">\n\t\t\t\t<div class=\"elementor-widget-container\">\n\t\t\t<h5>Agenda Diocesana <\/h5><div class=\"no-events-fallback upcoming-events\"><\/div>\t\t<\/div>\n\t\t\t\t<\/div>\n\t\t\t\t\t\t<\/div>\n\t\t\t\t\t<\/div>\n\t\t<\/div>\n\t\t\t\t<div class=\"elementor-column elementor-col-50 elementor-top-column elementor-element elementor-element-2c7bae8\" data-id=\"2c7bae8\" data-element_type=\"column\">\n\t\t\t<div class=\"elementor-column-wrap elementor-element-populated\">\n\t\t\t\t\t\t\t<div class=\"elementor-widget-wrap\">\n\t\t\t\t\t\t<div class=\"elementor-element elementor-element-7e6088d elementor-widget elementor-widget-image\" data-id=\"7e6088d\" data-element_type=\"widget\" data-widget_type=\"image.default\">\n\t\t\t\t<div class=\"elementor-widget-container\">\n\t\t\t\t\t\t\t\t<div class=\"elementor-image\">\n\t\t\t\t\t\t\t\t\t\t\t\t\t<a href=\"http:\/\/obispadosanfelipe.cl\/unoporciento\/\">\n\t\t\t\t\t\t\t<img width=\"512\" height=\"177\" src=\"https:\/\/obispadosanfelipe.cl\/2020\/wp-content\/uploads\/2020\/04\/1x100.jpg\" class=\"attachment-large size-large\" alt=\"\" loading=\"lazy\" srcset=\"https:\/\/obispadosanfelipe.cl\/2020\/wp-content\/uploads\/2020\/04\/1x100.jpg 512w, https:\/\/obispadosanfelipe.cl\/2020\/wp-content\/uploads\/2020\/04\/1x100-300x104.jpg 300w\" sizes=\"(max-width: 512px) 100vw, 512px\" \/>\t\t\t\t\t\t\t\t<\/a>\n\t\t\t\t\t\t\t\t\t\t\t\t\t\t<\/div>\n\t\t\t\t\t\t<\/div>\n\t\t\t\t<\/div>\n\t\t\t\t\t\t<\/div>\n\t\t\t\t\t<\/div>\n\t\t<\/div>\n\t\t\t\t\t\t\t\t<\/div>\n\t\t\t\t\t<\/div>\n\t\t<\/section>\n\t\t\t\t<section class=\"elementor-section elementor-top-section elementor-element elementor-element-bef4d25 elementor-section-boxed elementor-section-height-default elementor-section-height-default\" data-id=\"bef4d25\" data-element_type=\"section\" data-settings=\"{&quot;background_background&quot;:&quot;classic&quot;}\">\n\t\t\t\t\t\t<div class=\"elementor-container elementor-column-gap-default\">\n\t\t\t\t\t\t\t<div class=\"elementor-row\">\n\t\t\t\t\t<div class=\"elementor-column elementor-col-33 elementor-top-column elementor-element elementor-element-4ad4e75\" data-id=\"4ad4e75\" data-element_type=\"column\">\n\t\t\t<div class=\"elementor-column-wrap elementor-element-populated\">\n\t\t\t\t\t\t\t<div class=\"elementor-widget-wrap\">\n\t\t\t\t\t\t<div class=\"elementor-element elementor-element-d1bb809 elementor-align-right elementor-tablet-align-left elementor-widget elementor-widget-button\" data-id=\"d1bb809\" data-element_type=\"widget\" data-widget_type=\"button.default\">\n\t\t\t\t<div class=\"elementor-widget-container\">\n\t\t\t\t\t<div class=\"elementor-button-wrapper\">\n\t\t\t<a href=\"#\" class=\"elementor-button-link elementor-button elementor-size-md\" role=\"button\">\n\t\t\t\t\t\t<span class=\"elementor-button-content-wrapper\">\n\t\t\t\t\t\t<span class=\"elementor-button-icon elementor-align-icon-left\">\n\t\t\t\t<i aria-hidden=\"true\" class=\"far fa-edit\"><\/i>\t\t\t<\/span>\n\t\t\t\t\t\t<span class=\"elementor-button-text\">SUSCR\u00cdBASE AL BOLET\u00cdN DE NOTICIAS<\/span>\n\t\t<\/span>\n\t\t\t\t\t<\/a>\n\t\t<\/div>\n\t\t\t\t<\/div>\n\t\t\t\t<\/div>\n\t\t\t\t<div class=\"elementor-element elementor-element-c17ea61 elementor-widget elementor-widget-image\" data-id=\"c17ea61\" data-element_type=\"widget\" data-widget_type=\"image.default\">\n\t\t\t\t<div class=\"elementor-widget-container\">\n\t\t\t\t\t\t\t\t<div class=\"elementor-image\">\n\t\t\t\t\t\t\t\t\t\t\t\t<img width=\"366\" height=\"230\" src=\"https:\/\/obispadosanfelipe.cl\/2020\/wp-content\/uploads\/2020\/08\/suscrip-aviso.png\" class=\"attachment-large size-large\" alt=\"\" loading=\"lazy\" srcset=\"https:\/\/obispadosanfelipe.cl\/2020\/wp-content\/uploads\/2020\/08\/suscrip-aviso.png 366w, https:\/\/obispadosanfelipe.cl\/2020\/wp-content\/uploads\/2020\/08\/suscrip-aviso-300x189.png 300w\" sizes=\"(max-width: 366px) 100vw, 366px\" \/>\t\t\t\t\t\t\t\t\t\t\t\t\t\t<\/div>\n\t\t\t\t\t\t<\/div>\n\t\t\t\t<\/div>\n\t\t\t\t\t\t<\/div>\n\t\t\t\t\t<\/div>\n\t\t<\/div>\n\t\t\t\t<div class=\"elementor-column elementor-col-33 elementor-top-column elementor-element elementor-element-e6d68f9\" data-id=\"e6d68f9\" data-element_type=\"column\">\n\t\t\t<div class=\"elementor-column-wrap elementor-element-populated\">\n\t\t\t\t\t\t\t<div class=\"elementor-widget-wrap\">\n\t\t\t\t\t\t<div class=\"elementor-element elementor-element-c7c0d65 elementor-widget elementor-widget-shortcode\" data-id=\"c7c0d65\" data-element_type=\"widget\" data-widget_type=\"shortcode.default\">\n\t\t\t\t<div class=\"elementor-widget-container\">\n\t\t\t\t\t<div class=\"elementor-shortcode\">\n\t\t<div class=\"emaillist\" id=\"es_form_f1-n1\">\n\t\t\t\t\t\t<form action=\"\/2020\/wp-json\/wp\/v2\/pages\/2250#es_form_f1-n1\" method=\"post\" class=\"es_subscription_form es_shortcode_form\" id=\"es_subscription_form_69f37b3d48f2e\" data-source=\"ig-es\">\n\t\t\t\t\t\t\t\t<div class=\"es-field-wrap\"><label>Nombre y Apellido*<br \/><input type=\"text\" name=\"esfpx_name\" class=\"ig_es_form_field_name\" placeholder=\"\" value=\"\" required=\"required\" \/><\/label><\/div><div class=\"es-field-wrap\"><label>Email*<br \/><input class=\"es_required_field es_txt_email ig_es_form_field_email\" type=\"email\" name=\"esfpx_email\" value=\"\" placeholder=\"\" required=\"required\" \/><\/label><\/div><input type=\"hidden\" name=\"esfpx_lists[]\" value=\"de5e5f71416f\" \/><input type=\"hidden\" name=\"esfpx_form_id\" value=\"1\" \/>\t\t\t\t<input type=\"hidden\" name=\"es\" value=\"subscribe\" \/>\n\t\t\t\t<input type=\"hidden\" name=\"esfpx_es_form_identifier\" value=\"f1-n1\" \/>\n\t\t\t\t<input type=\"hidden\" name=\"esfpx_es_email_page\" value=\"6686\"\/>\n\t\t\t\t<input type=\"hidden\" name=\"esfpx_es_email_page_url\" value=\"https:\/\/obispadosanfelipe.cl\/2020\/celebracion-eucaristica-de-los-movimientos-organizada-por-delegacion-de-la-familia\/\"\/>\n\t\t\t\t<input type=\"hidden\" name=\"esfpx_status\" value=\"Unconfirmed\"\/>\n\t\t\t\t<input type=\"hidden\" name=\"esfpx_es-subscribe\" id=\"es-subscribe\" value=\"e7d7bed722\"\/>\n\t\t\t\t<label style=\"position:absolute;top:-99999px;left:-99999px;z-index:-99;\"><input type=\"email\" name=\"esfpx_es_hp_email\" class=\"es_required_field\" tabindex=\"-1\" autocomplete=\"-1\" value=\"\"\/><\/label>\n\t\t\t\t\t\t\t\t<input type=\"submit\" name=\"submit\" class=\"es_subscription_form_submit es_submit_button es_textbox_button\" id=\"es_subscription_form_submit_69f37b3d48f2e\" value=\"Subscribe\"\/>\n\n\t\t\t\t\n\t\t\t\t<span class=\"es_spinner_image\" id=\"spinner-image\"><img src=\"https:\/\/obispadosanfelipe.cl\/2020\/wp-content\/plugins\/email-subscribers\/lite\/public\/images\/spinner.gif\" alt=\"Loading\"\/><\/span>\n\n\t\t\t<\/form>\n\t\t\t\t\t\t<span class=\"es_subscription_message \" id=\"es_subscription_message_69f37b3d48f2e\">\n\t\t\t\t\t\t<\/span>\n\t\t<\/div>\n\n\t\t<\/div>\n\t\t\t\t<\/div>\n\t\t\t\t<\/div>\n\t\t\t\t\t\t<\/div>\n\t\t\t\t\t<\/div>\n\t\t<\/div>\n\t\t\t\t<div class=\"elementor-column elementor-col-33 elementor-top-column elementor-element elementor-element-4ae0b5d\" data-id=\"4ae0b5d\" data-element_type=\"column\">\n\t\t\t<div class=\"elementor-column-wrap elementor-element-populated\">\n\t\t\t\t\t\t\t<div class=\"elementor-widget-wrap\">\n\t\t\t\t\t\t<div class=\"elementor-element elementor-element-8c0f9a8 elementor-widget elementor-widget-image\" data-id=\"8c0f9a8\" data-element_type=\"widget\" data-widget_type=\"image.default\">\n\t\t\t\t<div class=\"elementor-widget-container\">\n\t\t\t\t\t\t\t\t<div class=\"elementor-image\">\n\t\t\t\t\t\t\t\t\t\t\t\t\t<a href=\"https:\/\/www.vaticannews.va\/es.html\" target=\"_blank\">\n\t\t\t\t\t\t\t<img  src=\"data:image\/png;base64,iVBORw0KGgoAAAANSUhEUgAAAUoAAACZCAMAAAB+KoMCAAABF1BMVEX\/\/\/8AAADbAQL+\/v7ZAAD+\/\/znRUXysLH76unoAAD8\/\/\/Hx8fWAAD8\/PxDQ0Py8vLb29txcXGwsLAbGxujo6Pg4OAjIyOCgoKPj4+ampoVFRXq6up6eno2NjbCwsJjY2PR0dFnZ2dSUlIsLCxRUVG7u7ubm5tHR0epqakLCwspKSk+Pj7fAAAYGBhaWlqRkZHtvLr78\/b04OD209LxxsjcTk7jiorpmpnYDQ\/wzsnWISPgdXfcHx\/moJ\/zr7Hrpqzy4tncMDHib2r35OvkkZLrsbfbVljkfH\/eSUnnpJ3hZl7aWU\/bNTbzz9X56uTeYWbzwMjzw7fjho3ge3XcZm\/hcWnke4HZSEDZOy\/hioHkmJDeUlziiI5x10FjAAAebklEQVR4nO1dCV\/bSLJvqVuxnmghwg22iQkQLgcsGWOB8SQmxBCGwGyY3czMe9\/\/c7yqbh2tw7YgJrO\/XdXOBlt3\/1V3VbcJKamkkkoqqaSSSiqppJJKKqmkkkoqqaSSSiqppJJKKqmkkkoqqaT\/IKIvSXB1w\/i7R\/jTyHhRoga1\/+4R\/oeQRaz\/Hq6svCT9UvnlF\/fvHuFPIx2JIekhJb8p2+IdLLGJ5Z0R0P+Yf\/cIfxrlA5BPEq3mE85o8hLKApAWo58HJTgMI3YQ4UzghxelZ4D4FCTZ386ViN9IlKdKTwGSq4BOF8qpDHYkW9L0h6ecXZieAiWAyThn+igT8wNQvixVlxpAc0vOi96lKCTBnw+tih9x5xOghFfu1FZmRr36pdrKXMwX8Hd+paaO21kZS1XkN7pYm89cH75X9zZnlzWg9a23tZ0cNKUm3VtZdUiWNxu1VTtnM1B1pbb0HCglnIx\/JB7nzeJGPIISqK7t5kNJyaq2XxVDCrcsaNqiCrU2lubQtNhH2qZ6jQCK16lja40Qvvj28HkJ7jgjHjN5\/p6mrQSHpGgJT3gelMCYH1quZbYqz9CV+ITwVNU8JIHptrSaYmIpmYExHykMVK2pBOhsqt8FV1L7jfY6PebqJlyo\/nqvUXUcZ25n9QgA0zaXSILNJFPiDpJlv3nYvpOL5dL6D0DpexY8snXP\/SdDiWOFF7+Yfh5JG5rWUDiCkhVtdxl4bQQtafupfcLfkVCqNLOlact7yvuz545B1t9vJI9DnGa1t9r7ahYxhHIrlwOW3j8TStSPftu1LdvxnsWV8Iyb2m6+4t\/UthN6qnqg7WyCYKUHTCV7zwnkJTvRgGPyoFzUtP130XHSvST22nshysqFxSX3G8vaXlZBzGu7R9r2lLkSzPfg3CPe97sApadAKUgwX9ojQT21rL1LbAFWcNa0+iiDO6flcawQ8CQK2lYjLbJ4u+2aTVNv6Vir003tKJvGAigbWuLxQpJQKtcpCmMTjA1j3CMfAR\/0iYqZcRVK6tQFp2WEK6lEYZRvtSMKA9gg+d5eESiFvgXJTJ0v7u446es6u3AuQL+UcT3ntS1SC6RgOlAiC3J+03ctt3KDKBa04km\/clU7qCbhER8PtKM0VPOELKNBziJGCkFJSXUhB8ngljQtr0JeqnVtNfPu5rUDx5nVtrIS8lwoQVcyv+IalmEQpz9Arny6gCMGOymHAz4L5FTfZA3kG2VOy3DPE6B8LZ2bDJCUZhUiHLwLd6yJf9NQLjvI4GmL9iNQskuPWNSghm0QrwdAFmLLBJSUbGlvkhJOhVN5UFWf066Lo+bWhRl4HpQE9EMtz1gEiY3k9uqytgZ\/ZlL2KIISHhF54Meh5Kgd\/b5hxeO3+j5jiOUk1kxBKbSi+kgwJtCgNfU7jmgDP7wB1\/IJUNIQSkTL3tTqI5zYHAqUtXiHKZJQgvuP\/lfiaZ7FlU2dnbeIrZxlkJMBLxJApqAEW72Y1pUbWvxIgmVq2qxDpR3Pdy0nQCkOWUe9V4wo2RZxWKhTEiShxAd\/ayf58hlQAmT8vG3YlnIWfPYuWAEsk1BS8CDfOimuFN5mHH7T6pZ2LAbmLKRdyxCnsVCK13GM1rgoLQllTYVWmE\/tQyjxijta+mGepysv2iAyVCl4UcOw2gO\/ORHMhDMET7uR8Ssko8bHBD6JjHm2MmYAaSJXUrILPmLhrNkxKgNx9HbGtRRciVjWhNpRH\/zpUIJ4f0DsknYXAshWgQAynWSDaHsl+awJ9UmFtG3bNFaaOTQJSuEJHY\/KQmUInMoaiTzcFDOHXEmdw5T2LQwlY2hSpJX+RizpQAhHwhI4wkfrNDQ6o9VmSsDRXC+r6oiSQxGWRV+ltAW0lYpfAppkdoSk5r6E7Ek0DMIEQcS6msxdSCiDu76lNHZJi0LJAq8cMeKfiA08aUuPDFE1QFnCh\/uLMI1ZDEqkhki0JGBR1BM82Jq2EL38Y8y9ZWmyBd8ZZbGyZ6EHOuuEVi80eRHFUCLLLipecTEoAyB9+LfJ9UtiJEwOOkXwf2qTHgfpZ1z6SwWgxMcATlPd8dVE3gVszazIOgaY7aNrmRn+JLMjwu9irhCmhheEUym\/SXcilyspORKZ0adBibENuJIQ0YBh4V+I5bpeu1Xpdq9Oga76lVbbM11CPmM6uMl8H0L0fMZMOUM0HXBXVacSaUZJqGKyJyfDUIArFzFeKqQrk74uhXD1TeLlqVDCw9Yd8gQoGSYv\/GH\/pN0+6Q99nf9Zue68GlzwoHUAYWYXg1edXuUb4H3zpQUHfr690PNCyRRXYhCDFjt6AEVPyQNqwjUK98+jZ5yBZLLZQSiLmB0UV5FDC9BCKdESL28+1u00CCCLQsmboPjYqzbusyyLekO0P2CEfODSAGj46\/uyO6PTtgOJ935tCp2ZBDSnTAaupS2zh+LLYcLfEU5lpPepo4EZeAaURQUcnmFJzQBQ0thH3Z0U8PBYGgaQsoQxCUrWvBuy7zaxKy2wNXiFig+4cZ9x5p8P7oDOfeRNhnheAZDEoPbJZ5PYPd55lVaZOVDGriXFx3mXkqckBivaQjaQnhzt7CSZfSQJZ\/4wccejpEeqQAn\/s9+G6pIW4MrBV3fYJl7n9B5U5FX\/jJAK8wfDxy4qSM80Pc9rn1S6j8M7n51axOtfeZZl9L+fEXPogts+EUrnPcYNMv0NemouUbDa1uqNGYXW8ryayVA2ctIP+ViCU\/lGvWNjJelaqgKOWawFRJqSAlD6dx6BGNEcdIgFOuOE8y4lX03ZjhaEO5b4j9ifzmxS4bxlEdsij9yjBiB7p48XcCEl67I+QGwMftWnqeaUE2sZtpwMpbNcLASXBbk0HedCKZtvgwCygICzoWuBx9jnX0lrcGqSls6+CP8ncMsRzsBPRWDPmH5F7O6rLjHPTwlm4G55cyyUJPCfaYBJMlP5TtufPTyE\/yTNHs5uaeuZBG6BdMZbCJkKQbmpLcBdojvCPQ9AfedBGQy8FuZBJ0DJfH5igYr0Hm2nw9iD5Xb4nWsYASMmCGySfcsGJrni+oVpdT9Sg1pfIZhsjoMSHwIcIPmKV1PFPGdb23RiworrTDbDMDlfie8ExTRb1lZRJNKuHYv7yBsCOTsBVjQDpXxG6RGNhxItM2tZhg2SSq0TNNptcsrYZ8u9b7c+dE+ve72Hh997vevTbr\/VNm2r7bMhMQe6z75QkReGwFxnfByUgddXFX7aoSx\/R0NrpJMdorr9thhXJlK\/S1IhT+hFQmW9n8kgoccTeeJpKCk+5JtJXAnepF6xqMhc2KSLbk8LbA47JV8vLnjQmiq8S3Tgz88\/g6aEnW3c9y\/bwtPgFr8Jb4iNglI8xILMjydCCxqEbcnnRr9mvZEaa5GCxGttaymn8pB6GPsIXlRqG3gNmkNDh2w+nTOgQQA5FkqQ7hYBQGwb1aU5hGDnF0z\/\/E48Dv6Qj6TLPxDfcP6ZXDXZFTkBF\/PmE+KIaFpwhiLieVBiivuICj1VV9KplASZSvVgiCSzrmXBgsTKRCiD3EnqIOFaxkFCiispZvDw\/mOgBNexBQ8EilFm1NxfdV6B2FB\/ACiBDS8G3286SDfgWmL99jeQfo5Q8qFpCfGmFvqi\/\/CFo89GCLiIdPdBkKuadCpDrpSZytTAhJ5PXaJQmayWbukJd0jJkLc5DhJniXtC\/PPGHqErxUYIIMEyjYISYugLViGikQW8IYpibnYAW\/B2Lok37FbO0Kl0BYFvedbqDlvkirFr0vZvTGG8xRsAREmLjRZwOep99FX2kohguuAwxxnMZBgKFm8PcmEK1CdFN5yKTGX6jqjL96NXqmSGEo+0MporISxsWRRRJGg90PKQ+85Xcqo3r8nJmWrAA3PerqAivTU84EkxQ0eeC\/xJQMbZGChRHa1j6Wk7sRm4NC8P5AjjpG4vAqXQxLuOzKFEyYrAqO\/NyK8zeZwLb2E\/KImQEVBiANmoLudCydDiEGq1Xcs+k9ldzEiarvHgs4rV6sE+m8aPY1gGOf0GbiV\/5dr3ROhIZOQzwzDacGwL43W0PyOgBHXUqKbdnDXtINsdQdBlWqgS1U8v1OgiAnHky1TZHbTvanj+a+0gG5aCza3FSjwPSvg+q9Xn6vlQ+hxst9H2T61feMUA2LAsBvh4A\/8CPKI7R5YkKAl6oMDEDIYQFPn+V7y3LdgSuLRv9cEzRb5kYwSc2rPa4rxs1Yi2OW9l3T4vezH\/ZCiDAuJWoqFPgNo4ChsObWHRMvcTIc3MOCht0ljQVrfzoAQkP8NGc8DZA1iYNrEMUXEwqDvU71yng\/BQK1TYItJps3PTfmCdewDOQqfSICZoiQefD0xw6f8hE5ijGqjfaUdHKT0liwg5Jle4lqqlHwdl7KbKKE87asivwR7RunpsE1mQW5\/L3hHPXMAgIoIyfaegspzfFHhRwcmOVnvQZP75iSH8GqPiAnruzanVPmc95DtLKh5R27GuGRilzzemZVtOxUamtMjJHUj1eRuCa0PK+CiuJEv7WroVopbfukZD1zIy9FFTYOq4TKsqgL4Nt9nem6s6tm071cY78GO03ZnAJ4NXlOPEo+yBLnfGQknp68wAJJTfTYnFFYilqD8AWF3\/HqSaeh7pcn9wnwod7we6fm2ZHhxCjM6VJfQr+Qb8fUqkL9UZx5XgWmoLiVGMykDAZcG1XFOjorm8FFrQ9Zt0S4m9t44Jiq2jN5tHuwf4cX8euy1E5CeatPMEXMkszWsLebpSPG8elIz94QKWpI9NVfwaP1vX5\/fEc7Hdyv7Db7IbCBp7lyH1ekO0Kx5c1nLPiDu8ttHy\/AtLGLyLc0TNGzl7Lx9KsK\/1w8XEMGBDbmVLMMnhtsqVS\/XZTG4dOKVWX0lzJX7ZqG1FOZ\/DlZl4x2J928lHEgxPPZDwnfp2roAD3Lv1Rg5X6n7HJFYFnMsPA33g2YbdBWtj3jxgnsi+Ef1BjGM3mzDNXMSO4E8iM15i\/+qrv8BSOSDd\/Ttd7xLQC2PNDjys4yT7RWFDnqIUR8O+2KHBmrSTSftQbJvMICMHXZ3bWVtdWV3cCGabSOMJV3EiXz0FJQn2EfXWiYNyniKKv4duBcLDFmnftUGS0Q7bv3L90gFmrXaAV29aV5ffRY\/q3cO31hDABa1gUeeRgZ0hHkSQ4EvdnEHwA96AO8TYkY+ft5O21hPi5QJH5k1kyN6EKh9GHa8YuZGPld4R5zLOOfPRFce00Df+xXJ+Zbp\/IToB3SHHoJIYrtf27vFdnF2w4SewOJZ5B3H5nUlO2JUNDAznn51z\/VwULEb5lX8HFas\/\/hBJMRQpNv+iRcCjBEntQzxonYI1Zl\/IPTA4xJB3tt02XRuTwK4Jnvw\/X4F0E9cDNx1C7lsb\/MkuiruNTW7xVMh\/HygTXybmOZ5DEZTAl4gOxDHWFcQwaIJ09rtNLm8xUWSekTaI9imc0f\/OIFoHw25bRq9jY0aTN78RMuRXGDfCsZ24W2M0lC\/PJT\/rJiEpmSGd3Zig8CDs5m0ATm\/qA9NqMTYEyQU7PgSb07Y+Eg+Y7txFl93ocdYlzpA3dXDxwcG\/AnSt+45S3nkiVxYb+k8FqDhFYxbdVkOTgHT7\/yR2h4HAnwBuwK2PKNduh7F\/gdvjYbJo4GJeswfKFNSrN5Dqsss42u5hU0mjp1sKUjR5Qw7lHkPH7w53CMGubuy9W9zbacSTF6ci77pKvPndBH8cvJs+MtZnwEWw6y16ms4Q\/PQr3iP0VQe51+7JzmqXfGU+Yz3ifPfZlflroqkgxZXz9VlJhzOqoVysz+6KrVGfRGM2j3YPMZ6ZC77MHr4OLwH\/rB6KjVtKfcHZPAzuth04QEBzK\/XIzXz7bk6ePX0oATUIYvQe2GUQ91OD9ASD8SGwpUHuTywPTAxozXsM0u1TyX3ge3a57nPEH15DshUr1TO0GI2irnLParh1P9yaV1NFQqyrh+G3deUaIUB78aa59+GBr4PpZGTu9X7ievuvGy8BJU7zxkYVrOjAhz8c8kF2qZ17VtsBz4cIkb5xMDI0Toj7HRuIuH5q2Zfgbp5an7I9WCOhFAm2cAQRlAvhpjFQYm4spLiuG1XQV8J7iQxtdDOZ851JAiloNZWHmwaUweDR4x6KEtnZhY9Y+m3iAWMSA\/UlZ0MP3Ef3kZ0R4VMCP362cNojWH2cHNWMfYKxUC4sxe6vCiUZC+XboBkuoLgFYyfcNBtGNFS57Jz0fxa1PDqsTseSpXDE\/25tG5jsxrVuIaBu+n6FGA9+s4fN6BAP3ogMBsQ4303r7FzMs\/\/DNh44RuTXgrfV9ozRUMri6lOh3A7mTAUUJLupyE0GtCQ5UJazJAXzBja0XFrOaZb7cSiFZry0PjG\/+Ug8HwwIJtGNa2DGCiYlidkzDduwyAkXjRxfud\/UsQ0BzBQ7IaeZHsuU2UmwRYM8iysh+F0Iv27athRO+yg6JE4TR5vkZChnOf+aqy8k4ABJz8Acbp+0sPUPHCJgQZ\/1idvF+SbgglvulSlKtoBl+xXyYB+gBUDJKXsKlLs0T1eOhxKrQZRuhl8PqwFTVmMlWItsdbRJtmwfa7m07owLtH8ASsDywXbgTxc5r9lpE+MUkPxikb94zwEXnFD7kV0SAr47u3TIxwfGEXbgUo\/0dD1leMZBGVebi0O5K2CKLrMvi0FUld3oDc1Hm8RRzq6WS8fTiiMzulLnFybpMX5pmOzmMxgY+AzBOalgJpNghfYUpL5rkPYrzjqmRVpDALHb9CGGHLD0TJ6xUEYNQ2OgXN+b2VCoIViuEV0iLN2sxFddmAuuEW2Tk0Djk7TN+ZmZndVZ8XnZiRuEpgkl1h65XiFt3x94xHOJfXLOBqeeRc44RJAehDgGxNg+NhuAxN\/xiwocAyb9FdZ+29mJPGOhjOZnjYMymw9Wtd5K4DAeKVfdkduc7XCDcHcUu78apCIbb7T8WfNTghK8IeCvK5BerIad\/NlteaJvkvE77MHA9g3zBlgXdCgxT7p\/tmCv9Rfjt5ReZpvRx0MpOmgTXksRKAl2tAZ0JE1XdUu5aNAXU40c9J2kjd+qRl75xsJWdSrWOx9KENFrApEL63jiCEAKC2XNDmZ63b4h8pdN7C+ygnkn5u+MQ5z+gWUM+CQoj6R4ToIyM9q1cPeBnVaVGrZ44FVjdSun80c3qUs7I9CsNqYFZC6U4N1UiPX19uL8sn9y5lKsHjKsWNi20WOXmP1xb0Bf9m2Dul9PKr1zv9Oyrd\/Oc+buTIAymKb5RK5U9N7+nIAyaZzljPxoW50Irozgj4pjeVPDpwilUJc69usbXqtSOQEk3Gtg1DvMZYKD6YOvBIJvdnBu1CfLMNuVX1qeTdB1mjjZJAvloTOZK8OKsXKdWKBlvDObuKgszr4Jvwbl9p34gNVAxOmUDM5IKIXCvKuYolprtb9hDhik27YgBOcA2APOL3GHYNH5ZRvzb8QyWx2eh+RIKA\/Xgw8rwWSZUVC+nwNhCCnKidkRTqK9wg5YNHAuRWehEyWAguhy6UBBu9awwyLOS3Klju0+7J9t2TjktTo6vwFcLeNRgAV8aWON4obxYQX4Eb+0r32Mvovrys0Ii6XxZmd\/+ygipZsjkl4xMyQ4+iBgzk2sZTbClxXFhYklxdaPsB5OR1TKpgUlzqW\/9YiFwQ3ENsRqDe8tcIOugQ8RMc57aHvM3yvY6otdHTjTvpfLliOhjMRtc7yAq3QYzfqK9y9j\/vad\/Lxbk39FM2DkoL+1g3PSC7sdHKebs6YOJVjnvo0RojwCi18WSjdgLCbTNyFkNMQUUuzowKMMLFn085TlKCi3SeQa7hSGcjZmISfauERFq0fi\/WCpP3LQQ+eVKuFPQPtyjcGXg1LHugIqZK990jaJ6FsBixPaZ0y7sUfBkCD0LhzjCb6UmfeCUM7akce86zwBShKgEhuandgIrYR8h83EygERWKtamrY2XkzARQr8GhxGy\/6MyUnu97BfktLrxLwHnfVQeRLv8gIXBx1WbMy8dbHpvxiU9aodhcTvYs03Ccpgr2qpVmPXaJ4EdudIzCIJKGY8qlrx+PxpWZ4cnrzBSo77wLCHHwC86GKTwRkLlw6Tld5\/4KSzDxf4GWeO3laxe+2uMFeCOouHFW+eCGUESuSUv4k9xirZlB8OnNjz3LVjqCiZe6OlaXXinJTnQokJStCMt3Lpc9SPvI\/Nlg\/KzCYs6IKy\/Mz8oHEAPCTXskmL81RqaAyUNBrVfIRqUV0pltmRdFglQQBet6PrN+I7rSpAot+0s6ClaOclKo4CmHObYp+AWMCu2WyiFToD43Li+\/FR7AyUY1sX9QqRTWryR2BL56aZ8odGQ6lY1NmCUNaVIdNQP+zPOaGqFPNEBO3Fnk882zSolJGNzeRlD6ZkezISya5BB348DxrREBnOHmCTexfVa2CTCyb7kkfwi4oj4P1nZpX\/0VypWIGVMHE7PsnWULgyttA7saqkoV\/+OkpOriuFm7BQYTdqqruuTvWfIpQQ2FTgwn01nGY+LqdqPUSbGP9fOMYbqK0DOutCbP4b58lAfCyU1TAgWQ7d6dxoJ0t4UMTJx6GPA0iH0WI9qtvOEkXBBi45\/FNdU2qPu9MAMjvzVsc+fXKZxJe3YFtcbQAbD0FlK4Eag3iSYntMca7MMaj56YwMz4i8WojFm4A\/61S5QeRCqktWKbMSCLFr0V337amwZZop9fOvIM03Sg4Xq5B9OPJLBBNOe6SkoieWcfGHtkW8FFOONTtiiuHzoKQkzuzOBh9ET38o7KqqjPUradhKbiSvnD49KAGRizYxSCcF5QdiiPmjIZTXcO\/PKmzw6alQJsuw46FMZ4aoEs4sB7ZcTAIKlWWoOg6CNckCJLU3MlYMZ8m\/LJQ4ZZQ8snhuHU5FOYNtqoD34N4nfmLFEdaDp\/uaLkmM1ZVqImMclCqEMp1DaSYMlHPp7NQy6GJ1BhqcilHB8qJYoJkmkpyFVn95MpQQNYKAt1hi5aAL06L2MD5E\/w4mxnylOpFczPxpNXlxrkSq1hMjL2B2Iv5MZSdmnWQxUtKqcl7gym\/vyf6NmcjBXJ4Cjhkomd5kD+B8mzexowN0BZu88whIcI9MnI2i8zgu5+c4I\/\/yKWZHUNLy5CTZXq8mfuNAWXT2feLUmmS1lMoIvErBmXHJcXtlbfVtfNDmC0U7ABNIc4v7LHS3+Q0AR74oP2zCIQCybPe7L\/kR5+2yz7go0WDC4jgZKClJWJ6JdXDMVITjTsryfCD9ycPj1VhG1sGDEuXUocQG3iu4stUXwY7ohOZoiIw7VQv63+8xmeFzmXPDwjgy5V8MF2l7GpQNdVCToVTc6aSyXAoQ21Y3Rh4jpWqpPEmHI1Zn\/kEoRU7yDOcwte7E78E0+YMpsj48XqoFbfr\/EYMS81Kkghg\/b8HTGB4anTEtBTRHwJOZryJQRsOeW1e2H5BAjBPKMlr0IPXKEjQzpdxQGkpcRqyDkx\/Ipy+3g7u7x5aLbVcnesLNAcBbmGG3W9evBne\/fsEammwRTl9uApQ0aXmexJXOobL9dWinE5CFATj+Wkc2WSkptTTp9KDExC6\/MYhYqNI1XUssudY+z6xd57cxJ0yI67oU56gQ+yHnN40mciVNCOpCeGgBrqQJZRl1vqpvZrkaVTDgw0ZOnyq8A3s64p2XztDl8nbg\/mC1gRo2zthLdwsAW\/p9zPficgZipqnXmVhxzBXwhHqb2PUruDIcedy6Eq76Ihc3iSia+yxTks7K+\/TltMXp\/fppzuiRLwf9e8uSv7JqeI9cT+pAXHixyfmlJ+YYINu6\/UHuMrUpKN+FI9hSoVRksoAFj7lScXy2nCiqiVsH4onzduCOLq0kUkJisvjL1nZwKf7Bdcv75Jgf+5cMq2N6IuCWSwkx\/vChbbqm1zq9GPFDCMkVqElj7d2aoL14UUignXBzNBl36fh4Df6XoDX4vtogEacRe1GeBWcrBZzqcXCxtbW5mClDcjZW38pIc\/loLbeJZqpQiiWZgMUugIQLlE7oRniCnONBTe4XWaB2ek\/97MvhObZTXVpaqjpTU5IB5QIQliLEOk0ozvm\/F4G+ue\/jf81RP6KXXus3iofTI1RyiskPeWCkvySSHZSovk1OVklJxU8A52k0AsoAT9YMQcvnSl3ULMb8GGGaK+NR0MT2nK2jSK16RZdNpI1S+1Nnk1Hv80dpHJRyfZtwPepRYI1dsH\/kHMf8wY9mRuXg1F+SPiUuIOZ0V0VMOXUkR0MZ\/rgy00f8BKaSc1MXtEvRT5rEPEIZZDcXeFfPpXEs9cPE\/n3mg\/8EevXS9N8D5YtSsK5\/ST9OVCwvVtJ0yJh8SEkllVRSSSWVVFJJJZVUUkkllVRSSSWVVFJJJZVUUkkllVRSSSWVVNJ\/Lv0\/xR7R6xMf2hoAAAAASUVORK5CYII=\"  alt=\"\" class=\"inline-image inline-image-ext-png\">\t\t\t\t\t\t\t\t<\/a>\n\t\t\t\t\t\t\t\t\t\t\t\t\t\t<\/div>\n\t\t\t\t\t\t<\/div>\n\t\t\t\t<\/div>\n\t\t\t\t<div class=\"elementor-element elementor-element-7cfe956 elementor-widget elementor-widget-image\" data-id=\"7cfe956\" data-element_type=\"widget\" data-widget_type=\"image.default\">\n\t\t\t\t<div class=\"elementor-widget-container\">\n\t\t\t\t\t\t\t\t<div class=\"elementor-image\">\n\t\t\t\t\t\t\t\t\t\t\t\t\t<a href=\"http:\/\/iglesia.cl\" target=\"_blank\">\n\t\t\t\t\t\t\t<img  src=\"data:image\/jpeg;base64,\/9j\/4AAQSkZJRgABAQAAAQABAAD\/2wCEAAkGBxMTERUSEhEQFhAXGCAbGBgXFx0dGhseFh4YHhcaGRYeHSwgHholGxofITEhJSktLy4uIDAzOzMwNzAwMDABCgoKDg0OGxAQGS4lICUtNzIvLTctLjctNzcvLS01Ky0vNTY1LS0tMC0tLTUtLS4vLS0tKzgtLS0tLy8tLS0tMP\/AABEIAGsBaAMBIgACEQEDEQH\/xAAbAAEBAAMBAQEAAAAAAAAAAAAABgQFBwMCAf\/EAEoQAAEDAgMEBQcHBg4DAAAAAAEAAgMEEQUSIQYxQVEHEyJhcTJyc4GRobE0QlJissHCFBUkM6LRFiMlNURTVIKDksPS4fCjs\/H\/xAAaAQEAAwEBAQAAAAAAAAAAAAAAAQIDBAUG\/8QALBEAAgECBAUDAwUAAAAAAAAAAAECAxEEEiExEzIzQXEFIpFRYYEUNKHR8P\/aAAwDAQACEQMRAD8A7iiIgC1OLbSU1M8MnlyPIzAZHnQki92tI3grbLlPSwP0uP0I+3ItaMFOVmcmNryoUs8dyz\/h1Qf2j\/xyf7EG3NAdBUXPo5P9i4vZXHRxhLLSVsou2K+Qd4F3O+4Lonh4RV9TzcP6jXrTUEo\/D\/s6hFIHAOF7HmCD6wRcetedVVsjF3kgc7Ej3BcVxjaipqJC8zSMZfssY4tAHDdvPeVS7C7VPe8UlS4yMfoxztXA\/RJ4g96zlhpJXOql6nTnUyW\/J0SlrGSXyOvbfoRv8QshabAIMj5mfRcLeBuR7luVhJJPQ9JBERVJCIiAIiIAiIgCIiAIiIAiIgCIiAIiIAiIgCIiAIiIAiIgCIiAIiIAiIgCIiAIiIAiIgC5X0rD9Lj9CPtPXVFy3pUH6VH6EfaeujDdQ831X9u\/KImy6B0d1rZIJqJxAe4EsvxDhr6wdVBWX1E8tIc0kOGoINiD3Fd1SGeNj53DYjg1M3yW2xWy8jKl4qqYGJrCMz2gtvcWLb6HS60Wz9GJMSY2LyBKXC3BrTf4JU7WVj4zG6d2UixsGgkci4C6p+jDDQ1klU\/d5Lb8h5R9uiylminKR30eHWqQpUk7J3bdrlfhr7z1HcWj9kraKb2QqOsdO\/6Tgfbmt7lSLhqK0rH0i2MXEq5sMTpXhxa3fl36kD71hYHtDFVFwiEnYAJzADfe1te5fu1YvRz+YfcpnosbpUHh2Pdn\/erxgnScu6LF4iIsSAiIgNJtnM5lHI9j3Ne3LYtNjq9o3+BWJsBVSSUznyvc9xlNi4kmwazTXhe6y9tB+gzeA+01YHRv8jPpHfBq3XRfknsVSIiwICIiAIiIAp7abahtI5jOrL3OF99gBuvexue5UKwcTweCoy9dGH5d2pBHrBGncrwcU\/dsD3oqpssbJG3yvaHC+\/XmvdfLGAAAABoFgBuAG4AL6VGAiIgCIiAIiIAiIgC59guITuxR0RmlMTZJeyXG1m5wBbu0XQVzrBh\/LMnnyfBy3o7S8Eo6KiIsCAiIgCIiAIiIAiIgC5f0pD9Kj9CPtPXUFzbpLZeqZ6IfaeujDc553qsb4dr7ohsqZVl9UnVL0cyPl+EzHhgL3NY3ynEAeJNguqY65tJRMp2byA31Dyj61I7EYf1lYwkaMu8+rQe8hZ219f1lU4X7LOyPV5XvXPU980vpqe76TRyQlN7vQ32wB7M3i38SrVH9HZ7M3i38SsFx1udntR2NXtP8jn9G74Ka6LfIn85vwcqXaf5HP6N3wU10W+RP5zfg5aQ6MvJfsVeM4k2nhdK\/UN3DmTuHtU7gbamtaZ5aiSKEkhjIeyTbQnNvtfT9y9+keJzqO4vZsjS7ws4fEhZ2xkodRQ5eAIPiCbqqWWnmW9wabaTC6iniM0FXVFrdXNfIXG3MH7isvZcOnaycVc7gDZ8bsp1A1BIA01BC2u1EobRzl1rdW4etwsPeVPdGEbhDK4+SXgDxA1+IVk26TbHY3W2nyGbzR9pqwOjf5GfSO+DVn7afIZvNH2mrA6N\/kZ9I74NVV0X5HY2O0+PNpIsxGaR2jG87bye4LUYPQ1dUwTVFVNEx2rGRHIbcDfly3qe6QKnPW5CTlY1rbD63aNhz7Sr4NrKfKMsdQGjQDqjw8FfI4wTitWDBxiCqom9fDUSzRNPbZN2jY8c2+3hay3+BYsyphErNODm31aRvC02L7SQyQSRiOpOdjm\/qjpcGx171rejAuHXtIIb2SLjj2gfuUSg3TbktUDPrsUmqat1JTP6tjP1kgF3aWBDeWpt\/wvnE8Eq4WGWnrKmR7dSx5zZueUHT1WU+6tkw\/EJXuYXNeXX+s17rgtPP\/kKyw7a6lmsBJkcfmvGX3+T71aUZRs4rQG5gDg1oeQX2GYjS54m3ipDpAxWeB0JhkcwODr2trly8x3qzUF0p\/wBH\/wAT\/TWVBJ1FcItMNJMMZcSXZG3J3k2F7+tYWOVFQDHFTNbnfmu93ksDcupHEnNp4LPoP1UfmN+AXus72lcgmJtm6hwucRqOs7uy3\/KHLWYJtDPDVfklWc13ZQ\/iCfJN+LTcb9dVU1WO00fl1EQPIOBPsGq55tJXMmr43sDst2AFzSM1nbwDrbh6l00k53Ulp4JR1RERchAUvtLtOYpBT07Q+pcQOYbfcLcXfBUs0mVpdyBPsXNtgGmaufK\/Vwa59\/rOIHwJW1KCacn2JRUQbPzvGaorqnOd4hdkaO7dr7AsLEaSupSHwVD54i4Atl7RFzYXO8i\/EWViihVXfUg\/B371zvBv56k8+T4FdFXOsG\/nqTz5PgVejtLwSjoqIi5yAiIgCIiAIiIAiIgC570iNvUs9EPtPXQlBbfN\/SGejH2nrahznHj1eiSGRMiyciZF23PDyFNsAwMFRMfmtHuuT8FJSTFxLjvJJPrVXgxyYfVv56e633qLDlWnrKTPZw6y0Yr\/AG50Do3PZm8W\/iVmojoyPZn8W\/iVuuOv1GdsNjVbUm1HP6M+8Ka6LXdmccbs9+f9yqNpKZ8lLLHG3M9zbAXA3kcTpuWh2BweenM3XR5Q\/LbtNPk5r+STzV4tcGSuX7FRiDoxE8y26oNOe+61tdFHbKUk9ny0j2x0rnHLHNd97bzpa3Lfw1VbjEDJIJGSODWOaQXE2t3+pc8wT84RhzKQmSHNo7KMhPEtMgHu0U0leD1+dgiqxDZ+epIFTUN6oG+SJhAPeS4n71vqKkZExscbQ1jRYAf9396jJa\/F2C7oGkDkGuPsa66zdmNsevk6mZgZKdxF8pI3ix1BUThNx3TS+gNjtq61DNfkPe5tlg9G\/wAjPpHfBq2W1tHJNSSRRNzPdlsLgbnNJ1JtuCxdhsOlgp3Mmbld1hIFwdCG8QTxBUJrgtfcdiT22jMWINmIOV2R4\/uWBH7PvXTGPBAINwRcHmDuWs2hwRlVFkcbOGrXDeD94PELQYY6vox1ToPyiEeSWO1A5DjbuI9altVIJX1QLRFOuxesk7MNE5hPz5nAAf3RqfUtng1HJEwiWXrJXOzOdawuQBYDkAFk4WWpB7V1BFM3LLG17e8bvA7x6lF7VbGRMifNAXNyC5YTcWG+xOoPiVnsq66nnlLqd0sD3lzchBLQd1uO62hC9cSlqqthhjp3QRu0fJKRe3EBg1uf+23raGaDVnp5JPbYGpe+jbnJOVxaCeQtb2Xt6lpelP8Ao\/8Aif6as8LoWwRMiZ5LRbx4knvJ1Uxt7g1RUOi6mPMGh1+00WLsvMjkopyXGzbLULcqqD9VH5jfgFB7S1slTXCjD3MhDg0gceLiefIA8ld4cxwhjDxZ4Y0OGmhAF92m9R21Ozk4qRV0ozOuHFvEObbUA7wbbkouKm7\/AICKvDsIggAEcTBbjbtHvLt5ULtgb4pEPRj9r\/lUtLjVXI0AUL2ycS92Vg79RcjuC0mObLVRmZUMcJpbhzwSG2c03AaCbZLWFr30VqXtneb\/AJCL5fhcOa8KKV7m3kjMbvo5g73jRQ+2WB1ctWHxtc5lm5CHAZLWvx07Wt1jTgpSs3YgvZo8zXN5gj2rmuwD+prXxP0cWuZb6zSD8GldIpmuDGhxu8NAJ5kDU+1TW0uyplkFRTuDKgEE8ASNxvwd8VelJJOL7koqkUvTY5WMGWehkc4fOjIIPqFwPavuV1dU9gMFLEfKcXZpCPqgblThtbtfJBSrnOCuvjMlvpye4OuuisbYADcFDYRgVSzEjUOitCZJDfM06PD8ugN95HBXotJSu+xKLpERYEBERAEREAREQBERAFD7ct\/j2ejH2nK4UZto3+Pb6MfactaPMcuLV6ZL5EyLJyJkXVc8rKbVgthNQfrfexQWZdFyfyTP6z7Mv7lzQOV6Gt\/J6cNIR8HRui49mfxZ+NXSguio9mo8WfjV6uPEdRnTDlCIixLkX0l1LgyGO5Eb3Evt9TLYftE+pWMMYa0NaAGgAADdYblgY9g7KqLq33Bvdrhvaefh3LU0LcQpmiPq4qiNujSH5HWG4Eu03f8A1baSgknqiSoXPJqUOxq0e4ODnW3DK0F3v95VBLUYjKMrKeKnv858geR3gNG\/xCzMAwFlMHHMXzP1fId57hyF9VMHw03fVoG3Xy94AJJAA3k6D2r6U9tEAaqiZJ+oc9+YHyS9rbxA89bkDmFgQbqnq45L9XJG+2\/K4H4Fe60m0dSIGdbG2MTuLI85G4PcBd3EtF\/atbi+MTwflMYkzmOnErHlrbtJcWlrgBlO6403c0BWOcALkgAbyV5UlUyVgfG4OYb2I3GxIPvCj9o6yYMrIHS5g2na8OygHtkte3T5pt495WVV4jVmaeGC7nQNZl0jAe54zEvzOBDbdkZeR8EBWIpKqxqoa+sfdoZTMYRHlBzGSLMQ599wcb6b7L8kxGsjhlkdfIKbrGvcIriQWuGtY43YQbi40tvQFcviWVrQXOcGtG8k2A8SVI4lj09OZWlzZCKZkrS5oAa58nVm+X5gvm56b1n4+JIqSd75WzWjBDXxttcHW4GhaeAI0tvKAol8ySBou4gDmTYe1TWO409j39TI49U+Nr29WMg6xzQQ55Ny4hwtl3cea99vfkEvnR\/+2NAbyKdrvJc13gQfgv2WVrRdzg0brk2Gug1PetBi808TY8pgidJUMYS1txleCDe4HavuWFiGJSAVUT8kohkgyuexpuJnMuHNtlzN3ggDgUBXopauxuWGaXrQ8MAeYWhjTHIGR5speO02S4Oh0X1NiM8VF+WGVshMIf1eQZcz8pBaR2srb63vfmEBTopTFMUngLmda2QmlklDsrey6IA3AGhYb6Xue8r9GMSQvg62Zr45YHyOOQWjMbWuzAN1LDe1jcnmgKaonbG1z3uDWNFyTuAG8r6Y8EAg3BFwfFROI4lI+Grje57o\/wAkEjS9jWu7WYGwb8020DtfiaTE64wUb5mgFzIrgHdcDS\/cgM59UwPbGXASOBLW8SG2ufVdeyia6qkhnZM+QTPbRyyAZQNewdMvzD6zv1K22A1NU57DKC6F8QcXHqxZ+mjAxxJYQeIv3oDeTztYMz3Na3m4gD2leH5yh7NpYzndlbZwNza9gRxsFqJAHYoGyWIbT5oQd2YvIkcPrgWHgvjaCmaJ6XqsrHuqCXOaBe\/VP1I+lbmgKKSVrbZnAXNhc2uTuA5nuXxT1TH5sjgcji11uDha4PfqpdmJyODWydW90deIQ5zBctAuHW3B9nWuLLxGIyRNkbEO3LXvjvYEgEAnLmIbmNrC+mqAtEWtwOScteKhti15DCcuZzLAguDCQHa24eC2SAIiIAiIgCkdr2\/xzfMHxcq5S21Lf41vmD4uWlPmMMSvYT2RMiyMiZF0XPOymZiDsuETd+ntc0Ll+ZdJ2nflwhw5vA\/aH7lzHMt8Mva\/J2bRXg6Z0THs1Hiz8av1z3oiPZqPFn410JcWI6jOmnyoIiLEuEREAREQBeNVSskbkkY17OThcabj4r2RAYLcIgAcOqYQ8WdmGa4G4Em+ncv1mEwBr2CJmV\/l3F81tAHE6kAcFmogMWow6J5cXxMcXtDXXF7gG4B7gdV81WFwyOzPiY51rXI3jfY8x3FZiIDwbRxgvIYy8ls+nlWFhm56aLwiweBrXNETMrm5SLXGX6Ou5vcNFnIgMaSgicSXRsJLMhuAbs35T9W\/BeTMHgDXM6pmVwAcCL3Ddw14DluWciAwJ8Hge4vfDG5zrXJG\/LuJHEjgd6yaqlZIwska1zDa7SLg2II08QCvZEBpMWwFsjY2xsjDRM18gN9WsDr20Nzr3eKz2YVCGFgiZkc7MQRe7gQQ4k7zcDU8lmIgMNuGQiQyiNvWG5J73AAnlcgWvyXzBhEDL5YYwCC21tLO8poB0APEBZyIDUVmBx9RNHBHG2SSJ0YJvoCCAL6kNF9wXpQ4JDGwDqo8xjDHaXBHFuvzb8Ny2aIDXxYLTtBAhjs5uU6Xu36JvvHcs0wty5C0FlrZSNLbrW5WX2iAwabB4IzmZCwOy5b2ucp+bc\/N03bl90eGRRG8cbWm1tOAvew5C\/ALLRAY9XQxy26xjXZTdpO8HmDvB8F5xYVC21omXDs4Ntc1rZrnW9tLrMRAYv5ui\/q2frOs3fP3Z\/OtxX5JhkLmuaYmFr3Z3C292na87QarLRAeNLSsjBDGhoJue8neSd5PevZEQBERAEREAWhx6ke+QFrXEZbaeJW+RSnZlZwzKzI\/82y\/1bvYn5tl\/q3exWCK\/EZj+nj9SM2lwyWTDXRtjeZA8ENA1NnDcPBc5\/gxW\/2Wf\/IV3lFpTxMoKyRZ0U+5C9F2GzQtnE0T48xZbMLXtnvb2q6RFlUnnlmZpGOVWCIioWCIiAIiIAiIgCIiAIiIAiIgCIiAIiIAiIgCIiAIiIAiIgCIiAIiIAiIgCIiAIiID\/\/Z\"  alt=\"\" class=\"inline-image inline-image-ext-jpeg\">\t\t\t\t\t\t\t\t<\/a>\n\t\t\t\t\t\t\t\t\t\t\t\t\t\t<\/div>\n\t\t\t\t\t\t<\/div>\n\t\t\t\t<\/div>\n\t\t\t\t<div class=\"elementor-element elementor-element-35814bf elementor-widget__width-auto elementor-widget elementor-widget-image\" data-id=\"35814bf\" data-element_type=\"widget\" data-widget_type=\"image.default\">\n\t\t\t\t<div class=\"elementor-widget-container\">\n\t\t\t\t\t\t\t\t<div class=\"elementor-image\">\n\t\t\t\t\t\t\t\t\t\t\t\t\t<a href=\"https:\/\/radioencuentrofm.cl\/\">\n\t\t\t\t\t\t\t<img width=\"1024\" height=\"182\" src=\"https:\/\/obispadosanfelipe.cl\/2020\/wp-content\/uploads\/2020\/08\/radio-1024x182.png\" class=\"attachment-large size-large\" alt=\"\" loading=\"lazy\" srcset=\"https:\/\/obispadosanfelipe.cl\/2020\/wp-content\/uploads\/2020\/08\/radio-1024x182.png 1024w, https:\/\/obispadosanfelipe.cl\/2020\/wp-content\/uploads\/2020\/08\/radio-300x53.png 300w, https:\/\/obispadosanfelipe.cl\/2020\/wp-content\/uploads\/2020\/08\/radio-768x137.png 768w, https:\/\/obispadosanfelipe.cl\/2020\/wp-content\/uploads\/2020\/08\/radio-1536x274.png 1536w, https:\/\/obispadosanfelipe.cl\/2020\/wp-content\/uploads\/2020\/08\/radio-2048x365.png 2048w\" sizes=\"(max-width: 1024px) 100vw, 1024px\" \/>\t\t\t\t\t\t\t\t<\/a>\n\t\t\t\t\t\t\t\t\t\t\t\t\t\t<\/div>\n\t\t\t\t\t\t<\/div>\n\t\t\t\t<\/div>\n\t\t\t\t\t\t<\/div>\n\t\t\t\t\t<\/div>\n\t\t<\/div>\n\t\t\t\t\t\t\t\t<\/div>\n\t\t\t\t\t<\/div>\n\t\t<\/section>\n\t\t\t\t<section class=\"elementor-section elementor-top-section elementor-element elementor-element-b28cece elementor-section-boxed elementor-section-height-default elementor-section-height-default\" data-id=\"b28cece\" data-element_type=\"section\">\n\t\t\t\t\t\t\t<div class=\"elementor-background-overlay\"><\/div>\n\t\t\t\t\t\t\t<div class=\"elementor-container elementor-column-gap-default\">\n\t\t\t\t\t\t\t<div class=\"elementor-row\">\n\t\t\t\t\t<div class=\"elementor-column elementor-col-50 elementor-top-column elementor-element elementor-element-7bf2da7\" data-id=\"7bf2da7\" data-element_type=\"column\">\n\t\t\t<div class=\"elementor-column-wrap elementor-element-populated\">\n\t\t\t\t\t\t\t<div class=\"elementor-widget-wrap\">\n\t\t\t\t\t\t<div class=\"elementor-element elementor-element-1e8b979 elementor-widget__width-initial elementor-widget elementor-widget-wp-widget-custom_html\" data-id=\"1e8b979\" data-element_type=\"widget\" data-widget_type=\"wp-widget-custom_html.default\">\n\t\t\t\t<div class=\"elementor-widget-container\">\n\t\t\t<div class=\"textwidget custom-html-widget\">[custom-facebook-feed]<\/div>\t\t<\/div>\n\t\t\t\t<\/div>\n\t\t\t\t\t\t<\/div>\n\t\t\t\t\t<\/div>\n\t\t<\/div>\n\t\t\t\t<div class=\"elementor-column elementor-col-50 elementor-top-column elementor-element elementor-element-a9a49cc\" data-id=\"a9a49cc\" data-element_type=\"column\">\n\t\t\t<div class=\"elementor-column-wrap elementor-element-populated\">\n\t\t\t\t\t\t\t<div class=\"elementor-widget-wrap\">\n\t\t\t\t\t\t<div class=\"elementor-element elementor-element-27ab19e elementor-widget__width-inherit elementor-widget elementor-widget-wp-widget-custom_html\" data-id=\"27ab19e\" data-element_type=\"widget\" data-widget_type=\"wp-widget-custom_html.default\">\n\t\t\t\t<div class=\"elementor-widget-container\">\n\t\t\t<div class=\"textwidget custom-html-widget\">\n<div id=\"sb_instagram\" class=\"sbi sbi_col_4  sbi_width_resp sbi_disable_mobile\" style=\"padding-bottom: 10px;width: 80%;\" data-feedid=\"sbi_iglesiadesanfelipe#16\" data-res=\"auto\" data-cols=\"4\" data-num=\"16\" data-shortcode-atts=\"{}\"  data-postid=\"\" data-sbi-flags=\"favorLocal\">\n\t<div class=\"sb_instagram_header \" style=\"padding: 5px; margin-bottom: 10px;padding-bottom: 0;\">\n    <a href=\"https:\/\/www.instagram.com\/diocesisdesanfelipe\/\" target=\"_blank\" rel=\"noopener nofollow\" title=\"@diocesisdesanfelipe\" class=\"sbi_header_link\">\n        <div class=\"sbi_header_text\">\n            <h3 >diocesisdesanfelipe<\/h3>\n\t                        <p class=\"sbi_bio\" >Somos la cuenta oficial de la Di\u00f3cesis de San Felipe de Aconcagua y Petorca #Chile <br>\nVisitanos en todas las plataformas Digitales \ud83d\udc47<\/p>\n\t                <\/div>\n                <div class=\"sbi_header_img\" data-avatar-url=\"https:\/\/obispadosanfelipe.cl\/2020\/wp-content\/uploads\/sb-instagram-feed-images\/diocesisdesanfelipe.jpg\">\n            <div class=\"sbi_header_img_hover\"><svg class=\"sbi_new_logo fa-instagram fa-w-14\" aria-hidden=\"true\" data-fa-processed=\"\" aria-label=\"Instagram\" data-prefix=\"fab\" data-icon=\"instagram\" role=\"img\" viewBox=\"0 0 448 512\">\n\t                <path fill=\"currentColor\" d=\"M224.1 141c-63.6 0-114.9 51.3-114.9 114.9s51.3 114.9 114.9 114.9S339 319.5 339 255.9 287.7 141 224.1 141zm0 189.6c-41.1 0-74.7-33.5-74.7-74.7s33.5-74.7 74.7-74.7 74.7 33.5 74.7 74.7-33.6 74.7-74.7 74.7zm146.4-194.3c0 14.9-12 26.8-26.8 26.8-14.9 0-26.8-12-26.8-26.8s12-26.8 26.8-26.8 26.8 12 26.8 26.8zm76.1 27.2c-1.7-35.9-9.9-67.7-36.2-93.9-26.2-26.2-58-34.4-93.9-36.2-37-2.1-147.9-2.1-184.9 0-35.8 1.7-67.6 9.9-93.9 36.1s-34.4 58-36.2 93.9c-2.1 37-2.1 147.9 0 184.9 1.7 35.9 9.9 67.7 36.2 93.9s58 34.4 93.9 36.2c37 2.1 147.9 2.1 184.9 0 35.9-1.7 67.7-9.9 93.9-36.2 26.2-26.2 34.4-58 36.2-93.9 2.1-37 2.1-147.8 0-184.8zM398.8 388c-7.8 19.6-22.9 34.7-42.6 42.6-29.5 11.7-99.5 9-132.1 9s-102.7 2.6-132.1-9c-19.6-7.8-34.7-22.9-42.6-42.6-11.7-29.5-9-99.5-9-132.1s-2.6-102.7 9-132.1c7.8-19.6 22.9-34.7 42.6-42.6 29.5-11.7 99.5-9 132.1-9s102.7-2.6 132.1 9c19.6 7.8 34.7 22.9 42.6 42.6 11.7 29.5 9 99.5 9 132.1s2.7 102.7-9 132.1z\"><\/path>\n\t            <\/svg><\/div>\n            <img loading=\"lazy\" src=\"https:\/\/obispadosanfelipe.cl\/2020\/wp-content\/uploads\/sb-instagram-feed-images\/diocesisdesanfelipe.jpg\" alt=\"Di\u00f3cesis de San Felipe\" width=\"50\" height=\"50\">\n        <\/div>\n        \n    <\/a>\n<\/div>\n    <div id=\"sbi_images\" style=\"padding: 5px;\">\n\t\t<div class=\"sbi_item sbi_type_image sbi_new sbi_transition\" id=\"sbi_17967962990899400\" data-date=\"1777561306\">\n    <div class=\"sbi_photo_wrap\">\n        <a class=\"sbi_photo\" href=\"https:\/\/www.instagram.com\/p\/DXwpXVPlVO8\/\" target=\"_blank\" rel=\"noopener nofollow\" data-full-res=\"https:\/\/scontent-fra5-2.cdninstagram.com\/v\/t39.30808-6\/667737780_1380642240775162_8758074392134385735_n.jpg?stp=dst-jpg_e35_tt6&#038;_nc_cat=107&#038;ccb=7-5&#038;_nc_sid=18de74&#038;efg=eyJlZmdfdGFnIjoiRkVFRC5iZXN0X2ltYWdlX3VybGdlbi5DMyJ9&#038;_nc_eui2=AeH8R2F08uCii_DoIH7hLIAbbmRJwVfzM5FuZEnBV_MzkbbtBTFSGiNpvzXFPRGy6pbSFNfSaVSYkK23M4__q-08&#038;_nc_ohc=Ko1cTTsgXkUQ7kNvwHtMvds&#038;_nc_oc=Ado_vaB7mt4qRXAtxlikfyGcG7m3Nhop4_2FA3yQ7Q3IkOzJ4VZoeXQdVkNDQUNxTJGUH2Lui1eOvF0LwoI7ZGNp&#038;_nc_zt=23&#038;_nc_ht=scontent-fra5-2.cdninstagram.com&#038;edm=AM6HXa8EAAAA&#038;_nc_gid=2cCzCJSGUIPjW6O5fQhrOg&#038;oh=00_Af1mLAIPp99k8OUsSY4RX3IaYGikx0jz15q2Hx1z2W6eUA&#038;oe=69F94A7B\" data-img-src-set=\"{&quot;d&quot;:&quot;https:\\\/\\\/scontent-fra5-2.cdninstagram.com\\\/v\\\/t39.30808-6\\\/667737780_1380642240775162_8758074392134385735_n.jpg?stp=dst-jpg_e35_tt6&amp;_nc_cat=107&amp;ccb=7-5&amp;_nc_sid=18de74&amp;efg=eyJlZmdfdGFnIjoiRkVFRC5iZXN0X2ltYWdlX3VybGdlbi5DMyJ9&amp;_nc_eui2=AeH8R2F08uCii_DoIH7hLIAbbmRJwVfzM5FuZEnBV_MzkbbtBTFSGiNpvzXFPRGy6pbSFNfSaVSYkK23M4__q-08&amp;_nc_ohc=Ko1cTTsgXkUQ7kNvwHtMvds&amp;_nc_oc=Ado_vaB7mt4qRXAtxlikfyGcG7m3Nhop4_2FA3yQ7Q3IkOzJ4VZoeXQdVkNDQUNxTJGUH2Lui1eOvF0LwoI7ZGNp&amp;_nc_zt=23&amp;_nc_ht=scontent-fra5-2.cdninstagram.com&amp;edm=AM6HXa8EAAAA&amp;_nc_gid=2cCzCJSGUIPjW6O5fQhrOg&amp;oh=00_Af1mLAIPp99k8OUsSY4RX3IaYGikx0jz15q2Hx1z2W6eUA&amp;oe=69F94A7B&quot;,&quot;150&quot;:&quot;https:\\\/\\\/scontent-fra5-2.cdninstagram.com\\\/v\\\/t39.30808-6\\\/667737780_1380642240775162_8758074392134385735_n.jpg?stp=dst-jpg_e35_tt6&amp;_nc_cat=107&amp;ccb=7-5&amp;_nc_sid=18de74&amp;efg=eyJlZmdfdGFnIjoiRkVFRC5iZXN0X2ltYWdlX3VybGdlbi5DMyJ9&amp;_nc_eui2=AeH8R2F08uCii_DoIH7hLIAbbmRJwVfzM5FuZEnBV_MzkbbtBTFSGiNpvzXFPRGy6pbSFNfSaVSYkK23M4__q-08&amp;_nc_ohc=Ko1cTTsgXkUQ7kNvwHtMvds&amp;_nc_oc=Ado_vaB7mt4qRXAtxlikfyGcG7m3Nhop4_2FA3yQ7Q3IkOzJ4VZoeXQdVkNDQUNxTJGUH2Lui1eOvF0LwoI7ZGNp&amp;_nc_zt=23&amp;_nc_ht=scontent-fra5-2.cdninstagram.com&amp;edm=AM6HXa8EAAAA&amp;_nc_gid=2cCzCJSGUIPjW6O5fQhrOg&amp;oh=00_Af1mLAIPp99k8OUsSY4RX3IaYGikx0jz15q2Hx1z2W6eUA&amp;oe=69F94A7B&quot;,&quot;320&quot;:&quot;https:\\\/\\\/scontent-fra5-2.cdninstagram.com\\\/v\\\/t39.30808-6\\\/667737780_1380642240775162_8758074392134385735_n.jpg?stp=dst-jpg_e35_tt6&amp;_nc_cat=107&amp;ccb=7-5&amp;_nc_sid=18de74&amp;efg=eyJlZmdfdGFnIjoiRkVFRC5iZXN0X2ltYWdlX3VybGdlbi5DMyJ9&amp;_nc_eui2=AeH8R2F08uCii_DoIH7hLIAbbmRJwVfzM5FuZEnBV_MzkbbtBTFSGiNpvzXFPRGy6pbSFNfSaVSYkK23M4__q-08&amp;_nc_ohc=Ko1cTTsgXkUQ7kNvwHtMvds&amp;_nc_oc=Ado_vaB7mt4qRXAtxlikfyGcG7m3Nhop4_2FA3yQ7Q3IkOzJ4VZoeXQdVkNDQUNxTJGUH2Lui1eOvF0LwoI7ZGNp&amp;_nc_zt=23&amp;_nc_ht=scontent-fra5-2.cdninstagram.com&amp;edm=AM6HXa8EAAAA&amp;_nc_gid=2cCzCJSGUIPjW6O5fQhrOg&amp;oh=00_Af1mLAIPp99k8OUsSY4RX3IaYGikx0jz15q2Hx1z2W6eUA&amp;oe=69F94A7B&quot;,&quot;640&quot;:&quot;https:\\\/\\\/scontent-fra5-2.cdninstagram.com\\\/v\\\/t39.30808-6\\\/667737780_1380642240775162_8758074392134385735_n.jpg?stp=dst-jpg_e35_tt6&amp;_nc_cat=107&amp;ccb=7-5&amp;_nc_sid=18de74&amp;efg=eyJlZmdfdGFnIjoiRkVFRC5iZXN0X2ltYWdlX3VybGdlbi5DMyJ9&amp;_nc_eui2=AeH8R2F08uCii_DoIH7hLIAbbmRJwVfzM5FuZEnBV_MzkbbtBTFSGiNpvzXFPRGy6pbSFNfSaVSYkK23M4__q-08&amp;_nc_ohc=Ko1cTTsgXkUQ7kNvwHtMvds&amp;_nc_oc=Ado_vaB7mt4qRXAtxlikfyGcG7m3Nhop4_2FA3yQ7Q3IkOzJ4VZoeXQdVkNDQUNxTJGUH2Lui1eOvF0LwoI7ZGNp&amp;_nc_zt=23&amp;_nc_ht=scontent-fra5-2.cdninstagram.com&amp;edm=AM6HXa8EAAAA&amp;_nc_gid=2cCzCJSGUIPjW6O5fQhrOg&amp;oh=00_Af1mLAIPp99k8OUsSY4RX3IaYGikx0jz15q2Hx1z2W6eUA&amp;oe=69F94A7B&quot;}\">\n            <span class=\"sbi-screenreader\">\ud83d\udce2\ud83c\udf99\u00a1SEMILLERO en Radio Encuentro FM! \ud83d\udcfb\u2728<\/span>\n            \t                    <img src=\"https:\/\/obispadosanfelipe.cl\/2020\/wp-content\/plugins\/instagram-feed\/img\/placeholder.png\" alt=\"\ud83d\udce2\ud83c\udf99\u00a1SEMILLERO en Radio Encuentro FM! \ud83d\udcfb\u2728\n\n\ud83d\udcd6 Sintoniza la quinta temporada de &quot;Semillero&quot;, guiado por el Padre Enzo Carrasco y Karen Gonz\u00e1lez. Un espacio de di\u00e1logo teol\u00f3gico profundo y cercano que no te puedes perder.\n\n\ud83d\udd53 Todos los viernes | 16:00 hrs\n\ud83d\udcfb Radio Encuentro FM 105.7\n\ud83c\udf10 Escucha online en radioencuentrofm.cl\n\ud83d\udcac Participa con nosotros\n\ud83d\udcf2 Escr\u00edbenos al WhatsApp: wa.me\/message\/UQPV36ZDFTAJM1\n\ud83c\udfb6 Pide tu tema musical: \ud83d\udcde \u202a+56 44 368 7067\u202c\n\n\ud83d\udccdPara todo el Valle de Aconcagua \u00a1Sintoniza, comparte y s\u00e9 parte de esta nueva temporada!\n\n\ud83d\ude4f \u00a1Te esperamos! \ud83d\ude4c\u2728\">\n        <\/a>\n    <\/div>\n<\/div><div class=\"sbi_item sbi_type_image sbi_new sbi_transition\" id=\"sbi_18091917080271246\" data-date=\"1777491482\">\n    <div class=\"sbi_photo_wrap\">\n        <a class=\"sbi_photo\" href=\"https:\/\/www.instagram.com\/p\/DXukLxyEhrC\/\" target=\"_blank\" rel=\"noopener nofollow\" data-full-res=\"https:\/\/scontent-fra3-1.cdninstagram.com\/v\/t39.30808-6\/685080482_1397019332470786_2929284505473719251_n.jpg?stp=dst-jpg_e35_tt6&#038;_nc_cat=103&#038;ccb=7-5&#038;_nc_sid=18de74&#038;efg=eyJlZmdfdGFnIjoiRkVFRC5iZXN0X2ltYWdlX3VybGdlbi5DMyJ9&#038;_nc_eui2=AeH5Q58OvS4ptgb_94mopyguIgG4P0p3TeAiAbg_SndN4P30eVXfx4qzs0qJ_zXwFDxy0rt2T8cLiYyhRH1VRv5E&#038;_nc_ohc=PgBPR3LLvYQQ7kNvwEziBVo&#038;_nc_oc=Adri-EHARfxd6uzX3fTctZSMniagXDPxijBfpz8CsJngUeIeIVdptgc1y4a2sGthGg6sxzATKTKMTKouD3dDbM3G&#038;_nc_zt=23&#038;_nc_ht=scontent-fra3-1.cdninstagram.com&#038;edm=AM6HXa8EAAAA&#038;_nc_gid=2cCzCJSGUIPjW6O5fQhrOg&#038;oh=00_Af060a7Lql1UE2s3fIZU_X1pkH4U_hrvJ_6NyyWWDqlJCA&#038;oe=69F938C3\" data-img-src-set=\"{&quot;d&quot;:&quot;https:\\\/\\\/scontent-fra3-1.cdninstagram.com\\\/v\\\/t39.30808-6\\\/685080482_1397019332470786_2929284505473719251_n.jpg?stp=dst-jpg_e35_tt6&amp;_nc_cat=103&amp;ccb=7-5&amp;_nc_sid=18de74&amp;efg=eyJlZmdfdGFnIjoiRkVFRC5iZXN0X2ltYWdlX3VybGdlbi5DMyJ9&amp;_nc_eui2=AeH5Q58OvS4ptgb_94mopyguIgG4P0p3TeAiAbg_SndN4P30eVXfx4qzs0qJ_zXwFDxy0rt2T8cLiYyhRH1VRv5E&amp;_nc_ohc=PgBPR3LLvYQQ7kNvwEziBVo&amp;_nc_oc=Adri-EHARfxd6uzX3fTctZSMniagXDPxijBfpz8CsJngUeIeIVdptgc1y4a2sGthGg6sxzATKTKMTKouD3dDbM3G&amp;_nc_zt=23&amp;_nc_ht=scontent-fra3-1.cdninstagram.com&amp;edm=AM6HXa8EAAAA&amp;_nc_gid=2cCzCJSGUIPjW6O5fQhrOg&amp;oh=00_Af060a7Lql1UE2s3fIZU_X1pkH4U_hrvJ_6NyyWWDqlJCA&amp;oe=69F938C3&quot;,&quot;150&quot;:&quot;https:\\\/\\\/scontent-fra3-1.cdninstagram.com\\\/v\\\/t39.30808-6\\\/685080482_1397019332470786_2929284505473719251_n.jpg?stp=dst-jpg_e35_tt6&amp;_nc_cat=103&amp;ccb=7-5&amp;_nc_sid=18de74&amp;efg=eyJlZmdfdGFnIjoiRkVFRC5iZXN0X2ltYWdlX3VybGdlbi5DMyJ9&amp;_nc_eui2=AeH5Q58OvS4ptgb_94mopyguIgG4P0p3TeAiAbg_SndN4P30eVXfx4qzs0qJ_zXwFDxy0rt2T8cLiYyhRH1VRv5E&amp;_nc_ohc=PgBPR3LLvYQQ7kNvwEziBVo&amp;_nc_oc=Adri-EHARfxd6uzX3fTctZSMniagXDPxijBfpz8CsJngUeIeIVdptgc1y4a2sGthGg6sxzATKTKMTKouD3dDbM3G&amp;_nc_zt=23&amp;_nc_ht=scontent-fra3-1.cdninstagram.com&amp;edm=AM6HXa8EAAAA&amp;_nc_gid=2cCzCJSGUIPjW6O5fQhrOg&amp;oh=00_Af060a7Lql1UE2s3fIZU_X1pkH4U_hrvJ_6NyyWWDqlJCA&amp;oe=69F938C3&quot;,&quot;320&quot;:&quot;https:\\\/\\\/scontent-fra3-1.cdninstagram.com\\\/v\\\/t39.30808-6\\\/685080482_1397019332470786_2929284505473719251_n.jpg?stp=dst-jpg_e35_tt6&amp;_nc_cat=103&amp;ccb=7-5&amp;_nc_sid=18de74&amp;efg=eyJlZmdfdGFnIjoiRkVFRC5iZXN0X2ltYWdlX3VybGdlbi5DMyJ9&amp;_nc_eui2=AeH5Q58OvS4ptgb_94mopyguIgG4P0p3TeAiAbg_SndN4P30eVXfx4qzs0qJ_zXwFDxy0rt2T8cLiYyhRH1VRv5E&amp;_nc_ohc=PgBPR3LLvYQQ7kNvwEziBVo&amp;_nc_oc=Adri-EHARfxd6uzX3fTctZSMniagXDPxijBfpz8CsJngUeIeIVdptgc1y4a2sGthGg6sxzATKTKMTKouD3dDbM3G&amp;_nc_zt=23&amp;_nc_ht=scontent-fra3-1.cdninstagram.com&amp;edm=AM6HXa8EAAAA&amp;_nc_gid=2cCzCJSGUIPjW6O5fQhrOg&amp;oh=00_Af060a7Lql1UE2s3fIZU_X1pkH4U_hrvJ_6NyyWWDqlJCA&amp;oe=69F938C3&quot;,&quot;640&quot;:&quot;https:\\\/\\\/scontent-fra3-1.cdninstagram.com\\\/v\\\/t39.30808-6\\\/685080482_1397019332470786_2929284505473719251_n.jpg?stp=dst-jpg_e35_tt6&amp;_nc_cat=103&amp;ccb=7-5&amp;_nc_sid=18de74&amp;efg=eyJlZmdfdGFnIjoiRkVFRC5iZXN0X2ltYWdlX3VybGdlbi5DMyJ9&amp;_nc_eui2=AeH5Q58OvS4ptgb_94mopyguIgG4P0p3TeAiAbg_SndN4P30eVXfx4qzs0qJ_zXwFDxy0rt2T8cLiYyhRH1VRv5E&amp;_nc_ohc=PgBPR3LLvYQQ7kNvwEziBVo&amp;_nc_oc=Adri-EHARfxd6uzX3fTctZSMniagXDPxijBfpz8CsJngUeIeIVdptgc1y4a2sGthGg6sxzATKTKMTKouD3dDbM3G&amp;_nc_zt=23&amp;_nc_ht=scontent-fra3-1.cdninstagram.com&amp;edm=AM6HXa8EAAAA&amp;_nc_gid=2cCzCJSGUIPjW6O5fQhrOg&amp;oh=00_Af060a7Lql1UE2s3fIZU_X1pkH4U_hrvJ_6NyyWWDqlJCA&amp;oe=69F938C3&quot;}\">\n            <span class=\"sbi-screenreader\">\ud83d\udfe2\ud83d\udd35\u26aa\ud83d\udfe1Comunicado Pr\u00f3xima ordenaci\u00f3n dia<\/span>\n            \t                    <img src=\"https:\/\/obispadosanfelipe.cl\/2020\/wp-content\/plugins\/instagram-feed\/img\/placeholder.png\" alt=\"\ud83d\udfe2\ud83d\udd35\u26aa\ud83d\udfe1Comunicado Pr\u00f3xima ordenaci\u00f3n diaconal\n\nEl Obispado de San Felipe se llena de alegr\u00eda y esperanza al anunciar la pr\u00f3xima ordenaci\u00f3n diaconal del candidato Ricardo Enrique Fern\u00e1ndez Alarc\u00f3n, perteneciente a la comunidad Parroquial Inmaculada Concepci\u00f3n de Santa Mar\u00eda, signo de la fidelidad de Dios que sigue llamando y suscitando servidores para su pueblo.\n\nNuestro obispo diocesano, Gonzalo Bravo \u00c1lvarez, junto al Consejo de \u00d3rdenes, ha comunicado oficialmente la aceptaci\u00f3n de Ricardo al Orden Sagrado del Diaconado Permanente, reconociendo en su camino formativo una respuesta generosa, perseverante y confiada al llamado del Se\u00f1or.\n\nLa celebraci\u00f3n de ordenaci\u00f3n se realizar\u00e1 el domingo 17 de mayo, a las 16:00 horas, en el Templo Parroquial Inmaculada Concepci\u00f3n de Santa Mar\u00eda, instancia a la que se invita cordialmente a toda la comunidad diocesana a participar y a acompa\u00f1ar con su oraci\u00f3n este importante paso en la vida de la Iglesia.\n\nEl camino vocacional de Ricardo ha estado marcado por la constancia y la esperanza. Tras iniciar su proceso formativo junto a una generaci\u00f3n anterior de candidatos, que se ordenaron di\u00e1conos en el a\u00f1o 2017, debi\u00f3 interrumpir su etapa final debido a problemas de salud, habiendo recibido en ese momento su admisi\u00f3n, y los ministerios de lectorado y acolitado. Sin embargo, con fe renovada y luego de superar este tiempo de dificultad, retom\u00f3 su formaci\u00f3n en la Escuela del Diaconado Permanente actual, logrando completar satisfactoriamente todo el proceso. El que posteriormente, ha solicitado formalmente su ordenaci\u00f3n al obispo diocesano, quien ha acogido esta petici\u00f3n con alegr\u00eda.\n\nComo parte de la preparaci\u00f3n a esta celebraci\u00f3n, las proclamas se realizar\u00e1n los d\u00edas s\u00e1bado 2, 9 y 16 de mayo en las respectivas Eucarist\u00edas de la comunidad parroquial.\n\nEste acontecimiento es una invitaci\u00f3n a toda la comunidad a renovar su fe, a orar por las vocaciones y a agradecer el testimonio de quienes, como Ricardo, responden con generosidad al llamado de Dios al servicio de la Iglesia.\n\nQue el Se\u00f1or siga bendiciendo a nuestra di\u00f3cesis con nuevas vocaciones, y que este tiempo sea una oportunidad para crecer en comuni\u00f3n, servicio y esperanza.\u200b\">\n        <\/a>\n    <\/div>\n<\/div><div class=\"sbi_item sbi_type_carousel sbi_new sbi_transition\" id=\"sbi_18091353662595447\" data-date=\"1777390933\">\n    <div class=\"sbi_photo_wrap\">\n        <a class=\"sbi_photo\" href=\"https:\/\/www.instagram.com\/p\/DXrkZ9_Eq5K\/\" target=\"_blank\" rel=\"noopener nofollow\" data-full-res=\"https:\/\/scontent-fra3-2.cdninstagram.com\/v\/t39.30808-6\/685336801_1396010529238333_3355618382921316820_n.jpg?stp=dst-jpg_e35_tt6&#038;_nc_cat=104&#038;ccb=7-5&#038;_nc_sid=18de74&#038;efg=eyJlZmdfdGFnIjoiQ0FST1VTRUxfSVRFTS5iZXN0X2ltYWdlX3VybGdlbi5DMyJ9&#038;_nc_eui2=AeFXzPKxuc7DDdVr6WnYSZhaTSYUx4XMIpxNJhTHhcwinBIBJCEKzTF-oaxMv0I6TMwrUUAqYjr4qTw7ggzltnDk&#038;_nc_ohc=rd8flvj7FAwQ7kNvwFlquTC&#038;_nc_oc=Ado7-ERpDRTCZpU0UqOs87gPdEqCYv7vqKnu9jHwPKzWZx8gb5tfMJOn2c0vgBL4QifJCxfmJxFPhdwcKhbmZSKY&#038;_nc_zt=23&#038;_nc_ht=scontent-fra3-2.cdninstagram.com&#038;edm=AM6HXa8EAAAA&#038;_nc_gid=2cCzCJSGUIPjW6O5fQhrOg&#038;oh=00_Af0gJoPYHE5OqWBjJjyaQcAVC8ORVAsIGyThzJJlB6yWkQ&#038;oe=69F95E3E\" data-img-src-set=\"{&quot;d&quot;:&quot;https:\\\/\\\/scontent-fra3-2.cdninstagram.com\\\/v\\\/t39.30808-6\\\/685336801_1396010529238333_3355618382921316820_n.jpg?stp=dst-jpg_e35_tt6&amp;_nc_cat=104&amp;ccb=7-5&amp;_nc_sid=18de74&amp;efg=eyJlZmdfdGFnIjoiQ0FST1VTRUxfSVRFTS5iZXN0X2ltYWdlX3VybGdlbi5DMyJ9&amp;_nc_eui2=AeFXzPKxuc7DDdVr6WnYSZhaTSYUx4XMIpxNJhTHhcwinBIBJCEKzTF-oaxMv0I6TMwrUUAqYjr4qTw7ggzltnDk&amp;_nc_ohc=rd8flvj7FAwQ7kNvwFlquTC&amp;_nc_oc=Ado7-ERpDRTCZpU0UqOs87gPdEqCYv7vqKnu9jHwPKzWZx8gb5tfMJOn2c0vgBL4QifJCxfmJxFPhdwcKhbmZSKY&amp;_nc_zt=23&amp;_nc_ht=scontent-fra3-2.cdninstagram.com&amp;edm=AM6HXa8EAAAA&amp;_nc_gid=2cCzCJSGUIPjW6O5fQhrOg&amp;oh=00_Af0gJoPYHE5OqWBjJjyaQcAVC8ORVAsIGyThzJJlB6yWkQ&amp;oe=69F95E3E&quot;,&quot;150&quot;:&quot;https:\\\/\\\/scontent-fra3-2.cdninstagram.com\\\/v\\\/t39.30808-6\\\/685336801_1396010529238333_3355618382921316820_n.jpg?stp=dst-jpg_e35_tt6&amp;_nc_cat=104&amp;ccb=7-5&amp;_nc_sid=18de74&amp;efg=eyJlZmdfdGFnIjoiQ0FST1VTRUxfSVRFTS5iZXN0X2ltYWdlX3VybGdlbi5DMyJ9&amp;_nc_eui2=AeFXzPKxuc7DDdVr6WnYSZhaTSYUx4XMIpxNJhTHhcwinBIBJCEKzTF-oaxMv0I6TMwrUUAqYjr4qTw7ggzltnDk&amp;_nc_ohc=rd8flvj7FAwQ7kNvwFlquTC&amp;_nc_oc=Ado7-ERpDRTCZpU0UqOs87gPdEqCYv7vqKnu9jHwPKzWZx8gb5tfMJOn2c0vgBL4QifJCxfmJxFPhdwcKhbmZSKY&amp;_nc_zt=23&amp;_nc_ht=scontent-fra3-2.cdninstagram.com&amp;edm=AM6HXa8EAAAA&amp;_nc_gid=2cCzCJSGUIPjW6O5fQhrOg&amp;oh=00_Af0gJoPYHE5OqWBjJjyaQcAVC8ORVAsIGyThzJJlB6yWkQ&amp;oe=69F95E3E&quot;,&quot;320&quot;:&quot;https:\\\/\\\/scontent-fra3-2.cdninstagram.com\\\/v\\\/t39.30808-6\\\/685336801_1396010529238333_3355618382921316820_n.jpg?stp=dst-jpg_e35_tt6&amp;_nc_cat=104&amp;ccb=7-5&amp;_nc_sid=18de74&amp;efg=eyJlZmdfdGFnIjoiQ0FST1VTRUxfSVRFTS5iZXN0X2ltYWdlX3VybGdlbi5DMyJ9&amp;_nc_eui2=AeFXzPKxuc7DDdVr6WnYSZhaTSYUx4XMIpxNJhTHhcwinBIBJCEKzTF-oaxMv0I6TMwrUUAqYjr4qTw7ggzltnDk&amp;_nc_ohc=rd8flvj7FAwQ7kNvwFlquTC&amp;_nc_oc=Ado7-ERpDRTCZpU0UqOs87gPdEqCYv7vqKnu9jHwPKzWZx8gb5tfMJOn2c0vgBL4QifJCxfmJxFPhdwcKhbmZSKY&amp;_nc_zt=23&amp;_nc_ht=scontent-fra3-2.cdninstagram.com&amp;edm=AM6HXa8EAAAA&amp;_nc_gid=2cCzCJSGUIPjW6O5fQhrOg&amp;oh=00_Af0gJoPYHE5OqWBjJjyaQcAVC8ORVAsIGyThzJJlB6yWkQ&amp;oe=69F95E3E&quot;,&quot;640&quot;:&quot;https:\\\/\\\/scontent-fra3-2.cdninstagram.com\\\/v\\\/t39.30808-6\\\/685336801_1396010529238333_3355618382921316820_n.jpg?stp=dst-jpg_e35_tt6&amp;_nc_cat=104&amp;ccb=7-5&amp;_nc_sid=18de74&amp;efg=eyJlZmdfdGFnIjoiQ0FST1VTRUxfSVRFTS5iZXN0X2ltYWdlX3VybGdlbi5DMyJ9&amp;_nc_eui2=AeFXzPKxuc7DDdVr6WnYSZhaTSYUx4XMIpxNJhTHhcwinBIBJCEKzTF-oaxMv0I6TMwrUUAqYjr4qTw7ggzltnDk&amp;_nc_ohc=rd8flvj7FAwQ7kNvwFlquTC&amp;_nc_oc=Ado7-ERpDRTCZpU0UqOs87gPdEqCYv7vqKnu9jHwPKzWZx8gb5tfMJOn2c0vgBL4QifJCxfmJxFPhdwcKhbmZSKY&amp;_nc_zt=23&amp;_nc_ht=scontent-fra3-2.cdninstagram.com&amp;edm=AM6HXa8EAAAA&amp;_nc_gid=2cCzCJSGUIPjW6O5fQhrOg&amp;oh=00_Af0gJoPYHE5OqWBjJjyaQcAVC8ORVAsIGyThzJJlB6yWkQ&amp;oe=69F95E3E&quot;}\">\n            <span class=\"sbi-screenreader\">\u2728 Di\u00f3cesis de San Felipe inicia su A\u00f1o Pastora<\/span>\n            <svg class=\"svg-inline--fa fa-clone fa-w-16 sbi_lightbox_carousel_icon\" aria-hidden=\"true\" aria-label=\"Clone\" data-fa-pro\u0192cessed=\"\" data-prefix=\"far\" data-icon=\"clone\" role=\"img\" xmlns=\"http:\/\/www.w3.org\/2000\/svg\" viewBox=\"0 0 512 512\">\n\t                <path fill=\"currentColor\" d=\"M464 0H144c-26.51 0-48 21.49-48 48v48H48c-26.51 0-48 21.49-48 48v320c0 26.51 21.49 48 48 48h320c26.51 0 48-21.49 48-48v-48h48c26.51 0 48-21.49 48-48V48c0-26.51-21.49-48-48-48zM362 464H54a6 6 0 0 1-6-6V150a6 6 0 0 1 6-6h42v224c0 26.51 21.49 48 48 48h224v42a6 6 0 0 1-6 6zm96-96H150a6 6 0 0 1-6-6V54a6 6 0 0 1 6-6h308a6 6 0 0 1 6 6v308a6 6 0 0 1-6 6z\"><\/path>\n\t            <\/svg>\t                    <img src=\"https:\/\/obispadosanfelipe.cl\/2020\/wp-content\/plugins\/instagram-feed\/img\/placeholder.png\" alt=\"\u2728 Di\u00f3cesis de San Felipe inicia su A\u00f1o Pastoral 2026 con multitudinaria peregrinaci\u00f3n\n\nCon profunda fe, alegr\u00eda y esp\u00edritu de comuni\u00f3n, la Di\u00f3cesis de San Felipe dio inicio a su A\u00f1o Pastoral 2026 con la Peregrinaci\u00f3n Diocesana a Santa Teresa de Los Andes \ud83d\ude4c\n\n\ud83d\udeb6\u200d\u2642\ufe0f Desde temprano, m\u00e1s de 400 peregrinos \u2014muchos de ellos j\u00f3venes\u2014 se reunieron en Rinconada para comenzar este caminar hacia el Santuario.\n\n\ud83d\ude4f Durante la jornada se vivieron diversos momentos significativos: una parada de oraci\u00f3n en la ermita de Schoenstatt, espacios de adoraci\u00f3n al Sant\u00edsimo, confesiones y actividades para todas las edades, permitiendo que familias, fueran parte activa de esta gran fiesta de la fe.\n\n\ud83d\udcac Uno de los momentos m\u00e1s emotivos fue el espacio de testimonios, donde se compartieron experiencias de vida profundamente marcadas por la intercesi\u00f3n de Santa Teresa de Los Andes, generando un ambiente de recogimiento, esperanza y confianza en Dios.\n\n\u26ea La jornada culmin\u00f3 con la celebraci\u00f3n de la Eucarist\u00eda, presidida por nuestro obispo, quien nos invit\u00f3 a vivir este a\u00f1o pastoral como una Iglesia en salida, que camina unida y anuncia a Cristo con alegr\u00eda. En este contexto, tambi\u00e9n se dio inicio oficial al A\u00f1o Pastoral, animando a todos a ser portadores de esperanza en cada una de nuestras comunidades.\n\n\ud83d\udc75\u2728 La peregrinaci\u00f3n tambi\u00e9n contempl\u00f3 un espacio especial para los adultos mayores, quienes vivieron una jornada adaptada con actividades, oraci\u00f3n y encuentro, integr\u00e1ndose posteriormente a las actividades generales en el Santuario.\n\n\ud83e\udd0d Como comisi\u00f3n organizadora, agradecemos profundamente a todos quienes hicieron posible esta jornada: a cada equipo, al Santuario Teresa de Los Andes por su acogida y disposici\u00f3n, a la Delegaci\u00f3n Provincial, Carabineros de Chile, Municipalidad de Rinconada, CESFAM, Liceo Bicentenario Parroquial, Movimiento Schoenstatt y a tantas personas que, con su servicio, aportes, oraci\u00f3n y presencia, hicieron de este d\u00eda una verdadera fiesta de Iglesia.\n\n\ud83c\udf1f As\u00ed, como pueblo de Dios, comenzamos este nuevo a\u00f1o pastoral bajo la intercesi\u00f3n de Santa Teresa de Los Andes, con esperanza renovada y el compromiso de seguir caminando juntos.\">\n        <\/a>\n    <\/div>\n<\/div><div class=\"sbi_item sbi_type_image sbi_new sbi_transition\" id=\"sbi_18100949200821836\" data-date=\"1777330681\">\n    <div class=\"sbi_photo_wrap\">\n        <a class=\"sbi_photo\" href=\"https:\/\/www.instagram.com\/p\/DXpxe0NFl8K\/\" target=\"_blank\" rel=\"noopener nofollow\" data-full-res=\"https:\/\/scontent-fra3-2.cdninstagram.com\/v\/t39.30808-6\/685001117_1395421579297228_2597780835117302108_n.jpg?stp=dst-jpg_e35_tt6&#038;_nc_cat=111&#038;ccb=7-5&#038;_nc_sid=18de74&#038;efg=eyJlZmdfdGFnIjoiRkVFRC5iZXN0X2ltYWdlX3VybGdlbi5DMyJ9&#038;_nc_eui2=AeG-awjOxqsjcTE8gu1o8sVDS0VQxVaEfhlLRVDFVoR-GV4wo26GVL126Po2reEFXFp2_oQ9VbG0ZDYNy0SKVzxq&#038;_nc_ohc=S_KNcXtBwiAQ7kNvwGejxN6&#038;_nc_oc=AdrMZtC3e4pKOEjcDxVrVVCM1jzl5cfBDWt8tLPsY2rGUvWYkIOJrEIC_BPPq0WBNnvs-RgShHQAketlAEk6LvSS&#038;_nc_zt=23&#038;_nc_ht=scontent-fra3-2.cdninstagram.com&#038;edm=AM6HXa8EAAAA&#038;_nc_gid=2cCzCJSGUIPjW6O5fQhrOg&#038;oh=00_Af0JEUdPz8Gv2_0HWC27JiZopDpQcvEXQpJd4VRuE71ymQ&#038;oe=69F9546A\" data-img-src-set=\"{&quot;d&quot;:&quot;https:\\\/\\\/scontent-fra3-2.cdninstagram.com\\\/v\\\/t39.30808-6\\\/685001117_1395421579297228_2597780835117302108_n.jpg?stp=dst-jpg_e35_tt6&amp;_nc_cat=111&amp;ccb=7-5&amp;_nc_sid=18de74&amp;efg=eyJlZmdfdGFnIjoiRkVFRC5iZXN0X2ltYWdlX3VybGdlbi5DMyJ9&amp;_nc_eui2=AeG-awjOxqsjcTE8gu1o8sVDS0VQxVaEfhlLRVDFVoR-GV4wo26GVL126Po2reEFXFp2_oQ9VbG0ZDYNy0SKVzxq&amp;_nc_ohc=S_KNcXtBwiAQ7kNvwGejxN6&amp;_nc_oc=AdrMZtC3e4pKOEjcDxVrVVCM1jzl5cfBDWt8tLPsY2rGUvWYkIOJrEIC_BPPq0WBNnvs-RgShHQAketlAEk6LvSS&amp;_nc_zt=23&amp;_nc_ht=scontent-fra3-2.cdninstagram.com&amp;edm=AM6HXa8EAAAA&amp;_nc_gid=2cCzCJSGUIPjW6O5fQhrOg&amp;oh=00_Af0JEUdPz8Gv2_0HWC27JiZopDpQcvEXQpJd4VRuE71ymQ&amp;oe=69F9546A&quot;,&quot;150&quot;:&quot;https:\\\/\\\/scontent-fra3-2.cdninstagram.com\\\/v\\\/t39.30808-6\\\/685001117_1395421579297228_2597780835117302108_n.jpg?stp=dst-jpg_e35_tt6&amp;_nc_cat=111&amp;ccb=7-5&amp;_nc_sid=18de74&amp;efg=eyJlZmdfdGFnIjoiRkVFRC5iZXN0X2ltYWdlX3VybGdlbi5DMyJ9&amp;_nc_eui2=AeG-awjOxqsjcTE8gu1o8sVDS0VQxVaEfhlLRVDFVoR-GV4wo26GVL126Po2reEFXFp2_oQ9VbG0ZDYNy0SKVzxq&amp;_nc_ohc=S_KNcXtBwiAQ7kNvwGejxN6&amp;_nc_oc=AdrMZtC3e4pKOEjcDxVrVVCM1jzl5cfBDWt8tLPsY2rGUvWYkIOJrEIC_BPPq0WBNnvs-RgShHQAketlAEk6LvSS&amp;_nc_zt=23&amp;_nc_ht=scontent-fra3-2.cdninstagram.com&amp;edm=AM6HXa8EAAAA&amp;_nc_gid=2cCzCJSGUIPjW6O5fQhrOg&amp;oh=00_Af0JEUdPz8Gv2_0HWC27JiZopDpQcvEXQpJd4VRuE71ymQ&amp;oe=69F9546A&quot;,&quot;320&quot;:&quot;https:\\\/\\\/scontent-fra3-2.cdninstagram.com\\\/v\\\/t39.30808-6\\\/685001117_1395421579297228_2597780835117302108_n.jpg?stp=dst-jpg_e35_tt6&amp;_nc_cat=111&amp;ccb=7-5&amp;_nc_sid=18de74&amp;efg=eyJlZmdfdGFnIjoiRkVFRC5iZXN0X2ltYWdlX3VybGdlbi5DMyJ9&amp;_nc_eui2=AeG-awjOxqsjcTE8gu1o8sVDS0VQxVaEfhlLRVDFVoR-GV4wo26GVL126Po2reEFXFp2_oQ9VbG0ZDYNy0SKVzxq&amp;_nc_ohc=S_KNcXtBwiAQ7kNvwGejxN6&amp;_nc_oc=AdrMZtC3e4pKOEjcDxVrVVCM1jzl5cfBDWt8tLPsY2rGUvWYkIOJrEIC_BPPq0WBNnvs-RgShHQAketlAEk6LvSS&amp;_nc_zt=23&amp;_nc_ht=scontent-fra3-2.cdninstagram.com&amp;edm=AM6HXa8EAAAA&amp;_nc_gid=2cCzCJSGUIPjW6O5fQhrOg&amp;oh=00_Af0JEUdPz8Gv2_0HWC27JiZopDpQcvEXQpJd4VRuE71ymQ&amp;oe=69F9546A&quot;,&quot;640&quot;:&quot;https:\\\/\\\/scontent-fra3-2.cdninstagram.com\\\/v\\\/t39.30808-6\\\/685001117_1395421579297228_2597780835117302108_n.jpg?stp=dst-jpg_e35_tt6&amp;_nc_cat=111&amp;ccb=7-5&amp;_nc_sid=18de74&amp;efg=eyJlZmdfdGFnIjoiRkVFRC5iZXN0X2ltYWdlX3VybGdlbi5DMyJ9&amp;_nc_eui2=AeG-awjOxqsjcTE8gu1o8sVDS0VQxVaEfhlLRVDFVoR-GV4wo26GVL126Po2reEFXFp2_oQ9VbG0ZDYNy0SKVzxq&amp;_nc_ohc=S_KNcXtBwiAQ7kNvwGejxN6&amp;_nc_oc=AdrMZtC3e4pKOEjcDxVrVVCM1jzl5cfBDWt8tLPsY2rGUvWYkIOJrEIC_BPPq0WBNnvs-RgShHQAketlAEk6LvSS&amp;_nc_zt=23&amp;_nc_ht=scontent-fra3-2.cdninstagram.com&amp;edm=AM6HXa8EAAAA&amp;_nc_gid=2cCzCJSGUIPjW6O5fQhrOg&amp;oh=00_Af0JEUdPz8Gv2_0HWC27JiZopDpQcvEXQpJd4VRuE71ymQ&amp;oe=69F9546A&quot;}\">\n            <span class=\"sbi-screenreader\">\u2728 \u00a1Est\u00e1s invitado a la Fiesta Patronal de San <\/span>\n            \t                    <img src=\"https:\/\/obispadosanfelipe.cl\/2020\/wp-content\/plugins\/instagram-feed\/img\/placeholder.png\" alt=\"\u2728 \u00a1Est\u00e1s invitado a la Fiesta Patronal de San Jos\u00e9 Obrero!\n\nLa comunidad Parroquial de Rinconada de Los Andes, junto a su p\u00e1rroco, el Padre Omar Orellana Manr\u00edquez, invita a toda la comunidad a participar de la fiesta patronal en honor a San Jos\u00e9 Obrero (Ver Afiche) \ud83d\ude4c\n\n\ud83d\ude4f Celebramos a quien es fiel custodio y ejemplo de vida entregada al servicio de Dios, modelo de sencillez, trabajo y amor silencioso.\n\n\u26ea En esta significativa celebraci\u00f3n contaremos con la presencia de Mons. Kurian Mathew Vayalunkal, Nuncio Apost\u00f3lico en Chile, quien nos acompa\u00f1ar\u00e1 para vivir juntos este encuentro de fe y comuni\u00f3n.\n\n\ud83e\udd0d Que, reunidos como Iglesia, podamos vivir este tiempo de gracia, renovando nuestro compromiso de seguir a Cristo al estilo de San Jos\u00e9.\n\n\u00a1Te esperamos para celebrar en comunidad!\n\n#FiestaPatronal #SanJos\u00e9Obrero #IglesiaEnCamino #Rinconada #PeregrinosDeEsperanza\">\n        <\/a>\n    <\/div>\n<\/div><div class=\"sbi_item sbi_type_carousel sbi_new sbi_transition\" id=\"sbi_17997812603927352\" data-date=\"1777329634\">\n    <div class=\"sbi_photo_wrap\">\n        <a class=\"sbi_photo\" href=\"https:\/\/www.instagram.com\/p\/DXpvfMUFv9I\/\" target=\"_blank\" rel=\"noopener nofollow\" data-full-res=\"https:\/\/scontent-fra3-1.cdninstagram.com\/v\/t39.30808-6\/683553442_1395413922631327_1978878142277916798_n.jpg?stp=dst-jpg_e35_tt6&#038;_nc_cat=105&#038;ccb=7-5&#038;_nc_sid=18de74&#038;efg=eyJlZmdfdGFnIjoiQ0FST1VTRUxfSVRFTS5iZXN0X2ltYWdlX3VybGdlbi5DMyJ9&#038;_nc_eui2=AeG-IRRrQ0SNvNVf6xqOgcjaF64X8TEgVP8XrhfxMSBU_6LVBsdRP9Y7nF-ASTGkBgyqh8sm28SmG56N4dglpaJH&#038;_nc_ohc=x6ld06GRQJYQ7kNvwFxahAN&#038;_nc_oc=AdrJ6L5johxa1Efz-DOZPfn5NmW5hpL2w8TEZlP1RZykh0-2c9_ndp7tGfmDjqu9g-R6syWMNl9rLTZkEXUgt1-S&#038;_nc_zt=23&#038;_nc_ht=scontent-fra3-1.cdninstagram.com&#038;edm=AM6HXa8EAAAA&#038;_nc_gid=2cCzCJSGUIPjW6O5fQhrOg&#038;oh=00_Af2vTIfMcTnC-gnQPAlFIZ_qHG0PdmD6G8aqog-WfRXe6Q&#038;oe=69F96029\" data-img-src-set=\"{&quot;d&quot;:&quot;https:\\\/\\\/scontent-fra3-1.cdninstagram.com\\\/v\\\/t39.30808-6\\\/683553442_1395413922631327_1978878142277916798_n.jpg?stp=dst-jpg_e35_tt6&amp;_nc_cat=105&amp;ccb=7-5&amp;_nc_sid=18de74&amp;efg=eyJlZmdfdGFnIjoiQ0FST1VTRUxfSVRFTS5iZXN0X2ltYWdlX3VybGdlbi5DMyJ9&amp;_nc_eui2=AeG-IRRrQ0SNvNVf6xqOgcjaF64X8TEgVP8XrhfxMSBU_6LVBsdRP9Y7nF-ASTGkBgyqh8sm28SmG56N4dglpaJH&amp;_nc_ohc=x6ld06GRQJYQ7kNvwFxahAN&amp;_nc_oc=AdrJ6L5johxa1Efz-DOZPfn5NmW5hpL2w8TEZlP1RZykh0-2c9_ndp7tGfmDjqu9g-R6syWMNl9rLTZkEXUgt1-S&amp;_nc_zt=23&amp;_nc_ht=scontent-fra3-1.cdninstagram.com&amp;edm=AM6HXa8EAAAA&amp;_nc_gid=2cCzCJSGUIPjW6O5fQhrOg&amp;oh=00_Af2vTIfMcTnC-gnQPAlFIZ_qHG0PdmD6G8aqog-WfRXe6Q&amp;oe=69F96029&quot;,&quot;150&quot;:&quot;https:\\\/\\\/scontent-fra3-1.cdninstagram.com\\\/v\\\/t39.30808-6\\\/683553442_1395413922631327_1978878142277916798_n.jpg?stp=dst-jpg_e35_tt6&amp;_nc_cat=105&amp;ccb=7-5&amp;_nc_sid=18de74&amp;efg=eyJlZmdfdGFnIjoiQ0FST1VTRUxfSVRFTS5iZXN0X2ltYWdlX3VybGdlbi5DMyJ9&amp;_nc_eui2=AeG-IRRrQ0SNvNVf6xqOgcjaF64X8TEgVP8XrhfxMSBU_6LVBsdRP9Y7nF-ASTGkBgyqh8sm28SmG56N4dglpaJH&amp;_nc_ohc=x6ld06GRQJYQ7kNvwFxahAN&amp;_nc_oc=AdrJ6L5johxa1Efz-DOZPfn5NmW5hpL2w8TEZlP1RZykh0-2c9_ndp7tGfmDjqu9g-R6syWMNl9rLTZkEXUgt1-S&amp;_nc_zt=23&amp;_nc_ht=scontent-fra3-1.cdninstagram.com&amp;edm=AM6HXa8EAAAA&amp;_nc_gid=2cCzCJSGUIPjW6O5fQhrOg&amp;oh=00_Af2vTIfMcTnC-gnQPAlFIZ_qHG0PdmD6G8aqog-WfRXe6Q&amp;oe=69F96029&quot;,&quot;320&quot;:&quot;https:\\\/\\\/scontent-fra3-1.cdninstagram.com\\\/v\\\/t39.30808-6\\\/683553442_1395413922631327_1978878142277916798_n.jpg?stp=dst-jpg_e35_tt6&amp;_nc_cat=105&amp;ccb=7-5&amp;_nc_sid=18de74&amp;efg=eyJlZmdfdGFnIjoiQ0FST1VTRUxfSVRFTS5iZXN0X2ltYWdlX3VybGdlbi5DMyJ9&amp;_nc_eui2=AeG-IRRrQ0SNvNVf6xqOgcjaF64X8TEgVP8XrhfxMSBU_6LVBsdRP9Y7nF-ASTGkBgyqh8sm28SmG56N4dglpaJH&amp;_nc_ohc=x6ld06GRQJYQ7kNvwFxahAN&amp;_nc_oc=AdrJ6L5johxa1Efz-DOZPfn5NmW5hpL2w8TEZlP1RZykh0-2c9_ndp7tGfmDjqu9g-R6syWMNl9rLTZkEXUgt1-S&amp;_nc_zt=23&amp;_nc_ht=scontent-fra3-1.cdninstagram.com&amp;edm=AM6HXa8EAAAA&amp;_nc_gid=2cCzCJSGUIPjW6O5fQhrOg&amp;oh=00_Af2vTIfMcTnC-gnQPAlFIZ_qHG0PdmD6G8aqog-WfRXe6Q&amp;oe=69F96029&quot;,&quot;640&quot;:&quot;https:\\\/\\\/scontent-fra3-1.cdninstagram.com\\\/v\\\/t39.30808-6\\\/683553442_1395413922631327_1978878142277916798_n.jpg?stp=dst-jpg_e35_tt6&amp;_nc_cat=105&amp;ccb=7-5&amp;_nc_sid=18de74&amp;efg=eyJlZmdfdGFnIjoiQ0FST1VTRUxfSVRFTS5iZXN0X2ltYWdlX3VybGdlbi5DMyJ9&amp;_nc_eui2=AeG-IRRrQ0SNvNVf6xqOgcjaF64X8TEgVP8XrhfxMSBU_6LVBsdRP9Y7nF-ASTGkBgyqh8sm28SmG56N4dglpaJH&amp;_nc_ohc=x6ld06GRQJYQ7kNvwFxahAN&amp;_nc_oc=AdrJ6L5johxa1Efz-DOZPfn5NmW5hpL2w8TEZlP1RZykh0-2c9_ndp7tGfmDjqu9g-R6syWMNl9rLTZkEXUgt1-S&amp;_nc_zt=23&amp;_nc_ht=scontent-fra3-1.cdninstagram.com&amp;edm=AM6HXa8EAAAA&amp;_nc_gid=2cCzCJSGUIPjW6O5fQhrOg&amp;oh=00_Af2vTIfMcTnC-gnQPAlFIZ_qHG0PdmD6G8aqog-WfRXe6Q&amp;oe=69F96029&quot;}\">\n            <span class=\"sbi-screenreader\">\u2728 Con fe y esperanza, Panquehue recibe a su nuev<\/span>\n            <svg class=\"svg-inline--fa fa-clone fa-w-16 sbi_lightbox_carousel_icon\" aria-hidden=\"true\" aria-label=\"Clone\" data-fa-pro\u0192cessed=\"\" data-prefix=\"far\" data-icon=\"clone\" role=\"img\" xmlns=\"http:\/\/www.w3.org\/2000\/svg\" viewBox=\"0 0 512 512\">\n\t                <path fill=\"currentColor\" d=\"M464 0H144c-26.51 0-48 21.49-48 48v48H48c-26.51 0-48 21.49-48 48v320c0 26.51 21.49 48 48 48h320c26.51 0 48-21.49 48-48v-48h48c26.51 0 48-21.49 48-48V48c0-26.51-21.49-48-48-48zM362 464H54a6 6 0 0 1-6-6V150a6 6 0 0 1 6-6h42v224c0 26.51 21.49 48 48 48h224v42a6 6 0 0 1-6 6zm96-96H150a6 6 0 0 1-6-6V54a6 6 0 0 1 6-6h308a6 6 0 0 1 6 6v308a6 6 0 0 1-6 6z\"><\/path>\n\t            <\/svg>\t                    <img src=\"https:\/\/obispadosanfelipe.cl\/2020\/wp-content\/plugins\/instagram-feed\/img\/placeholder.png\" alt=\"\u2728 Con fe y esperanza, Panquehue recibe a su nuevo p\u00e1rroco\n\nEn un ambiente de alegr\u00eda y comuni\u00f3n, este domingo 26 de abril la comunidad de Panquehue vivi\u00f3 la toma de posesi\u00f3n del Padre Enzo Carrasco como su nuevo p\u00e1rroco, en la Eucarist\u00eda celebrada en el templo Cristo Redentor de La Pirca \ud83d\ude4c\n\nLa celebraci\u00f3n, presidida por nuestro obispo, congreg\u00f3 a un centenar de fieles, junto a sacerdotes, di\u00e1conos y autoridades locales, quienes acompa\u00f1aron este significativo momento para la vida de la comunidad \ud83e\udd1d\n\n\u26ea Durante la liturgia se vivieron los signos propios de la toma de posesi\u00f3n, recordando la misi\u00f3n del p\u00e1rroco de guiar, servir y acompa\u00f1ar al Pueblo de Dios. En su homil\u00eda, nuestro obispo destac\u00f3 el Evangelio del Buen Pastor, invitando a seguir a Jes\u00fas como \u201cla puerta de las ovejas\u201d, llamados a un servicio generoso y fiel hacia todos.\n\n\ud83d\udcac En sus palabras, el Padre Enzo record\u00f3 con cercan\u00eda su paso por esta comunidad hace casi 15 a\u00f1os como seminarista, generando un ambiente de cercan\u00eda y alegr\u00eda. Asimismo, destac\u00f3 el desaf\u00edo de asumir esta nueva misi\u00f3n junto a la parroquia de Catemu, se\u00f1alando que este servicio es tambi\u00e9n un llamado a fortalecer la unidad pastoral y a orar por las vocaciones.\n\n\ud83d\ude4f Con sencillez y compromiso, expres\u00f3 su deseo de servir con alegr\u00eda, cercan\u00eda y testimonio de fe en medio de la comunidad.\n\n\ud83c\udfb6 La jornada concluy\u00f3 con un \u00e1gape fraterno en las afueras del templo y una presentaci\u00f3n del baile folcl\u00f3rico parroquial \u201cPangue\u201d, en un ambiente de fiesta y encuentro comunitario.\n\n#IglesiaEnCamino #TomaDePosesi\u00f3n #Di\u00f3cesisDeSanFelipe #Pastoral2026 #PeregrinosDeEsperanza\">\n        <\/a>\n    <\/div>\n<\/div><div class=\"sbi_item sbi_type_carousel sbi_new sbi_transition\" id=\"sbi_18088332779252919\" data-date=\"1777327855\">\n    <div class=\"sbi_photo_wrap\">\n        <a class=\"sbi_photo\" href=\"https:\/\/www.instagram.com\/p\/DXpsGBGFpML\/\" target=\"_blank\" rel=\"noopener nofollow\" data-full-res=\"https:\/\/scontent-fra5-1.cdninstagram.com\/v\/t39.30808-6\/681849897_1395397049299681_3701971683306663967_n.jpg?stp=dst-jpg_e35_tt6&#038;_nc_cat=100&#038;ccb=7-5&#038;_nc_sid=18de74&#038;efg=eyJlZmdfdGFnIjoiQ0FST1VTRUxfSVRFTS5iZXN0X2ltYWdlX3VybGdlbi5DMyJ9&#038;_nc_eui2=AeGOJTGA_3b4lCqbWYPqcKYqtFr_616Mc2m0Wv_rXoxzaYOgrxruUwZVEoPixv5rLxoiY4Y294EK76IfaOFbnAYQ&#038;_nc_ohc=-YDx2DcT8Z4Q7kNvwFcF3Bk&#038;_nc_oc=AdozpNvlRY_Dcob6rEl9UQQ19jLVZ3JA6R1DhD1Gos0DuaEBpJBr1PGxyH1bICawY-xsF2B8kT3iW0-CsJhZ3Eev&#038;_nc_zt=23&#038;_nc_ht=scontent-fra5-1.cdninstagram.com&#038;edm=AM6HXa8EAAAA&#038;_nc_gid=2cCzCJSGUIPjW6O5fQhrOg&#038;oh=00_Af0X82jrqdGi-dLGn_GL3yHHkhKnnlRmItcbaVFFZ7DY4g&#038;oe=69F95DF8\" data-img-src-set=\"{&quot;d&quot;:&quot;https:\\\/\\\/scontent-fra5-1.cdninstagram.com\\\/v\\\/t39.30808-6\\\/681849897_1395397049299681_3701971683306663967_n.jpg?stp=dst-jpg_e35_tt6&amp;_nc_cat=100&amp;ccb=7-5&amp;_nc_sid=18de74&amp;efg=eyJlZmdfdGFnIjoiQ0FST1VTRUxfSVRFTS5iZXN0X2ltYWdlX3VybGdlbi5DMyJ9&amp;_nc_eui2=AeGOJTGA_3b4lCqbWYPqcKYqtFr_616Mc2m0Wv_rXoxzaYOgrxruUwZVEoPixv5rLxoiY4Y294EK76IfaOFbnAYQ&amp;_nc_ohc=-YDx2DcT8Z4Q7kNvwFcF3Bk&amp;_nc_oc=AdozpNvlRY_Dcob6rEl9UQQ19jLVZ3JA6R1DhD1Gos0DuaEBpJBr1PGxyH1bICawY-xsF2B8kT3iW0-CsJhZ3Eev&amp;_nc_zt=23&amp;_nc_ht=scontent-fra5-1.cdninstagram.com&amp;edm=AM6HXa8EAAAA&amp;_nc_gid=2cCzCJSGUIPjW6O5fQhrOg&amp;oh=00_Af0X82jrqdGi-dLGn_GL3yHHkhKnnlRmItcbaVFFZ7DY4g&amp;oe=69F95DF8&quot;,&quot;150&quot;:&quot;https:\\\/\\\/scontent-fra5-1.cdninstagram.com\\\/v\\\/t39.30808-6\\\/681849897_1395397049299681_3701971683306663967_n.jpg?stp=dst-jpg_e35_tt6&amp;_nc_cat=100&amp;ccb=7-5&amp;_nc_sid=18de74&amp;efg=eyJlZmdfdGFnIjoiQ0FST1VTRUxfSVRFTS5iZXN0X2ltYWdlX3VybGdlbi5DMyJ9&amp;_nc_eui2=AeGOJTGA_3b4lCqbWYPqcKYqtFr_616Mc2m0Wv_rXoxzaYOgrxruUwZVEoPixv5rLxoiY4Y294EK76IfaOFbnAYQ&amp;_nc_ohc=-YDx2DcT8Z4Q7kNvwFcF3Bk&amp;_nc_oc=AdozpNvlRY_Dcob6rEl9UQQ19jLVZ3JA6R1DhD1Gos0DuaEBpJBr1PGxyH1bICawY-xsF2B8kT3iW0-CsJhZ3Eev&amp;_nc_zt=23&amp;_nc_ht=scontent-fra5-1.cdninstagram.com&amp;edm=AM6HXa8EAAAA&amp;_nc_gid=2cCzCJSGUIPjW6O5fQhrOg&amp;oh=00_Af0X82jrqdGi-dLGn_GL3yHHkhKnnlRmItcbaVFFZ7DY4g&amp;oe=69F95DF8&quot;,&quot;320&quot;:&quot;https:\\\/\\\/scontent-fra5-1.cdninstagram.com\\\/v\\\/t39.30808-6\\\/681849897_1395397049299681_3701971683306663967_n.jpg?stp=dst-jpg_e35_tt6&amp;_nc_cat=100&amp;ccb=7-5&amp;_nc_sid=18de74&amp;efg=eyJlZmdfdGFnIjoiQ0FST1VTRUxfSVRFTS5iZXN0X2ltYWdlX3VybGdlbi5DMyJ9&amp;_nc_eui2=AeGOJTGA_3b4lCqbWYPqcKYqtFr_616Mc2m0Wv_rXoxzaYOgrxruUwZVEoPixv5rLxoiY4Y294EK76IfaOFbnAYQ&amp;_nc_ohc=-YDx2DcT8Z4Q7kNvwFcF3Bk&amp;_nc_oc=AdozpNvlRY_Dcob6rEl9UQQ19jLVZ3JA6R1DhD1Gos0DuaEBpJBr1PGxyH1bICawY-xsF2B8kT3iW0-CsJhZ3Eev&amp;_nc_zt=23&amp;_nc_ht=scontent-fra5-1.cdninstagram.com&amp;edm=AM6HXa8EAAAA&amp;_nc_gid=2cCzCJSGUIPjW6O5fQhrOg&amp;oh=00_Af0X82jrqdGi-dLGn_GL3yHHkhKnnlRmItcbaVFFZ7DY4g&amp;oe=69F95DF8&quot;,&quot;640&quot;:&quot;https:\\\/\\\/scontent-fra5-1.cdninstagram.com\\\/v\\\/t39.30808-6\\\/681849897_1395397049299681_3701971683306663967_n.jpg?stp=dst-jpg_e35_tt6&amp;_nc_cat=100&amp;ccb=7-5&amp;_nc_sid=18de74&amp;efg=eyJlZmdfdGFnIjoiQ0FST1VTRUxfSVRFTS5iZXN0X2ltYWdlX3VybGdlbi5DMyJ9&amp;_nc_eui2=AeGOJTGA_3b4lCqbWYPqcKYqtFr_616Mc2m0Wv_rXoxzaYOgrxruUwZVEoPixv5rLxoiY4Y294EK76IfaOFbnAYQ&amp;_nc_ohc=-YDx2DcT8Z4Q7kNvwFcF3Bk&amp;_nc_oc=AdozpNvlRY_Dcob6rEl9UQQ19jLVZ3JA6R1DhD1Gos0DuaEBpJBr1PGxyH1bICawY-xsF2B8kT3iW0-CsJhZ3Eev&amp;_nc_zt=23&amp;_nc_ht=scontent-fra5-1.cdninstagram.com&amp;edm=AM6HXa8EAAAA&amp;_nc_gid=2cCzCJSGUIPjW6O5fQhrOg&amp;oh=00_Af0X82jrqdGi-dLGn_GL3yHHkhKnnlRmItcbaVFFZ7DY4g&amp;oe=69F95DF8&quot;}\">\n            <span class=\"sbi-screenreader\">\u2728 Cabildo recibe con alegr\u00eda a su nuevo adminis<\/span>\n            <svg class=\"svg-inline--fa fa-clone fa-w-16 sbi_lightbox_carousel_icon\" aria-hidden=\"true\" aria-label=\"Clone\" data-fa-pro\u0192cessed=\"\" data-prefix=\"far\" data-icon=\"clone\" role=\"img\" xmlns=\"http:\/\/www.w3.org\/2000\/svg\" viewBox=\"0 0 512 512\">\n\t                <path fill=\"currentColor\" d=\"M464 0H144c-26.51 0-48 21.49-48 48v48H48c-26.51 0-48 21.49-48 48v320c0 26.51 21.49 48 48 48h320c26.51 0 48-21.49 48-48v-48h48c26.51 0 48-21.49 48-48V48c0-26.51-21.49-48-48-48zM362 464H54a6 6 0 0 1-6-6V150a6 6 0 0 1 6-6h42v224c0 26.51 21.49 48 48 48h224v42a6 6 0 0 1-6 6zm96-96H150a6 6 0 0 1-6-6V54a6 6 0 0 1 6-6h308a6 6 0 0 1 6 6v308a6 6 0 0 1-6 6z\"><\/path>\n\t            <\/svg>\t                    <img src=\"https:\/\/obispadosanfelipe.cl\/2020\/wp-content\/plugins\/instagram-feed\/img\/placeholder.png\" alt=\"\u2728 Cabildo recibe con alegr\u00eda a su nuevo administrador parroquial\n\nCon profunda fe, este domingo 26 de abril la comunidad de Cabildo vivi\u00f3 la toma de posesi\u00f3n del Padre Jimmy V\u00e9liz como nuevo administrador parroquial, en una celebraci\u00f3n que tambi\u00e9n marc\u00f3 su incardinaci\u00f3n a la Di\u00f3cesis de San Felipe \ud83d\ude4c\n\nLa Eucarist\u00eda, presidida por nuestro obispo, cont\u00f3 con la participaci\u00f3n de sacerdotes, di\u00e1conos, autoridades y un centenar de fieles, provenientes tanto de la comuna como de comunidades donde el Padre Jimmy ha servido, especialmente desde Limache \ud83e\udd1d\n\n\u26ea El inicio estuvo marcado por la presencia del baile religioso Flechas Rojas, agrupaci\u00f3n insigne de la comunidad, que acompa\u00f1\u00f3 en procesi\u00f3n la llegada del nuevo pastor, reflejando la fe viva y la identidad local.\n\n\ud83d\udca1 A pesar de un corte de energ\u00eda el\u00e9ctrica en la zona, la celebraci\u00f3n se desarroll\u00f3 con sencillez y profundo recogimiento, demostrando que la fe supera toda dificultad.\n\n\ud83d\ude4f En su homil\u00eda, nuestro obispo record\u00f3 el llamado a ser buenos pastores, al estilo de Jes\u00fas, sirviendo con fidelidad a todos, sin distinci\u00f3n.\n\n\ud83d\udcac Al finalizar, la comunidad dio la bienvenida al Padre Jimmy, quien emocionado agradeci\u00f3 la acogida y record\u00f3 su camino vocacional, destacando su v\u00ednculo con distintas comunidades y su alegr\u00eda de reencontrarse con muchos hermanos en la fe.\n\n\ud83e\udd0d As\u00ed comienza un nuevo caminar pastoral en Cabildo, encomendado a Dios y sostenido por la oraci\u00f3n de toda la comunidad.\n\n#IglesiaEnCamino #TomaDePosesi\u00f3n #Di\u00f3cesisDeSanFelipe #Pastoral2026 #PeregrinosDeEsperanza\">\n        <\/a>\n    <\/div>\n<\/div><div class=\"sbi_item sbi_type_carousel sbi_new sbi_transition\" id=\"sbi_18124660744716324\" data-date=\"1777324322\">\n    <div class=\"sbi_photo_wrap\">\n        <a class=\"sbi_photo\" href=\"https:\/\/www.instagram.com\/p\/DXplWqfkhwP\/\" target=\"_blank\" rel=\"noopener nofollow\" data-full-res=\"https:\/\/scontent-fra5-1.cdninstagram.com\/v\/t39.30808-6\/683416546_1395368922635827_1946660562426178648_n.jpg?stp=dst-jpg_e35_tt6&#038;_nc_cat=100&#038;ccb=7-5&#038;_nc_sid=18de74&#038;efg=eyJlZmdfdGFnIjoiQ0FST1VTRUxfSVRFTS5iZXN0X2ltYWdlX3VybGdlbi5DMyJ9&#038;_nc_eui2=AeHVIf6TGBkRFmp0pA9CJPdN3GamlRKSFcbcZqaVEpIVxi5iBvT52HJ5wpqzuNkRX2rUO6lnCGi3UUoDVqCoEeAm&#038;_nc_ohc=bi_yW9WR06oQ7kNvwGIWOkh&#038;_nc_oc=AdoRDp0NCneMy19qDzpfLYz0TcCcN3Y8dwmFH9iu1Nv6map3S7Ab0A8NNLH3vM7-Yt1V5FagRJHyx7iXmj1mwMez&#038;_nc_zt=23&#038;_nc_ht=scontent-fra5-1.cdninstagram.com&#038;edm=AM6HXa8EAAAA&#038;_nc_gid=2cCzCJSGUIPjW6O5fQhrOg&#038;oh=00_Af1yu6bkOPkjB-8xMFnW3lAcedF9mzaWvUwvXL2-hM1-WQ&#038;oe=69F952A5\" data-img-src-set=\"{&quot;d&quot;:&quot;https:\\\/\\\/scontent-fra5-1.cdninstagram.com\\\/v\\\/t39.30808-6\\\/683416546_1395368922635827_1946660562426178648_n.jpg?stp=dst-jpg_e35_tt6&amp;_nc_cat=100&amp;ccb=7-5&amp;_nc_sid=18de74&amp;efg=eyJlZmdfdGFnIjoiQ0FST1VTRUxfSVRFTS5iZXN0X2ltYWdlX3VybGdlbi5DMyJ9&amp;_nc_eui2=AeHVIf6TGBkRFmp0pA9CJPdN3GamlRKSFcbcZqaVEpIVxi5iBvT52HJ5wpqzuNkRX2rUO6lnCGi3UUoDVqCoEeAm&amp;_nc_ohc=bi_yW9WR06oQ7kNvwGIWOkh&amp;_nc_oc=AdoRDp0NCneMy19qDzpfLYz0TcCcN3Y8dwmFH9iu1Nv6map3S7Ab0A8NNLH3vM7-Yt1V5FagRJHyx7iXmj1mwMez&amp;_nc_zt=23&amp;_nc_ht=scontent-fra5-1.cdninstagram.com&amp;edm=AM6HXa8EAAAA&amp;_nc_gid=2cCzCJSGUIPjW6O5fQhrOg&amp;oh=00_Af1yu6bkOPkjB-8xMFnW3lAcedF9mzaWvUwvXL2-hM1-WQ&amp;oe=69F952A5&quot;,&quot;150&quot;:&quot;https:\\\/\\\/scontent-fra5-1.cdninstagram.com\\\/v\\\/t39.30808-6\\\/683416546_1395368922635827_1946660562426178648_n.jpg?stp=dst-jpg_e35_tt6&amp;_nc_cat=100&amp;ccb=7-5&amp;_nc_sid=18de74&amp;efg=eyJlZmdfdGFnIjoiQ0FST1VTRUxfSVRFTS5iZXN0X2ltYWdlX3VybGdlbi5DMyJ9&amp;_nc_eui2=AeHVIf6TGBkRFmp0pA9CJPdN3GamlRKSFcbcZqaVEpIVxi5iBvT52HJ5wpqzuNkRX2rUO6lnCGi3UUoDVqCoEeAm&amp;_nc_ohc=bi_yW9WR06oQ7kNvwGIWOkh&amp;_nc_oc=AdoRDp0NCneMy19qDzpfLYz0TcCcN3Y8dwmFH9iu1Nv6map3S7Ab0A8NNLH3vM7-Yt1V5FagRJHyx7iXmj1mwMez&amp;_nc_zt=23&amp;_nc_ht=scontent-fra5-1.cdninstagram.com&amp;edm=AM6HXa8EAAAA&amp;_nc_gid=2cCzCJSGUIPjW6O5fQhrOg&amp;oh=00_Af1yu6bkOPkjB-8xMFnW3lAcedF9mzaWvUwvXL2-hM1-WQ&amp;oe=69F952A5&quot;,&quot;320&quot;:&quot;https:\\\/\\\/scontent-fra5-1.cdninstagram.com\\\/v\\\/t39.30808-6\\\/683416546_1395368922635827_1946660562426178648_n.jpg?stp=dst-jpg_e35_tt6&amp;_nc_cat=100&amp;ccb=7-5&amp;_nc_sid=18de74&amp;efg=eyJlZmdfdGFnIjoiQ0FST1VTRUxfSVRFTS5iZXN0X2ltYWdlX3VybGdlbi5DMyJ9&amp;_nc_eui2=AeHVIf6TGBkRFmp0pA9CJPdN3GamlRKSFcbcZqaVEpIVxi5iBvT52HJ5wpqzuNkRX2rUO6lnCGi3UUoDVqCoEeAm&amp;_nc_ohc=bi_yW9WR06oQ7kNvwGIWOkh&amp;_nc_oc=AdoRDp0NCneMy19qDzpfLYz0TcCcN3Y8dwmFH9iu1Nv6map3S7Ab0A8NNLH3vM7-Yt1V5FagRJHyx7iXmj1mwMez&amp;_nc_zt=23&amp;_nc_ht=scontent-fra5-1.cdninstagram.com&amp;edm=AM6HXa8EAAAA&amp;_nc_gid=2cCzCJSGUIPjW6O5fQhrOg&amp;oh=00_Af1yu6bkOPkjB-8xMFnW3lAcedF9mzaWvUwvXL2-hM1-WQ&amp;oe=69F952A5&quot;,&quot;640&quot;:&quot;https:\\\/\\\/scontent-fra5-1.cdninstagram.com\\\/v\\\/t39.30808-6\\\/683416546_1395368922635827_1946660562426178648_n.jpg?stp=dst-jpg_e35_tt6&amp;_nc_cat=100&amp;ccb=7-5&amp;_nc_sid=18de74&amp;efg=eyJlZmdfdGFnIjoiQ0FST1VTRUxfSVRFTS5iZXN0X2ltYWdlX3VybGdlbi5DMyJ9&amp;_nc_eui2=AeHVIf6TGBkRFmp0pA9CJPdN3GamlRKSFcbcZqaVEpIVxi5iBvT52HJ5wpqzuNkRX2rUO6lnCGi3UUoDVqCoEeAm&amp;_nc_ohc=bi_yW9WR06oQ7kNvwGIWOkh&amp;_nc_oc=AdoRDp0NCneMy19qDzpfLYz0TcCcN3Y8dwmFH9iu1Nv6map3S7Ab0A8NNLH3vM7-Yt1V5FagRJHyx7iXmj1mwMez&amp;_nc_zt=23&amp;_nc_ht=scontent-fra5-1.cdninstagram.com&amp;edm=AM6HXa8EAAAA&amp;_nc_gid=2cCzCJSGUIPjW6O5fQhrOg&amp;oh=00_Af1yu6bkOPkjB-8xMFnW3lAcedF9mzaWvUwvXL2-hM1-WQ&amp;oe=69F952A5&quot;}\">\n            <span class=\"sbi-screenreader\">\u2728 Con fe y alegr\u00eda, Andacollo recibe a su nuevo<\/span>\n            <svg class=\"svg-inline--fa fa-clone fa-w-16 sbi_lightbox_carousel_icon\" aria-hidden=\"true\" aria-label=\"Clone\" data-fa-pro\u0192cessed=\"\" data-prefix=\"far\" data-icon=\"clone\" role=\"img\" xmlns=\"http:\/\/www.w3.org\/2000\/svg\" viewBox=\"0 0 512 512\">\n\t                <path fill=\"currentColor\" d=\"M464 0H144c-26.51 0-48 21.49-48 48v48H48c-26.51 0-48 21.49-48 48v320c0 26.51 21.49 48 48 48h320c26.51 0 48-21.49 48-48v-48h48c26.51 0 48-21.49 48-48V48c0-26.51-21.49-48-48-48zM362 464H54a6 6 0 0 1-6-6V150a6 6 0 0 1 6-6h42v224c0 26.51 21.49 48 48 48h224v42a6 6 0 0 1-6 6zm96-96H150a6 6 0 0 1-6-6V54a6 6 0 0 1 6-6h308a6 6 0 0 1 6 6v308a6 6 0 0 1-6 6z\"><\/path>\n\t            <\/svg>\t                    <img src=\"https:\/\/obispadosanfelipe.cl\/2020\/wp-content\/plugins\/instagram-feed\/img\/placeholder.png\" alt=\"\u2728 Con fe y alegr\u00eda, Andacollo recibe a su nuevo p\u00e1rroco\n\nEl pasado viernes 24 de abril, la comunidad de Nuestra Se\u00f1ora del Rosario de Andacollo, en San Felipe, vivi\u00f3 con profunda fe la toma de posesi\u00f3n del Padre Ricardo Olavarr\u00eda como su nuevo p\u00e1rroco, en el marco de los destinos pastorales 2026 \ud83d\ude4c\n\nLa Eucarist\u00eda, presidida por nuestro obispo, reuni\u00f3 a m\u00e1s de un centenar de fieles, junto a sacerdotes y di\u00e1conos de la di\u00f3cesis, en una celebraci\u00f3n marcada por la comuni\u00f3n eclesial y la esperanza de este nuevo caminar.\n\n\u26ea Durante la liturgia se vivieron los signos propios de la toma de posesi\u00f3n, recordando la misi\u00f3n del p\u00e1rroco de guiar, servir y acompa\u00f1ar a su comunidad. En su homil\u00eda, el obispo destac\u00f3 la figura de Anan\u00edas, invitando a vivir el servicio pastoral con disponibilidad a la voluntad de Dios, incluso en medio de desaf\u00edos.\n\ud83c\udfb6 La celebraci\u00f3n cont\u00f3 tambi\u00e9n con la participaci\u00f3n del baile religioso Nuestra Se\u00f1ora del Rosario de Andacollo, expresi\u00f3n de la fe viva y la profunda devoci\u00f3n mariana de la comunidad.\n\n\ud83d\udcac Al finalizar, el coordinador del consejo pastoral dio la bienvenida al nuevo p\u00e1rroco, manifestando el compromiso de caminar juntos como comunidad. Por su parte, el Padre Ricardo agradeci\u00f3 el cari\u00f1o recibido, especialmente de su anterior comunidad de Llay Llay, y destac\u00f3 la cercan\u00eda vivida en este proceso. Adem\u00e1s, expres\u00f3 su alegr\u00eda por llegar a una comunidad profundamente mariana, encomendando su ministerio a la Virgen del Rosario.\n\n\ud83e\udd1d La jornada concluy\u00f3 en un ambiente de fraternidad, reflejo de una Iglesia que sigue caminando unida en la fe, el servicio y el amor.\n\n#IglesiaEnCamino #TomaDePosesi\u00f3n #Di\u00f3cesisDeSanFelipe #Pastoral2026 #PeregrinosDeEsperanza\">\n        <\/a>\n    <\/div>\n<\/div><div class=\"sbi_item sbi_type_image sbi_new sbi_transition\" id=\"sbi_18070559525313274\" data-date=\"1777294176\">\n    <div class=\"sbi_photo_wrap\">\n        <a class=\"sbi_photo\" href=\"https:\/\/www.instagram.com\/p\/DXor2pQkity\/\" target=\"_blank\" rel=\"noopener nofollow\" data-full-res=\"https:\/\/scontent-fra5-1.cdninstagram.com\/v\/t39.30808-6\/681261934_1395030392669680_4123696251744268160_n.jpg?stp=dst-jpg_e35_tt6&#038;_nc_cat=110&#038;ccb=7-5&#038;_nc_sid=18de74&#038;efg=eyJlZmdfdGFnIjoiRkVFRC5iZXN0X2ltYWdlX3VybGdlbi5DMyJ9&#038;_nc_eui2=AeFhQTnIxDHn-U2jJGWVW3a3ACxRBmZs_hoALFEGZmz-GmcxSWMwaFsc_ymcGMdeEMnUv50iFelzjSzxA_LV3YAt&#038;_nc_ohc=dwCo9yQX458Q7kNvwHvY1A9&#038;_nc_oc=AdoGRvJJKUGgz1o_oxsjDH1M-ZOUUn2TUWKaxNo391ajmvnfaUdZx9Yuptaqbc0sFeEuhEUanZDtv2Mg6TvZ05kd&#038;_nc_zt=23&#038;_nc_ht=scontent-fra5-1.cdninstagram.com&#038;edm=AM6HXa8EAAAA&#038;_nc_gid=2cCzCJSGUIPjW6O5fQhrOg&#038;oh=00_Af1tAAqYzQg20kuVGeB2WSo5rlRXb-pkSvqY11Kv44IbeA&#038;oe=69F94650\" data-img-src-set=\"{&quot;d&quot;:&quot;https:\\\/\\\/scontent-fra5-1.cdninstagram.com\\\/v\\\/t39.30808-6\\\/681261934_1395030392669680_4123696251744268160_n.jpg?stp=dst-jpg_e35_tt6&amp;_nc_cat=110&amp;ccb=7-5&amp;_nc_sid=18de74&amp;efg=eyJlZmdfdGFnIjoiRkVFRC5iZXN0X2ltYWdlX3VybGdlbi5DMyJ9&amp;_nc_eui2=AeFhQTnIxDHn-U2jJGWVW3a3ACxRBmZs_hoALFEGZmz-GmcxSWMwaFsc_ymcGMdeEMnUv50iFelzjSzxA_LV3YAt&amp;_nc_ohc=dwCo9yQX458Q7kNvwHvY1A9&amp;_nc_oc=AdoGRvJJKUGgz1o_oxsjDH1M-ZOUUn2TUWKaxNo391ajmvnfaUdZx9Yuptaqbc0sFeEuhEUanZDtv2Mg6TvZ05kd&amp;_nc_zt=23&amp;_nc_ht=scontent-fra5-1.cdninstagram.com&amp;edm=AM6HXa8EAAAA&amp;_nc_gid=2cCzCJSGUIPjW6O5fQhrOg&amp;oh=00_Af1tAAqYzQg20kuVGeB2WSo5rlRXb-pkSvqY11Kv44IbeA&amp;oe=69F94650&quot;,&quot;150&quot;:&quot;https:\\\/\\\/scontent-fra5-1.cdninstagram.com\\\/v\\\/t39.30808-6\\\/681261934_1395030392669680_4123696251744268160_n.jpg?stp=dst-jpg_e35_tt6&amp;_nc_cat=110&amp;ccb=7-5&amp;_nc_sid=18de74&amp;efg=eyJlZmdfdGFnIjoiRkVFRC5iZXN0X2ltYWdlX3VybGdlbi5DMyJ9&amp;_nc_eui2=AeFhQTnIxDHn-U2jJGWVW3a3ACxRBmZs_hoALFEGZmz-GmcxSWMwaFsc_ymcGMdeEMnUv50iFelzjSzxA_LV3YAt&amp;_nc_ohc=dwCo9yQX458Q7kNvwHvY1A9&amp;_nc_oc=AdoGRvJJKUGgz1o_oxsjDH1M-ZOUUn2TUWKaxNo391ajmvnfaUdZx9Yuptaqbc0sFeEuhEUanZDtv2Mg6TvZ05kd&amp;_nc_zt=23&amp;_nc_ht=scontent-fra5-1.cdninstagram.com&amp;edm=AM6HXa8EAAAA&amp;_nc_gid=2cCzCJSGUIPjW6O5fQhrOg&amp;oh=00_Af1tAAqYzQg20kuVGeB2WSo5rlRXb-pkSvqY11Kv44IbeA&amp;oe=69F94650&quot;,&quot;320&quot;:&quot;https:\\\/\\\/scontent-fra5-1.cdninstagram.com\\\/v\\\/t39.30808-6\\\/681261934_1395030392669680_4123696251744268160_n.jpg?stp=dst-jpg_e35_tt6&amp;_nc_cat=110&amp;ccb=7-5&amp;_nc_sid=18de74&amp;efg=eyJlZmdfdGFnIjoiRkVFRC5iZXN0X2ltYWdlX3VybGdlbi5DMyJ9&amp;_nc_eui2=AeFhQTnIxDHn-U2jJGWVW3a3ACxRBmZs_hoALFEGZmz-GmcxSWMwaFsc_ymcGMdeEMnUv50iFelzjSzxA_LV3YAt&amp;_nc_ohc=dwCo9yQX458Q7kNvwHvY1A9&amp;_nc_oc=AdoGRvJJKUGgz1o_oxsjDH1M-ZOUUn2TUWKaxNo391ajmvnfaUdZx9Yuptaqbc0sFeEuhEUanZDtv2Mg6TvZ05kd&amp;_nc_zt=23&amp;_nc_ht=scontent-fra5-1.cdninstagram.com&amp;edm=AM6HXa8EAAAA&amp;_nc_gid=2cCzCJSGUIPjW6O5fQhrOg&amp;oh=00_Af1tAAqYzQg20kuVGeB2WSo5rlRXb-pkSvqY11Kv44IbeA&amp;oe=69F94650&quot;,&quot;640&quot;:&quot;https:\\\/\\\/scontent-fra5-1.cdninstagram.com\\\/v\\\/t39.30808-6\\\/681261934_1395030392669680_4123696251744268160_n.jpg?stp=dst-jpg_e35_tt6&amp;_nc_cat=110&amp;ccb=7-5&amp;_nc_sid=18de74&amp;efg=eyJlZmdfdGFnIjoiRkVFRC5iZXN0X2ltYWdlX3VybGdlbi5DMyJ9&amp;_nc_eui2=AeFhQTnIxDHn-U2jJGWVW3a3ACxRBmZs_hoALFEGZmz-GmcxSWMwaFsc_ymcGMdeEMnUv50iFelzjSzxA_LV3YAt&amp;_nc_ohc=dwCo9yQX458Q7kNvwHvY1A9&amp;_nc_oc=AdoGRvJJKUGgz1o_oxsjDH1M-ZOUUn2TUWKaxNo391ajmvnfaUdZx9Yuptaqbc0sFeEuhEUanZDtv2Mg6TvZ05kd&amp;_nc_zt=23&amp;_nc_ht=scontent-fra5-1.cdninstagram.com&amp;edm=AM6HXa8EAAAA&amp;_nc_gid=2cCzCJSGUIPjW6O5fQhrOg&amp;oh=00_Af1tAAqYzQg20kuVGeB2WSo5rlRXb-pkSvqY11Kv44IbeA&amp;oe=69F94650&quot;}\">\n            <span class=\"sbi-screenreader\">\ud83d\ude93\ud83d\ude4f Saludo por el 99\u00b0 Aniversario de Carabin<\/span>\n            \t                    <img src=\"https:\/\/obispadosanfelipe.cl\/2020\/wp-content\/plugins\/instagram-feed\/img\/placeholder.png\" alt=\"\ud83d\ude93\ud83d\ude4f Saludo por el 99\u00b0 Aniversario de Carabineros de Chile\n\nEn el marco de un nuevo aniversario de Carabineros de Chile, el Obispado de San Felipe, junto a su obispo Gonzalo Bravo \u00c1lvarez, en representaci\u00f3n de toda la Di\u00f3cesis, extiende un cordial y fraterno saludo a cada uno de los hombres y mujeres que forman parte de esta instituci\u00f3n.\n\nAl cumplir 99 a\u00f1os de vida, reconocemos con gratitud su valioso y permanente compromiso con el bien com\u00fan, el resguardo del orden p\u00fablico y la seguridad de nuestra ciudadan\u00eda. Su labor cotidiana, muchas veces silenciosa y exigente, ha sido fundamental en la construcci\u00f3n de una sociedad m\u00e1s segura y organizada.\n\n\ud83d\ude4f Como Iglesia, elevamos nuestra oraci\u00f3n por cada carabinero y carabinera, por sus familias, y de manera especial por quienes han entregado su vida en el cumplimiento de su deber, verdaderos m\u00e1rtires del servicio a la patria.\n\n\ud83d\udc92 Desde nuestra experiencia eclesial, valoramos profundamente la cercan\u00eda y disposici\u00f3n que siempre han manifestado, especialmente en tantas celebraciones de fe, procesiones y actividades masivas, donde su presencia ha sido signo concreto de cuidado, orden y acompa\u00f1amiento a nuestras comunidades.\n\n\ud83d\udd4a\ufe0f Encomendamos su misi\u00f3n al Se\u00f1or, pidiendo que los fortalezca en su vocaci\u00f3n de servicio, les conceda sabidur\u00eda en su actuar y los sostenga en cada desaf\u00edo que enfrentan.\n\n\u2728 Que este nuevo aniversario, en v\u00edsperas de su centenario, sea una oportunidad para renovar su compromiso con Chile, siempre al servicio de la vida, la justicia y la paz.\n\n#CarabinerosDeChile #99A\u00f1os #Di\u00f3cesisDeSanFelipe #Servicio #BienCom\u00fan #IglesiaEnCamino\">\n        <\/a>\n    <\/div>\n<\/div><div class=\"sbi_item sbi_type_image sbi_new sbi_transition\" id=\"sbi_18590327335028121\" data-date=\"1777169153\">\n    <div class=\"sbi_photo_wrap\">\n        <a class=\"sbi_photo\" href=\"https:\/\/www.instagram.com\/p\/DXk9ZHplkze\/\" target=\"_blank\" rel=\"noopener nofollow\" data-full-res=\"https:\/\/scontent-fra5-1.cdninstagram.com\/v\/t39.30808-6\/679704621_1393634889475897_3210045873941584224_n.jpg?stp=dst-jpg_e35_tt6&#038;_nc_cat=102&#038;ccb=7-5&#038;_nc_sid=18de74&#038;efg=eyJlZmdfdGFnIjoiRkVFRC5iZXN0X2ltYWdlX3VybGdlbi5DMyJ9&#038;_nc_eui2=AeFXWV9a1ZZ3Sgd1GkIukwe-Tr2vtDqHk39Ova-0OoeTf1q2KZ_VMJ2nCg4WN05hvmAgE9VtCwPl07-Tscw3az5S&#038;_nc_ohc=7ZvBpM8WwjgQ7kNvwEYerfT&#038;_nc_oc=Ado5YB41dEqPIyNXzL4Eg0KpP0130JGSi1p7ck8ko9JZLrekQHyY8464QuhmJs2YDdfAAcZDAt1FknnKHtC_o_7f&#038;_nc_zt=23&#038;_nc_ht=scontent-fra5-1.cdninstagram.com&#038;edm=AM6HXa8EAAAA&#038;_nc_gid=2cCzCJSGUIPjW6O5fQhrOg&#038;oh=00_Af3Hr-7DI-aWssmH7mvZiE1FcAy1sOKcFX483c-0193emA&#038;oe=69F93553\" data-img-src-set=\"{&quot;d&quot;:&quot;https:\\\/\\\/scontent-fra5-1.cdninstagram.com\\\/v\\\/t39.30808-6\\\/679704621_1393634889475897_3210045873941584224_n.jpg?stp=dst-jpg_e35_tt6&amp;_nc_cat=102&amp;ccb=7-5&amp;_nc_sid=18de74&amp;efg=eyJlZmdfdGFnIjoiRkVFRC5iZXN0X2ltYWdlX3VybGdlbi5DMyJ9&amp;_nc_eui2=AeFXWV9a1ZZ3Sgd1GkIukwe-Tr2vtDqHk39Ova-0OoeTf1q2KZ_VMJ2nCg4WN05hvmAgE9VtCwPl07-Tscw3az5S&amp;_nc_ohc=7ZvBpM8WwjgQ7kNvwEYerfT&amp;_nc_oc=Ado5YB41dEqPIyNXzL4Eg0KpP0130JGSi1p7ck8ko9JZLrekQHyY8464QuhmJs2YDdfAAcZDAt1FknnKHtC_o_7f&amp;_nc_zt=23&amp;_nc_ht=scontent-fra5-1.cdninstagram.com&amp;edm=AM6HXa8EAAAA&amp;_nc_gid=2cCzCJSGUIPjW6O5fQhrOg&amp;oh=00_Af3Hr-7DI-aWssmH7mvZiE1FcAy1sOKcFX483c-0193emA&amp;oe=69F93553&quot;,&quot;150&quot;:&quot;https:\\\/\\\/scontent-fra5-1.cdninstagram.com\\\/v\\\/t39.30808-6\\\/679704621_1393634889475897_3210045873941584224_n.jpg?stp=dst-jpg_e35_tt6&amp;_nc_cat=102&amp;ccb=7-5&amp;_nc_sid=18de74&amp;efg=eyJlZmdfdGFnIjoiRkVFRC5iZXN0X2ltYWdlX3VybGdlbi5DMyJ9&amp;_nc_eui2=AeFXWV9a1ZZ3Sgd1GkIukwe-Tr2vtDqHk39Ova-0OoeTf1q2KZ_VMJ2nCg4WN05hvmAgE9VtCwPl07-Tscw3az5S&amp;_nc_ohc=7ZvBpM8WwjgQ7kNvwEYerfT&amp;_nc_oc=Ado5YB41dEqPIyNXzL4Eg0KpP0130JGSi1p7ck8ko9JZLrekQHyY8464QuhmJs2YDdfAAcZDAt1FknnKHtC_o_7f&amp;_nc_zt=23&amp;_nc_ht=scontent-fra5-1.cdninstagram.com&amp;edm=AM6HXa8EAAAA&amp;_nc_gid=2cCzCJSGUIPjW6O5fQhrOg&amp;oh=00_Af3Hr-7DI-aWssmH7mvZiE1FcAy1sOKcFX483c-0193emA&amp;oe=69F93553&quot;,&quot;320&quot;:&quot;https:\\\/\\\/scontent-fra5-1.cdninstagram.com\\\/v\\\/t39.30808-6\\\/679704621_1393634889475897_3210045873941584224_n.jpg?stp=dst-jpg_e35_tt6&amp;_nc_cat=102&amp;ccb=7-5&amp;_nc_sid=18de74&amp;efg=eyJlZmdfdGFnIjoiRkVFRC5iZXN0X2ltYWdlX3VybGdlbi5DMyJ9&amp;_nc_eui2=AeFXWV9a1ZZ3Sgd1GkIukwe-Tr2vtDqHk39Ova-0OoeTf1q2KZ_VMJ2nCg4WN05hvmAgE9VtCwPl07-Tscw3az5S&amp;_nc_ohc=7ZvBpM8WwjgQ7kNvwEYerfT&amp;_nc_oc=Ado5YB41dEqPIyNXzL4Eg0KpP0130JGSi1p7ck8ko9JZLrekQHyY8464QuhmJs2YDdfAAcZDAt1FknnKHtC_o_7f&amp;_nc_zt=23&amp;_nc_ht=scontent-fra5-1.cdninstagram.com&amp;edm=AM6HXa8EAAAA&amp;_nc_gid=2cCzCJSGUIPjW6O5fQhrOg&amp;oh=00_Af3Hr-7DI-aWssmH7mvZiE1FcAy1sOKcFX483c-0193emA&amp;oe=69F93553&quot;,&quot;640&quot;:&quot;https:\\\/\\\/scontent-fra5-1.cdninstagram.com\\\/v\\\/t39.30808-6\\\/679704621_1393634889475897_3210045873941584224_n.jpg?stp=dst-jpg_e35_tt6&amp;_nc_cat=102&amp;ccb=7-5&amp;_nc_sid=18de74&amp;efg=eyJlZmdfdGFnIjoiRkVFRC5iZXN0X2ltYWdlX3VybGdlbi5DMyJ9&amp;_nc_eui2=AeFXWV9a1ZZ3Sgd1GkIukwe-Tr2vtDqHk39Ova-0OoeTf1q2KZ_VMJ2nCg4WN05hvmAgE9VtCwPl07-Tscw3az5S&amp;_nc_ohc=7ZvBpM8WwjgQ7kNvwEYerfT&amp;_nc_oc=Ado5YB41dEqPIyNXzL4Eg0KpP0130JGSi1p7ck8ko9JZLrekQHyY8464QuhmJs2YDdfAAcZDAt1FknnKHtC_o_7f&amp;_nc_zt=23&amp;_nc_ht=scontent-fra5-1.cdninstagram.com&amp;edm=AM6HXa8EAAAA&amp;_nc_gid=2cCzCJSGUIPjW6O5fQhrOg&amp;oh=00_Af3Hr-7DI-aWssmH7mvZiE1FcAy1sOKcFX483c-0193emA&amp;oe=69F93553&quot;}\">\n            <span class=\"sbi-screenreader\">\ud83c\udf89\ud83d\udce3Saludamos en este d\u00eda, al Padre Roberto G<\/span>\n            \t                    <img src=\"https:\/\/obispadosanfelipe.cl\/2020\/wp-content\/plugins\/instagram-feed\/img\/placeholder.png\" alt=\"\ud83c\udf89\ud83d\udce3Saludamos en este d\u00eda, al Padre Roberto Gilbo; p\u00e1rroco de Calle Larga y Religioso Santa Cruz, quien hoy celebra su cumplea\u00f1os.\n\n\ud83e\udec2Extendemos nuestros mejores deseos en este d\u00eda, y oramos como iglesia diocesana por su vida. Y que esta jornada sea de muchas bendiciones .\ud83d\udc4b\ud83d\ude07\n\n\u00a1Feliz Cumplea\u00f1os Padre Roberto!\ud83e\udd17\">\n        <\/a>\n    <\/div>\n<\/div><div class=\"sbi_item sbi_type_image sbi_new sbi_transition\" id=\"sbi_18351519559212699\" data-date=\"1777162461\">\n    <div class=\"sbi_photo_wrap\">\n        <a class=\"sbi_photo\" href=\"https:\/\/www.instagram.com\/p\/DXkwoSQlo0N\/\" target=\"_blank\" rel=\"noopener nofollow\" data-full-res=\"https:\/\/scontent-fra5-1.cdninstagram.com\/v\/t39.30808-6\/681170593_1393579106148142_4899514406293284394_n.jpg?stp=dst-jpg_e35_tt6&#038;_nc_cat=110&#038;ccb=7-5&#038;_nc_sid=18de74&#038;efg=eyJlZmdfdGFnIjoiRkVFRC5iZXN0X2ltYWdlX3VybGdlbi5DMyJ9&#038;_nc_eui2=AeEvonuI9CyQ_G_dctzB6EyTl6QCX8SNaayXpAJfxI1prCpbQNbTCsinoaTTWZ0oyM2eSQr9OyF0OhienQ6Bss55&#038;_nc_ohc=FiJe43nX-nwQ7kNvwFnULhi&#038;_nc_oc=AdrM_GYAGoA1trnCMKfrqv4Xm1zfwxZ9uSoH_QXI69cM-FKbAe2lAH7w6bk063POhoWXDL6Lv3vAfenk1SCzOJpb&#038;_nc_zt=23&#038;_nc_ht=scontent-fra5-1.cdninstagram.com&#038;edm=AM6HXa8EAAAA&#038;_nc_gid=2cCzCJSGUIPjW6O5fQhrOg&#038;oh=00_Af2NGMSE_xcurMMo8lxlNKprdh7hMUg7yniuCcUxZ-w00A&#038;oe=69F9657F\" data-img-src-set=\"{&quot;d&quot;:&quot;https:\\\/\\\/scontent-fra5-1.cdninstagram.com\\\/v\\\/t39.30808-6\\\/681170593_1393579106148142_4899514406293284394_n.jpg?stp=dst-jpg_e35_tt6&amp;_nc_cat=110&amp;ccb=7-5&amp;_nc_sid=18de74&amp;efg=eyJlZmdfdGFnIjoiRkVFRC5iZXN0X2ltYWdlX3VybGdlbi5DMyJ9&amp;_nc_eui2=AeEvonuI9CyQ_G_dctzB6EyTl6QCX8SNaayXpAJfxI1prCpbQNbTCsinoaTTWZ0oyM2eSQr9OyF0OhienQ6Bss55&amp;_nc_ohc=FiJe43nX-nwQ7kNvwFnULhi&amp;_nc_oc=AdrM_GYAGoA1trnCMKfrqv4Xm1zfwxZ9uSoH_QXI69cM-FKbAe2lAH7w6bk063POhoWXDL6Lv3vAfenk1SCzOJpb&amp;_nc_zt=23&amp;_nc_ht=scontent-fra5-1.cdninstagram.com&amp;edm=AM6HXa8EAAAA&amp;_nc_gid=2cCzCJSGUIPjW6O5fQhrOg&amp;oh=00_Af2NGMSE_xcurMMo8lxlNKprdh7hMUg7yniuCcUxZ-w00A&amp;oe=69F9657F&quot;,&quot;150&quot;:&quot;https:\\\/\\\/scontent-fra5-1.cdninstagram.com\\\/v\\\/t39.30808-6\\\/681170593_1393579106148142_4899514406293284394_n.jpg?stp=dst-jpg_e35_tt6&amp;_nc_cat=110&amp;ccb=7-5&amp;_nc_sid=18de74&amp;efg=eyJlZmdfdGFnIjoiRkVFRC5iZXN0X2ltYWdlX3VybGdlbi5DMyJ9&amp;_nc_eui2=AeEvonuI9CyQ_G_dctzB6EyTl6QCX8SNaayXpAJfxI1prCpbQNbTCsinoaTTWZ0oyM2eSQr9OyF0OhienQ6Bss55&amp;_nc_ohc=FiJe43nX-nwQ7kNvwFnULhi&amp;_nc_oc=AdrM_GYAGoA1trnCMKfrqv4Xm1zfwxZ9uSoH_QXI69cM-FKbAe2lAH7w6bk063POhoWXDL6Lv3vAfenk1SCzOJpb&amp;_nc_zt=23&amp;_nc_ht=scontent-fra5-1.cdninstagram.com&amp;edm=AM6HXa8EAAAA&amp;_nc_gid=2cCzCJSGUIPjW6O5fQhrOg&amp;oh=00_Af2NGMSE_xcurMMo8lxlNKprdh7hMUg7yniuCcUxZ-w00A&amp;oe=69F9657F&quot;,&quot;320&quot;:&quot;https:\\\/\\\/scontent-fra5-1.cdninstagram.com\\\/v\\\/t39.30808-6\\\/681170593_1393579106148142_4899514406293284394_n.jpg?stp=dst-jpg_e35_tt6&amp;_nc_cat=110&amp;ccb=7-5&amp;_nc_sid=18de74&amp;efg=eyJlZmdfdGFnIjoiRkVFRC5iZXN0X2ltYWdlX3VybGdlbi5DMyJ9&amp;_nc_eui2=AeEvonuI9CyQ_G_dctzB6EyTl6QCX8SNaayXpAJfxI1prCpbQNbTCsinoaTTWZ0oyM2eSQr9OyF0OhienQ6Bss55&amp;_nc_ohc=FiJe43nX-nwQ7kNvwFnULhi&amp;_nc_oc=AdrM_GYAGoA1trnCMKfrqv4Xm1zfwxZ9uSoH_QXI69cM-FKbAe2lAH7w6bk063POhoWXDL6Lv3vAfenk1SCzOJpb&amp;_nc_zt=23&amp;_nc_ht=scontent-fra5-1.cdninstagram.com&amp;edm=AM6HXa8EAAAA&amp;_nc_gid=2cCzCJSGUIPjW6O5fQhrOg&amp;oh=00_Af2NGMSE_xcurMMo8lxlNKprdh7hMUg7yniuCcUxZ-w00A&amp;oe=69F9657F&quot;,&quot;640&quot;:&quot;https:\\\/\\\/scontent-fra5-1.cdninstagram.com\\\/v\\\/t39.30808-6\\\/681170593_1393579106148142_4899514406293284394_n.jpg?stp=dst-jpg_e35_tt6&amp;_nc_cat=110&amp;ccb=7-5&amp;_nc_sid=18de74&amp;efg=eyJlZmdfdGFnIjoiRkVFRC5iZXN0X2ltYWdlX3VybGdlbi5DMyJ9&amp;_nc_eui2=AeEvonuI9CyQ_G_dctzB6EyTl6QCX8SNaayXpAJfxI1prCpbQNbTCsinoaTTWZ0oyM2eSQr9OyF0OhienQ6Bss55&amp;_nc_ohc=FiJe43nX-nwQ7kNvwFnULhi&amp;_nc_oc=AdrM_GYAGoA1trnCMKfrqv4Xm1zfwxZ9uSoH_QXI69cM-FKbAe2lAH7w6bk063POhoWXDL6Lv3vAfenk1SCzOJpb&amp;_nc_zt=23&amp;_nc_ht=scontent-fra5-1.cdninstagram.com&amp;edm=AM6HXa8EAAAA&amp;_nc_gid=2cCzCJSGUIPjW6O5fQhrOg&amp;oh=00_Af2NGMSE_xcurMMo8lxlNKprdh7hMUg7yniuCcUxZ-w00A&amp;oe=69F9657F&quot;}\">\n            <span class=\"sbi-screenreader\">\ud83d\udfe1\ud83d\udd35\ud83d\udfe2Anuncio de Ordenaci\u00f3n Sacerdotal - Di<\/span>\n            \t                    <img src=\"https:\/\/obispadosanfelipe.cl\/2020\/wp-content\/plugins\/instagram-feed\/img\/placeholder.png\" alt=\"\ud83d\udfe1\ud83d\udd35\ud83d\udfe2Anuncio de Ordenaci\u00f3n Sacerdotal - Di\u00f3cesis de San Felipe\n\nLa Iglesia de San Felipe se llena de alegr\u00eda y esperanza al anunciar la pr\u00f3xima ordenaci\u00f3n sacerdotal del di\u00e1cono en tr\u00e1nsito Nicol\u00e1s Flores Lazcano, signo vivo del llamado de Dios que sigue suscitando vocaciones al servicio de su pueblo.\n\nNuestro obispo diocesano, Gonzalo Bravo \u00c1lvarez, junto al Consejo de \u00d3rdenes, ha comunicado oficialmente la aceptaci\u00f3n de Nicol\u00e1s al Orden Sagrado del Presbiterado, reconociendo en su camino formativo una respuesta generosa y fiel al Se\u00f1or.\n\nLa celebraci\u00f3n de ordenaci\u00f3n sacerdotal se realizar\u00e1 el domingo 3 de mayo, a las 17:00 horas, en el Templo Catedral de San Felipe, instancia que reunir\u00e1 a la comunidad diocesana en torno a este importante acontecimiento de gracia.\n\nConfiados en Cristo y bajo el amparo de la Virgen Mar\u00eda, invitamos a toda la Iglesia diocesana, especialmente a las comunidades que han acompa\u00f1ado a Nicol\u00e1s en su proceso vocacional, a unirse en la oraci\u00f3n y, en la medida de lo posible, a participar presencialmente en esta significativa celebraci\u00f3n.\n\nEste acontecimiento no solo marca un hito en la vida de quien ser\u00e1 ordenado, sino que tambi\u00e9n renueva la fe y la esperanza de toda nuestra Iglesia local, que se alegra al acoger un nuevo sacerdote al servicio del Evangelio. \ud83d\ude4f\u2728\">\n        <\/a>\n    <\/div>\n<\/div><div class=\"sbi_item sbi_type_video sbi_new sbi_transition\" id=\"sbi_18586091098009423\" data-date=\"1777154541\">\n    <div class=\"sbi_photo_wrap\">\n        <a class=\"sbi_photo\" href=\"https:\/\/www.instagram.com\/reel\/DXkhcgsCDHo\/\" target=\"_blank\" rel=\"noopener nofollow\" data-full-res=\"https:\/\/scontent-fra3-1.cdninstagram.com\/v\/t51.82787-15\/681253953_18113320198759692_2569979865275454669_n.jpg?stp=dst-jpg_e35_tt6&#038;_nc_cat=103&#038;ccb=7-5&#038;_nc_sid=18de74&#038;efg=eyJlZmdfdGFnIjoiQ0xJUFMuYmVzdF9pbWFnZV91cmxnZW4uQzMifQ%3D%3D&#038;_nc_eui2=AeHRhta13uYVQpbdcaHcOdPRDdt8mBa9_ZwN23yYFr39nHDvSB_PfT53YRcSHNH9pW6p_WKtnqv686eek18eOWWN&#038;_nc_ohc=ERWXShBVaWQQ7kNvwFR9ErS&#038;_nc_oc=Ado21BCrlh-F9rZSdXmfIB3_Byu0SsiAKLDFo8XPPYsev4tYVlXF1oWl04tP6yCife3Ssw85qGBGGVUuaSwMjLQ4&#038;_nc_zt=23&#038;_nc_ht=scontent-fra3-1.cdninstagram.com&#038;edm=AM6HXa8EAAAA&#038;_nc_gid=2cCzCJSGUIPjW6O5fQhrOg&#038;_nc_tpa=Q5bMBQGrCDrv-T-fmfWJVtNT4uXcbA4xQe7DU9EXut6fw20YX8MU7RmTJNIHrzJCcdm47TNXux36kDP2&#038;oh=00_Af3cpyh9mePhyjOfGsrYZrC80KTQYFdbN7iYo-RtIveqHg&#038;oe=69F93B6B\" data-img-src-set=\"{&quot;d&quot;:&quot;https:\\\/\\\/scontent-fra3-1.cdninstagram.com\\\/v\\\/t51.82787-15\\\/681253953_18113320198759692_2569979865275454669_n.jpg?stp=dst-jpg_e35_tt6&amp;_nc_cat=103&amp;ccb=7-5&amp;_nc_sid=18de74&amp;efg=eyJlZmdfdGFnIjoiQ0xJUFMuYmVzdF9pbWFnZV91cmxnZW4uQzMifQ%3D%3D&amp;_nc_eui2=AeHRhta13uYVQpbdcaHcOdPRDdt8mBa9_ZwN23yYFr39nHDvSB_PfT53YRcSHNH9pW6p_WKtnqv686eek18eOWWN&amp;_nc_ohc=ERWXShBVaWQQ7kNvwFR9ErS&amp;_nc_oc=Ado21BCrlh-F9rZSdXmfIB3_Byu0SsiAKLDFo8XPPYsev4tYVlXF1oWl04tP6yCife3Ssw85qGBGGVUuaSwMjLQ4&amp;_nc_zt=23&amp;_nc_ht=scontent-fra3-1.cdninstagram.com&amp;edm=AM6HXa8EAAAA&amp;_nc_gid=2cCzCJSGUIPjW6O5fQhrOg&amp;_nc_tpa=Q5bMBQGrCDrv-T-fmfWJVtNT4uXcbA4xQe7DU9EXut6fw20YX8MU7RmTJNIHrzJCcdm47TNXux36kDP2&amp;oh=00_Af3cpyh9mePhyjOfGsrYZrC80KTQYFdbN7iYo-RtIveqHg&amp;oe=69F93B6B&quot;,&quot;150&quot;:&quot;https:\\\/\\\/scontent-fra3-1.cdninstagram.com\\\/v\\\/t51.82787-15\\\/681253953_18113320198759692_2569979865275454669_n.jpg?stp=dst-jpg_e35_tt6&amp;_nc_cat=103&amp;ccb=7-5&amp;_nc_sid=18de74&amp;efg=eyJlZmdfdGFnIjoiQ0xJUFMuYmVzdF9pbWFnZV91cmxnZW4uQzMifQ%3D%3D&amp;_nc_eui2=AeHRhta13uYVQpbdcaHcOdPRDdt8mBa9_ZwN23yYFr39nHDvSB_PfT53YRcSHNH9pW6p_WKtnqv686eek18eOWWN&amp;_nc_ohc=ERWXShBVaWQQ7kNvwFR9ErS&amp;_nc_oc=Ado21BCrlh-F9rZSdXmfIB3_Byu0SsiAKLDFo8XPPYsev4tYVlXF1oWl04tP6yCife3Ssw85qGBGGVUuaSwMjLQ4&amp;_nc_zt=23&amp;_nc_ht=scontent-fra3-1.cdninstagram.com&amp;edm=AM6HXa8EAAAA&amp;_nc_gid=2cCzCJSGUIPjW6O5fQhrOg&amp;_nc_tpa=Q5bMBQGrCDrv-T-fmfWJVtNT4uXcbA4xQe7DU9EXut6fw20YX8MU7RmTJNIHrzJCcdm47TNXux36kDP2&amp;oh=00_Af3cpyh9mePhyjOfGsrYZrC80KTQYFdbN7iYo-RtIveqHg&amp;oe=69F93B6B&quot;,&quot;320&quot;:&quot;https:\\\/\\\/scontent-fra3-1.cdninstagram.com\\\/v\\\/t51.82787-15\\\/681253953_18113320198759692_2569979865275454669_n.jpg?stp=dst-jpg_e35_tt6&amp;_nc_cat=103&amp;ccb=7-5&amp;_nc_sid=18de74&amp;efg=eyJlZmdfdGFnIjoiQ0xJUFMuYmVzdF9pbWFnZV91cmxnZW4uQzMifQ%3D%3D&amp;_nc_eui2=AeHRhta13uYVQpbdcaHcOdPRDdt8mBa9_ZwN23yYFr39nHDvSB_PfT53YRcSHNH9pW6p_WKtnqv686eek18eOWWN&amp;_nc_ohc=ERWXShBVaWQQ7kNvwFR9ErS&amp;_nc_oc=Ado21BCrlh-F9rZSdXmfIB3_Byu0SsiAKLDFo8XPPYsev4tYVlXF1oWl04tP6yCife3Ssw85qGBGGVUuaSwMjLQ4&amp;_nc_zt=23&amp;_nc_ht=scontent-fra3-1.cdninstagram.com&amp;edm=AM6HXa8EAAAA&amp;_nc_gid=2cCzCJSGUIPjW6O5fQhrOg&amp;_nc_tpa=Q5bMBQGrCDrv-T-fmfWJVtNT4uXcbA4xQe7DU9EXut6fw20YX8MU7RmTJNIHrzJCcdm47TNXux36kDP2&amp;oh=00_Af3cpyh9mePhyjOfGsrYZrC80KTQYFdbN7iYo-RtIveqHg&amp;oe=69F93B6B&quot;,&quot;640&quot;:&quot;https:\\\/\\\/scontent-fra3-1.cdninstagram.com\\\/v\\\/t51.82787-15\\\/681253953_18113320198759692_2569979865275454669_n.jpg?stp=dst-jpg_e35_tt6&amp;_nc_cat=103&amp;ccb=7-5&amp;_nc_sid=18de74&amp;efg=eyJlZmdfdGFnIjoiQ0xJUFMuYmVzdF9pbWFnZV91cmxnZW4uQzMifQ%3D%3D&amp;_nc_eui2=AeHRhta13uYVQpbdcaHcOdPRDdt8mBa9_ZwN23yYFr39nHDvSB_PfT53YRcSHNH9pW6p_WKtnqv686eek18eOWWN&amp;_nc_ohc=ERWXShBVaWQQ7kNvwFR9ErS&amp;_nc_oc=Ado21BCrlh-F9rZSdXmfIB3_Byu0SsiAKLDFo8XPPYsev4tYVlXF1oWl04tP6yCife3Ssw85qGBGGVUuaSwMjLQ4&amp;_nc_zt=23&amp;_nc_ht=scontent-fra3-1.cdninstagram.com&amp;edm=AM6HXa8EAAAA&amp;_nc_gid=2cCzCJSGUIPjW6O5fQhrOg&amp;_nc_tpa=Q5bMBQGrCDrv-T-fmfWJVtNT4uXcbA4xQe7DU9EXut6fw20YX8MU7RmTJNIHrzJCcdm47TNXux36kDP2&amp;oh=00_Af3cpyh9mePhyjOfGsrYZrC80KTQYFdbN7iYo-RtIveqHg&amp;oe=69F93B6B&quot;}\">\n            <span class=\"sbi-screenreader\">\ud83d\udfe1\u26aa\ufe0fMensaje del Pastor\n\n\ud83e\udd17En este IV Domin<\/span>\n            \t        <svg style=\"color: rgba(255,255,255,1)\" class=\"svg-inline--fa fa-play fa-w-14 sbi_playbtn\" aria-label=\"Play\" aria-hidden=\"true\" data-fa-processed=\"\" data-prefix=\"fa\" data-icon=\"play\" role=\"presentation\" xmlns=\"http:\/\/www.w3.org\/2000\/svg\" viewBox=\"0 0 448 512\"><path fill=\"currentColor\" d=\"M424.4 214.7L72.4 6.6C43.8-10.3 0 6.1 0 47.9V464c0 37.5 40.7 60.1 72.4 41.3l352-208c31.4-18.5 31.5-64.1 0-82.6z\"><\/path><\/svg>            <img src=\"https:\/\/obispadosanfelipe.cl\/2020\/wp-content\/plugins\/instagram-feed\/img\/placeholder.png\" alt=\"\ud83d\udfe1\u26aa\ufe0fMensaje del Pastor\n\n\ud83e\udd17En este IV Domingo de Pascua tambien conocido como el Domingo del Buen Pastor, nuestro obispo Gonzalo Bravo \u00c1lvarez nos env\u00eda su reflexi\u00f3n para este tiempo lit\u00fargico a la luz de las lecturas B\u00edblicas de este fin de semana.\n\n#Di\u00f3cesisdeSanFelipe #100anosdeevangelizaci\u00f3n\">\n        <\/a>\n    <\/div>\n<\/div><div class=\"sbi_item sbi_type_video sbi_new sbi_transition\" id=\"sbi_18290263423304083\" data-date=\"1777152464\">\n    <div class=\"sbi_photo_wrap\">\n        <a class=\"sbi_photo\" href=\"https:\/\/www.instagram.com\/reel\/DXkdhCuitOT\/\" target=\"_blank\" rel=\"noopener nofollow\" data-full-res=\"https:\/\/scontent-fra3-2.cdninstagram.com\/v\/t51.82787-15\/671874167_18113317348759692_4549024499338119080_n.jpg?stp=dst-jpg_e35_tt6&#038;_nc_cat=111&#038;ccb=7-5&#038;_nc_sid=18de74&#038;efg=eyJlZmdfdGFnIjoiQ0xJUFMuYmVzdF9pbWFnZV91cmxnZW4uQzMifQ%3D%3D&#038;_nc_eui2=AeEyjOpLK1b3pq5RKHSUyE-TYMVcANGYQ_9gxVwA0ZhD_2lGSMQ0n34LNydBvge2BcHsi67u9MqANbXh3iBJE2xc&#038;_nc_ohc=9j3xJ1vkZhUQ7kNvwEY2SXP&#038;_nc_oc=AdqUNuEMYbeTboXzv7KzQSnASSt2ck-ByHKwK1OdNQtEeOMOxvzgq-_GntRl5Ux2QAb1Ggep6GBJiORvDxJ_DaeB&#038;_nc_zt=23&#038;_nc_ht=scontent-fra3-2.cdninstagram.com&#038;edm=AM6HXa8EAAAA&#038;_nc_gid=2cCzCJSGUIPjW6O5fQhrOg&#038;_nc_tpa=Q5bMBQEI5_40ZL4KWxrY-XNEviij-EL9F_rnXoRpq40VBY8cJKxfSjnvJecE4yrMLYQuz5imqltoM1-4&#038;oh=00_Af0Wg-GNIBT_qiu8v4ILfOfBVgSAVACZvvb1C2zdUxICWQ&#038;oe=69F957C4\" data-img-src-set=\"{&quot;d&quot;:&quot;https:\\\/\\\/scontent-fra3-2.cdninstagram.com\\\/v\\\/t51.82787-15\\\/671874167_18113317348759692_4549024499338119080_n.jpg?stp=dst-jpg_e35_tt6&amp;_nc_cat=111&amp;ccb=7-5&amp;_nc_sid=18de74&amp;efg=eyJlZmdfdGFnIjoiQ0xJUFMuYmVzdF9pbWFnZV91cmxnZW4uQzMifQ%3D%3D&amp;_nc_eui2=AeEyjOpLK1b3pq5RKHSUyE-TYMVcANGYQ_9gxVwA0ZhD_2lGSMQ0n34LNydBvge2BcHsi67u9MqANbXh3iBJE2xc&amp;_nc_ohc=9j3xJ1vkZhUQ7kNvwEY2SXP&amp;_nc_oc=AdqUNuEMYbeTboXzv7KzQSnASSt2ck-ByHKwK1OdNQtEeOMOxvzgq-_GntRl5Ux2QAb1Ggep6GBJiORvDxJ_DaeB&amp;_nc_zt=23&amp;_nc_ht=scontent-fra3-2.cdninstagram.com&amp;edm=AM6HXa8EAAAA&amp;_nc_gid=2cCzCJSGUIPjW6O5fQhrOg&amp;_nc_tpa=Q5bMBQEI5_40ZL4KWxrY-XNEviij-EL9F_rnXoRpq40VBY8cJKxfSjnvJecE4yrMLYQuz5imqltoM1-4&amp;oh=00_Af0Wg-GNIBT_qiu8v4ILfOfBVgSAVACZvvb1C2zdUxICWQ&amp;oe=69F957C4&quot;,&quot;150&quot;:&quot;https:\\\/\\\/scontent-fra3-2.cdninstagram.com\\\/v\\\/t51.82787-15\\\/671874167_18113317348759692_4549024499338119080_n.jpg?stp=dst-jpg_e35_tt6&amp;_nc_cat=111&amp;ccb=7-5&amp;_nc_sid=18de74&amp;efg=eyJlZmdfdGFnIjoiQ0xJUFMuYmVzdF9pbWFnZV91cmxnZW4uQzMifQ%3D%3D&amp;_nc_eui2=AeEyjOpLK1b3pq5RKHSUyE-TYMVcANGYQ_9gxVwA0ZhD_2lGSMQ0n34LNydBvge2BcHsi67u9MqANbXh3iBJE2xc&amp;_nc_ohc=9j3xJ1vkZhUQ7kNvwEY2SXP&amp;_nc_oc=AdqUNuEMYbeTboXzv7KzQSnASSt2ck-ByHKwK1OdNQtEeOMOxvzgq-_GntRl5Ux2QAb1Ggep6GBJiORvDxJ_DaeB&amp;_nc_zt=23&amp;_nc_ht=scontent-fra3-2.cdninstagram.com&amp;edm=AM6HXa8EAAAA&amp;_nc_gid=2cCzCJSGUIPjW6O5fQhrOg&amp;_nc_tpa=Q5bMBQEI5_40ZL4KWxrY-XNEviij-EL9F_rnXoRpq40VBY8cJKxfSjnvJecE4yrMLYQuz5imqltoM1-4&amp;oh=00_Af0Wg-GNIBT_qiu8v4ILfOfBVgSAVACZvvb1C2zdUxICWQ&amp;oe=69F957C4&quot;,&quot;320&quot;:&quot;https:\\\/\\\/scontent-fra3-2.cdninstagram.com\\\/v\\\/t51.82787-15\\\/671874167_18113317348759692_4549024499338119080_n.jpg?stp=dst-jpg_e35_tt6&amp;_nc_cat=111&amp;ccb=7-5&amp;_nc_sid=18de74&amp;efg=eyJlZmdfdGFnIjoiQ0xJUFMuYmVzdF9pbWFnZV91cmxnZW4uQzMifQ%3D%3D&amp;_nc_eui2=AeEyjOpLK1b3pq5RKHSUyE-TYMVcANGYQ_9gxVwA0ZhD_2lGSMQ0n34LNydBvge2BcHsi67u9MqANbXh3iBJE2xc&amp;_nc_ohc=9j3xJ1vkZhUQ7kNvwEY2SXP&amp;_nc_oc=AdqUNuEMYbeTboXzv7KzQSnASSt2ck-ByHKwK1OdNQtEeOMOxvzgq-_GntRl5Ux2QAb1Ggep6GBJiORvDxJ_DaeB&amp;_nc_zt=23&amp;_nc_ht=scontent-fra3-2.cdninstagram.com&amp;edm=AM6HXa8EAAAA&amp;_nc_gid=2cCzCJSGUIPjW6O5fQhrOg&amp;_nc_tpa=Q5bMBQEI5_40ZL4KWxrY-XNEviij-EL9F_rnXoRpq40VBY8cJKxfSjnvJecE4yrMLYQuz5imqltoM1-4&amp;oh=00_Af0Wg-GNIBT_qiu8v4ILfOfBVgSAVACZvvb1C2zdUxICWQ&amp;oe=69F957C4&quot;,&quot;640&quot;:&quot;https:\\\/\\\/scontent-fra3-2.cdninstagram.com\\\/v\\\/t51.82787-15\\\/671874167_18113317348759692_4549024499338119080_n.jpg?stp=dst-jpg_e35_tt6&amp;_nc_cat=111&amp;ccb=7-5&amp;_nc_sid=18de74&amp;efg=eyJlZmdfdGFnIjoiQ0xJUFMuYmVzdF9pbWFnZV91cmxnZW4uQzMifQ%3D%3D&amp;_nc_eui2=AeEyjOpLK1b3pq5RKHSUyE-TYMVcANGYQ_9gxVwA0ZhD_2lGSMQ0n34LNydBvge2BcHsi67u9MqANbXh3iBJE2xc&amp;_nc_ohc=9j3xJ1vkZhUQ7kNvwEY2SXP&amp;_nc_oc=AdqUNuEMYbeTboXzv7KzQSnASSt2ck-ByHKwK1OdNQtEeOMOxvzgq-_GntRl5Ux2QAb1Ggep6GBJiORvDxJ_DaeB&amp;_nc_zt=23&amp;_nc_ht=scontent-fra3-2.cdninstagram.com&amp;edm=AM6HXa8EAAAA&amp;_nc_gid=2cCzCJSGUIPjW6O5fQhrOg&amp;_nc_tpa=Q5bMBQEI5_40ZL4KWxrY-XNEviij-EL9F_rnXoRpq40VBY8cJKxfSjnvJecE4yrMLYQuz5imqltoM1-4&amp;oh=00_Af0Wg-GNIBT_qiu8v4ILfOfBVgSAVACZvvb1C2zdUxICWQ&amp;oe=69F957C4&quot;}\">\n            <span class=\"sbi-screenreader\">Cerrando este hermoso trabajo con parte de nuestro<\/span>\n            \t        <svg style=\"color: rgba(255,255,255,1)\" class=\"svg-inline--fa fa-play fa-w-14 sbi_playbtn\" aria-label=\"Play\" aria-hidden=\"true\" data-fa-processed=\"\" data-prefix=\"fa\" data-icon=\"play\" role=\"presentation\" xmlns=\"http:\/\/www.w3.org\/2000\/svg\" viewBox=\"0 0 448 512\"><path fill=\"currentColor\" d=\"M424.4 214.7L72.4 6.6C43.8-10.3 0 6.1 0 47.9V464c0 37.5 40.7 60.1 72.4 41.3l352-208c31.4-18.5 31.5-64.1 0-82.6z\"><\/path><\/svg>            <img src=\"https:\/\/obispadosanfelipe.cl\/2020\/wp-content\/plugins\/instagram-feed\/img\/placeholder.png\" alt=\"Cerrando este hermoso trabajo con parte de nuestro equipo\">\n        <\/a>\n    <\/div>\n<\/div><div class=\"sbi_item sbi_type_video sbi_new sbi_transition\" id=\"sbi_18106555558931432\" data-date=\"1777152291\">\n    <div class=\"sbi_photo_wrap\">\n        <a class=\"sbi_photo\" href=\"https:\/\/www.instagram.com\/reel\/DXkdLrFiACR\/\" target=\"_blank\" rel=\"noopener nofollow\" data-full-res=\"https:\/\/scontent-fra3-2.cdninstagram.com\/v\/t51.82787-15\/681340724_18113316928759692_6367027924516260525_n.jpg?stp=dst-jpg_e35_tt6&#038;_nc_cat=111&#038;ccb=7-5&#038;_nc_sid=18de74&#038;efg=eyJlZmdfdGFnIjoiQ0xJUFMuYmVzdF9pbWFnZV91cmxnZW4uQzMifQ%3D%3D&#038;_nc_eui2=AeG58kKj4uIMjh0RKUbYawXR9ZVjwy7OEIz1lWPDLs4QjBOAmTWjO_4XqMryB3ZWVBcbACUMsfNztH3EDLEq5TT4&#038;_nc_ohc=htgCtD9sjosQ7kNvwEfdl0r&#038;_nc_oc=AdpEzzWSjxw8SoAcBWT4H2Xjhr_2_X4X7w7P9dWtpJU5b5WRFOhqLc8bqvNN0DO4YvHTF-7SkdHAw3uAPEaNOJBi&#038;_nc_zt=23&#038;_nc_ht=scontent-fra3-2.cdninstagram.com&#038;edm=AM6HXa8EAAAA&#038;_nc_gid=2cCzCJSGUIPjW6O5fQhrOg&#038;_nc_tpa=Q5bMBQEfV9UtRkM_WS84y30bn163PPwJaMnkzQSSdlfU2jqSQJP_4IkfwMJIoltPZxiaTiQ5AHSwpTAV&#038;oh=00_Af3npoaT9WRqG4DF1mlNQn3k4N73NOquL-7NjhQDkO3B3Q&#038;oe=69F93073\" data-img-src-set=\"{&quot;d&quot;:&quot;https:\\\/\\\/scontent-fra3-2.cdninstagram.com\\\/v\\\/t51.82787-15\\\/681340724_18113316928759692_6367027924516260525_n.jpg?stp=dst-jpg_e35_tt6&amp;_nc_cat=111&amp;ccb=7-5&amp;_nc_sid=18de74&amp;efg=eyJlZmdfdGFnIjoiQ0xJUFMuYmVzdF9pbWFnZV91cmxnZW4uQzMifQ%3D%3D&amp;_nc_eui2=AeG58kKj4uIMjh0RKUbYawXR9ZVjwy7OEIz1lWPDLs4QjBOAmTWjO_4XqMryB3ZWVBcbACUMsfNztH3EDLEq5TT4&amp;_nc_ohc=htgCtD9sjosQ7kNvwEfdl0r&amp;_nc_oc=AdpEzzWSjxw8SoAcBWT4H2Xjhr_2_X4X7w7P9dWtpJU5b5WRFOhqLc8bqvNN0DO4YvHTF-7SkdHAw3uAPEaNOJBi&amp;_nc_zt=23&amp;_nc_ht=scontent-fra3-2.cdninstagram.com&amp;edm=AM6HXa8EAAAA&amp;_nc_gid=2cCzCJSGUIPjW6O5fQhrOg&amp;_nc_tpa=Q5bMBQEfV9UtRkM_WS84y30bn163PPwJaMnkzQSSdlfU2jqSQJP_4IkfwMJIoltPZxiaTiQ5AHSwpTAV&amp;oh=00_Af3npoaT9WRqG4DF1mlNQn3k4N73NOquL-7NjhQDkO3B3Q&amp;oe=69F93073&quot;,&quot;150&quot;:&quot;https:\\\/\\\/scontent-fra3-2.cdninstagram.com\\\/v\\\/t51.82787-15\\\/681340724_18113316928759692_6367027924516260525_n.jpg?stp=dst-jpg_e35_tt6&amp;_nc_cat=111&amp;ccb=7-5&amp;_nc_sid=18de74&amp;efg=eyJlZmdfdGFnIjoiQ0xJUFMuYmVzdF9pbWFnZV91cmxnZW4uQzMifQ%3D%3D&amp;_nc_eui2=AeG58kKj4uIMjh0RKUbYawXR9ZVjwy7OEIz1lWPDLs4QjBOAmTWjO_4XqMryB3ZWVBcbACUMsfNztH3EDLEq5TT4&amp;_nc_ohc=htgCtD9sjosQ7kNvwEfdl0r&amp;_nc_oc=AdpEzzWSjxw8SoAcBWT4H2Xjhr_2_X4X7w7P9dWtpJU5b5WRFOhqLc8bqvNN0DO4YvHTF-7SkdHAw3uAPEaNOJBi&amp;_nc_zt=23&amp;_nc_ht=scontent-fra3-2.cdninstagram.com&amp;edm=AM6HXa8EAAAA&amp;_nc_gid=2cCzCJSGUIPjW6O5fQhrOg&amp;_nc_tpa=Q5bMBQEfV9UtRkM_WS84y30bn163PPwJaMnkzQSSdlfU2jqSQJP_4IkfwMJIoltPZxiaTiQ5AHSwpTAV&amp;oh=00_Af3npoaT9WRqG4DF1mlNQn3k4N73NOquL-7NjhQDkO3B3Q&amp;oe=69F93073&quot;,&quot;320&quot;:&quot;https:\\\/\\\/scontent-fra3-2.cdninstagram.com\\\/v\\\/t51.82787-15\\\/681340724_18113316928759692_6367027924516260525_n.jpg?stp=dst-jpg_e35_tt6&amp;_nc_cat=111&amp;ccb=7-5&amp;_nc_sid=18de74&amp;efg=eyJlZmdfdGFnIjoiQ0xJUFMuYmVzdF9pbWFnZV91cmxnZW4uQzMifQ%3D%3D&amp;_nc_eui2=AeG58kKj4uIMjh0RKUbYawXR9ZVjwy7OEIz1lWPDLs4QjBOAmTWjO_4XqMryB3ZWVBcbACUMsfNztH3EDLEq5TT4&amp;_nc_ohc=htgCtD9sjosQ7kNvwEfdl0r&amp;_nc_oc=AdpEzzWSjxw8SoAcBWT4H2Xjhr_2_X4X7w7P9dWtpJU5b5WRFOhqLc8bqvNN0DO4YvHTF-7SkdHAw3uAPEaNOJBi&amp;_nc_zt=23&amp;_nc_ht=scontent-fra3-2.cdninstagram.com&amp;edm=AM6HXa8EAAAA&amp;_nc_gid=2cCzCJSGUIPjW6O5fQhrOg&amp;_nc_tpa=Q5bMBQEfV9UtRkM_WS84y30bn163PPwJaMnkzQSSdlfU2jqSQJP_4IkfwMJIoltPZxiaTiQ5AHSwpTAV&amp;oh=00_Af3npoaT9WRqG4DF1mlNQn3k4N73NOquL-7NjhQDkO3B3Q&amp;oe=69F93073&quot;,&quot;640&quot;:&quot;https:\\\/\\\/scontent-fra3-2.cdninstagram.com\\\/v\\\/t51.82787-15\\\/681340724_18113316928759692_6367027924516260525_n.jpg?stp=dst-jpg_e35_tt6&amp;_nc_cat=111&amp;ccb=7-5&amp;_nc_sid=18de74&amp;efg=eyJlZmdfdGFnIjoiQ0xJUFMuYmVzdF9pbWFnZV91cmxnZW4uQzMifQ%3D%3D&amp;_nc_eui2=AeG58kKj4uIMjh0RKUbYawXR9ZVjwy7OEIz1lWPDLs4QjBOAmTWjO_4XqMryB3ZWVBcbACUMsfNztH3EDLEq5TT4&amp;_nc_ohc=htgCtD9sjosQ7kNvwEfdl0r&amp;_nc_oc=AdpEzzWSjxw8SoAcBWT4H2Xjhr_2_X4X7w7P9dWtpJU5b5WRFOhqLc8bqvNN0DO4YvHTF-7SkdHAw3uAPEaNOJBi&amp;_nc_zt=23&amp;_nc_ht=scontent-fra3-2.cdninstagram.com&amp;edm=AM6HXa8EAAAA&amp;_nc_gid=2cCzCJSGUIPjW6O5fQhrOg&amp;_nc_tpa=Q5bMBQEfV9UtRkM_WS84y30bn163PPwJaMnkzQSSdlfU2jqSQJP_4IkfwMJIoltPZxiaTiQ5AHSwpTAV&amp;oh=00_Af3npoaT9WRqG4DF1mlNQn3k4N73NOquL-7NjhQDkO3B3Q&amp;oe=69F93073&quot;}\">\n            <span class=\"sbi-screenreader\">Felices de haber compartido est\u00e1 Eucarist\u00eda, pod<\/span>\n            \t        <svg style=\"color: rgba(255,255,255,1)\" class=\"svg-inline--fa fa-play fa-w-14 sbi_playbtn\" aria-label=\"Play\" aria-hidden=\"true\" data-fa-processed=\"\" data-prefix=\"fa\" data-icon=\"play\" role=\"presentation\" xmlns=\"http:\/\/www.w3.org\/2000\/svg\" viewBox=\"0 0 448 512\"><path fill=\"currentColor\" d=\"M424.4 214.7L72.4 6.6C43.8-10.3 0 6.1 0 47.9V464c0 37.5 40.7 60.1 72.4 41.3l352-208c31.4-18.5 31.5-64.1 0-82.6z\"><\/path><\/svg>            <img src=\"https:\/\/obispadosanfelipe.cl\/2020\/wp-content\/plugins\/instagram-feed\/img\/placeholder.png\" alt=\"Felices de haber compartido est\u00e1 Eucarist\u00eda, podemos ir en la paz y alegr\u00eda del Se\u00f1or\">\n        <\/a>\n    <\/div>\n<\/div><div class=\"sbi_item sbi_type_video sbi_new sbi_transition\" id=\"sbi_17857152606650567\" data-date=\"1777151415\">\n    <div class=\"sbi_photo_wrap\">\n        <a class=\"sbi_photo\" href=\"https:\/\/www.instagram.com\/reel\/DXkbhzkjSPi\/\" target=\"_blank\" rel=\"noopener nofollow\" data-full-res=\"https:\/\/scontent-fra3-2.cdninstagram.com\/v\/t51.82787-15\/683070801_18113316004759692_5435005884064661080_n.jpg?stp=dst-jpg_e35_tt6&#038;_nc_cat=104&#038;ccb=7-5&#038;_nc_sid=18de74&#038;efg=eyJlZmdfdGFnIjoiQ0xJUFMuYmVzdF9pbWFnZV91cmxnZW4uQzMifQ%3D%3D&#038;_nc_eui2=AeEJPA1KiN-mEF4ixXYaQxJ10BH8m3TVtpjQEfybdNW2mAVw7AnzrufCvdszRsDTjVBjOdPx9-Y6Eh7ijNBcISgr&#038;_nc_ohc=8zcwUN4nCmEQ7kNvwHNYpix&#038;_nc_oc=AdrCnGsCW5UozwVmdTbn-kKpDeMwb1xGYFSg4hKXIcrjtxWvJUmzZmitx_D96QdHGtkWkEn2nyZzHDsnkxDha-A3&#038;_nc_zt=23&#038;_nc_ht=scontent-fra3-2.cdninstagram.com&#038;edm=AM6HXa8EAAAA&#038;_nc_gid=2cCzCJSGUIPjW6O5fQhrOg&#038;_nc_tpa=Q5bMBQEDe2BXNmJ5rh95alChgREb7AnvfxV_sSxDs7tD-BGhjhoZFHA39gH8SFI6PXxQMSw3kUpxSOMu&#038;oh=00_Af2SwYLskaJJfCsD5DDAfAyQbA8uZVFqI6CtYmcGgz8IzQ&#038;oe=69F94A0A\" data-img-src-set=\"{&quot;d&quot;:&quot;https:\\\/\\\/scontent-fra3-2.cdninstagram.com\\\/v\\\/t51.82787-15\\\/683070801_18113316004759692_5435005884064661080_n.jpg?stp=dst-jpg_e35_tt6&amp;_nc_cat=104&amp;ccb=7-5&amp;_nc_sid=18de74&amp;efg=eyJlZmdfdGFnIjoiQ0xJUFMuYmVzdF9pbWFnZV91cmxnZW4uQzMifQ%3D%3D&amp;_nc_eui2=AeEJPA1KiN-mEF4ixXYaQxJ10BH8m3TVtpjQEfybdNW2mAVw7AnzrufCvdszRsDTjVBjOdPx9-Y6Eh7ijNBcISgr&amp;_nc_ohc=8zcwUN4nCmEQ7kNvwHNYpix&amp;_nc_oc=AdrCnGsCW5UozwVmdTbn-kKpDeMwb1xGYFSg4hKXIcrjtxWvJUmzZmitx_D96QdHGtkWkEn2nyZzHDsnkxDha-A3&amp;_nc_zt=23&amp;_nc_ht=scontent-fra3-2.cdninstagram.com&amp;edm=AM6HXa8EAAAA&amp;_nc_gid=2cCzCJSGUIPjW6O5fQhrOg&amp;_nc_tpa=Q5bMBQEDe2BXNmJ5rh95alChgREb7AnvfxV_sSxDs7tD-BGhjhoZFHA39gH8SFI6PXxQMSw3kUpxSOMu&amp;oh=00_Af2SwYLskaJJfCsD5DDAfAyQbA8uZVFqI6CtYmcGgz8IzQ&amp;oe=69F94A0A&quot;,&quot;150&quot;:&quot;https:\\\/\\\/scontent-fra3-2.cdninstagram.com\\\/v\\\/t51.82787-15\\\/683070801_18113316004759692_5435005884064661080_n.jpg?stp=dst-jpg_e35_tt6&amp;_nc_cat=104&amp;ccb=7-5&amp;_nc_sid=18de74&amp;efg=eyJlZmdfdGFnIjoiQ0xJUFMuYmVzdF9pbWFnZV91cmxnZW4uQzMifQ%3D%3D&amp;_nc_eui2=AeEJPA1KiN-mEF4ixXYaQxJ10BH8m3TVtpjQEfybdNW2mAVw7AnzrufCvdszRsDTjVBjOdPx9-Y6Eh7ijNBcISgr&amp;_nc_ohc=8zcwUN4nCmEQ7kNvwHNYpix&amp;_nc_oc=AdrCnGsCW5UozwVmdTbn-kKpDeMwb1xGYFSg4hKXIcrjtxWvJUmzZmitx_D96QdHGtkWkEn2nyZzHDsnkxDha-A3&amp;_nc_zt=23&amp;_nc_ht=scontent-fra3-2.cdninstagram.com&amp;edm=AM6HXa8EAAAA&amp;_nc_gid=2cCzCJSGUIPjW6O5fQhrOg&amp;_nc_tpa=Q5bMBQEDe2BXNmJ5rh95alChgREb7AnvfxV_sSxDs7tD-BGhjhoZFHA39gH8SFI6PXxQMSw3kUpxSOMu&amp;oh=00_Af2SwYLskaJJfCsD5DDAfAyQbA8uZVFqI6CtYmcGgz8IzQ&amp;oe=69F94A0A&quot;,&quot;320&quot;:&quot;https:\\\/\\\/scontent-fra3-2.cdninstagram.com\\\/v\\\/t51.82787-15\\\/683070801_18113316004759692_5435005884064661080_n.jpg?stp=dst-jpg_e35_tt6&amp;_nc_cat=104&amp;ccb=7-5&amp;_nc_sid=18de74&amp;efg=eyJlZmdfdGFnIjoiQ0xJUFMuYmVzdF9pbWFnZV91cmxnZW4uQzMifQ%3D%3D&amp;_nc_eui2=AeEJPA1KiN-mEF4ixXYaQxJ10BH8m3TVtpjQEfybdNW2mAVw7AnzrufCvdszRsDTjVBjOdPx9-Y6Eh7ijNBcISgr&amp;_nc_ohc=8zcwUN4nCmEQ7kNvwHNYpix&amp;_nc_oc=AdrCnGsCW5UozwVmdTbn-kKpDeMwb1xGYFSg4hKXIcrjtxWvJUmzZmitx_D96QdHGtkWkEn2nyZzHDsnkxDha-A3&amp;_nc_zt=23&amp;_nc_ht=scontent-fra3-2.cdninstagram.com&amp;edm=AM6HXa8EAAAA&amp;_nc_gid=2cCzCJSGUIPjW6O5fQhrOg&amp;_nc_tpa=Q5bMBQEDe2BXNmJ5rh95alChgREb7AnvfxV_sSxDs7tD-BGhjhoZFHA39gH8SFI6PXxQMSw3kUpxSOMu&amp;oh=00_Af2SwYLskaJJfCsD5DDAfAyQbA8uZVFqI6CtYmcGgz8IzQ&amp;oe=69F94A0A&quot;,&quot;640&quot;:&quot;https:\\\/\\\/scontent-fra3-2.cdninstagram.com\\\/v\\\/t51.82787-15\\\/683070801_18113316004759692_5435005884064661080_n.jpg?stp=dst-jpg_e35_tt6&amp;_nc_cat=104&amp;ccb=7-5&amp;_nc_sid=18de74&amp;efg=eyJlZmdfdGFnIjoiQ0xJUFMuYmVzdF9pbWFnZV91cmxnZW4uQzMifQ%3D%3D&amp;_nc_eui2=AeEJPA1KiN-mEF4ixXYaQxJ10BH8m3TVtpjQEfybdNW2mAVw7AnzrufCvdszRsDTjVBjOdPx9-Y6Eh7ijNBcISgr&amp;_nc_ohc=8zcwUN4nCmEQ7kNvwHNYpix&amp;_nc_oc=AdrCnGsCW5UozwVmdTbn-kKpDeMwb1xGYFSg4hKXIcrjtxWvJUmzZmitx_D96QdHGtkWkEn2nyZzHDsnkxDha-A3&amp;_nc_zt=23&amp;_nc_ht=scontent-fra3-2.cdninstagram.com&amp;edm=AM6HXa8EAAAA&amp;_nc_gid=2cCzCJSGUIPjW6O5fQhrOg&amp;_nc_tpa=Q5bMBQEDe2BXNmJ5rh95alChgREb7AnvfxV_sSxDs7tD-BGhjhoZFHA39gH8SFI6PXxQMSw3kUpxSOMu&amp;oh=00_Af2SwYLskaJJfCsD5DDAfAyQbA8uZVFqI6CtYmcGgz8IzQ&amp;oe=69F94A0A&quot;}\">\n            <span class=\"sbi-screenreader\">El Vicario Pastoral de nuestra Di\u00f3cesis Padre Cla<\/span>\n            \t        <svg style=\"color: rgba(255,255,255,1)\" class=\"svg-inline--fa fa-play fa-w-14 sbi_playbtn\" aria-label=\"Play\" aria-hidden=\"true\" data-fa-processed=\"\" data-prefix=\"fa\" data-icon=\"play\" role=\"presentation\" xmlns=\"http:\/\/www.w3.org\/2000\/svg\" viewBox=\"0 0 448 512\"><path fill=\"currentColor\" d=\"M424.4 214.7L72.4 6.6C43.8-10.3 0 6.1 0 47.9V464c0 37.5 40.7 60.1 72.4 41.3l352-208c31.4-18.5 31.5-64.1 0-82.6z\"><\/path><\/svg>            <img src=\"https:\/\/obispadosanfelipe.cl\/2020\/wp-content\/plugins\/instagram-feed\/img\/placeholder.png\" alt=\"El Vicario Pastoral de nuestra Di\u00f3cesis Padre Claudio Acevedo, nos invita a vivir nuestro a\u00f1o pastoral de la mano de las L\u00edneas Pastorales que nos hemos planteado para el per\u00edodo 2024-2028\">\n        <\/a>\n    <\/div>\n<\/div><div class=\"sbi_item sbi_type_video sbi_new sbi_transition\" id=\"sbi_18092488451182849\" data-date=\"1777151259\">\n    <div class=\"sbi_photo_wrap\">\n        <a class=\"sbi_photo\" href=\"https:\/\/www.instagram.com\/reel\/DXkbOJYCic2\/\" target=\"_blank\" rel=\"noopener nofollow\" data-full-res=\"https:\/\/scontent-fra5-1.cdninstagram.com\/v\/t51.82787-15\/682139808_18113315710759692_8179421943195659771_n.jpg?stp=dst-jpg_e35_tt6&#038;_nc_cat=110&#038;ccb=7-5&#038;_nc_sid=18de74&#038;efg=eyJlZmdfdGFnIjoiQ0xJUFMuYmVzdF9pbWFnZV91cmxnZW4uQzMifQ%3D%3D&#038;_nc_eui2=AeGF5e2p4Gxu3ohEv68SU5_SKzNdF0jJAFgrM10XSMkAWEwQOTCxtF0FjbEKisDYtQ1MD1IVRJCnON9qCqdlFpBC&#038;_nc_ohc=KpIVGRQ3TKsQ7kNvwH1LwiB&#038;_nc_oc=Adp4uKFBBjnmBwdUlaDehpbRSx6IaQiXUvdmqsr2FF3PxLb152-wBeoZ2g5rReKLfYo1LisdDOuSt_CGR1G9p5Q8&#038;_nc_zt=23&#038;_nc_ht=scontent-fra5-1.cdninstagram.com&#038;edm=AM6HXa8EAAAA&#038;_nc_gid=2cCzCJSGUIPjW6O5fQhrOg&#038;_nc_tpa=Q5bMBQHqLLove-K2zGhdXt0clvCYp7zC9uCMtxlnIT1NrHc9DCEK4XSF8mb9B8pcMMCf33SiRAfkdlce&#038;oh=00_Af0t5OnwbgZta1BdvB9Gm6GsVTDMrrYbOQCcBU8YiQRaFQ&#038;oe=69F93D0C\" data-img-src-set=\"{&quot;d&quot;:&quot;https:\\\/\\\/scontent-fra5-1.cdninstagram.com\\\/v\\\/t51.82787-15\\\/682139808_18113315710759692_8179421943195659771_n.jpg?stp=dst-jpg_e35_tt6&amp;_nc_cat=110&amp;ccb=7-5&amp;_nc_sid=18de74&amp;efg=eyJlZmdfdGFnIjoiQ0xJUFMuYmVzdF9pbWFnZV91cmxnZW4uQzMifQ%3D%3D&amp;_nc_eui2=AeGF5e2p4Gxu3ohEv68SU5_SKzNdF0jJAFgrM10XSMkAWEwQOTCxtF0FjbEKisDYtQ1MD1IVRJCnON9qCqdlFpBC&amp;_nc_ohc=KpIVGRQ3TKsQ7kNvwH1LwiB&amp;_nc_oc=Adp4uKFBBjnmBwdUlaDehpbRSx6IaQiXUvdmqsr2FF3PxLb152-wBeoZ2g5rReKLfYo1LisdDOuSt_CGR1G9p5Q8&amp;_nc_zt=23&amp;_nc_ht=scontent-fra5-1.cdninstagram.com&amp;edm=AM6HXa8EAAAA&amp;_nc_gid=2cCzCJSGUIPjW6O5fQhrOg&amp;_nc_tpa=Q5bMBQHqLLove-K2zGhdXt0clvCYp7zC9uCMtxlnIT1NrHc9DCEK4XSF8mb9B8pcMMCf33SiRAfkdlce&amp;oh=00_Af0t5OnwbgZta1BdvB9Gm6GsVTDMrrYbOQCcBU8YiQRaFQ&amp;oe=69F93D0C&quot;,&quot;150&quot;:&quot;https:\\\/\\\/scontent-fra5-1.cdninstagram.com\\\/v\\\/t51.82787-15\\\/682139808_18113315710759692_8179421943195659771_n.jpg?stp=dst-jpg_e35_tt6&amp;_nc_cat=110&amp;ccb=7-5&amp;_nc_sid=18de74&amp;efg=eyJlZmdfdGFnIjoiQ0xJUFMuYmVzdF9pbWFnZV91cmxnZW4uQzMifQ%3D%3D&amp;_nc_eui2=AeGF5e2p4Gxu3ohEv68SU5_SKzNdF0jJAFgrM10XSMkAWEwQOTCxtF0FjbEKisDYtQ1MD1IVRJCnON9qCqdlFpBC&amp;_nc_ohc=KpIVGRQ3TKsQ7kNvwH1LwiB&amp;_nc_oc=Adp4uKFBBjnmBwdUlaDehpbRSx6IaQiXUvdmqsr2FF3PxLb152-wBeoZ2g5rReKLfYo1LisdDOuSt_CGR1G9p5Q8&amp;_nc_zt=23&amp;_nc_ht=scontent-fra5-1.cdninstagram.com&amp;edm=AM6HXa8EAAAA&amp;_nc_gid=2cCzCJSGUIPjW6O5fQhrOg&amp;_nc_tpa=Q5bMBQHqLLove-K2zGhdXt0clvCYp7zC9uCMtxlnIT1NrHc9DCEK4XSF8mb9B8pcMMCf33SiRAfkdlce&amp;oh=00_Af0t5OnwbgZta1BdvB9Gm6GsVTDMrrYbOQCcBU8YiQRaFQ&amp;oe=69F93D0C&quot;,&quot;320&quot;:&quot;https:\\\/\\\/scontent-fra5-1.cdninstagram.com\\\/v\\\/t51.82787-15\\\/682139808_18113315710759692_8179421943195659771_n.jpg?stp=dst-jpg_e35_tt6&amp;_nc_cat=110&amp;ccb=7-5&amp;_nc_sid=18de74&amp;efg=eyJlZmdfdGFnIjoiQ0xJUFMuYmVzdF9pbWFnZV91cmxnZW4uQzMifQ%3D%3D&amp;_nc_eui2=AeGF5e2p4Gxu3ohEv68SU5_SKzNdF0jJAFgrM10XSMkAWEwQOTCxtF0FjbEKisDYtQ1MD1IVRJCnON9qCqdlFpBC&amp;_nc_ohc=KpIVGRQ3TKsQ7kNvwH1LwiB&amp;_nc_oc=Adp4uKFBBjnmBwdUlaDehpbRSx6IaQiXUvdmqsr2FF3PxLb152-wBeoZ2g5rReKLfYo1LisdDOuSt_CGR1G9p5Q8&amp;_nc_zt=23&amp;_nc_ht=scontent-fra5-1.cdninstagram.com&amp;edm=AM6HXa8EAAAA&amp;_nc_gid=2cCzCJSGUIPjW6O5fQhrOg&amp;_nc_tpa=Q5bMBQHqLLove-K2zGhdXt0clvCYp7zC9uCMtxlnIT1NrHc9DCEK4XSF8mb9B8pcMMCf33SiRAfkdlce&amp;oh=00_Af0t5OnwbgZta1BdvB9Gm6GsVTDMrrYbOQCcBU8YiQRaFQ&amp;oe=69F93D0C&quot;,&quot;640&quot;:&quot;https:\\\/\\\/scontent-fra5-1.cdninstagram.com\\\/v\\\/t51.82787-15\\\/682139808_18113315710759692_8179421943195659771_n.jpg?stp=dst-jpg_e35_tt6&amp;_nc_cat=110&amp;ccb=7-5&amp;_nc_sid=18de74&amp;efg=eyJlZmdfdGFnIjoiQ0xJUFMuYmVzdF9pbWFnZV91cmxnZW4uQzMifQ%3D%3D&amp;_nc_eui2=AeGF5e2p4Gxu3ohEv68SU5_SKzNdF0jJAFgrM10XSMkAWEwQOTCxtF0FjbEKisDYtQ1MD1IVRJCnON9qCqdlFpBC&amp;_nc_ohc=KpIVGRQ3TKsQ7kNvwH1LwiB&amp;_nc_oc=Adp4uKFBBjnmBwdUlaDehpbRSx6IaQiXUvdmqsr2FF3PxLb152-wBeoZ2g5rReKLfYo1LisdDOuSt_CGR1G9p5Q8&amp;_nc_zt=23&amp;_nc_ht=scontent-fra5-1.cdninstagram.com&amp;edm=AM6HXa8EAAAA&amp;_nc_gid=2cCzCJSGUIPjW6O5fQhrOg&amp;_nc_tpa=Q5bMBQHqLLove-K2zGhdXt0clvCYp7zC9uCMtxlnIT1NrHc9DCEK4XSF8mb9B8pcMMCf33SiRAfkdlce&amp;oh=00_Af0t5OnwbgZta1BdvB9Gm6GsVTDMrrYbOQCcBU8YiQRaFQ&amp;oe=69F93D0C&quot;}\">\n            <span class=\"sbi-screenreader\">El saludo a nuestra Madre Mar\u00eda<\/span>\n            \t        <svg style=\"color: rgba(255,255,255,1)\" class=\"svg-inline--fa fa-play fa-w-14 sbi_playbtn\" aria-label=\"Play\" aria-hidden=\"true\" data-fa-processed=\"\" data-prefix=\"fa\" data-icon=\"play\" role=\"presentation\" xmlns=\"http:\/\/www.w3.org\/2000\/svg\" viewBox=\"0 0 448 512\"><path fill=\"currentColor\" d=\"M424.4 214.7L72.4 6.6C43.8-10.3 0 6.1 0 47.9V464c0 37.5 40.7 60.1 72.4 41.3l352-208c31.4-18.5 31.5-64.1 0-82.6z\"><\/path><\/svg>            <img src=\"https:\/\/obispadosanfelipe.cl\/2020\/wp-content\/plugins\/instagram-feed\/img\/placeholder.png\" alt=\"El saludo a nuestra Madre Mar\u00eda\">\n        <\/a>\n    <\/div>\n<\/div><div class=\"sbi_item sbi_type_video sbi_new sbi_transition\" id=\"sbi_17884843932510478\" data-date=\"1777150877\">\n    <div class=\"sbi_photo_wrap\">\n        <a class=\"sbi_photo\" href=\"https:\/\/www.instagram.com\/reel\/DXkaf2SFBfZ\/\" target=\"_blank\" rel=\"noopener nofollow\" data-full-res=\"https:\/\/scontent-fra3-1.cdninstagram.com\/v\/t51.82787-15\/672389364_18113314945759692_7420656845857383327_n.jpg?stp=dst-jpg_e35_tt6&#038;_nc_cat=101&#038;ccb=7-5&#038;_nc_sid=18de74&#038;efg=eyJlZmdfdGFnIjoiQ0xJUFMuYmVzdF9pbWFnZV91cmxnZW4uQzMifQ%3D%3D&#038;_nc_eui2=AeErW6N6iEWEw3E8LOdzA4bEyhaAYTITAwnKFoBhMhMDCd1MVz0GEdMOkBnpjrZFxZBPkXfbrUk4RqeX5BlE5EGr&#038;_nc_ohc=pWujzS9eHkIQ7kNvwELZs_G&#038;_nc_oc=AdrXgj7axQIOQ0WoBoVcgSu1O1BZuSiOLVeD3UuHImjV6D-kBgu7aXxhl6YcljQn7QlP0OCW60QJYB81dHrnxrdK&#038;_nc_zt=23&#038;_nc_ht=scontent-fra3-1.cdninstagram.com&#038;edm=AM6HXa8EAAAA&#038;_nc_gid=2cCzCJSGUIPjW6O5fQhrOg&#038;_nc_tpa=Q5bMBQHpdGG41UmxPa_CXBjP8XroDMc-WbXfaCJc2pvmyxdcRJWMBq4s5hnuL8k0QgAWbQVNzntdIRdq&#038;oh=00_Af0AMfF7uAIvKEZiT7zksB6dKQzPaKVbezZDou9xHx8hQQ&#038;oe=69F952C8\" data-img-src-set=\"{&quot;d&quot;:&quot;https:\\\/\\\/scontent-fra3-1.cdninstagram.com\\\/v\\\/t51.82787-15\\\/672389364_18113314945759692_7420656845857383327_n.jpg?stp=dst-jpg_e35_tt6&amp;_nc_cat=101&amp;ccb=7-5&amp;_nc_sid=18de74&amp;efg=eyJlZmdfdGFnIjoiQ0xJUFMuYmVzdF9pbWFnZV91cmxnZW4uQzMifQ%3D%3D&amp;_nc_eui2=AeErW6N6iEWEw3E8LOdzA4bEyhaAYTITAwnKFoBhMhMDCd1MVz0GEdMOkBnpjrZFxZBPkXfbrUk4RqeX5BlE5EGr&amp;_nc_ohc=pWujzS9eHkIQ7kNvwELZs_G&amp;_nc_oc=AdrXgj7axQIOQ0WoBoVcgSu1O1BZuSiOLVeD3UuHImjV6D-kBgu7aXxhl6YcljQn7QlP0OCW60QJYB81dHrnxrdK&amp;_nc_zt=23&amp;_nc_ht=scontent-fra3-1.cdninstagram.com&amp;edm=AM6HXa8EAAAA&amp;_nc_gid=2cCzCJSGUIPjW6O5fQhrOg&amp;_nc_tpa=Q5bMBQHpdGG41UmxPa_CXBjP8XroDMc-WbXfaCJc2pvmyxdcRJWMBq4s5hnuL8k0QgAWbQVNzntdIRdq&amp;oh=00_Af0AMfF7uAIvKEZiT7zksB6dKQzPaKVbezZDou9xHx8hQQ&amp;oe=69F952C8&quot;,&quot;150&quot;:&quot;https:\\\/\\\/scontent-fra3-1.cdninstagram.com\\\/v\\\/t51.82787-15\\\/672389364_18113314945759692_7420656845857383327_n.jpg?stp=dst-jpg_e35_tt6&amp;_nc_cat=101&amp;ccb=7-5&amp;_nc_sid=18de74&amp;efg=eyJlZmdfdGFnIjoiQ0xJUFMuYmVzdF9pbWFnZV91cmxnZW4uQzMifQ%3D%3D&amp;_nc_eui2=AeErW6N6iEWEw3E8LOdzA4bEyhaAYTITAwnKFoBhMhMDCd1MVz0GEdMOkBnpjrZFxZBPkXfbrUk4RqeX5BlE5EGr&amp;_nc_ohc=pWujzS9eHkIQ7kNvwELZs_G&amp;_nc_oc=AdrXgj7axQIOQ0WoBoVcgSu1O1BZuSiOLVeD3UuHImjV6D-kBgu7aXxhl6YcljQn7QlP0OCW60QJYB81dHrnxrdK&amp;_nc_zt=23&amp;_nc_ht=scontent-fra3-1.cdninstagram.com&amp;edm=AM6HXa8EAAAA&amp;_nc_gid=2cCzCJSGUIPjW6O5fQhrOg&amp;_nc_tpa=Q5bMBQHpdGG41UmxPa_CXBjP8XroDMc-WbXfaCJc2pvmyxdcRJWMBq4s5hnuL8k0QgAWbQVNzntdIRdq&amp;oh=00_Af0AMfF7uAIvKEZiT7zksB6dKQzPaKVbezZDou9xHx8hQQ&amp;oe=69F952C8&quot;,&quot;320&quot;:&quot;https:\\\/\\\/scontent-fra3-1.cdninstagram.com\\\/v\\\/t51.82787-15\\\/672389364_18113314945759692_7420656845857383327_n.jpg?stp=dst-jpg_e35_tt6&amp;_nc_cat=101&amp;ccb=7-5&amp;_nc_sid=18de74&amp;efg=eyJlZmdfdGFnIjoiQ0xJUFMuYmVzdF9pbWFnZV91cmxnZW4uQzMifQ%3D%3D&amp;_nc_eui2=AeErW6N6iEWEw3E8LOdzA4bEyhaAYTITAwnKFoBhMhMDCd1MVz0GEdMOkBnpjrZFxZBPkXfbrUk4RqeX5BlE5EGr&amp;_nc_ohc=pWujzS9eHkIQ7kNvwELZs_G&amp;_nc_oc=AdrXgj7axQIOQ0WoBoVcgSu1O1BZuSiOLVeD3UuHImjV6D-kBgu7aXxhl6YcljQn7QlP0OCW60QJYB81dHrnxrdK&amp;_nc_zt=23&amp;_nc_ht=scontent-fra3-1.cdninstagram.com&amp;edm=AM6HXa8EAAAA&amp;_nc_gid=2cCzCJSGUIPjW6O5fQhrOg&amp;_nc_tpa=Q5bMBQHpdGG41UmxPa_CXBjP8XroDMc-WbXfaCJc2pvmyxdcRJWMBq4s5hnuL8k0QgAWbQVNzntdIRdq&amp;oh=00_Af0AMfF7uAIvKEZiT7zksB6dKQzPaKVbezZDou9xHx8hQQ&amp;oe=69F952C8&quot;,&quot;640&quot;:&quot;https:\\\/\\\/scontent-fra3-1.cdninstagram.com\\\/v\\\/t51.82787-15\\\/672389364_18113314945759692_7420656845857383327_n.jpg?stp=dst-jpg_e35_tt6&amp;_nc_cat=101&amp;ccb=7-5&amp;_nc_sid=18de74&amp;efg=eyJlZmdfdGFnIjoiQ0xJUFMuYmVzdF9pbWFnZV91cmxnZW4uQzMifQ%3D%3D&amp;_nc_eui2=AeErW6N6iEWEw3E8LOdzA4bEyhaAYTITAwnKFoBhMhMDCd1MVz0GEdMOkBnpjrZFxZBPkXfbrUk4RqeX5BlE5EGr&amp;_nc_ohc=pWujzS9eHkIQ7kNvwELZs_G&amp;_nc_oc=AdrXgj7axQIOQ0WoBoVcgSu1O1BZuSiOLVeD3UuHImjV6D-kBgu7aXxhl6YcljQn7QlP0OCW60QJYB81dHrnxrdK&amp;_nc_zt=23&amp;_nc_ht=scontent-fra3-1.cdninstagram.com&amp;edm=AM6HXa8EAAAA&amp;_nc_gid=2cCzCJSGUIPjW6O5fQhrOg&amp;_nc_tpa=Q5bMBQHpdGG41UmxPa_CXBjP8XroDMc-WbXfaCJc2pvmyxdcRJWMBq4s5hnuL8k0QgAWbQVNzntdIRdq&amp;oh=00_Af0AMfF7uAIvKEZiT7zksB6dKQzPaKVbezZDou9xHx8hQQ&amp;oe=69F952C8&quot;}\">\n            <span class=\"sbi-screenreader\">Ya no eres pan y vino ... Ahora eres cuerpo y sang<\/span>\n            \t        <svg style=\"color: rgba(255,255,255,1)\" class=\"svg-inline--fa fa-play fa-w-14 sbi_playbtn\" aria-label=\"Play\" aria-hidden=\"true\" data-fa-processed=\"\" data-prefix=\"fa\" data-icon=\"play\" role=\"presentation\" xmlns=\"http:\/\/www.w3.org\/2000\/svg\" viewBox=\"0 0 448 512\"><path fill=\"currentColor\" d=\"M424.4 214.7L72.4 6.6C43.8-10.3 0 6.1 0 47.9V464c0 37.5 40.7 60.1 72.4 41.3l352-208c31.4-18.5 31.5-64.1 0-82.6z\"><\/path><\/svg>            <img src=\"https:\/\/obispadosanfelipe.cl\/2020\/wp-content\/plugins\/instagram-feed\/img\/placeholder.png\" alt=\"Ya no eres pan y vino ... Ahora eres cuerpo y sangre y vives en m\u00ed\">\n        <\/a>\n    <\/div>\n<\/div>    <\/div>\n\n\t<div id=\"sbi_load\">\n\n\t        <a class=\"sbi_load_btn\" href=\"javascript:void(0);\" >\n            <span class=\"sbi_btn_text\">Cargar m\u00e1s...<\/span>\n            <span class=\"sbi_loader sbi_hidden\" style=\"background-color: rgb(255, 255, 255);\" aria-hidden=\"true\"><\/span>\n        <\/a>\n\t\n\t    <span class=\"sbi_follow_btn\">\n        <a href=\"https:\/\/www.instagram.com\/iglesiadesanfelipe\/\" target=\"_blank\" rel=\"noopener nofollow\"><svg class=\"svg-inline--fa fa-instagram fa-w-14\" aria-hidden=\"true\" data-fa-processed=\"\" aria-label=\"Instagram\" data-prefix=\"fab\" data-icon=\"instagram\" role=\"img\" viewBox=\"0 0 448 512\">\n\t                <path fill=\"currentColor\" d=\"M224.1 141c-63.6 0-114.9 51.3-114.9 114.9s51.3 114.9 114.9 114.9S339 319.5 339 255.9 287.7 141 224.1 141zm0 189.6c-41.1 0-74.7-33.5-74.7-74.7s33.5-74.7 74.7-74.7 74.7 33.5 74.7 74.7-33.6 74.7-74.7 74.7zm146.4-194.3c0 14.9-12 26.8-26.8 26.8-14.9 0-26.8-12-26.8-26.8s12-26.8 26.8-26.8 26.8 12 26.8 26.8zm76.1 27.2c-1.7-35.9-9.9-67.7-36.2-93.9-26.2-26.2-58-34.4-93.9-36.2-37-2.1-147.9-2.1-184.9 0-35.8 1.7-67.6 9.9-93.9 36.1s-34.4 58-36.2 93.9c-2.1 37-2.1 147.9 0 184.9 1.7 35.9 9.9 67.7 36.2 93.9s58 34.4 93.9 36.2c37 2.1 147.9 2.1 184.9 0 35.9-1.7 67.7-9.9 93.9-36.2 26.2-26.2 34.4-58 36.2-93.9 2.1-37 2.1-147.8 0-184.8zM398.8 388c-7.8 19.6-22.9 34.7-42.6 42.6-29.5 11.7-99.5 9-132.1 9s-102.7 2.6-132.1-9c-19.6-7.8-34.7-22.9-42.6-42.6-11.7-29.5-9-99.5-9-132.1s-2.6-102.7 9-132.1c7.8-19.6 22.9-34.7 42.6-42.6 29.5-11.7 99.5-9 132.1-9s102.7-2.6 132.1 9c19.6 7.8 34.7 22.9 42.6 42.6 11.7 29.5 9 99.5 9 132.1s2.7 102.7-9 132.1z\"><\/path>\n\t            <\/svg>S\u00edguenos en Instagram<\/a>\n    <\/span>\n\t\n<\/div>\n\t    <span class=\"sbi_resized_image_data\" data-feed-id=\"sbi_iglesiadesanfelipe#16\" data-resized=\"{&quot;17884843932510478&quot;:{&quot;id&quot;:&quot;672389364_18113314945759692_7420656845857383327_n&quot;,&quot;ratio&quot;:&quot;0.56&quot;,&quot;sizes&quot;:{&quot;full&quot;:640,&quot;low&quot;:320,&quot;thumb&quot;:150}},&quot;18586091098009423&quot;:{&quot;id&quot;:&quot;681253953_18113320198759692_2569979865275454669_n&quot;,&quot;ratio&quot;:&quot;1.79&quot;,&quot;sizes&quot;:{&quot;full&quot;:640,&quot;low&quot;:320,&quot;thumb&quot;:150}},&quot;18290263423304083&quot;:{&quot;id&quot;:&quot;671874167_18113317348759692_4549024499338119080_n&quot;,&quot;ratio&quot;:&quot;0.56&quot;,&quot;sizes&quot;:{&quot;full&quot;:640,&quot;low&quot;:320,&quot;thumb&quot;:150}},&quot;18106555558931432&quot;:{&quot;id&quot;:&quot;681340724_18113316928759692_6367027924516260525_n&quot;,&quot;ratio&quot;:&quot;0.56&quot;,&quot;sizes&quot;:{&quot;full&quot;:640,&quot;low&quot;:320,&quot;thumb&quot;:150}},&quot;17857152606650567&quot;:{&quot;id&quot;:&quot;683070801_18113316004759692_5435005884064661080_n&quot;,&quot;ratio&quot;:&quot;0.56&quot;,&quot;sizes&quot;:{&quot;full&quot;:640,&quot;low&quot;:320,&quot;thumb&quot;:150}},&quot;18092488451182849&quot;:{&quot;id&quot;:&quot;682139808_18113315710759692_8179421943195659771_n&quot;,&quot;ratio&quot;:&quot;0.56&quot;,&quot;sizes&quot;:{&quot;full&quot;:640,&quot;low&quot;:320,&quot;thumb&quot;:150}},&quot;18351519559212699&quot;:{&quot;id&quot;:&quot;681170593_1393579106148142_4899514406293284394_n&quot;,&quot;ratio&quot;:&quot;0.80&quot;,&quot;sizes&quot;:{&quot;full&quot;:640,&quot;low&quot;:320,&quot;thumb&quot;:150}},&quot;18590327335028121&quot;:{&quot;id&quot;:&quot;679704621_1393634889475897_3210045873941584224_n&quot;,&quot;ratio&quot;:&quot;1.00&quot;,&quot;sizes&quot;:{&quot;full&quot;:640,&quot;low&quot;:320,&quot;thumb&quot;:150}},&quot;18070559525313274&quot;:{&quot;id&quot;:&quot;681261934_1395030392669680_4123696251744268160_n&quot;,&quot;ratio&quot;:&quot;0.80&quot;,&quot;sizes&quot;:{&quot;full&quot;:640,&quot;low&quot;:320,&quot;thumb&quot;:150}},&quot;18124660744716324&quot;:{&quot;id&quot;:&quot;683416546_1395368922635827_1946660562426178648_n&quot;,&quot;ratio&quot;:&quot;1.00&quot;,&quot;sizes&quot;:{&quot;full&quot;:640,&quot;low&quot;:320,&quot;thumb&quot;:150}},&quot;18100949200821836&quot;:{&quot;id&quot;:&quot;685001117_1395421579297228_2597780835117302108_n&quot;,&quot;ratio&quot;:&quot;0.80&quot;,&quot;sizes&quot;:{&quot;full&quot;:640,&quot;low&quot;:320,&quot;thumb&quot;:150}},&quot;17997812603927352&quot;:{&quot;id&quot;:&quot;683553442_1395413922631327_1978878142277916798_n&quot;,&quot;ratio&quot;:&quot;1.00&quot;,&quot;sizes&quot;:{&quot;full&quot;:640,&quot;low&quot;:320,&quot;thumb&quot;:150}},&quot;18088332779252919&quot;:{&quot;id&quot;:&quot;681849897_1395397049299681_3701971683306663967_n&quot;,&quot;ratio&quot;:&quot;1.00&quot;,&quot;sizes&quot;:{&quot;full&quot;:640,&quot;low&quot;:320,&quot;thumb&quot;:150}},&quot;18091353662595447&quot;:{&quot;id&quot;:&quot;685336801_1396010529238333_3355618382921316820_n&quot;,&quot;ratio&quot;:&quot;1.00&quot;,&quot;sizes&quot;:{&quot;full&quot;:640,&quot;low&quot;:320,&quot;thumb&quot;:150}},&quot;18091917080271246&quot;:{&quot;id&quot;:&quot;685080482_1397019332470786_2929284505473719251_n&quot;,&quot;ratio&quot;:&quot;0.80&quot;,&quot;sizes&quot;:{&quot;full&quot;:640,&quot;low&quot;:320,&quot;thumb&quot;:150}}}\">\n\t<\/span>\n\t<\/div>\n\n<\/div>\t\t<\/div>\n\t\t\t\t<\/div>\n\t\t\t\t\t\t<\/div>\n\t\t\t\t\t<\/div>\n\t\t<\/div>\n\t\t\t\t\t\t\t\t<\/div>\n\t\t\t\t\t<\/div>\n\t\t<\/section>\n\t\t\t\t<section class=\"elementor-section elementor-top-section elementor-element elementor-element-3b7cfac1 elementor-section-boxed elementor-section-height-default elementor-section-height-default\" data-id=\"3b7cfac1\" data-element_type=\"section\" data-settings=\"{&quot;background_background&quot;:&quot;classic&quot;}\">\n\t\t\t\t\t\t<div class=\"elementor-container elementor-column-gap-wider\">\n\t\t\t\t\t\t\t<div class=\"elementor-row\">\n\t\t\t\t\t<div class=\"elementor-column elementor-col-50 elementor-top-column elementor-element elementor-element-686251bd\" data-id=\"686251bd\" data-element_type=\"column\">\n\t\t\t<div class=\"elementor-column-wrap elementor-element-populated\">\n\t\t\t\t\t\t\t<div class=\"elementor-widget-wrap\">\n\t\t\t\t\t\t<div class=\"elementor-element elementor-element-a3e9645 elementor-widget elementor-widget-heading\" data-id=\"a3e9645\" data-element_type=\"widget\" data-widget_type=\"heading.default\">\n\t\t\t\t<div class=\"elementor-widget-container\">\n\t\t\t<h4 class=\"elementor-heading-title elementor-size-medium\">Galer\u00eda de fotos<\/h4>\t\t<\/div>\n\t\t\t\t<\/div>\n\t\t\t\t<div class=\"elementor-element elementor-element-f424359 elementor-widget elementor-widget-heading\" data-id=\"f424359\" data-element_type=\"widget\" data-widget_type=\"heading.default\">\n\t\t\t\t<div class=\"elementor-widget-container\">\n\t\t\t<h3 class=\"elementor-heading-title elementor-size-default\">Comunidades de San Felipe en<\/h3>\t\t<\/div>\n\t\t\t\t<\/div>\n\t\t\t\t<div class=\"elementor-element elementor-element-23433eb elementor-widget elementor-widget-heading\" data-id=\"23433eb\" data-element_type=\"widget\" data-widget_type=\"heading.default\">\n\t\t\t\t<div class=\"elementor-widget-container\">\n\t\t\t<h1 class=\"elementor-heading-title elementor-size-default\">Acci\u00f3n y Celebraci\u00f3n<\/h1>\t\t<\/div>\n\t\t\t\t<\/div>\n\t\t\t\t\t\t<\/div>\n\t\t\t\t\t<\/div>\n\t\t<\/div>\n\t\t\t\t<div class=\"elementor-column elementor-col-50 elementor-top-column elementor-element elementor-element-a028b46\" data-id=\"a028b46\" data-element_type=\"column\">\n\t\t\t<div class=\"elementor-column-wrap elementor-element-populated\">\n\t\t\t\t\t\t\t<div class=\"elementor-widget-wrap\">\n\t\t\t\t\t\t<div class=\"elementor-element elementor-element-44d5d03 elementor-align-right elementor-tablet-align-left elementor-widget elementor-widget-button\" data-id=\"44d5d03\" data-element_type=\"widget\" data-widget_type=\"button.default\">\n\t\t\t\t<div class=\"elementor-widget-container\">\n\t\t\t\t\t<div class=\"elementor-button-wrapper\">\n\t\t\t<a href=\"\/online-courses\/courses\/courses-style-1\/\" class=\"elementor-button-link elementor-button elementor-size-lg\" role=\"button\">\n\t\t\t\t\t\t<span class=\"elementor-button-content-wrapper\">\n\t\t\t\t\t\t<span class=\"elementor-button-icon elementor-align-icon-left\">\n\t\t\t\t<i aria-hidden=\"true\" class=\"fas fa-photo-video\"><\/i>\t\t\t<\/span>\n\t\t\t\t\t\t<span class=\"elementor-button-text\">Ver m\u00e1s fotograf\u00edas<\/span>\n\t\t<\/span>\n\t\t\t\t\t<\/a>\n\t\t<\/div>\n\t\t\t\t<\/div>\n\t\t\t\t<\/div>\n\t\t\t\t\t\t<\/div>\n\t\t\t\t\t<\/div>\n\t\t<\/div>\n\t\t\t\t\t\t\t\t<\/div>\n\t\t\t\t\t<\/div>\n\t\t<\/section>\n\t\t\t\t<section class=\"elementor-section elementor-top-section elementor-element elementor-element-326f549 elementor-section-content-middle elementor-section-boxed elementor-section-height-default elementor-section-height-default\" data-id=\"326f549\" data-element_type=\"section\" data-settings=\"{&quot;background_background&quot;:&quot;classic&quot;}\">\n\t\t\t\t\t\t<div class=\"elementor-container elementor-column-gap-default\">\n\t\t\t\t\t\t\t<div class=\"elementor-row\">\n\t\t\t\t\t<div class=\"elementor-column elementor-col-100 elementor-top-column elementor-element elementor-element-35ca31d\" data-id=\"35ca31d\" data-element_type=\"column\">\n\t\t\t<div class=\"elementor-column-wrap elementor-element-populated\">\n\t\t\t\t\t\t\t<div class=\"elementor-widget-wrap\">\n\t\t\t\t\t\t<div class=\"elementor-element elementor-element-acf3263 elementor-widget elementor-widget-the7_photo-scroller\" data-id=\"acf3263\" data-element_type=\"widget\" data-settings=\"{&quot;autoplay&quot;:&quot;no&quot;}\" data-widget_type=\"the7_photo-scroller.default\">\n\t\t\t\t<div class=\"elementor-widget-container\">\n\t\t\t\t\t<div class=\"photo-scroller the7_photo-scroller-acf3263 hide-thumbs\" data-scale=\"fill\" data-autoslide=\"false\" data-play-on-hover=\"false\" data-delay=\"0\" data-show-thumbnails=\"true\" data-thumb-position=\"inside-hidden\" data-thumb-height=\"60\" data-thumb-width=\"60\" data-transparency=\"0.15\" data-arrows=\"true\" data-arrows_tablet=\"true\" data-arrows_mobile=\"true\" data-next-icon=\"icomoon-the7-font-the7-arrow-09\" data-prev-icon=\"icomoon-the7-font-the7-arrow-08\" data-r-arrow-v-position=\"center\" data-r-arrow-h-position=\"right\" data-l-arrow-v-position=\"center\" data-l-arrow-h-position=\"left\" data-ls-fill-dt=\"fill\" data-ls-fill-tablet=\"fill\" data-pt-fill-dt=\"fit\" data-pt-fill-tablet=\"fit\" data-pt-fill-mob=\"fit\" data-ls-fill-mob=\"fill\" data-padding-top=\"0\" data-padding-bottom=\"0\" data-padding-side=\"0\" data-padding-left=\"0\" data-t-padding-top=\"0\" data-t-padding-bottom=\"0\" data-t-padding-side=\"0\" data-t-padding-left=\"0\" data-m-padding-top=\"0\" data-m-padding-bottom=\"0\" data-m-padding-side=\"0\" data-m-padding-left=\"0\" data-ls-max=\"100\" data-t-ls-max=\"100\" data-m-ls-max=\"100\" data-ls-min=\"0\" data-t-ls-min=\"0\" data-m-ls-min=\"0\" data-pt-max=\"100\" data-t-pt-max=\"100\" data-m-pt-max=\"100\" data-pt-min=\"0\" data-t-pt-min=\"0\" data-m-pt-min=\"0\" data-height=\"300\" data-tablet-height=\"300\" data-mobile-height=\"300\">\n\t\t\t<div class=\"photoSlider\">\n\t\t\t\t<figure data-width=\"960\" data-height=\"540\"><a href=\" https:\/\/obispadosanfelipe.cl\/2020\/wp-content\/uploads\/2020\/11\/125199008_190033109315708_8990135899082858173_n-e1605559790949.jpg \"<a href=\"https:\/\/obispadosanfelipe.cl\/2020\/wp-content\/uploads\/2020\/11\/125199008_190033109315708_8990135899082858173_n-e1605559790949.jpg\" class=\"post-thumbnail-rollover layzr-bg\"   aria-label=\"Post image\"><img loading=\"lazy\" src=\"data:image\/svg+xml,%3Csvg%20xmlns%3D&#39;http%3A%2F%2Fwww.w3.org%2F2000%2Fsvg&#39;%20viewBox%3D&#39;0%200%20960%20540&#39;%2F%3E\" data-src=\"https:\/\/obispadosanfelipe.cl\/2020\/wp-content\/uploads\/2020\/11\/125199008_190033109315708_8990135899082858173_n-e1605559790949.jpg\" data-srcset=\"https:\/\/obispadosanfelipe.cl\/2020\/wp-content\/uploads\/2020\/11\/125199008_190033109315708_8990135899082858173_n-e1605559790949.jpg 960w\" class=\"preload-me photo-thumb-lazy-load\" width=\"960\" height=\"540\"  alt=\"\"  \/><\/a><\/a><\/figure><figure data-width=\"960\" data-height=\"640\"><a href=\" https:\/\/obispadosanfelipe.cl\/2020\/wp-content\/uploads\/2020\/11\/124059021_188800122772340_5036984596558177976_o.jpg \"<a href=\"https:\/\/obispadosanfelipe.cl\/2020\/wp-content\/uploads\/2020\/11\/124059021_188800122772340_5036984596558177976_o.jpg\" class=\"post-thumbnail-rollover layzr-bg\" title=\"124059021_188800122772340_5036984596558177976_o\"  aria-label=\"Post image\"><img loading=\"lazy\" src=\"data:image\/svg+xml,%3Csvg%20xmlns%3D&#39;http%3A%2F%2Fwww.w3.org%2F2000%2Fsvg&#39;%20viewBox%3D&#39;0%200%20960%20640&#39;%2F%3E\" data-src=\"https:\/\/obispadosanfelipe.cl\/2020\/wp-content\/uploads\/2020\/11\/124059021_188800122772340_5036984596558177976_o.jpg\" data-srcset=\"https:\/\/obispadosanfelipe.cl\/2020\/wp-content\/uploads\/2020\/11\/124059021_188800122772340_5036984596558177976_o.jpg 960w\" class=\"preload-me photo-thumb-lazy-load\" width=\"960\" height=\"640\"  alt=\"\" title=\"124059021_188800122772340_5036984596558177976_o\" \/><\/a><\/a><\/figure><figure data-width=\"683\" data-height=\"1024\"><a href=\" https:\/\/obispadosanfelipe.cl\/2020\/wp-content\/uploads\/2020\/11\/IMG_6374-1-rotated.jpg \"<a href=\"https:\/\/obispadosanfelipe.cl\/2020\/wp-content\/uploads\/2020\/11\/IMG_6374-1-rotated.jpg\" class=\"post-thumbnail-rollover layzr-bg\" title=\"IMG_6374\"  aria-label=\"Post image\"><img loading=\"lazy\" src=\"data:image\/svg+xml,%3Csvg%20xmlns%3D&#39;http%3A%2F%2Fwww.w3.org%2F2000%2Fsvg&#39;%20viewBox%3D&#39;0%200%20683%201024&#39;%2F%3E\" data-src=\"https:\/\/obispadosanfelipe.cl\/2020\/wp-content\/uploads\/2020\/11\/IMG_6374-1-rotated.jpg\" data-srcset=\"https:\/\/obispadosanfelipe.cl\/2020\/wp-content\/uploads\/2020\/11\/IMG_6374-1-rotated.jpg 683w\" class=\"preload-me photo-thumb-lazy-load\" width=\"683\" height=\"1024\"  alt=\"\" title=\"IMG_6374\" \/><\/a><\/a><\/figure><figure data-width=\"1080\" data-height=\"810\"><a href=\" https:\/\/obispadosanfelipe.cl\/2020\/wp-content\/uploads\/2021\/06\/188056061_4038212812928949_7269675410686932115_n.jpg \"<a href=\"https:\/\/obispadosanfelipe.cl\/2020\/wp-content\/uploads\/2021\/06\/188056061_4038212812928949_7269675410686932115_n.jpg\" class=\"post-thumbnail-rollover layzr-bg\" title=\"Asamblea Eclesial\"  aria-label=\"Post image\"><img loading=\"lazy\" src=\"data:image\/svg+xml,%3Csvg%20xmlns%3D&#39;http%3A%2F%2Fwww.w3.org%2F2000%2Fsvg&#39;%20viewBox%3D&#39;0%200%201080%20810&#39;%2F%3E\" data-src=\"https:\/\/obispadosanfelipe.cl\/2020\/wp-content\/uploads\/2021\/06\/188056061_4038212812928949_7269675410686932115_n.jpg\" data-srcset=\"https:\/\/obispadosanfelipe.cl\/2020\/wp-content\/uploads\/2021\/06\/188056061_4038212812928949_7269675410686932115_n.jpg 1080w\" class=\"preload-me photo-thumb-lazy-load\" width=\"1080\" height=\"810\"  alt=\"\" title=\"Asamblea Eclesial\" \/><\/a><\/a><\/figure><figure data-width=\"720\" data-height=\"404\"><a href=\" https:\/\/obispadosanfelipe.cl\/2020\/wp-content\/uploads\/2021\/06\/189321466_4039295176154046_3696499214335816750_n.jpg \"<a href=\"https:\/\/obispadosanfelipe.cl\/2020\/wp-content\/uploads\/2021\/06\/189321466_4039295176154046_3696499214335816750_n.jpg\" class=\"post-thumbnail-rollover layzr-bg\" title=\"189321466_4039295176154046_3696499214335816750_n\"  aria-label=\"Post image\"><img loading=\"lazy\" src=\"data:image\/svg+xml,%3Csvg%20xmlns%3D&#39;http%3A%2F%2Fwww.w3.org%2F2000%2Fsvg&#39;%20viewBox%3D&#39;0%200%20720%20404&#39;%2F%3E\" data-src=\"https:\/\/obispadosanfelipe.cl\/2020\/wp-content\/uploads\/2021\/06\/189321466_4039295176154046_3696499214335816750_n.jpg\" data-srcset=\"https:\/\/obispadosanfelipe.cl\/2020\/wp-content\/uploads\/2021\/06\/189321466_4039295176154046_3696499214335816750_n.jpg 720w\" class=\"preload-me photo-thumb-lazy-load\" width=\"720\" height=\"404\"  alt=\"\" title=\"189321466_4039295176154046_3696499214335816750_n\" \/><\/a><\/a><\/figure><figure data-width=\"1280\" data-height=\"960\"><a href=\" https:\/\/obispadosanfelipe.cl\/2020\/wp-content\/uploads\/2021\/06\/WhatsApp-Image-2021-05-31-at-19.49.43.jpeg \"<a href=\"https:\/\/obispadosanfelipe.cl\/2020\/wp-content\/uploads\/2021\/06\/WhatsApp-Image-2021-05-31-at-19.49.43.jpeg\" class=\"post-thumbnail-rollover layzr-bg\"   aria-label=\"Post image\"><img loading=\"lazy\" src=\"data:image\/svg+xml,%3Csvg%20xmlns%3D&#39;http%3A%2F%2Fwww.w3.org%2F2000%2Fsvg&#39;%20viewBox%3D&#39;0%200%201280%20960&#39;%2F%3E\" data-src=\"https:\/\/obispadosanfelipe.cl\/2020\/wp-content\/uploads\/2021\/06\/WhatsApp-Image-2021-05-31-at-19.49.43.jpeg\" data-srcset=\"https:\/\/obispadosanfelipe.cl\/2020\/wp-content\/uploads\/2021\/06\/WhatsApp-Image-2021-05-31-at-19.49.43.jpeg 1280w\" class=\"preload-me photo-thumb-lazy-load\" width=\"1280\" height=\"960\"  alt=\"\"  \/><\/a><\/a><\/figure><figure data-width=\"1080\" data-height=\"1080\"><a href=\" https:\/\/obispadosanfelipe.cl\/2020\/wp-content\/uploads\/2021\/05\/WhatsApp-Image-2021-05-31-at-10.37.09.jpeg \"<a href=\"https:\/\/obispadosanfelipe.cl\/2020\/wp-content\/uploads\/2021\/05\/WhatsApp-Image-2021-05-31-at-10.37.09.jpeg\" class=\"post-thumbnail-rollover layzr-bg\" title=\"WhatsApp Image 2021-05-31 at 10.37.09\"  aria-label=\"Post image\"><img loading=\"lazy\" src=\"data:image\/svg+xml,%3Csvg%20xmlns%3D&#39;http%3A%2F%2Fwww.w3.org%2F2000%2Fsvg&#39;%20viewBox%3D&#39;0%200%201080%201080&#39;%2F%3E\" data-src=\"https:\/\/obispadosanfelipe.cl\/2020\/wp-content\/uploads\/2021\/05\/WhatsApp-Image-2021-05-31-at-10.37.09.jpeg\" data-srcset=\"https:\/\/obispadosanfelipe.cl\/2020\/wp-content\/uploads\/2021\/05\/WhatsApp-Image-2021-05-31-at-10.37.09.jpeg 1080w\" class=\"preload-me photo-thumb-lazy-load\" width=\"1080\" height=\"1080\"  alt=\"\" title=\"WhatsApp Image 2021-05-31 at 10.37.09\" \/><\/a><\/a><\/figure><figure data-width=\"1280\" data-height=\"363\"><a href=\" https:\/\/obispadosanfelipe.cl\/2020\/wp-content\/uploads\/2021\/05\/WhatsApp-Image-2021-05-29-at-12.55.13-1.jpeg \"<a href=\"https:\/\/obispadosanfelipe.cl\/2020\/wp-content\/uploads\/2021\/05\/WhatsApp-Image-2021-05-29-at-12.55.13-1.jpeg\" class=\"post-thumbnail-rollover layzr-bg\" title=\"Asamblea Eclesial Latinoamericana\"  aria-label=\"Post image\"><img loading=\"lazy\" src=\"data:image\/svg+xml,%3Csvg%20xmlns%3D&#39;http%3A%2F%2Fwww.w3.org%2F2000%2Fsvg&#39;%20viewBox%3D&#39;0%200%201280%20363&#39;%2F%3E\" data-src=\"https:\/\/obispadosanfelipe.cl\/2020\/wp-content\/uploads\/2021\/05\/WhatsApp-Image-2021-05-29-at-12.55.13-1.jpeg\" data-srcset=\"https:\/\/obispadosanfelipe.cl\/2020\/wp-content\/uploads\/2021\/05\/WhatsApp-Image-2021-05-29-at-12.55.13-1.jpeg 1280w\" class=\"preload-me photo-thumb-lazy-load\" width=\"1280\" height=\"363\"  alt=\"\" title=\"Asamblea Eclesial Latinoamericana\" \/><\/a><\/a><\/figure><figure data-width=\"1280\" data-height=\"960\"><a href=\" https:\/\/obispadosanfelipe.cl\/2020\/wp-content\/uploads\/2021\/05\/WhatsApp-Image-2021-05-24-at-19.55.13.jpeg \"<a href=\"https:\/\/obispadosanfelipe.cl\/2020\/wp-content\/uploads\/2021\/05\/WhatsApp-Image-2021-05-24-at-19.55.13.jpeg\" class=\"post-thumbnail-rollover layzr-bg\" title=\"WhatsApp Image 2021-05-24 at 19.55.13\"  aria-label=\"Post image\"><img loading=\"lazy\" src=\"data:image\/svg+xml,%3Csvg%20xmlns%3D&#39;http%3A%2F%2Fwww.w3.org%2F2000%2Fsvg&#39;%20viewBox%3D&#39;0%200%201280%20960&#39;%2F%3E\" data-src=\"https:\/\/obispadosanfelipe.cl\/2020\/wp-content\/uploads\/2021\/05\/WhatsApp-Image-2021-05-24-at-19.55.13.jpeg\" data-srcset=\"https:\/\/obispadosanfelipe.cl\/2020\/wp-content\/uploads\/2021\/05\/WhatsApp-Image-2021-05-24-at-19.55.13.jpeg 1280w\" class=\"preload-me photo-thumb-lazy-load\" width=\"1280\" height=\"960\"  alt=\"\" title=\"WhatsApp Image 2021-05-24 at 19.55.13\" \/><\/a><\/a><\/figure><figure data-width=\"1280\" data-height=\"960\"><a href=\" https:\/\/obispadosanfelipe.cl\/2020\/wp-content\/uploads\/2021\/05\/WhatsApp-Image-2021-05-24-at-11.31.24-3.jpeg \"<a href=\"https:\/\/obispadosanfelipe.cl\/2020\/wp-content\/uploads\/2021\/05\/WhatsApp-Image-2021-05-24-at-11.31.24-3.jpeg\" class=\"post-thumbnail-rollover layzr-bg\" title=\"WhatsApp Image 2021-05-24 at 11.31.24\"  aria-label=\"Post image\"><img loading=\"lazy\" src=\"data:image\/svg+xml,%3Csvg%20xmlns%3D&#39;http%3A%2F%2Fwww.w3.org%2F2000%2Fsvg&#39;%20viewBox%3D&#39;0%200%201280%20960&#39;%2F%3E\" data-src=\"https:\/\/obispadosanfelipe.cl\/2020\/wp-content\/uploads\/2021\/05\/WhatsApp-Image-2021-05-24-at-11.31.24-3.jpeg\" data-srcset=\"https:\/\/obispadosanfelipe.cl\/2020\/wp-content\/uploads\/2021\/05\/WhatsApp-Image-2021-05-24-at-11.31.24-3.jpeg 1280w\" class=\"preload-me photo-thumb-lazy-load\" width=\"1280\" height=\"960\"  alt=\"\" title=\"WhatsApp Image 2021-05-24 at 11.31.24\" \/><\/a><\/a><\/figure><figure data-width=\"1280\" data-height=\"960\"><a href=\" https:\/\/obispadosanfelipe.cl\/2020\/wp-content\/uploads\/2021\/05\/WhatsApp-Image-2021-05-24-at-11.31.24-2.jpeg \"<a href=\"https:\/\/obispadosanfelipe.cl\/2020\/wp-content\/uploads\/2021\/05\/WhatsApp-Image-2021-05-24-at-11.31.24-2.jpeg\" class=\"post-thumbnail-rollover layzr-bg\"   aria-label=\"Post image\"><img loading=\"lazy\" src=\"data:image\/svg+xml,%3Csvg%20xmlns%3D&#39;http%3A%2F%2Fwww.w3.org%2F2000%2Fsvg&#39;%20viewBox%3D&#39;0%200%201280%20960&#39;%2F%3E\" data-src=\"https:\/\/obispadosanfelipe.cl\/2020\/wp-content\/uploads\/2021\/05\/WhatsApp-Image-2021-05-24-at-11.31.24-2.jpeg\" data-srcset=\"https:\/\/obispadosanfelipe.cl\/2020\/wp-content\/uploads\/2021\/05\/WhatsApp-Image-2021-05-24-at-11.31.24-2.jpeg 1280w\" class=\"preload-me photo-thumb-lazy-load\" width=\"1280\" height=\"960\"  alt=\"\"  \/><\/a><\/a><\/figure><figure data-width=\"1280\" data-height=\"1024\"><a href=\" https:\/\/obispadosanfelipe.cl\/2020\/wp-content\/uploads\/2021\/05\/WhatsApp-Image-2021-05-21-at-18.41.17.jpeg \"<a href=\"https:\/\/obispadosanfelipe.cl\/2020\/wp-content\/uploads\/2021\/05\/WhatsApp-Image-2021-05-21-at-18.41.17.jpeg\" class=\"post-thumbnail-rollover layzr-bg\" title=\"WhatsApp Image 2021-05-21 at 18.41.17\"  aria-label=\"Post image\"><img loading=\"lazy\" src=\"data:image\/svg+xml,%3Csvg%20xmlns%3D&#39;http%3A%2F%2Fwww.w3.org%2F2000%2Fsvg&#39;%20viewBox%3D&#39;0%200%201280%201024&#39;%2F%3E\" data-src=\"https:\/\/obispadosanfelipe.cl\/2020\/wp-content\/uploads\/2021\/05\/WhatsApp-Image-2021-05-21-at-18.41.17.jpeg\" data-srcset=\"https:\/\/obispadosanfelipe.cl\/2020\/wp-content\/uploads\/2021\/05\/WhatsApp-Image-2021-05-21-at-18.41.17.jpeg 1280w\" class=\"preload-me photo-thumb-lazy-load\" width=\"1280\" height=\"1024\"  alt=\"\" title=\"WhatsApp Image 2021-05-21 at 18.41.17\" \/><\/a><\/a><\/figure><figure data-width=\"958\" data-height=\"1280\"><a href=\" https:\/\/obispadosanfelipe.cl\/2020\/wp-content\/uploads\/2021\/05\/WhatsApp-Image-2021-05-20-at-20.13.56-5.jpeg \"<a href=\"https:\/\/obispadosanfelipe.cl\/2020\/wp-content\/uploads\/2021\/05\/WhatsApp-Image-2021-05-20-at-20.13.56-5.jpeg\" class=\"post-thumbnail-rollover layzr-bg\" title=\"WhatsApp Image 2021-05-20 at 20.13.56 (5)\"  aria-label=\"Post image\"><img loading=\"lazy\" src=\"data:image\/svg+xml,%3Csvg%20xmlns%3D&#39;http%3A%2F%2Fwww.w3.org%2F2000%2Fsvg&#39;%20viewBox%3D&#39;0%200%20958%201280&#39;%2F%3E\" data-src=\"https:\/\/obispadosanfelipe.cl\/2020\/wp-content\/uploads\/2021\/05\/WhatsApp-Image-2021-05-20-at-20.13.56-5.jpeg\" data-srcset=\"https:\/\/obispadosanfelipe.cl\/2020\/wp-content\/uploads\/2021\/05\/WhatsApp-Image-2021-05-20-at-20.13.56-5.jpeg 958w\" class=\"preload-me photo-thumb-lazy-load\" width=\"958\" height=\"1280\"  alt=\"\" title=\"WhatsApp Image 2021-05-20 at 20.13.56 (5)\" \/><\/a><\/a><\/figure><figure data-width=\"1280\" data-height=\"1024\"><a href=\" https:\/\/obispadosanfelipe.cl\/2020\/wp-content\/uploads\/2021\/05\/WhatsApp-Image-2021-05-19-at-20.30.59-1.jpeg \"<a href=\"https:\/\/obispadosanfelipe.cl\/2020\/wp-content\/uploads\/2021\/05\/WhatsApp-Image-2021-05-19-at-20.30.59-1.jpeg\" class=\"post-thumbnail-rollover layzr-bg\" title=\"WhatsApp Image 2021-05-19 at 20.30.59 (1)\"  aria-label=\"Post image\"><img loading=\"lazy\" src=\"data:image\/svg+xml,%3Csvg%20xmlns%3D&#39;http%3A%2F%2Fwww.w3.org%2F2000%2Fsvg&#39;%20viewBox%3D&#39;0%200%201280%201024&#39;%2F%3E\" data-src=\"https:\/\/obispadosanfelipe.cl\/2020\/wp-content\/uploads\/2021\/05\/WhatsApp-Image-2021-05-19-at-20.30.59-1.jpeg\" data-srcset=\"https:\/\/obispadosanfelipe.cl\/2020\/wp-content\/uploads\/2021\/05\/WhatsApp-Image-2021-05-19-at-20.30.59-1.jpeg 1280w\" class=\"preload-me photo-thumb-lazy-load\" width=\"1280\" height=\"1024\"  alt=\"\" title=\"WhatsApp Image 2021-05-19 at 20.30.59 (1)\" \/><\/a><\/a><\/figure><figure data-width=\"1280\" data-height=\"1024\"><a href=\" https:\/\/obispadosanfelipe.cl\/2020\/wp-content\/uploads\/2021\/05\/WhatsApp-Image-2021-05-16-at-16.31.23.jpeg \"<a href=\"https:\/\/obispadosanfelipe.cl\/2020\/wp-content\/uploads\/2021\/05\/WhatsApp-Image-2021-05-16-at-16.31.23.jpeg\" class=\"post-thumbnail-rollover layzr-bg\" title=\"WhatsApp Image 2021-05-16 at 16.31.23\"  aria-label=\"Post image\"><img loading=\"lazy\" src=\"data:image\/svg+xml,%3Csvg%20xmlns%3D&#39;http%3A%2F%2Fwww.w3.org%2F2000%2Fsvg&#39;%20viewBox%3D&#39;0%200%201280%201024&#39;%2F%3E\" data-src=\"https:\/\/obispadosanfelipe.cl\/2020\/wp-content\/uploads\/2021\/05\/WhatsApp-Image-2021-05-16-at-16.31.23.jpeg\" data-srcset=\"https:\/\/obispadosanfelipe.cl\/2020\/wp-content\/uploads\/2021\/05\/WhatsApp-Image-2021-05-16-at-16.31.23.jpeg 1280w\" class=\"preload-me photo-thumb-lazy-load\" width=\"1280\" height=\"1024\"  alt=\"\" title=\"WhatsApp Image 2021-05-16 at 16.31.23\" \/><\/a><\/a><\/figure><figure data-width=\"1080\" data-height=\"1080\"><a href=\" https:\/\/obispadosanfelipe.cl\/2020\/wp-content\/uploads\/2021\/05\/image.jpeg \"<a href=\"https:\/\/obispadosanfelipe.cl\/2020\/wp-content\/uploads\/2021\/05\/image.jpeg\" class=\"post-thumbnail-rollover layzr-bg\" title=\"Abriga a tu hermano\"  aria-label=\"Post image\"><img loading=\"lazy\" src=\"data:image\/svg+xml,%3Csvg%20xmlns%3D&#39;http%3A%2F%2Fwww.w3.org%2F2000%2Fsvg&#39;%20viewBox%3D&#39;0%200%201080%201080&#39;%2F%3E\" data-src=\"https:\/\/obispadosanfelipe.cl\/2020\/wp-content\/uploads\/2021\/05\/image.jpeg\" data-srcset=\"https:\/\/obispadosanfelipe.cl\/2020\/wp-content\/uploads\/2021\/05\/image.jpeg 1080w\" class=\"preload-me photo-thumb-lazy-load\" width=\"1080\" height=\"1080\"  alt=\"\" title=\"Abriga a tu hermano\" \/><\/a><\/a><\/figure><figure data-width=\"1280\" data-height=\"1024\"><a href=\" https:\/\/obispadosanfelipe.cl\/2020\/wp-content\/uploads\/2021\/05\/WhatsApp-Image-2021-05-17-at-11.06.43.jpeg \"<a href=\"https:\/\/obispadosanfelipe.cl\/2020\/wp-content\/uploads\/2021\/05\/WhatsApp-Image-2021-05-17-at-11.06.43.jpeg\" class=\"post-thumbnail-rollover layzr-bg\" title=\"WhatsApp Image 2021-05-17 at 11.06.43\"  aria-label=\"Post image\"><img loading=\"lazy\" src=\"data:image\/svg+xml,%3Csvg%20xmlns%3D&#39;http%3A%2F%2Fwww.w3.org%2F2000%2Fsvg&#39;%20viewBox%3D&#39;0%200%201280%201024&#39;%2F%3E\" data-src=\"https:\/\/obispadosanfelipe.cl\/2020\/wp-content\/uploads\/2021\/05\/WhatsApp-Image-2021-05-17-at-11.06.43.jpeg\" data-srcset=\"https:\/\/obispadosanfelipe.cl\/2020\/wp-content\/uploads\/2021\/05\/WhatsApp-Image-2021-05-17-at-11.06.43.jpeg 1280w\" class=\"preload-me photo-thumb-lazy-load\" width=\"1280\" height=\"1024\"  alt=\"\" title=\"WhatsApp Image 2021-05-17 at 11.06.43\" \/><\/a><\/a><\/figure><figure data-width=\"1080\" data-height=\"1080\"><a href=\" https:\/\/obispadosanfelipe.cl\/2020\/wp-content\/uploads\/2021\/05\/WhatsApp-Image-2021-05-17-at-15.53.26.jpeg \"<a href=\"https:\/\/obispadosanfelipe.cl\/2020\/wp-content\/uploads\/2021\/05\/WhatsApp-Image-2021-05-17-at-15.53.26.jpeg\" class=\"post-thumbnail-rollover layzr-bg\" title=\"WhatsApp Image 2021-05-17 at 15.53.26\"  aria-label=\"Post image\"><img loading=\"lazy\" src=\"data:image\/svg+xml,%3Csvg%20xmlns%3D&#39;http%3A%2F%2Fwww.w3.org%2F2000%2Fsvg&#39;%20viewBox%3D&#39;0%200%201080%201080&#39;%2F%3E\" data-src=\"https:\/\/obispadosanfelipe.cl\/2020\/wp-content\/uploads\/2021\/05\/WhatsApp-Image-2021-05-17-at-15.53.26.jpeg\" data-srcset=\"https:\/\/obispadosanfelipe.cl\/2020\/wp-content\/uploads\/2021\/05\/WhatsApp-Image-2021-05-17-at-15.53.26.jpeg 1080w\" class=\"preload-me photo-thumb-lazy-load\" width=\"1080\" height=\"1080\"  alt=\"\" title=\"WhatsApp Image 2021-05-17 at 15.53.26\" \/><\/a><\/a><\/figure><figure data-width=\"1080\" data-height=\"1080\"><a href=\" https:\/\/obispadosanfelipe.cl\/2020\/wp-content\/uploads\/2021\/05\/WhatsApp-Image-2021-05-17-at-15.53.27-1.jpeg \"<a href=\"https:\/\/obispadosanfelipe.cl\/2020\/wp-content\/uploads\/2021\/05\/WhatsApp-Image-2021-05-17-at-15.53.27-1.jpeg\" class=\"post-thumbnail-rollover layzr-bg\"   aria-label=\"Post image\"><img loading=\"lazy\" src=\"data:image\/svg+xml,%3Csvg%20xmlns%3D&#39;http%3A%2F%2Fwww.w3.org%2F2000%2Fsvg&#39;%20viewBox%3D&#39;0%200%201080%201080&#39;%2F%3E\" data-src=\"https:\/\/obispadosanfelipe.cl\/2020\/wp-content\/uploads\/2021\/05\/WhatsApp-Image-2021-05-17-at-15.53.27-1.jpeg\" data-srcset=\"https:\/\/obispadosanfelipe.cl\/2020\/wp-content\/uploads\/2021\/05\/WhatsApp-Image-2021-05-17-at-15.53.27-1.jpeg 1080w\" class=\"preload-me photo-thumb-lazy-load\" width=\"1080\" height=\"1080\"  alt=\"\"  \/><\/a><\/a><\/figure><figure data-width=\"1040\" data-height=\"780\"><a href=\" https:\/\/obispadosanfelipe.cl\/2020\/wp-content\/uploads\/2021\/05\/WhatsApp-Image-2021-05-13-at-21.27.00.jpeg \"<a href=\"https:\/\/obispadosanfelipe.cl\/2020\/wp-content\/uploads\/2021\/05\/WhatsApp-Image-2021-05-13-at-21.27.00.jpeg\" class=\"post-thumbnail-rollover layzr-bg\" title=\"WhatsApp Image 2021-05-13 at 21.27.00\"  aria-label=\"Post image\"><img loading=\"lazy\" src=\"data:image\/svg+xml,%3Csvg%20xmlns%3D&#39;http%3A%2F%2Fwww.w3.org%2F2000%2Fsvg&#39;%20viewBox%3D&#39;0%200%201040%20780&#39;%2F%3E\" data-src=\"https:\/\/obispadosanfelipe.cl\/2020\/wp-content\/uploads\/2021\/05\/WhatsApp-Image-2021-05-13-at-21.27.00.jpeg\" data-srcset=\"https:\/\/obispadosanfelipe.cl\/2020\/wp-content\/uploads\/2021\/05\/WhatsApp-Image-2021-05-13-at-21.27.00.jpeg 1040w\" class=\"preload-me photo-thumb-lazy-load\" width=\"1040\" height=\"780\"  alt=\"\" title=\"WhatsApp Image 2021-05-13 at 21.27.00\" \/><\/a><\/a><\/figure><figure data-width=\"1024\" data-height=\"768\"><a href=\" https:\/\/obispadosanfelipe.cl\/2020\/wp-content\/uploads\/2021\/05\/WhatsApp-Image-2021-05-12-at-18.17.03-1.jpeg \"<a href=\"https:\/\/obispadosanfelipe.cl\/2020\/wp-content\/uploads\/2021\/05\/WhatsApp-Image-2021-05-12-at-18.17.03-1.jpeg\" class=\"post-thumbnail-rollover layzr-bg\"   aria-label=\"Post image\"><img loading=\"lazy\" src=\"data:image\/svg+xml,%3Csvg%20xmlns%3D&#39;http%3A%2F%2Fwww.w3.org%2F2000%2Fsvg&#39;%20viewBox%3D&#39;0%200%201024%20768&#39;%2F%3E\" data-src=\"https:\/\/obispadosanfelipe.cl\/2020\/wp-content\/uploads\/2021\/05\/WhatsApp-Image-2021-05-12-at-18.17.03-1.jpeg\" data-srcset=\"https:\/\/obispadosanfelipe.cl\/2020\/wp-content\/uploads\/2021\/05\/WhatsApp-Image-2021-05-12-at-18.17.03-1.jpeg 1024w\" class=\"preload-me photo-thumb-lazy-load\" width=\"1024\" height=\"768\"  alt=\"\"  \/><\/a><\/a><\/figure><figure data-width=\"900\" data-height=\"600\"><a href=\" https:\/\/obispadosanfelipe.cl\/2020\/wp-content\/uploads\/2021\/05\/AXXG52R6C5CPZHZZZ3JDDWQMIM.jpg \"<a href=\"https:\/\/obispadosanfelipe.cl\/2020\/wp-content\/uploads\/2021\/05\/AXXG52R6C5CPZHZZZ3JDDWQMIM.jpg\" class=\"post-thumbnail-rollover layzr-bg\" title=\"Hna Nelly\"  aria-label=\"Post image\"><img loading=\"lazy\" src=\"data:image\/svg+xml,%3Csvg%20xmlns%3D&#39;http%3A%2F%2Fwww.w3.org%2F2000%2Fsvg&#39;%20viewBox%3D&#39;0%200%20900%20600&#39;%2F%3E\" data-src=\"https:\/\/obispadosanfelipe.cl\/2020\/wp-content\/uploads\/2021\/05\/AXXG52R6C5CPZHZZZ3JDDWQMIM.jpg\" data-srcset=\"https:\/\/obispadosanfelipe.cl\/2020\/wp-content\/uploads\/2021\/05\/AXXG52R6C5CPZHZZZ3JDDWQMIM.jpg 900w\" class=\"preload-me photo-thumb-lazy-load\" width=\"900\" height=\"600\"  alt=\"\" title=\"Hna Nelly\" \/><\/a><\/a><\/figure><figure data-width=\"960\" data-height=\"1280\"><a href=\" https:\/\/obispadosanfelipe.cl\/2020\/wp-content\/uploads\/2021\/05\/WhatsApp-Image-2021-05-10-at-17.36.14.jpeg \"<a href=\"https:\/\/obispadosanfelipe.cl\/2020\/wp-content\/uploads\/2021\/05\/WhatsApp-Image-2021-05-10-at-17.36.14.jpeg\" class=\"post-thumbnail-rollover layzr-bg\"   aria-label=\"Post image\"><img loading=\"lazy\" src=\"data:image\/svg+xml,%3Csvg%20xmlns%3D&#39;http%3A%2F%2Fwww.w3.org%2F2000%2Fsvg&#39;%20viewBox%3D&#39;0%200%20960%201280&#39;%2F%3E\" data-src=\"https:\/\/obispadosanfelipe.cl\/2020\/wp-content\/uploads\/2021\/05\/WhatsApp-Image-2021-05-10-at-17.36.14.jpeg\" data-srcset=\"https:\/\/obispadosanfelipe.cl\/2020\/wp-content\/uploads\/2021\/05\/WhatsApp-Image-2021-05-10-at-17.36.14.jpeg 960w\" class=\"preload-me photo-thumb-lazy-load\" width=\"960\" height=\"1280\"  alt=\"\"  \/><\/a><\/a><\/figure><figure data-width=\"1040\" data-height=\"780\"><a href=\" https:\/\/obispadosanfelipe.cl\/2020\/wp-content\/uploads\/2021\/05\/WhatsApp-Image-2021-05-08-at-16.21.30.jpeg \"<a href=\"https:\/\/obispadosanfelipe.cl\/2020\/wp-content\/uploads\/2021\/05\/WhatsApp-Image-2021-05-08-at-16.21.30.jpeg\" class=\"post-thumbnail-rollover layzr-bg\" title=\"WhatsApp Image 2021-05-08 at 16.21.30\"  aria-label=\"Post image\"><img loading=\"lazy\" src=\"data:image\/svg+xml,%3Csvg%20xmlns%3D&#39;http%3A%2F%2Fwww.w3.org%2F2000%2Fsvg&#39;%20viewBox%3D&#39;0%200%201040%20780&#39;%2F%3E\" data-src=\"https:\/\/obispadosanfelipe.cl\/2020\/wp-content\/uploads\/2021\/05\/WhatsApp-Image-2021-05-08-at-16.21.30.jpeg\" data-srcset=\"https:\/\/obispadosanfelipe.cl\/2020\/wp-content\/uploads\/2021\/05\/WhatsApp-Image-2021-05-08-at-16.21.30.jpeg 1040w\" class=\"preload-me photo-thumb-lazy-load\" width=\"1040\" height=\"780\"  alt=\"\" title=\"WhatsApp Image 2021-05-08 at 16.21.30\" \/><\/a><\/a><\/figure><figure data-width=\"1040\" data-height=\"780\"><a href=\" https:\/\/obispadosanfelipe.cl\/2020\/wp-content\/uploads\/2021\/05\/WhatsApp-Image-2021-05-09-at-23.14.13.jpeg \"<a href=\"https:\/\/obispadosanfelipe.cl\/2020\/wp-content\/uploads\/2021\/05\/WhatsApp-Image-2021-05-09-at-23.14.13.jpeg\" class=\"post-thumbnail-rollover layzr-bg\" title=\"WhatsApp Image 2021-05-09 at 23.14.13\"  aria-label=\"Post image\"><img loading=\"lazy\" src=\"data:image\/svg+xml,%3Csvg%20xmlns%3D&#39;http%3A%2F%2Fwww.w3.org%2F2000%2Fsvg&#39;%20viewBox%3D&#39;0%200%201040%20780&#39;%2F%3E\" data-src=\"https:\/\/obispadosanfelipe.cl\/2020\/wp-content\/uploads\/2021\/05\/WhatsApp-Image-2021-05-09-at-23.14.13.jpeg\" data-srcset=\"https:\/\/obispadosanfelipe.cl\/2020\/wp-content\/uploads\/2021\/05\/WhatsApp-Image-2021-05-09-at-23.14.13.jpeg 1040w\" class=\"preload-me photo-thumb-lazy-load\" width=\"1040\" height=\"780\"  alt=\"\" title=\"WhatsApp Image 2021-05-09 at 23.14.13\" \/><\/a><\/a><\/figure><figure data-width=\"1280\" data-height=\"960\"><a href=\" https:\/\/obispadosanfelipe.cl\/2020\/wp-content\/uploads\/2021\/05\/WhatsApp-Image-2021-05-09-at-23.15.53-1.jpeg \"<a href=\"https:\/\/obispadosanfelipe.cl\/2020\/wp-content\/uploads\/2021\/05\/WhatsApp-Image-2021-05-09-at-23.15.53-1.jpeg\" class=\"post-thumbnail-rollover layzr-bg\" title=\"WhatsApp Image 2021-05-09 at 23.15.53 (1)\"  aria-label=\"Post image\"><img loading=\"lazy\" src=\"data:image\/svg+xml,%3Csvg%20xmlns%3D&#39;http%3A%2F%2Fwww.w3.org%2F2000%2Fsvg&#39;%20viewBox%3D&#39;0%200%201280%20960&#39;%2F%3E\" data-src=\"https:\/\/obispadosanfelipe.cl\/2020\/wp-content\/uploads\/2021\/05\/WhatsApp-Image-2021-05-09-at-23.15.53-1.jpeg\" data-srcset=\"https:\/\/obispadosanfelipe.cl\/2020\/wp-content\/uploads\/2021\/05\/WhatsApp-Image-2021-05-09-at-23.15.53-1.jpeg 1280w\" class=\"preload-me photo-thumb-lazy-load\" width=\"1280\" height=\"960\"  alt=\"\" title=\"WhatsApp Image 2021-05-09 at 23.15.53 (1)\" \/><\/a><\/a><\/figure><figure data-width=\"560\" data-height=\"560\"><a href=\" https:\/\/obispadosanfelipe.cl\/2020\/wp-content\/uploads\/2021\/05\/180858544_3953770281373203_2215727806976551618_n.jpg \"<a href=\"https:\/\/obispadosanfelipe.cl\/2020\/wp-content\/uploads\/2021\/05\/180858544_3953770281373203_2215727806976551618_n.jpg\" class=\"post-thumbnail-rollover layzr-bg\"   aria-label=\"Post image\"><img loading=\"lazy\" src=\"data:image\/svg+xml,%3Csvg%20xmlns%3D&#39;http%3A%2F%2Fwww.w3.org%2F2000%2Fsvg&#39;%20viewBox%3D&#39;0%200%20560%20560&#39;%2F%3E\" data-src=\"https:\/\/obispadosanfelipe.cl\/2020\/wp-content\/uploads\/2021\/05\/180858544_3953770281373203_2215727806976551618_n.jpg\" data-srcset=\"https:\/\/obispadosanfelipe.cl\/2020\/wp-content\/uploads\/2021\/05\/180858544_3953770281373203_2215727806976551618_n.jpg 560w\" class=\"preload-me photo-thumb-lazy-load\" width=\"560\" height=\"560\"  alt=\"\"  \/><\/a><\/a><\/figure><figure data-width=\"1280\" data-height=\"958\"><a href=\" https:\/\/obispadosanfelipe.cl\/2020\/wp-content\/uploads\/2021\/05\/WhatsApp-Image-2021-05-04-at-13.55.24.jpeg \"<a href=\"https:\/\/obispadosanfelipe.cl\/2020\/wp-content\/uploads\/2021\/05\/WhatsApp-Image-2021-05-04-at-13.55.24.jpeg\" class=\"post-thumbnail-rollover layzr-bg\" title=\"WhatsApp Image 2021-05-04 at 13.55.24\"  aria-label=\"Post image\"><img loading=\"lazy\" src=\"data:image\/svg+xml,%3Csvg%20xmlns%3D&#39;http%3A%2F%2Fwww.w3.org%2F2000%2Fsvg&#39;%20viewBox%3D&#39;0%200%201280%20958&#39;%2F%3E\" data-src=\"https:\/\/obispadosanfelipe.cl\/2020\/wp-content\/uploads\/2021\/05\/WhatsApp-Image-2021-05-04-at-13.55.24.jpeg\" data-srcset=\"https:\/\/obispadosanfelipe.cl\/2020\/wp-content\/uploads\/2021\/05\/WhatsApp-Image-2021-05-04-at-13.55.24.jpeg 1280w\" class=\"preload-me photo-thumb-lazy-load\" width=\"1280\" height=\"958\"  alt=\"\" title=\"WhatsApp Image 2021-05-04 at 13.55.24\" \/><\/a><\/a><\/figure><figure data-width=\"1280\" data-height=\"958\"><a href=\" https:\/\/obispadosanfelipe.cl\/2020\/wp-content\/uploads\/2021\/05\/WhatsApp-Image-2021-05-04-at-13.55.20.jpeg \"<a href=\"https:\/\/obispadosanfelipe.cl\/2020\/wp-content\/uploads\/2021\/05\/WhatsApp-Image-2021-05-04-at-13.55.20.jpeg\" class=\"post-thumbnail-rollover layzr-bg\" title=\"WhatsApp Image 2021-05-04 at 13.55.20\"  aria-label=\"Post image\"><img loading=\"lazy\" src=\"data:image\/svg+xml,%3Csvg%20xmlns%3D&#39;http%3A%2F%2Fwww.w3.org%2F2000%2Fsvg&#39;%20viewBox%3D&#39;0%200%201280%20958&#39;%2F%3E\" data-src=\"https:\/\/obispadosanfelipe.cl\/2020\/wp-content\/uploads\/2021\/05\/WhatsApp-Image-2021-05-04-at-13.55.20.jpeg\" data-srcset=\"https:\/\/obispadosanfelipe.cl\/2020\/wp-content\/uploads\/2021\/05\/WhatsApp-Image-2021-05-04-at-13.55.20.jpeg 1280w\" class=\"preload-me photo-thumb-lazy-load\" width=\"1280\" height=\"958\"  alt=\"\" title=\"WhatsApp Image 2021-05-04 at 13.55.20\" \/><\/a><\/a><\/figure><figure data-width=\"1280\" data-height=\"958\"><a href=\" https:\/\/obispadosanfelipe.cl\/2020\/wp-content\/uploads\/2021\/05\/WhatsApp-Image-2021-05-01-at-21.16.09-1.jpeg \"<a href=\"https:\/\/obispadosanfelipe.cl\/2020\/wp-content\/uploads\/2021\/05\/WhatsApp-Image-2021-05-01-at-21.16.09-1.jpeg\" class=\"post-thumbnail-rollover layzr-bg\"   aria-label=\"Post image\"><img loading=\"lazy\" src=\"data:image\/svg+xml,%3Csvg%20xmlns%3D&#39;http%3A%2F%2Fwww.w3.org%2F2000%2Fsvg&#39;%20viewBox%3D&#39;0%200%201280%20958&#39;%2F%3E\" data-src=\"https:\/\/obispadosanfelipe.cl\/2020\/wp-content\/uploads\/2021\/05\/WhatsApp-Image-2021-05-01-at-21.16.09-1.jpeg\" data-srcset=\"https:\/\/obispadosanfelipe.cl\/2020\/wp-content\/uploads\/2021\/05\/WhatsApp-Image-2021-05-01-at-21.16.09-1.jpeg 1280w\" class=\"preload-me photo-thumb-lazy-load\" width=\"1280\" height=\"958\"  alt=\"\"  \/><\/a><\/a><\/figure>\t\t\t<\/div>\n\t\t\t<div class=\"btn-cntr\">\n\t\t\t\t<a href=\"#\" class=\"hide-thumb-btn\"><\/a>\n\t\t\t\t<a href=\"#\" class=\"auto-play-btn\"><\/a>\n\t\t\t\t<a href=\"#\" class=\"full-screen-btn\"><\/a>\n\t\t\t<\/div>\n\t\t<\/div>\n\t\t\t\t<\/div>\n\t\t\t\t<\/div>\n\t\t\t\t\t\t<\/div>\n\t\t\t\t\t<\/div>\n\t\t<\/div>\n\t\t\t\t\t\t\t\t<\/div>\n\t\t\t\t\t<\/div>\n\t\t<\/section>\n\t\t\t\t<section class=\"elementor-section elementor-top-section elementor-element elementor-element-efce7ca elementor-section-boxed elementor-section-height-default elementor-section-height-default\" data-id=\"efce7ca\" data-element_type=\"section\">\n\t\t\t\t\t\t<div class=\"elementor-container elementor-column-gap-default\">\n\t\t\t\t\t\t\t<div class=\"elementor-row\">\n\t\t\t\t\t<div class=\"elementor-column elementor-col-100 elementor-top-column elementor-element elementor-element-e9d4d2f\" data-id=\"e9d4d2f\" data-element_type=\"column\">\n\t\t\t<div class=\"elementor-column-wrap elementor-element-populated\">\n\t\t\t\t\t\t\t<div class=\"elementor-widget-wrap\">\n\t\t\t\t\t\t<div class=\"elementor-element elementor-element-c9243e1 elementor-widget elementor-widget-heading\" data-id=\"c9243e1\" data-element_type=\"widget\" data-widget_type=\"heading.default\">\n\t\t\t\t<div class=\"elementor-widget-container\">\n\t\t\t<h4 class=\"elementor-heading-title elementor-size-default\">S\u00edguenos en redes sociales y aporta tus im\u00e1genes de tus actividades<\/h4>\t\t<\/div>\n\t\t\t\t<\/div>\n\t\t\t\t\t\t<\/div>\n\t\t\t\t\t<\/div>\n\t\t<\/div>\n\t\t\t\t\t\t\t\t<\/div>\n\t\t\t\t\t<\/div>\n\t\t<\/section>\n\t\t\t\t<section class=\"elementor-section elementor-top-section elementor-element elementor-element-195e5e4 elementor-section-boxed elementor-section-height-default elementor-section-height-default\" data-id=\"195e5e4\" data-element_type=\"section\">\n\t\t\t\t\t\t<div class=\"elementor-container elementor-column-gap-default\">\n\t\t\t\t\t\t\t<div class=\"elementor-row\">\n\t\t\t\t\t<div class=\"elementor-column elementor-col-33 elementor-top-column elementor-element elementor-element-1cccc29\" data-id=\"1cccc29\" data-element_type=\"column\">\n\t\t\t<div class=\"elementor-column-wrap elementor-element-populated\">\n\t\t\t\t\t\t\t<div class=\"elementor-widget-wrap\">\n\t\t\t\t\t\t<div class=\"elementor-element elementor-element-84caeb2 elementor-align-center elementor-tablet-align-left elementor-widget elementor-widget-button\" data-id=\"84caeb2\" data-element_type=\"widget\" data-widget_type=\"button.default\">\n\t\t\t\t<div class=\"elementor-widget-container\">\n\t\t\t\t\t<div class=\"elementor-button-wrapper\">\n\t\t\t<a href=\"#\" class=\"elementor-button-link elementor-button elementor-size-md\" role=\"button\">\n\t\t\t\t\t\t<span class=\"elementor-button-content-wrapper\">\n\t\t\t\t\t\t<span class=\"elementor-button-icon elementor-align-icon-left\">\n\t\t\t\t<i aria-hidden=\"true\" class=\"far fa-calendar-check\"><\/i>\t\t\t<\/span>\n\t\t\t\t\t\t<span class=\"elementor-button-text\">CALENDARIO LIT\u00daRGICO<\/span>\n\t\t<\/span>\n\t\t\t\t\t<\/a>\n\t\t<\/div>\n\t\t\t\t<\/div>\n\t\t\t\t<\/div>\n\t\t\t\t<div class=\"elementor-element elementor-element-28e76ef elementor-widget elementor-widget-wp-widget-cathlit-widget\" data-id=\"28e76ef\" data-element_type=\"widget\" data-widget_type=\"wp-widget-cathlit-widget.default\">\n\t\t\t\t<div class=\"elementor-widget-container\">\n\t\t\t<h5><\/h5>\r\n    <div>\r\n        <div id=\"cathlitgadgetd\"><\/div>\r\n        <div id=\"cathlits\"><\/div>\r\n        \r\n        <script type=\"text\/javascript\">\r\n            function cathlit_getradius(){\r\n                return 200;\r\n            }\r\n            var ss = document.createElement(\"script\");\r\n                ss.type = \"text\/javascript\";\r\n                ss.src= \"https:\/\/obispadosanfelipe.cl\/2020\/wp-content\/plugins\/catholic-liturgical-calendar\/js\/popup.js\";\r\n            document.getElementsByTagName(\"head\")[0].appendChild(ss);\r\n        <\/script>\r\n    <\/div>\r\n      \t\t<\/div>\n\t\t\t\t<\/div>\n\t\t\t\t\t\t<\/div>\n\t\t\t\t\t<\/div>\n\t\t<\/div>\n\t\t\t\t<div class=\"elementor-column elementor-col-33 elementor-top-column elementor-element elementor-element-e5ec7d2\" data-id=\"e5ec7d2\" data-element_type=\"column\">\n\t\t\t<div class=\"elementor-column-wrap elementor-element-populated\">\n\t\t\t\t\t\t\t<div class=\"elementor-widget-wrap\">\n\t\t\t\t\t\t<div class=\"elementor-element elementor-element-dd68660 elementor-align-center elementor-tablet-align-left elementor-widget elementor-widget-button\" data-id=\"dd68660\" data-element_type=\"widget\" data-widget_type=\"button.default\">\n\t\t\t\t<div class=\"elementor-widget-container\">\n\t\t\t\t\t<div class=\"elementor-button-wrapper\">\n\t\t\t<a href=\"#\" class=\"elementor-button-link elementor-button elementor-size-md\" role=\"button\">\n\t\t\t\t\t\t<span class=\"elementor-button-content-wrapper\">\n\t\t\t\t\t\t<span class=\"elementor-button-icon elementor-align-icon-left\">\n\t\t\t\t<i aria-hidden=\"true\" class=\"fas fa-cross\"><\/i>\t\t\t<\/span>\n\t\t\t\t\t\t<span class=\"elementor-button-text\">EL EVANGELIO DE HOY<\/span>\n\t\t<\/span>\n\t\t\t\t\t<\/a>\n\t\t<\/div>\n\t\t\t\t<\/div>\n\t\t\t\t<\/div>\n\t\t\t\t<div class=\"elementor-element elementor-element-94362b1 elementor-widget elementor-widget-html\" data-id=\"94362b1\" data-element_type=\"widget\" data-widget_type=\"html.default\">\n\t\t\t\t<div class=\"elementor-widget-container\">\n\t\t\t<iframe loading=\"lazy\" src=\"https:\/\/widget.dominicos.org?c=1FA2D6\" width=\"500px\" height=\"400px\" frameborder=\"0\" scrolling=\"no\"><\/iframe>\t\t<\/div>\n\t\t\t\t<\/div>\n\t\t\t\t\t\t<\/div>\n\t\t\t\t\t<\/div>\n\t\t<\/div>\n\t\t\t\t<div class=\"elementor-column elementor-col-33 elementor-top-column elementor-element elementor-element-1467cad\" data-id=\"1467cad\" data-element_type=\"column\">\n\t\t\t<div class=\"elementor-column-wrap elementor-element-populated\">\n\t\t\t\t\t\t\t<div class=\"elementor-widget-wrap\">\n\t\t\t\t\t\t<div class=\"elementor-element elementor-element-55898e4 elementor-align-center elementor-tablet-align-left elementor-widget elementor-widget-button\" data-id=\"55898e4\" data-element_type=\"widget\" data-widget_type=\"button.default\">\n\t\t\t\t<div class=\"elementor-widget-container\">\n\t\t\t\t\t<div class=\"elementor-button-wrapper\">\n\t\t\t<a href=\"#\" class=\"elementor-button-link elementor-button elementor-size-md\" role=\"button\">\n\t\t\t\t\t\t<span class=\"elementor-button-content-wrapper\">\n\t\t\t\t\t\t<span class=\"elementor-button-icon elementor-align-icon-left\">\n\t\t\t\t<i aria-hidden=\"true\" class=\"fas fa-music\"><\/i>\t\t\t<\/span>\n\t\t\t\t\t\t<span class=\"elementor-button-text\">PARA HACER COMUNIDAD<Z<\/span>\n\t\t<\/span>\n\t\t\t\t\t<\/a>\n\t\t<\/div>\n\t\t\t\t<\/div>\n\t\t\t\t<\/div>\n\t\t\t\t<div class=\"elementor-element elementor-element-8573ea1 elementor-widget elementor-widget-image\" data-id=\"8573ea1\" data-element_type=\"widget\" data-widget_type=\"image.default\">\n\t\t\t\t<div class=\"elementor-widget-container\">\n\t\t\t\t\t\t\t\t<div class=\"elementor-image\">\n\t\t\t\t\t\t\t\t\t\t\t\t\t<a href=\"https:\/\/www.cantoralsscc.cl\/\" target=\"_blank\">\n\t\t\t\t\t\t\t<img width=\"928\" height=\"305\" src=\"https:\/\/obispadosanfelipe.cl\/2020\/wp-content\/uploads\/2020\/08\/cancionero.png\" class=\"attachment-large size-large\" alt=\"\" loading=\"lazy\" srcset=\"https:\/\/obispadosanfelipe.cl\/2020\/wp-content\/uploads\/2020\/08\/cancionero.png 928w, https:\/\/obispadosanfelipe.cl\/2020\/wp-content\/uploads\/2020\/08\/cancionero-300x99.png 300w, https:\/\/obispadosanfelipe.cl\/2020\/wp-content\/uploads\/2020\/08\/cancionero-768x252.png 768w\" sizes=\"(max-width: 928px) 100vw, 928px\" \/>\t\t\t\t\t\t\t\t<\/a>\n\t\t\t\t\t\t\t\t\t\t\t\t\t\t<\/div>\n\t\t\t\t\t\t<\/div>\n\t\t\t\t<\/div>\n\t\t\t\t<div class=\"elementor-element elementor-element-c547d7e elementor-widget elementor-widget-spacer\" data-id=\"c547d7e\" data-element_type=\"widget\" data-widget_type=\"spacer.default\">\n\t\t\t\t<div class=\"elementor-widget-container\">\n\t\t\t\t\t<div class=\"elementor-spacer\">\n\t\t\t<div class=\"elementor-spacer-inner\"><\/div>\n\t\t<\/div>\n\t\t\t\t<\/div>\n\t\t\t\t<\/div>\n\t\t\t\t<div class=\"elementor-element elementor-element-9aed0e1 elementor-widget elementor-widget-image\" data-id=\"9aed0e1\" data-element_type=\"widget\" data-widget_type=\"image.default\">\n\t\t\t\t<div class=\"elementor-widget-container\">\n\t\t\t\t\t\t\t\t<div class=\"elementor-image\">\n\t\t\t\t\t\t\t\t\t\t\t\t\t<a href=\"https:\/\/play.google.com\/store\/search?q=CATOLICA&#038;c=apps&#038;hl=es_CL\" target=\"_blank\">\n\t\t\t\t\t\t\t<img width=\"480\" height=\"271\" src=\"https:\/\/obispadosanfelipe.cl\/2020\/wp-content\/uploads\/2020\/08\/app.jpg\" class=\"attachment-large size-large\" alt=\"\" loading=\"lazy\" srcset=\"https:\/\/obispadosanfelipe.cl\/2020\/wp-content\/uploads\/2020\/08\/app.jpg 480w, https:\/\/obispadosanfelipe.cl\/2020\/wp-content\/uploads\/2020\/08\/app-300x169.jpg 300w\" sizes=\"(max-width: 480px) 100vw, 480px\" \/>\t\t\t\t\t\t\t\t<\/a>\n\t\t\t\t\t\t\t\t\t\t\t\t\t\t<\/div>\n\t\t\t\t\t\t<\/div>\n\t\t\t\t<\/div>\n\t\t\t\t\t\t<\/div>\n\t\t\t\t\t<\/div>\n\t\t<\/div>\n\t\t\t\t\t\t\t\t<\/div>\n\t\t\t\t\t<\/div>\n\t\t<\/section>\n\t\t\t\t<section class=\"elementor-section elementor-top-section elementor-element elementor-element-d0ef4c8 elementor-section-boxed elementor-section-height-default elementor-section-height-default\" data-id=\"d0ef4c8\" data-element_type=\"section\">\n\t\t\t\t\t\t<div class=\"elementor-container elementor-column-gap-default\">\n\t\t\t\t\t\t\t<div class=\"elementor-row\">\n\t\t\t\t\t<div class=\"elementor-column elementor-col-100 elementor-top-column elementor-element elementor-element-1057f17\" data-id=\"1057f17\" data-element_type=\"column\">\n\t\t\t<div class=\"elementor-column-wrap elementor-element-populated\">\n\t\t\t\t\t\t\t<div class=\"elementor-widget-wrap\">\n\t\t\t\t\t\t<div class=\"elementor-element elementor-element-7c3f898 elementor-widget-divider--view-line elementor-widget elementor-widget-divider\" data-id=\"7c3f898\" data-element_type=\"widget\" data-widget_type=\"divider.default\">\n\t\t\t\t<div class=\"elementor-widget-container\">\n\t\t\t\t\t<div class=\"elementor-divider\">\n\t\t\t<span class=\"elementor-divider-separator\">\n\t\t\t\t\t\t<\/span>\n\t\t<\/div>\n\t\t\t\t<\/div>\n\t\t\t\t<\/div>\n\t\t\t\t\t\t<\/div>\n\t\t\t\t\t<\/div>\n\t\t<\/div>\n\t\t\t\t\t\t\t\t<\/div>\n\t\t\t\t\t<\/div>\n\t\t<\/section>\n\t\t\t\t<section class=\"elementor-section elementor-top-section elementor-element elementor-element-411ce4c elementor-section-boxed elementor-section-height-default elementor-section-height-default\" data-id=\"411ce4c\" data-element_type=\"section\" data-settings=\"{&quot;background_background&quot;:&quot;gradient&quot;}\">\n\t\t\t\t\t\t<div class=\"elementor-container elementor-column-gap-no\">\n\t\t\t\t\t\t\t<div class=\"elementor-row\">\n\t\t\t\t\t<div class=\"elementor-column elementor-col-50 elementor-top-column elementor-element elementor-element-3eba265\" data-id=\"3eba265\" data-element_type=\"column\">\n\t\t\t<div class=\"elementor-column-wrap elementor-element-populated\">\n\t\t\t\t\t\t\t<div class=\"elementor-widget-wrap\">\n\t\t\t\t\t\t<div class=\"elementor-element elementor-element-d39d646 elementor-widget elementor-widget-heading\" data-id=\"d39d646\" data-element_type=\"widget\" data-widget_type=\"heading.default\">\n\t\t\t\t<div class=\"elementor-widget-container\">\n\t\t\t<h4 class=\"elementor-heading-title elementor-size-medium\">Santuario<\/h4>\t\t<\/div>\n\t\t\t\t<\/div>\n\t\t\t\t<div class=\"elementor-element elementor-element-4ebdcf1 elementor-widget elementor-widget-heading\" data-id=\"4ebdcf1\" data-element_type=\"widget\" data-widget_type=\"heading.default\">\n\t\t\t\t<div class=\"elementor-widget-container\">\n\t\t\t<h3 class=\"elementor-heading-title elementor-size-default\">Santa Teresa de Los Andes<\/h3>\t\t<\/div>\n\t\t\t\t<\/div>\n\t\t\t\t<div class=\"elementor-element elementor-element-bd1eda4 elementor-widget elementor-widget-text-editor\" data-id=\"bd1eda4\" data-element_type=\"widget\" data-widget_type=\"text-editor.default\">\n\t\t\t\t<div class=\"elementor-widget-container\">\n\t\t\t\t\t\t\t\t<div class=\"elementor-text-editor elementor-clearfix\">\n\t\t\t\t\t<p style=\"text-align: right;\"><span style=\"color: #ff9900;\">Su vida fue enteramente normal y equilibrada. Alcanz\u00f3 una envidiable madurez integrando en la m\u00e1s armoniosa s\u00edntesis lo divino y lo humano: oraci\u00f3n, estudios, deberes hogare\u00f1os&#8230; y deporte, al que era aficionad\u00edsima, destacando en la nataci\u00f3n y en la equitaci\u00f3n.<\/span><\/p><p style=\"text-align: right;\"><span style=\"color: #993300;\"><a style=\"color: #993300;\" href=\"http:\/\/www.santuarioteresadelosandes.cl\/new\/index.php\/es\/santuario\" target=\"_blank\" rel=\"noopener\"><strong><span style=\"color: #ffffff;\">IR AL SANTUARIO<\/span><\/strong><\/a><\/span><\/p>\t\t\t\t\t<\/div>\n\t\t\t\t\t\t<\/div>\n\t\t\t\t<\/div>\n\t\t\t\t<div class=\"elementor-element elementor-element-dbc4e45 elementor-align-left elementor-widget elementor-widget-button\" data-id=\"dbc4e45\" data-element_type=\"widget\" data-widget_type=\"button.default\">\n\t\t\t\t<div class=\"elementor-widget-container\">\n\t\t\t\t\t<div class=\"elementor-button-wrapper\">\n\t\t\t<a href=\"http:\/\/www.santuarioteresadelosandes.cl\/new\/index.php\/es\/biografia\" target=\"_blank\" class=\"elementor-button-link elementor-button elementor-size-md\" role=\"button\">\n\t\t\t\t\t\t<span class=\"elementor-button-content-wrapper\">\n\t\t\t\t\t\t<span class=\"elementor-button-icon elementor-align-icon-left\">\n\t\t\t\t<i aria-hidden=\"true\" class=\"fas fa-info-circle\"><\/i>\t\t\t<\/span>\n\t\t\t\t\t\t<span class=\"elementor-button-text\">Conoce su vida aqu\u00ed...<\/span>\n\t\t<\/span>\n\t\t\t\t\t<\/a>\n\t\t<\/div>\n\t\t\t\t<\/div>\n\t\t\t\t<\/div>\n\t\t\t\t\t\t<\/div>\n\t\t\t\t\t<\/div>\n\t\t<\/div>\n\t\t\t\t<div class=\"elementor-column elementor-col-50 elementor-top-column elementor-element elementor-element-49fe345\" data-id=\"49fe345\" data-element_type=\"column\" data-settings=\"{&quot;background_background&quot;:&quot;slideshow&quot;,&quot;background_slideshow_gallery&quot;:[{&quot;id&quot;:2509,&quot;url&quot;:&quot;https:\\\/\\\/obispadosanfelipe.cl\\\/2020\\\/wp-content\\\/uploads\\\/2020\\\/08\\\/teresita.jpg&quot;},{&quot;id&quot;:2511,&quot;url&quot;:&quot;https:\\\/\\\/obispadosanfelipe.cl\\\/2020\\\/wp-content\\\/uploads\\\/2020\\\/08\\\/auco.jpg&quot;},{&quot;id&quot;:2510,&quot;url&quot;:&quot;https:\\\/\\\/obispadosanfelipe.cl\\\/2020\\\/wp-content\\\/uploads\\\/2020\\\/08\\\/Santuario_Auco_2.jpg&quot;},{&quot;id&quot;:2508,&quot;url&quot;:&quot;https:\\\/\\\/obispadosanfelipe.cl\\\/2020\\\/wp-content\\\/uploads\\\/2020\\\/08\\\/santuario.png&quot;}],&quot;background_slideshow_slide_duration&quot;:3000,&quot;background_slideshow_loop&quot;:&quot;yes&quot;,&quot;background_slideshow_slide_transition&quot;:&quot;fade&quot;,&quot;background_slideshow_transition_duration&quot;:500}\">\n\t\t\t<div class=\"elementor-column-wrap elementor-element-populated\">\n\t\t\t\t\t\t\t<div class=\"elementor-widget-wrap\">\n\t\t\t\t\t\t<div class=\"elementor-element elementor-element-66bfe12 elementor-widget elementor-widget-image\" data-id=\"66bfe12\" data-element_type=\"widget\" data-widget_type=\"image.default\">\n\t\t\t\t<div class=\"elementor-widget-container\">\n\t\t\t\t\t\t\t\t<div class=\"elementor-image\">\n\t\t\t\t\t\t\t\t\t\t\t\t<img src=\"https:\/\/obispadosanfelipe.cl\/2020\/wp-content\/uploads\/elementor\/thumbs\/teresita-otsaf97o71e47k6e09fwu4picxugrfqcsfor57zd6w.jpg\" title=\"teresita\" alt=\"teresita\" \/>\t\t\t\t\t\t\t\t\t\t\t\t\t\t<\/div>\n\t\t\t\t\t\t<\/div>\n\t\t\t\t<\/div>\n\t\t\t\t<div class=\"elementor-element elementor-element-69f11c1 elementor-widget elementor-widget-image\" data-id=\"69f11c1\" data-element_type=\"widget\" data-widget_type=\"image.default\">\n\t\t\t\t<div class=\"elementor-widget-container\">\n\t\t\t\t\t\t\t\t<div class=\"elementor-image\">\n\t\t\t\t\t\t\t\t\t\t\t\t<img src=\"https:\/\/obispadosanfelipe.cl\/2020\/wp-content\/uploads\/elementor\/thumbs\/Santuario_Auco_2-otsagk7lor6gc2a4dtr9asuk27etgawxmwb1521ojs.jpg\" title=\"Santuario Auco-006\" alt=\"Santuario Auco-006\" \/>\t\t\t\t\t\t\t\t\t\t\t\t\t\t<\/div>\n\t\t\t\t\t\t<\/div>\n\t\t\t\t<\/div>\n\t\t\t\t<div class=\"elementor-element elementor-element-f640205 elementor-widget elementor-widget-image\" data-id=\"f640205\" data-element_type=\"widget\" data-widget_type=\"image.default\">\n\t\t\t\t<div class=\"elementor-widget-container\">\n\t\t\t\t\t\t\t\t<div class=\"elementor-image\">\n\t\t\t\t\t\t\t\t\t\t\t\t<img width=\"480\" height=\"360\" src=\"https:\/\/obispadosanfelipe.cl\/2020\/wp-content\/uploads\/2020\/08\/auco.jpg\" class=\"attachment-medium_large size-medium_large\" alt=\"\" loading=\"lazy\" srcset=\"https:\/\/obispadosanfelipe.cl\/2020\/wp-content\/uploads\/2020\/08\/auco.jpg 480w, https:\/\/obispadosanfelipe.cl\/2020\/wp-content\/uploads\/2020\/08\/auco-300x225.jpg 300w\" sizes=\"(max-width: 480px) 100vw, 480px\" \/>\t\t\t\t\t\t\t\t\t\t\t\t\t\t<\/div>\n\t\t\t\t\t\t<\/div>\n\t\t\t\t<\/div>\n\t\t\t\t\t\t<\/div>\n\t\t\t\t\t<\/div>\n\t\t<\/div>\n\t\t\t\t\t\t\t\t<\/div>\n\t\t\t\t\t<\/div>\n\t\t<\/section>\n\t\t\t\t<section class=\"elementor-section elementor-top-section elementor-element elementor-element-1f8becd7 elementor-section-content-middle elementor-section-full_width elementor-section-height-default elementor-section-height-default\" data-id=\"1f8becd7\" data-element_type=\"section\" data-settings=\"{&quot;background_background&quot;:&quot;gradient&quot;}\">\n\t\t\t\t\t\t<div class=\"elementor-container elementor-column-gap-default\">\n\t\t\t\t\t\t\t<div class=\"elementor-row\">\n\t\t\t\t\t<div class=\"elementor-column elementor-col-50 elementor-top-column elementor-element elementor-element-7c5cb896\" data-id=\"7c5cb896\" data-element_type=\"column\">\n\t\t\t<div class=\"elementor-column-wrap elementor-element-populated\">\n\t\t\t\t\t\t\t<div class=\"elementor-widget-wrap\">\n\t\t\t\t\t\t\t\t<\/div>\n\t\t\t\t\t<\/div>\n\t\t<\/div>\n\t\t\t\t<div class=\"elementor-column elementor-col-50 elementor-top-column elementor-element elementor-element-61c9887d\" data-id=\"61c9887d\" data-element_type=\"column\">\n\t\t\t<div class=\"elementor-column-wrap elementor-element-populated\">\n\t\t\t\t\t\t\t<div class=\"elementor-widget-wrap\">\n\t\t\t\t\t\t<div class=\"elementor-element elementor-element-d771c73 elementor-widget elementor-widget-text-editor\" data-id=\"d771c73\" data-element_type=\"widget\" data-widget_type=\"text-editor.default\">\n\t\t\t\t<div class=\"elementor-widget-container\">\n\t\t\t\t\t\t\t\t<div class=\"elementor-text-editor elementor-clearfix\">\n\t\t\t\t\t<p><strong><span style=\"font-size: 14px;\">Derechos reservados, Obispado de San Felipe.<\/span><\/strong><\/p><p><span style=\"font-size: 16px;\"><a href=\"mailto:comunicaciones@obispadosanfelipe.cl\">comunicaciones@obispadosanfelipe.cl<\/a><\/span><\/p>\t\t\t\t\t<\/div>\n\t\t\t\t\t\t<\/div>\n\t\t\t\t<\/div>\n\t\t\t\t\t\t<\/div>\n\t\t\t\t\t<\/div>\n\t\t<\/div>\n\t\t\t\t\t\t\t\t<\/div>\n\t\t\t\t\t<\/div>\n\t\t<\/section>\n\t\t\t\t\t\t<\/div>\n\t\t\t\t\t\t<\/div>\n\t\t\t\t\t<\/div>\n\t\t","protected":false},"excerpt":{"rendered":"<p>Caminar Diocesano &#8211; Iglesia Sinodal Consulta de la Delegaci\u00f3n Episcopal para la Familia Responde aqu\u00ed Material de Adviento Material Catequesis SUSCR\u00cdBASE AL BOLET\u00cdN DE NOTICIAS Ver todoDi\u00f3cesisNoticiasOrdenar por fechaOrdenar por&hellip;<\/p>\n","protected":false},"author":1,"featured_media":0,"parent":0,"menu_order":0,"comment_status":"closed","ping_status":"open","template":"elementor_header_footer","meta":[],"_links":{"self":[{"href":"https:\/\/obispadosanfelipe.cl\/2020\/wp-json\/wp\/v2\/pages\/2250"}],"collection":[{"href":"https:\/\/obispadosanfelipe.cl\/2020\/wp-json\/wp\/v2\/pages"}],"about":[{"href":"https:\/\/obispadosanfelipe.cl\/2020\/wp-json\/wp\/v2\/types\/page"}],"author":[{"embeddable":true,"href":"https:\/\/obispadosanfelipe.cl\/2020\/wp-json\/wp\/v2\/users\/1"}],"replies":[{"embeddable":true,"href":"https:\/\/obispadosanfelipe.cl\/2020\/wp-json\/wp\/v2\/comments?post=2250"}],"version-history":[{"count":93,"href":"https:\/\/obispadosanfelipe.cl\/2020\/wp-json\/wp\/v2\/pages\/2250\/revisions"}],"predecessor-version":[{"id":6624,"href":"https:\/\/obispadosanfelipe.cl\/2020\/wp-json\/wp\/v2\/pages\/2250\/revisions\/6624"}],"wp:attachment":[{"href":"https:\/\/obispadosanfelipe.cl\/2020\/wp-json\/wp\/v2\/media?parent=2250"}],"curies":[{"name":"wp","href":"https:\/\/api.w.org\/{rel}","templated":true}]}}