{"id":2333,"date":"2020-08-09T02:49:47","date_gmt":"2020-08-09T02:49:47","guid":{"rendered":"https:\/\/obispadosanfelipe.cl\/2020\/?page_id=2333"},"modified":"2021-08-17T20:33:12","modified_gmt":"2021-08-17T20:33:12","slug":"curia","status":"publish","type":"page","link":"https:\/\/obispadosanfelipe.cl\/2020\/curia\/","title":{"rendered":"Curia"},"content":{"rendered":"\t\t<div data-elementor-type=\"wp-page\" data-elementor-id=\"2333\" class=\"elementor elementor-2333\" data-elementor-settings=\"[]\">\n\t\t\t\t\t\t<div class=\"elementor-inner\">\n\t\t\t\t\t\t\t<div class=\"elementor-section-wrap\">\n\t\t\t\t\t\t\t<section class=\"elementor-section elementor-top-section elementor-element elementor-element-6110e213 elementor-section-boxed elementor-section-height-default elementor-section-height-default\" data-id=\"6110e213\" data-element_type=\"section\">\n\t\t\t\t\t\t<div class=\"elementor-container elementor-column-gap-default\">\n\t\t\t\t\t\t\t<div class=\"elementor-row\">\n\t\t\t\t\t<div class=\"elementor-column elementor-col-100 elementor-top-column elementor-element elementor-element-55728136\" data-id=\"55728136\" data-element_type=\"column\">\n\t\t\t<div class=\"elementor-column-wrap elementor-element-populated\">\n\t\t\t\t\t\t\t<div class=\"elementor-widget-wrap\">\n\t\t\t\t\t\t<div class=\"elementor-element elementor-element-50137129 elementor-widget elementor-widget-text-editor\" data-id=\"50137129\" data-element_type=\"widget\" data-widget_type=\"text-editor.default\">\n\t\t\t\t<div class=\"elementor-widget-container\">\n\t\t\t\t\t\t\t\t<div class=\"elementor-text-editor elementor-clearfix\">\n\t\t\t\t\t<h4 class=\"txt\"><span style=\"font-size: 20px;\"><strong>Informaci\u00f3n sobre la Curia<\/strong><\/span><\/h4><p class=\"txt\"><span style=\"font-size: 16px;\"><strong>Curia:\u00a0<\/strong><\/span><\/p><p><span style=\"font-size: 16px;\">Direcci\u00f3n: Calle Merced N\u00b0 812, Casilla N\u00b0 197, San Felipe, Regi\u00f3n de Valpara\u00edso.<\/span><br \/><span style=\"font-size: 16px;\">Fono: 034- 251 01 21\u00a0\u00a0 Fax: 034- 251 34 72<\/span><br \/><span style=\"font-size: 16px;\">Correo Electr\u00f3nico: sanfelipe@episcopado.cl<\/span><br \/><span style=\"font-size: 16px;\">Sitio Web: <a class=\"txt\" href=\"http:\/\/www.obispadosanfelipe.cl\/\">www.obispadosanfelipe.cl<\/a><\/span><br \/><span style=\"font-size: 16px;\">Horario de Atenci\u00f3n: Lunes a Viernes de 9:00 a 13:30 y de\u00a0 15:00 a 18:30 Hrs.<\/span><\/p><p class=\"txt\"><span style=\"font-size: 16px;\"><strong>Canciller<\/strong><\/span><\/p><p><span style=\"font-size: 16px;\">Pbro. Francisco Domingo Plaza Aguilera<\/span><br \/><span style=\"font-size: 16px;\">Direcci\u00f3n: Calle Merced N\u00b0 812, Casilla N\u00b0 197, San Felipe, Regi\u00f3n de Valpara\u00edso.<\/span><br \/><span style=\"font-size: 16px;\">Fono: 034- 251 01 21\u00a0\u00a0 Fax: 034- 251 34 72<\/span><br \/><span style=\"font-size: 16px;\">Correo Electr\u00f3nico: <a class=\"txt\" href=\"mailto:sanfelipe@episcopado.cl\">sanfelipe@episcopado.cl<\/a><\/span><br \/><span style=\"font-size: 16px;\">Sitio Web: <a class=\"txt\" href=\"http:\/\/www.obispadosanfelipe.cl\/\">www.obispadosanfelipe.cl<\/a><\/span><br \/><span style=\"font-size: 16px;\">Horario de Atenci\u00f3n:\u00a0 <\/span><span style=\"font-size: 16px;\">jueves: \u00a010:00 a 13:00 Hrs.<\/span><\/p><p class=\"txt\"><span style=\"font-size: 16px;\"><strong>Vicario General<\/strong><\/span><\/p><p><span style=\"font-size: 16px;\">P. Fabi\u00e1n Castro Marchant.<\/span><br \/><span style=\"font-size: 16px;\">Direcci\u00f3n: Calle Merced N\u00b0 812, Casilla N\u00b0 197, San Felipe, Regi\u00f3n de Valpara\u00edso.<\/span><br \/><span style=\"font-size: 16px;\">Fono: 034- 251 01 21\u00a0\u00a0 Fax: 034- 251 34 72<\/span><br \/><span style=\"font-size: 16px;\">Correo Electr\u00f3nico: <a class=\"txt\" href=\"mailto:sanfelipe@episcopado.cl\">sanfelipe@episcopado.cl<\/a><\/span><\/p><p class=\"txt\"><span style=\"font-size: 16px;\"><strong>Delegada Pastoral<\/strong><\/span><\/p><p><span style=\"font-size: 16px;\">Hna. Nelly Le\u00f3n Correa<\/span><br \/><span style=\"font-size: 16px;\">Direcci\u00f3n: Merced 812, San Felipe, Regi\u00f3n de Valpara\u00edso.<\/span><br \/><span style=\"font-size: 16px;\">Fono: 034-2510121<\/span><br \/><span style=\"font-size: 16px;\">Correo Electr\u00f3nico: <a class=\"txt\" href=\"mailto:vicariadepastoral@obispadosanfelipe.cl\">vicariadepastoral@obispadosanfelipe.cl<\/a><\/span><br \/><span style=\"font-size: 16px;\">Horario de Atenci\u00f3n: Lunes a Viernes de 9:00 a 13:00 y de\u00a0 15:00 a 18:00 Hrs.<\/span><\/p><p class=\"txt\"><span style=\"font-size: 16px;\"><strong>Decanos<\/strong><\/span><\/p><p><span style=\"font-size: 16px;\">Decanato de Petorca: \u00a0\u00a0\u00a0\u00a0\u00a0\u00a0\u00a0\u00a0\u00a0\u00a0\u00a0\u00a0\u00a0\u00a0\u00a0\u00a0Pbro. Francisco Plaza Aguilera<\/span><br \/><span style=\"font-size: 16px;\">Decanato de San Felipe: \u00a0\u00a0\u00a0\u00a0\u00a0\u00a0\u00a0\u00a0\u00a0\u00a0\u00a0 Pbro. Vicente Montenegro Lazo<\/span><br \/><span style=\"font-size: 16px;\">Decanato de Los Andes:\u00a0\u00a0\u00a0\u00a0\u00a0\u00a0\u00a0\u00a0\u00a0\u00a0\u00a0\u00a0 Rev. P. Rodrigo Segura Orrego ocd.<\/span><\/p>\t\t\t\t\t<\/div>\n\t\t\t\t\t\t<\/div>\n\t\t\t\t<\/div>\n\t\t\t\t\t\t<\/div>\n\t\t\t\t\t<\/div>\n\t\t<\/div>\n\t\t\t\t\t\t\t\t<\/div>\n\t\t\t\t\t<\/div>\n\t\t<\/section>\n\t\t\t\t<section class=\"elementor-section elementor-top-section elementor-element elementor-element-81d4f47 elementor-section-boxed elementor-section-height-default elementor-section-height-default\" data-id=\"81d4f47\" data-element_type=\"section\">\n\t\t\t\t\t\t<div class=\"elementor-container elementor-column-gap-default\">\n\t\t\t\t\t\t\t<div class=\"elementor-row\">\n\t\t\t\t\t<div class=\"elementor-column elementor-col-100 elementor-top-column elementor-element elementor-element-3c6731a\" data-id=\"3c6731a\" data-element_type=\"column\">\n\t\t\t<div class=\"elementor-column-wrap elementor-element-populated\">\n\t\t\t\t\t\t\t<div class=\"elementor-widget-wrap\">\n\t\t\t\t\t\t<div class=\"elementor-element elementor-element-4f78ede elementor-widget elementor-widget-google_maps\" data-id=\"4f78ede\" data-element_type=\"widget\" data-widget_type=\"google_maps.default\">\n\t\t\t\t<div class=\"elementor-widget-container\">\n\t\t\t<div class=\"elementor-custom-embed\"><iframe frameborder=\"0\" scrolling=\"no\" marginheight=\"0\" marginwidth=\"0\" src=\"https:\/\/maps.google.com\/maps?q=Calle%20Merced%20N%C2%B0%20812&amp;t=m&amp;z=10&amp;output=embed&amp;iwloc=near\" title=\"Calle Merced N\u00b0 812\" aria-label=\"Calle Merced N\u00b0 812\"><\/iframe><\/div>\t\t<\/div>\n\t\t\t\t<\/div>\n\t\t\t\t\t\t<\/div>\n\t\t\t\t\t<\/div>\n\t\t<\/div>\n\t\t\t\t\t\t\t\t<\/div>\n\t\t\t\t\t<\/div>\n\t\t<\/section>\n\t\t\t\t\t\t<\/div>\n\t\t\t\t\t\t<\/div>\n\t\t\t\t\t<\/div>\n\t\t","protected":false},"excerpt":{"rendered":"<p>Informaci\u00f3n sobre la Curia Curia:\u00a0 Direcci\u00f3n: Calle Merced N\u00b0 812, Casilla N\u00b0 197, San Felipe, Regi\u00f3n de Valpara\u00edso.Fono: 034- 251 01 21\u00a0\u00a0 Fax: 034- 251 34 72Correo Electr\u00f3nico: sanfelipe@episcopado.clSitio Web:&hellip;<\/p>\n","protected":false},"author":1,"featured_media":0,"parent":0,"menu_order":0,"comment_status":"closed","ping_status":"closed","template":"","meta":[],"_links":{"self":[{"href":"https:\/\/obispadosanfelipe.cl\/2020\/wp-json\/wp\/v2\/pages\/2333"}],"collection":[{"href":"https:\/\/obispadosanfelipe.cl\/2020\/wp-json\/wp\/v2\/pages"}],"about":[{"href":"https:\/\/obispadosanfelipe.cl\/2020\/wp-json\/wp\/v2\/types\/page"}],"author":[{"embeddable":true,"href":"https:\/\/obispadosanfelipe.cl\/2020\/wp-json\/wp\/v2\/users\/1"}],"replies":[{"embeddable":true,"href":"https:\/\/obispadosanfelipe.cl\/2020\/wp-json\/wp\/v2\/comments?post=2333"}],"version-history":[{"count":7,"href":"https:\/\/obispadosanfelipe.cl\/2020\/wp-json\/wp\/v2\/pages\/2333\/revisions"}],"predecessor-version":[{"id":5864,"href":"https:\/\/obispadosanfelipe.cl\/2020\/wp-json\/wp\/v2\/pages\/2333\/revisions\/5864"}],"wp:attachment":[{"href":"https:\/\/obispadosanfelipe.cl\/2020\/wp-json\/wp\/v2\/media?parent=2333"}],"curies":[{"name":"wp","href":"https:\/\/api.w.org\/{rel}","templated":true}]}}