{"id":2374,"date":"2020-08-09T17:42:40","date_gmt":"2020-08-09T17:42:40","guid":{"rendered":"https:\/\/obispadosanfelipe.cl\/2020\/?page_id=2374"},"modified":"2021-01-06T00:24:53","modified_gmt":"2021-01-06T00:24:53","slug":"nuestra-senora-del-rosario-de-andacollo-1962","status":"publish","type":"page","link":"https:\/\/obispadosanfelipe.cl\/2020\/nuestra-senora-del-rosario-de-andacollo-1962\/","title":{"rendered":"Nuestra Se\u00f1ora del Rosario de Andacollo (1962)"},"content":{"rendered":"\t\t<div data-elementor-type=\"wp-page\" data-elementor-id=\"2374\" class=\"elementor elementor-2374\" data-elementor-settings=\"[]\">\n\t\t\t\t\t\t<div class=\"elementor-inner\">\n\t\t\t\t\t\t\t<div class=\"elementor-section-wrap\">\n\t\t\t\t\t\t\t<section class=\"elementor-section elementor-top-section elementor-element elementor-element-2509eb9f elementor-section-boxed elementor-section-height-default elementor-section-height-default\" data-id=\"2509eb9f\" data-element_type=\"section\">\n\t\t\t\t\t\t<div class=\"elementor-container elementor-column-gap-default\">\n\t\t\t\t\t\t\t<div class=\"elementor-row\">\n\t\t\t\t\t<div class=\"elementor-column elementor-col-100 elementor-top-column elementor-element elementor-element-53c31ea7\" data-id=\"53c31ea7\" data-element_type=\"column\">\n\t\t\t<div class=\"elementor-column-wrap elementor-element-populated\">\n\t\t\t\t\t\t\t<div class=\"elementor-widget-wrap\">\n\t\t\t\t\t\t<div class=\"elementor-element elementor-element-66db1e3a elementor-widget elementor-widget-text-editor\" data-id=\"66db1e3a\" data-element_type=\"widget\" data-widget_type=\"text-editor.default\">\n\t\t\t\t<div class=\"elementor-widget-container\">\n\t\t\t\t\t\t\t\t<div class=\"elementor-text-editor elementor-clearfix\">\n\t\t\t\t\t<table style=\"width: 93.4063%; height: 264px;\" border=\"0\" width=\"475\" cellspacing=\"0\" cellpadding=\"2\"><tbody><tr style=\"height: 22px;\"><td class=\"txt\" style=\"height: 22px;\" width=\"165\"><img loading=\"lazy\" src=\"https:\/\/www.obispadosanfelipe.cl\/imagenes\/blue.png\" alt=\"\" width=\"6\" height=\"7\" \/>\u00a0P\u00e1rroco:<\/td><td style=\"height: 22px;\" width=\"6\">\u00a0<\/td><td class=\"txt\" style=\"height: 22px;\" width=\"292\">Pbro. Luis Felipe Vergara Vera<\/td><\/tr><tr style=\"height: 44px;\"><td class=\"txt\" style=\"height: 44px;\"><img loading=\"lazy\" src=\"https:\/\/www.obispadosanfelipe.cl\/imagenes\/blue.png\" alt=\"\" width=\"6\" height=\"7\" \/>\u00a0Di\u00e1conos:<\/td><td style=\"height: 44px;\">\u00a0<\/td><td class=\"txt\" style=\"height: 44px;\">Di\u00e1c. Manuel Edmundo Vallejo Neiss<br \/>Di\u00e1c. Jacinto Villarroel Mart\u00ednez<\/td><\/tr><tr style=\"height: 44px;\"><td class=\"txt\" style=\"height: 44px;\"><img loading=\"lazy\" src=\"https:\/\/www.obispadosanfelipe.cl\/imagenes\/blue.png\" alt=\"\" width=\"6\" height=\"7\" \/>\u00a0Direcci\u00f3n:<\/td><td style=\"height: 44px;\">\u00a0<\/td><td class=\"txt\" style=\"height: 44px;\">Avda. Diego de Almagro 1136, Casilla N\u00ba 79. San Felipe<\/td><\/tr><tr style=\"height: 22px;\"><td style=\"height: 22px;\"><span class=\"txt\"><img loading=\"lazy\" src=\"https:\/\/www.obispadosanfelipe.cl\/imagenes\/blue.png\" alt=\"\" width=\"6\" height=\"7\" \/>\u00a0Fono<\/span>:<\/td><td style=\"height: 22px;\">\u00a0<\/td><td class=\"txt\" style=\"height: 22px;\">(34) 2512499<\/td><\/tr><tr style=\"height: 22px;\"><td class=\"txt\" style=\"height: 22px;\"><img loading=\"lazy\" src=\"https:\/\/www.obispadosanfelipe.cl\/imagenes\/blue.png\" alt=\"\" width=\"6\" height=\"7\" \/>\u00a0Secretaria:<\/td><td style=\"height: 22px;\">\u00a0<\/td><td class=\"txt\" style=\"height: 22px;\">Srta. Cecilia Iturrieta Gonz\u00e1lez<\/td><\/tr><tr style=\"height: 66px;\"><td class=\"txt\" style=\"height: 66px;\"><img loading=\"lazy\" src=\"https:\/\/www.obispadosanfelipe.cl\/imagenes\/blue.png\" alt=\"\" width=\"6\" height=\"7\" \/>\u00a0Horario de Atenci\u00f3n:<\/td><td style=\"height: 66px;\">\u00a0<\/td><td class=\"txt\" style=\"height: 66px;\">Lunes a Viernes 10:00 a 13:00 hrs. 16:00 a 18.00 hrs.<br \/>S\u00e1bado 09:00 a 13:00 hrs.<\/td><\/tr><tr style=\"height: 22px;\"><td class=\"txt\" style=\"height: 22px;\"><img loading=\"lazy\" src=\"https:\/\/www.obispadosanfelipe.cl\/imagenes\/blue.png\" alt=\"\" width=\"6\" height=\"7\" \/>\u00a0Correo electr\u00f3nico:<\/td><td style=\"height: 22px;\">\u00a0<\/td><td class=\"txt\" style=\"height: 22px;\"><a class=\"txt\" href=\"mailto:andacollosanfelipe@hotmail.com\">andacollosanfelipe@hotmail.com<\/a><\/td><\/tr><tr style=\"height: 22px;\"><td class=\"txt\" style=\"height: 22px;\"><img loading=\"lazy\" src=\"https:\/\/www.obispadosanfelipe.cl\/imagenes\/blue.png\" alt=\"\" width=\"6\" height=\"7\" \/> Horario de Misas<\/td><td style=\"height: 22px;\">\u00a0<\/td><td class=\"txt\" style=\"height: 22px;\"><p>S\u00e1bado 18.30 Hrs Capilla Cristo Resucitado. 20.00 hrs Templo Parroquial<\/p><p>Domingo. 09.00 hrs. &#8211; 12.00 hrs.\u00a0 Templo Parroquial<\/p><\/td><\/tr><\/tbody><\/table><p>\u00a0<\/p>\t\t\t\t\t<\/div>\n\t\t\t\t\t\t<\/div>\n\t\t\t\t<\/div>\n\t\t\t\t\t\t<\/div>\n\t\t\t\t\t<\/div>\n\t\t<\/div>\n\t\t\t\t\t\t\t\t<\/div>\n\t\t\t\t\t<\/div>\n\t\t<\/section>\n\t\t\t\t<section class=\"elementor-section elementor-top-section elementor-element elementor-element-fa8dc17 elementor-section-boxed elementor-section-height-default elementor-section-height-default\" data-id=\"fa8dc17\" data-element_type=\"section\">\n\t\t\t\t\t\t<div class=\"elementor-container elementor-column-gap-default\">\n\t\t\t\t\t\t\t<div class=\"elementor-row\">\n\t\t\t\t\t<div class=\"elementor-column elementor-col-100 elementor-top-column elementor-element elementor-element-a1857a5\" data-id=\"a1857a5\" data-element_type=\"column\">\n\t\t\t<div class=\"elementor-column-wrap elementor-element-populated\">\n\t\t\t\t\t\t\t<div class=\"elementor-widget-wrap\">\n\t\t\t\t\t\t<div class=\"elementor-element elementor-element-f49b695 elementor-widget elementor-widget-image\" data-id=\"f49b695\" data-element_type=\"widget\" data-widget_type=\"image.default\">\n\t\t\t\t<div class=\"elementor-widget-container\">\n\t\t\t\t\t\t\t\t<div class=\"elementor-image\">\n\t\t\t\t\t\t\t\t\t\t\t\t<img width=\"259\" height=\"194\" src=\"https:\/\/obispadosanfelipe.cl\/2020\/wp-content\/uploads\/2020\/08\/descarga.jpg\" class=\"attachment-large size-large\" alt=\"\" loading=\"lazy\" \/>\t\t\t\t\t\t\t\t\t\t\t\t\t\t<\/div>\n\t\t\t\t\t\t<\/div>\n\t\t\t\t<\/div>\n\t\t\t\t\t\t<\/div>\n\t\t\t\t\t<\/div>\n\t\t<\/div>\n\t\t\t\t\t\t\t\t<\/div>\n\t\t\t\t\t<\/div>\n\t\t<\/section>\n\t\t\t\t<section class=\"elementor-section elementor-top-section elementor-element elementor-element-23782f9 elementor-section-boxed elementor-section-height-default elementor-section-height-default\" data-id=\"23782f9\" data-element_type=\"section\">\n\t\t\t\t\t\t<div class=\"elementor-container elementor-column-gap-default\">\n\t\t\t\t\t\t\t<div class=\"elementor-row\">\n\t\t\t\t\t<div class=\"elementor-column elementor-col-100 elementor-top-column elementor-element elementor-element-a0216c3\" data-id=\"a0216c3\" data-element_type=\"column\">\n\t\t\t<div class=\"elementor-column-wrap elementor-element-populated\">\n\t\t\t\t\t\t\t<div class=\"elementor-widget-wrap\">\n\t\t\t\t\t\t<div class=\"elementor-element elementor-element-ecab8cd elementor-widget-divider--view-line elementor-widget elementor-widget-divider\" data-id=\"ecab8cd\" data-element_type=\"widget\" data-widget_type=\"divider.default\">\n\t\t\t\t<div class=\"elementor-widget-container\">\n\t\t\t\t\t<div class=\"elementor-divider\">\n\t\t\t<span class=\"elementor-divider-separator\">\n\t\t\t\t\t\t<\/span>\n\t\t<\/div>\n\t\t\t\t<\/div>\n\t\t\t\t<\/div>\n\t\t\t\t\t\t<\/div>\n\t\t\t\t\t<\/div>\n\t\t<\/div>\n\t\t\t\t\t\t\t\t<\/div>\n\t\t\t\t\t<\/div>\n\t\t<\/section>\n\t\t\t\t<section class=\"elementor-section elementor-top-section elementor-element elementor-element-cad2cf0 elementor-section-boxed elementor-section-height-default elementor-section-height-default\" data-id=\"cad2cf0\" data-element_type=\"section\">\n\t\t\t\t\t\t<div class=\"elementor-container elementor-column-gap-default\">\n\t\t\t\t\t\t\t<div class=\"elementor-row\">\n\t\t\t\t\t<div class=\"elementor-column elementor-col-100 elementor-top-column elementor-element elementor-element-a235390\" data-id=\"a235390\" data-element_type=\"column\">\n\t\t\t<div class=\"elementor-column-wrap elementor-element-populated\">\n\t\t\t\t\t\t\t<div class=\"elementor-widget-wrap\">\n\t\t\t\t\t\t<div class=\"elementor-element elementor-element-18fcd2e elementor-widget elementor-widget-google_maps\" data-id=\"18fcd2e\" data-element_type=\"widget\" data-widget_type=\"google_maps.default\">\n\t\t\t\t<div class=\"elementor-widget-container\">\n\t\t\t<div class=\"elementor-custom-embed\"><iframe frameborder=\"0\" scrolling=\"no\" marginheight=\"0\" marginwidth=\"0\" src=\"https:\/\/maps.google.com\/maps?q=Avda.%20Diego%20de%20Almagro%201136%2C%20San%20Felipe&amp;t=m&amp;z=10&amp;output=embed&amp;iwloc=near\" title=\"Avda. Diego de Almagro 1136, San Felipe\" aria-label=\"Avda. Diego de Almagro 1136, San Felipe\"><\/iframe><\/div>\t\t<\/div>\n\t\t\t\t<\/div>\n\t\t\t\t\t\t<\/div>\n\t\t\t\t\t<\/div>\n\t\t<\/div>\n\t\t\t\t\t\t\t\t<\/div>\n\t\t\t\t\t<\/div>\n\t\t<\/section>\n\t\t\t\t\t\t<\/div>\n\t\t\t\t\t\t<\/div>\n\t\t\t\t\t<\/div>\n\t\t","protected":false},"excerpt":{"rendered":"<p>\u00a0P\u00e1rroco: \u00a0 Pbro. Luis Felipe Vergara Vera \u00a0Di\u00e1conos: \u00a0 Di\u00e1c. Manuel Edmundo Vallejo NeissDi\u00e1c. Jacinto Villarroel Mart\u00ednez \u00a0Direcci\u00f3n: \u00a0 Avda. Diego de Almagro 1136, Casilla N\u00ba 79. San Felipe \u00a0Fono:&hellip;<\/p>\n","protected":false},"author":1,"featured_media":0,"parent":0,"menu_order":0,"comment_status":"closed","ping_status":"closed","template":"","meta":[],"_links":{"self":[{"href":"https:\/\/obispadosanfelipe.cl\/2020\/wp-json\/wp\/v2\/pages\/2374"}],"collection":[{"href":"https:\/\/obispadosanfelipe.cl\/2020\/wp-json\/wp\/v2\/pages"}],"about":[{"href":"https:\/\/obispadosanfelipe.cl\/2020\/wp-json\/wp\/v2\/types\/page"}],"author":[{"embeddable":true,"href":"https:\/\/obispadosanfelipe.cl\/2020\/wp-json\/wp\/v2\/users\/1"}],"replies":[{"embeddable":true,"href":"https:\/\/obispadosanfelipe.cl\/2020\/wp-json\/wp\/v2\/comments?post=2374"}],"version-history":[{"count":0,"href":"https:\/\/obispadosanfelipe.cl\/2020\/wp-json\/wp\/v2\/pages\/2374\/revisions"}],"wp:attachment":[{"href":"https:\/\/obispadosanfelipe.cl\/2020\/wp-json\/wp\/v2\/media?parent=2374"}],"curies":[{"name":"wp","href":"https:\/\/api.w.org\/{rel}","templated":true}]}}