{"id":2383,"date":"2020-08-09T17:49:10","date_gmt":"2020-08-09T17:49:10","guid":{"rendered":"https:\/\/obispadosanfelipe.cl\/2020\/?page_id=2383"},"modified":"2021-01-14T01:52:51","modified_gmt":"2021-01-14T01:52:51","slug":"espiritu-santo-1966","status":"publish","type":"page","link":"https:\/\/obispadosanfelipe.cl\/2020\/espiritu-santo-1966\/","title":{"rendered":"Esp\u00edritu Santo (1966)"},"content":{"rendered":"\t\t<div data-elementor-type=\"wp-page\" data-elementor-id=\"2383\" class=\"elementor elementor-2383\" data-elementor-settings=\"[]\">\n\t\t\t\t\t\t<div class=\"elementor-inner\">\n\t\t\t\t\t\t\t<div class=\"elementor-section-wrap\">\n\t\t\t\t\t\t\t<section class=\"elementor-section elementor-top-section elementor-element elementor-element-3f7c4560 elementor-section-boxed elementor-section-height-default elementor-section-height-default\" data-id=\"3f7c4560\" data-element_type=\"section\">\n\t\t\t\t\t\t<div class=\"elementor-container elementor-column-gap-default\">\n\t\t\t\t\t\t\t<div class=\"elementor-row\">\n\t\t\t\t\t<div class=\"elementor-column elementor-col-100 elementor-top-column elementor-element elementor-element-2a451213\" data-id=\"2a451213\" data-element_type=\"column\">\n\t\t\t<div class=\"elementor-column-wrap elementor-element-populated\">\n\t\t\t\t\t\t\t<div class=\"elementor-widget-wrap\">\n\t\t\t\t\t\t<div class=\"elementor-element elementor-element-236f4255 elementor-widget elementor-widget-text-editor\" data-id=\"236f4255\" data-element_type=\"widget\" data-widget_type=\"text-editor.default\">\n\t\t\t\t<div class=\"elementor-widget-container\">\n\t\t\t\t\t\t\t\t<div class=\"elementor-text-editor elementor-clearfix\">\n\t\t\t\t\t<table style=\"width: 139%; height: 168px;\" border=\"0\" width=\"479\" cellspacing=\"0\" cellpadding=\"2\"><tbody><tr style=\"height: 21px;\"><td style=\"height: 21px;\" width=\"195\"><img loading=\"lazy\" src=\"https:\/\/www.obispadosanfelipe.cl\/imagenes\/blue.png\" alt=\"\" width=\"6\" height=\"7\" \/>\u00a0Administrador Parroquial:<\/td><td style=\"height: 21px;\" width=\"6\">\u00a0<\/td><td style=\"height: 21px;\" width=\"266\">Pbro. Gustavo Adolfo Morales L\u00f3pez<\/td><\/tr><tr style=\"height: 21px;\"><td style=\"height: 21px;\"><img loading=\"lazy\" src=\"https:\/\/www.obispadosanfelipe.cl\/imagenes\/blue.png\" alt=\"\" width=\"6\" height=\"7\" \/>\u00a0Di\u00e1cono Permanente:<\/td><td style=\"height: 21px;\">\u00a0<\/td><td style=\"height: 21px;\">Ra\u00fal Hern\u00e1n Lazo Gonz\u00e1lez<\/td><\/tr><tr style=\"height: 21px;\"><td style=\"height: 21px;\"><img loading=\"lazy\" src=\"https:\/\/www.obispadosanfelipe.cl\/imagenes\/blue.png\" alt=\"\" width=\"6\" height=\"7\" \/>\u00a0Direcci\u00f3n:<\/td><td style=\"height: 21px;\">\u00a0<\/td><td style=\"height: 21px;\">Av. Riquelme N\u00ba 118. San Felipe.<\/td><\/tr><tr style=\"height: 21px;\"><td style=\"height: 21px;\"><img loading=\"lazy\" src=\"https:\/\/www.obispadosanfelipe.cl\/imagenes\/blue.png\" alt=\"\" width=\"6\" height=\"7\" \/>\u00a0Fono:<\/td><td style=\"height: 21px;\">\u00a0<\/td><td style=\"height: 21px;\">(34) 2517585<\/td><\/tr><tr style=\"height: 21px;\"><td style=\"height: 21px;\"><img loading=\"lazy\" src=\"https:\/\/www.obispadosanfelipe.cl\/imagenes\/blue.png\" alt=\"\" width=\"6\" height=\"7\" \/>\u00a0Secretaria:<\/td><td style=\"height: 21px;\">\u00a0<\/td><td style=\"height: 21px;\">\u00a0<\/td><\/tr><tr style=\"height: 21px;\"><td style=\"height: 21px;\"><img loading=\"lazy\" src=\"https:\/\/www.obispadosanfelipe.cl\/imagenes\/blue.png\" alt=\"\" width=\"6\" height=\"7\" \/>\u00a0Horario de Atenci\u00f3n:<\/td><td style=\"height: 21px;\">\u00a0<\/td><td style=\"height: 21px;\"><p>Desde la oficina de la Catedral,<br \/>se atiende lo administrativo<br \/>y atenci\u00f3n de P\u00fablico<\/p><\/td><\/tr><tr style=\"height: 21px;\"><td style=\"height: 21px;\"><img loading=\"lazy\" src=\"https:\/\/www.obispadosanfelipe.cl\/imagenes\/blue.png\" alt=\"\" width=\"6\" height=\"7\" \/>\u00a0Horarios de Misas:\u00a0<\/td><td style=\"height: 21px;\">\u00a0<\/td><td style=\"height: 21px;\">Domingo, a las 10:30 Hrs.<\/td><\/tr><tr style=\"height: 21px;\"><td style=\"height: 21px;\">\u00a0<\/td><td style=\"height: 21px;\">\u00a0<\/td><td style=\"height: 21px;\">\u00a0<\/td><\/tr><\/tbody><\/table>\t\t\t\t\t<\/div>\n\t\t\t\t\t\t<\/div>\n\t\t\t\t<\/div>\n\t\t\t\t\t\t<\/div>\n\t\t\t\t\t<\/div>\n\t\t<\/div>\n\t\t\t\t\t\t\t\t<\/div>\n\t\t\t\t\t<\/div>\n\t\t<\/section>\n\t\t\t\t<section class=\"elementor-section elementor-top-section elementor-element elementor-element-96a7157 elementor-section-boxed elementor-section-height-default elementor-section-height-default\" data-id=\"96a7157\" data-element_type=\"section\">\n\t\t\t\t\t\t<div class=\"elementor-container elementor-column-gap-default\">\n\t\t\t\t\t\t\t<div class=\"elementor-row\">\n\t\t\t\t\t<div class=\"elementor-column elementor-col-100 elementor-top-column elementor-element elementor-element-cabb26c\" data-id=\"cabb26c\" data-element_type=\"column\">\n\t\t\t<div class=\"elementor-column-wrap elementor-element-populated\">\n\t\t\t\t\t\t\t<div class=\"elementor-widget-wrap\">\n\t\t\t\t\t\t<div class=\"elementor-element elementor-element-54121f4 elementor-widget elementor-widget-image\" data-id=\"54121f4\" data-element_type=\"widget\" data-widget_type=\"image.default\">\n\t\t\t\t<div class=\"elementor-widget-container\">\n\t\t\t\t\t\t\t\t<div class=\"elementor-image\">\n\t\t\t\t\t\t\t\t\t\t\t\t<img width=\"1024\" height=\"683\" src=\"https:\/\/obispadosanfelipe.cl\/2020\/wp-content\/uploads\/2020\/08\/Parroquia-Esp\u00edritu-Santo-de-San-Felipe-1024x683.jpg\" class=\"attachment-large size-large\" alt=\"\" loading=\"lazy\" srcset=\"https:\/\/obispadosanfelipe.cl\/2020\/wp-content\/uploads\/2020\/08\/Parroquia-Esp\u00edritu-Santo-de-San-Felipe-1024x683.jpg 1024w, https:\/\/obispadosanfelipe.cl\/2020\/wp-content\/uploads\/2020\/08\/Parroquia-Esp\u00edritu-Santo-de-San-Felipe-300x200.jpg 300w, https:\/\/obispadosanfelipe.cl\/2020\/wp-content\/uploads\/2020\/08\/Parroquia-Esp\u00edritu-Santo-de-San-Felipe-768x512.jpg 768w, https:\/\/obispadosanfelipe.cl\/2020\/wp-content\/uploads\/2020\/08\/Parroquia-Esp\u00edritu-Santo-de-San-Felipe-1536x1024.jpg 1536w, https:\/\/obispadosanfelipe.cl\/2020\/wp-content\/uploads\/2020\/08\/Parroquia-Esp\u00edritu-Santo-de-San-Felipe-2048x1365.jpg 2048w\" sizes=\"(max-width: 1024px) 100vw, 1024px\" \/>\t\t\t\t\t\t\t\t\t\t\t\t\t\t<\/div>\n\t\t\t\t\t\t<\/div>\n\t\t\t\t<\/div>\n\t\t\t\t\t\t<\/div>\n\t\t\t\t\t<\/div>\n\t\t<\/div>\n\t\t\t\t\t\t\t\t<\/div>\n\t\t\t\t\t<\/div>\n\t\t<\/section>\n\t\t\t\t<section class=\"elementor-section elementor-top-section elementor-element elementor-element-7b949c8 elementor-section-boxed elementor-section-height-default elementor-section-height-default\" data-id=\"7b949c8\" data-element_type=\"section\">\n\t\t\t\t\t\t<div class=\"elementor-container elementor-column-gap-default\">\n\t\t\t\t\t\t\t<div class=\"elementor-row\">\n\t\t\t\t\t<div class=\"elementor-column elementor-col-100 elementor-top-column elementor-element elementor-element-a2d6645\" data-id=\"a2d6645\" data-element_type=\"column\">\n\t\t\t<div class=\"elementor-column-wrap elementor-element-populated\">\n\t\t\t\t\t\t\t<div class=\"elementor-widget-wrap\">\n\t\t\t\t\t\t<div class=\"elementor-element elementor-element-87d954b elementor-widget elementor-widget-google_maps\" data-id=\"87d954b\" data-element_type=\"widget\" data-widget_type=\"google_maps.default\">\n\t\t\t\t<div class=\"elementor-widget-container\">\n\t\t\t<div class=\"elementor-custom-embed\"><iframe frameborder=\"0\" scrolling=\"no\" marginheight=\"0\" marginwidth=\"0\" src=\"https:\/\/maps.google.com\/maps?q=riquelme%2018%20san%20felipe&amp;t=m&amp;z=10&amp;output=embed&amp;iwloc=near\" title=\"riquelme 18 san felipe\" aria-label=\"riquelme 18 san felipe\"><\/iframe><\/div>\t\t<\/div>\n\t\t\t\t<\/div>\n\t\t\t\t\t\t<\/div>\n\t\t\t\t\t<\/div>\n\t\t<\/div>\n\t\t\t\t\t\t\t\t<\/div>\n\t\t\t\t\t<\/div>\n\t\t<\/section>\n\t\t\t\t\t\t<\/div>\n\t\t\t\t\t\t<\/div>\n\t\t\t\t\t<\/div>\n\t\t","protected":false},"excerpt":{"rendered":"<p>\u00a0Administrador Parroquial: \u00a0 Pbro. Gustavo Adolfo Morales L\u00f3pez \u00a0Di\u00e1cono Permanente: \u00a0 Ra\u00fal Hern\u00e1n Lazo Gonz\u00e1lez \u00a0Direcci\u00f3n: \u00a0 Av. Riquelme N\u00ba 118. San Felipe. \u00a0Fono: \u00a0 (34) 2517585 \u00a0Secretaria: \u00a0 \u00a0&hellip;<\/p>\n","protected":false},"author":1,"featured_media":0,"parent":0,"menu_order":0,"comment_status":"closed","ping_status":"closed","template":"","meta":[],"_links":{"self":[{"href":"https:\/\/obispadosanfelipe.cl\/2020\/wp-json\/wp\/v2\/pages\/2383"}],"collection":[{"href":"https:\/\/obispadosanfelipe.cl\/2020\/wp-json\/wp\/v2\/pages"}],"about":[{"href":"https:\/\/obispadosanfelipe.cl\/2020\/wp-json\/wp\/v2\/types\/page"}],"author":[{"embeddable":true,"href":"https:\/\/obispadosanfelipe.cl\/2020\/wp-json\/wp\/v2\/users\/1"}],"replies":[{"embeddable":true,"href":"https:\/\/obispadosanfelipe.cl\/2020\/wp-json\/wp\/v2\/comments?post=2383"}],"version-history":[{"count":0,"href":"https:\/\/obispadosanfelipe.cl\/2020\/wp-json\/wp\/v2\/pages\/2383\/revisions"}],"wp:attachment":[{"href":"https:\/\/obispadosanfelipe.cl\/2020\/wp-json\/wp\/v2\/media?parent=2383"}],"curies":[{"name":"wp","href":"https:\/\/api.w.org\/{rel}","templated":true}]}}