{"id":2390,"date":"2020-08-09T17:58:15","date_gmt":"2020-08-09T17:58:15","guid":{"rendered":"https:\/\/obispadosanfelipe.cl\/2020\/?page_id=2390"},"modified":"2020-09-01T00:56:12","modified_gmt":"2020-09-01T00:56:12","slug":"sagrada-familia-1992","status":"publish","type":"page","link":"https:\/\/obispadosanfelipe.cl\/2020\/sagrada-familia-1992\/","title":{"rendered":"Sagrada Familia (1992)"},"content":{"rendered":"\t\t<div data-elementor-type=\"wp-page\" data-elementor-id=\"2390\" class=\"elementor elementor-2390\" data-elementor-settings=\"[]\">\n\t\t\t\t\t\t<div class=\"elementor-inner\">\n\t\t\t\t\t\t\t<div class=\"elementor-section-wrap\">\n\t\t\t\t\t\t\t<section class=\"elementor-section elementor-top-section elementor-element elementor-element-701a14b9 elementor-section-boxed elementor-section-height-default elementor-section-height-default\" data-id=\"701a14b9\" data-element_type=\"section\">\n\t\t\t\t\t\t<div class=\"elementor-container elementor-column-gap-default\">\n\t\t\t\t\t\t\t<div class=\"elementor-row\">\n\t\t\t\t\t<div class=\"elementor-column elementor-col-100 elementor-top-column elementor-element elementor-element-6e712892\" data-id=\"6e712892\" data-element_type=\"column\">\n\t\t\t<div class=\"elementor-column-wrap elementor-element-populated\">\n\t\t\t\t\t\t\t<div class=\"elementor-widget-wrap\">\n\t\t\t\t\t\t<div class=\"elementor-element elementor-element-6869c13c elementor-widget elementor-widget-text-editor\" data-id=\"6869c13c\" data-element_type=\"widget\" data-widget_type=\"text-editor.default\">\n\t\t\t\t<div class=\"elementor-widget-container\">\n\t\t\t\t\t\t\t\t<div class=\"elementor-text-editor elementor-clearfix\">\n\t\t\t\t\t<table border=\"0\" width=\"471\" cellspacing=\"0\" cellpadding=\"2\">\n<tbody>\n<tr>\n<td class=\"txt\" width=\"145\"><img loading=\"lazy\" src=\"https:\/\/www.obispadosanfelipe.cl\/imagenes\/blue.png\" alt=\"\" width=\"6\" height=\"7\">&nbsp;P\u00e1rroco:<\/td>\n<td width=\"6\"><\/td>\n<td class=\"txt\" width=\"308\">Pbro. Juan Carlos N\u00fa\u00f1ez Becerra<\/td>\n<\/tr>\n<tr>\n<td><span class=\"txt\"><img loading=\"lazy\" src=\"https:\/\/www.obispadosanfelipe.cl\/imagenes\/blue.png\" alt=\"\" width=\"6\" height=\"7\">&nbsp;Direcci\u00f3n<\/span>:<\/td>\n<td><\/td>\n<td class=\"txt\">Sargento Aldea S\/N\u00ba. San Felipe<\/td>\n<\/tr>\n<tr>\n<td><span class=\"txt\"><img loading=\"lazy\" src=\"https:\/\/www.obispadosanfelipe.cl\/imagenes\/blue.png\" alt=\"\" width=\"6\" height=\"7\">&nbsp;Fono<\/span>:<\/td>\n<td><\/td>\n<td class=\"txt\">(34) 2511073<\/td>\n<\/tr>\n<tr>\n<td class=\"txt\"><img loading=\"lazy\" src=\"https:\/\/www.obispadosanfelipe.cl\/imagenes\/blue.png\" alt=\"\" width=\"6\" height=\"7\">&nbsp;Secretario:<\/td>\n<td><\/td>\n<td class=\"txt\">Sr. Jorge Cordero Castro<\/td>\n<\/tr>\n<tr>\n<td class=\"txt\"><img loading=\"lazy\" src=\"https:\/\/www.obispadosanfelipe.cl\/imagenes\/blue.png\" alt=\"\" width=\"6\" height=\"7\">&nbsp;Horario de Atenci\u00f3n:<\/td>\n<td><\/td>\n<td class=\"txt\">Lunes a Viernes: 10:00 a 13:00 y 17:00 a 19:00 Hrs.<\/td>\n<\/tr>\n<tr>\n<td class=\"txt\"><br><\/td><td><\/td><td><\/td><\/tr>\n<\/tbody>\n<\/table>\t\t\t\t\t<\/div>\n\t\t\t\t\t\t<\/div>\n\t\t\t\t<\/div>\n\t\t\t\t\t\t<\/div>\n\t\t\t\t\t<\/div>\n\t\t<\/div>\n\t\t\t\t\t\t\t\t<\/div>\n\t\t\t\t\t<\/div>\n\t\t<\/section>\n\t\t\t\t<section class=\"elementor-section elementor-top-section elementor-element elementor-element-5978038 elementor-section-boxed elementor-section-height-default elementor-section-height-default\" data-id=\"5978038\" data-element_type=\"section\">\n\t\t\t\t\t\t<div class=\"elementor-container elementor-column-gap-default\">\n\t\t\t\t\t\t\t<div class=\"elementor-row\">\n\t\t\t\t\t<div class=\"elementor-column elementor-col-100 elementor-top-column elementor-element elementor-element-3df0afd\" data-id=\"3df0afd\" data-element_type=\"column\">\n\t\t\t<div class=\"elementor-column-wrap elementor-element-populated\">\n\t\t\t\t\t\t\t<div class=\"elementor-widget-wrap\">\n\t\t\t\t\t\t<div class=\"elementor-element elementor-element-61ac839 elementor-widget elementor-widget-image\" data-id=\"61ac839\" data-element_type=\"widget\" data-widget_type=\"image.default\">\n\t\t\t\t<div class=\"elementor-widget-container\">\n\t\t\t\t\t\t\t\t<div class=\"elementor-image\">\n\t\t\t\t\t\t\t\t\t\t\t\t<img width=\"1024\" height=\"683\" src=\"https:\/\/obispadosanfelipe.cl\/2020\/wp-content\/uploads\/2020\/08\/Parroquia-Sagrada-Familia-de-San-Felipe-1024x683.jpg\" class=\"attachment-large size-large\" alt=\"\" loading=\"lazy\" srcset=\"https:\/\/obispadosanfelipe.cl\/2020\/wp-content\/uploads\/2020\/08\/Parroquia-Sagrada-Familia-de-San-Felipe-1024x683.jpg 1024w, https:\/\/obispadosanfelipe.cl\/2020\/wp-content\/uploads\/2020\/08\/Parroquia-Sagrada-Familia-de-San-Felipe-300x200.jpg 300w, https:\/\/obispadosanfelipe.cl\/2020\/wp-content\/uploads\/2020\/08\/Parroquia-Sagrada-Familia-de-San-Felipe-768x512.jpg 768w, https:\/\/obispadosanfelipe.cl\/2020\/wp-content\/uploads\/2020\/08\/Parroquia-Sagrada-Familia-de-San-Felipe-1536x1024.jpg 1536w, https:\/\/obispadosanfelipe.cl\/2020\/wp-content\/uploads\/2020\/08\/Parroquia-Sagrada-Familia-de-San-Felipe-2048x1365.jpg 2048w\" sizes=\"(max-width: 1024px) 100vw, 1024px\" \/>\t\t\t\t\t\t\t\t\t\t\t\t\t\t<\/div>\n\t\t\t\t\t\t<\/div>\n\t\t\t\t<\/div>\n\t\t\t\t\t\t<\/div>\n\t\t\t\t\t<\/div>\n\t\t<\/div>\n\t\t\t\t\t\t\t\t<\/div>\n\t\t\t\t\t<\/div>\n\t\t<\/section>\n\t\t\t\t<section class=\"elementor-section elementor-top-section elementor-element elementor-element-704f591 elementor-section-boxed elementor-section-height-default elementor-section-height-default\" data-id=\"704f591\" data-element_type=\"section\">\n\t\t\t\t\t\t<div class=\"elementor-container elementor-column-gap-default\">\n\t\t\t\t\t\t\t<div class=\"elementor-row\">\n\t\t\t\t\t<div class=\"elementor-column elementor-col-100 elementor-top-column elementor-element elementor-element-e51cad8\" data-id=\"e51cad8\" data-element_type=\"column\">\n\t\t\t<div class=\"elementor-column-wrap elementor-element-populated\">\n\t\t\t\t\t\t\t<div class=\"elementor-widget-wrap\">\n\t\t\t\t\t\t<div class=\"elementor-element elementor-element-ca3f56b elementor-widget-divider--view-line elementor-widget elementor-widget-divider\" data-id=\"ca3f56b\" data-element_type=\"widget\" data-widget_type=\"divider.default\">\n\t\t\t\t<div class=\"elementor-widget-container\">\n\t\t\t\t\t<div class=\"elementor-divider\">\n\t\t\t<span class=\"elementor-divider-separator\">\n\t\t\t\t\t\t<\/span>\n\t\t<\/div>\n\t\t\t\t<\/div>\n\t\t\t\t<\/div>\n\t\t\t\t\t\t<\/div>\n\t\t\t\t\t<\/div>\n\t\t<\/div>\n\t\t\t\t\t\t\t\t<\/div>\n\t\t\t\t\t<\/div>\n\t\t<\/section>\n\t\t\t\t<section class=\"elementor-section elementor-top-section elementor-element elementor-element-0514ce5 elementor-section-boxed elementor-section-height-default elementor-section-height-default\" data-id=\"0514ce5\" data-element_type=\"section\">\n\t\t\t\t\t\t<div class=\"elementor-container elementor-column-gap-default\">\n\t\t\t\t\t\t\t<div class=\"elementor-row\">\n\t\t\t\t\t<div class=\"elementor-column elementor-col-100 elementor-top-column elementor-element elementor-element-6c79b34\" data-id=\"6c79b34\" data-element_type=\"column\">\n\t\t\t<div class=\"elementor-column-wrap elementor-element-populated\">\n\t\t\t\t\t\t\t<div class=\"elementor-widget-wrap\">\n\t\t\t\t\t\t<div class=\"elementor-element elementor-element-158efef elementor-widget elementor-widget-google_maps\" data-id=\"158efef\" data-element_type=\"widget\" data-widget_type=\"google_maps.default\">\n\t\t\t\t<div class=\"elementor-widget-container\">\n\t\t\t<div class=\"elementor-custom-embed\"><iframe frameborder=\"0\" scrolling=\"no\" marginheight=\"0\" marginwidth=\"0\" src=\"https:\/\/maps.google.com\/maps?q=Sargento%20Aldea%20450%2C%20San%20Felipe&amp;t=m&amp;z=10&amp;output=embed&amp;iwloc=near\" title=\"Sargento Aldea 450, San Felipe\" aria-label=\"Sargento Aldea 450, San Felipe\"><\/iframe><\/div>\t\t<\/div>\n\t\t\t\t<\/div>\n\t\t\t\t\t\t<\/div>\n\t\t\t\t\t<\/div>\n\t\t<\/div>\n\t\t\t\t\t\t\t\t<\/div>\n\t\t\t\t\t<\/div>\n\t\t<\/section>\n\t\t\t\t\t\t<\/div>\n\t\t\t\t\t\t<\/div>\n\t\t\t\t\t<\/div>\n\t\t","protected":false},"excerpt":{"rendered":"<p>\u00a0P\u00e1rroco: Pbro. Juan Carlos N\u00fa\u00f1ez Becerra \u00a0Direcci\u00f3n: Sargento Aldea S\/N\u00ba. San Felipe \u00a0Fono: (34) 2511073 \u00a0Secretario: Sr. Jorge Cordero Castro \u00a0Horario de Atenci\u00f3n: Lunes a Viernes: 10:00 a 13:00 y&hellip;<\/p>\n","protected":false},"author":1,"featured_media":0,"parent":0,"menu_order":0,"comment_status":"closed","ping_status":"closed","template":"","meta":[],"_links":{"self":[{"href":"https:\/\/obispadosanfelipe.cl\/2020\/wp-json\/wp\/v2\/pages\/2390"}],"collection":[{"href":"https:\/\/obispadosanfelipe.cl\/2020\/wp-json\/wp\/v2\/pages"}],"about":[{"href":"https:\/\/obispadosanfelipe.cl\/2020\/wp-json\/wp\/v2\/types\/page"}],"author":[{"embeddable":true,"href":"https:\/\/obispadosanfelipe.cl\/2020\/wp-json\/wp\/v2\/users\/1"}],"replies":[{"embeddable":true,"href":"https:\/\/obispadosanfelipe.cl\/2020\/wp-json\/wp\/v2\/comments?post=2390"}],"version-history":[{"count":0,"href":"https:\/\/obispadosanfelipe.cl\/2020\/wp-json\/wp\/v2\/pages\/2390\/revisions"}],"wp:attachment":[{"href":"https:\/\/obispadosanfelipe.cl\/2020\/wp-json\/wp\/v2\/media?parent=2390"}],"curies":[{"name":"wp","href":"https:\/\/api.w.org\/{rel}","templated":true}]}}