{"id":2652,"date":"2020-08-11T15:08:10","date_gmt":"2020-08-11T15:08:10","guid":{"rendered":"https:\/\/obispadosanfelipe.cl\/2020\/?page_id=2652"},"modified":"2021-05-19T13:46:22","modified_gmt":"2021-05-19T13:46:22","slug":"area-administracion-de-bienes","status":"publish","type":"page","link":"https:\/\/obispadosanfelipe.cl\/2020\/area-administracion-de-bienes\/","title":{"rendered":"Administraci\u00f3n de Bienes"},"content":{"rendered":"\t\t<div data-elementor-type=\"wp-page\" data-elementor-id=\"2652\" class=\"elementor elementor-2652\" data-elementor-settings=\"[]\">\n\t\t\t\t\t\t<div class=\"elementor-inner\">\n\t\t\t\t\t\t\t<div class=\"elementor-section-wrap\">\n\t\t\t\t\t\t\t<section class=\"elementor-section elementor-top-section elementor-element elementor-element-76c55b96 elementor-section-boxed elementor-section-height-default elementor-section-height-default\" data-id=\"76c55b96\" data-element_type=\"section\">\n\t\t\t\t\t\t<div class=\"elementor-container elementor-column-gap-default\">\n\t\t\t\t\t\t\t<div class=\"elementor-row\">\n\t\t\t\t\t<div class=\"elementor-column elementor-col-100 elementor-top-column elementor-element elementor-element-26614520\" data-id=\"26614520\" data-element_type=\"column\">\n\t\t\t<div class=\"elementor-column-wrap elementor-element-populated\">\n\t\t\t\t\t\t\t<div class=\"elementor-widget-wrap\">\n\t\t\t\t\t\t<div class=\"elementor-element elementor-element-3ca022c elementor-widget elementor-widget-text-editor\" data-id=\"3ca022c\" data-element_type=\"widget\" data-widget_type=\"text-editor.default\">\n\t\t\t\t<div class=\"elementor-widget-container\">\n\t\t\t\t\t\t\t\t<div class=\"elementor-text-editor elementor-clearfix\">\n\t\t\t\t\t<p>Tiene como objetivo principal la responsabilidad de administrar el recurso humano, f\u00edsico y financiero del Obispado de San Felipe, en cumplimiento de la normativa civil y eclesi\u00e1stica que lo rige y en funci\u00f3n de su misi\u00f3n evangelizadora.<\/p><p>Para llevar a cabo su objetivo de manera eficiente y optimizar el uso de los recursos cuenta con las funciones de Administraci\u00f3n de Bienes, Contabilidad y Finanzas, Tesorer\u00eda, Recursos Humanos y Presupuestos.<\/p><p>\u00a0<\/p><p><span style=\"color: #222222; font-family: Arial, Helvetica, sans-serif; font-size: small;\">Responsable: Ignacio Urz\u00faa Villagr\u00e1n<\/span><br style=\"color: #222222; font-family: Arial, Helvetica, sans-serif; font-size: small;\" \/><span style=\"color: #222222; font-family: Arial, Helvetica, sans-serif; font-size: small;\">Administrador de Bienes y Finanzas.<\/span><br style=\"color: #222222; font-family: Arial, Helvetica, sans-serif; font-size: small;\" \/><span style=\"color: #222222; font-family: Arial, Helvetica, sans-serif; font-size: small;\">Direcci\u00f3n: Merced 812, San Felipe.<\/span><br style=\"color: #222222; font-family: Arial, Helvetica, sans-serif; font-size: small;\" \/><span style=\"color: #222222; font-family: Arial, Helvetica, sans-serif; font-size: small;\">Correo Electr\u00f3nico: ignaciourzua@obispadosanfelipe.cl\u00a0<br \/>Fono: 342510121<\/span><\/p><p>\u00a0<\/p><p>\u00a0<\/p><p>\u00a0<\/p>\t\t\t\t\t<\/div>\n\t\t\t\t\t\t<\/div>\n\t\t\t\t<\/div>\n\t\t\t\t\t\t<\/div>\n\t\t\t\t\t<\/div>\n\t\t<\/div>\n\t\t\t\t\t\t\t\t<\/div>\n\t\t\t\t\t<\/div>\n\t\t<\/section>\n\t\t\t\t<section class=\"elementor-section elementor-top-section elementor-element elementor-element-fc19499 elementor-section-boxed elementor-section-height-default elementor-section-height-default\" data-id=\"fc19499\" data-element_type=\"section\">\n\t\t\t\t\t\t<div class=\"elementor-container elementor-column-gap-default\">\n\t\t\t\t\t\t\t<div class=\"elementor-row\">\n\t\t\t\t\t<div class=\"elementor-column elementor-col-100 elementor-top-column elementor-element elementor-element-4ef7e65\" data-id=\"4ef7e65\" data-element_type=\"column\">\n\t\t\t<div class=\"elementor-column-wrap elementor-element-populated\">\n\t\t\t\t\t\t\t<div class=\"elementor-widget-wrap\">\n\t\t\t\t\t\t<div class=\"elementor-element elementor-element-c63530e elementor-widget elementor-widget-the7_photo-scroller\" data-id=\"c63530e\" data-element_type=\"widget\" data-settings=\"{&quot;autoplay&quot;:&quot;no&quot;}\" data-widget_type=\"the7_photo-scroller.default\">\n\t\t\t\t<div class=\"elementor-widget-container\">\n\t\t\t\t\t<div class=\"photo-scroller the7_photo-scroller-c63530e hide-thumbs\" data-scale=\"fill\" data-autoslide=\"false\" data-play-on-hover=\"false\" data-delay=\"0\" data-show-thumbnails=\"true\" data-thumb-position=\"inside-hidden\" data-thumb-height=\"60\" data-thumb-width=\"60\" data-transparency=\"0.15\" data-arrows=\"true\" data-arrows_tablet=\"true\" data-arrows_mobile=\"true\" data-next-icon=\"icomoon-the7-font-the7-arrow-09\" data-prev-icon=\"icomoon-the7-font-the7-arrow-08\" data-r-arrow-v-position=\"center\" data-r-arrow-h-position=\"right\" data-l-arrow-v-position=\"center\" data-l-arrow-h-position=\"left\" data-ls-fill-dt=\"fill\" data-ls-fill-tablet=\"fill\" data-pt-fill-dt=\"fit\" data-pt-fill-tablet=\"fit\" data-pt-fill-mob=\"fit\" data-ls-fill-mob=\"fill\" data-padding-top=\"0\" data-padding-bottom=\"0\" data-padding-side=\"0\" data-padding-left=\"0\" data-t-padding-top=\"0\" data-t-padding-bottom=\"0\" data-t-padding-side=\"0\" data-t-padding-left=\"0\" data-m-padding-top=\"0\" data-m-padding-bottom=\"0\" data-m-padding-side=\"0\" data-m-padding-left=\"0\" data-ls-max=\"100\" data-t-ls-max=\"100\" data-m-ls-max=\"100\" data-ls-min=\"0\" data-t-ls-min=\"0\" data-m-ls-min=\"0\" data-pt-max=\"100\" data-t-pt-max=\"100\" data-m-pt-max=\"100\" data-pt-min=\"0\" data-t-pt-min=\"0\" data-m-pt-min=\"0\" data-height=\"300\" data-tablet-height=\"300\" data-mobile-height=\"300\">\n\t\t\t<div class=\"photoSlider\">\n\t\t\t\t<figure data-width=\"2560\" data-height=\"1718\"><a href=\" https:\/\/obispadosanfelipe.cl\/2020\/wp-content\/uploads\/2020\/08\/DSC_5254-scaled.jpg \"<a href=\"https:\/\/obispadosanfelipe.cl\/2020\/wp-content\/uploads\/2020\/08\/DSC_5254-scaled.jpg\" class=\"post-thumbnail-rollover layzr-bg\" title=\"DSC_5254\"  aria-label=\"Post image\"><img loading=\"lazy\" src=\"data:image\/svg+xml,%3Csvg%20xmlns%3D&#39;http%3A%2F%2Fwww.w3.org%2F2000%2Fsvg&#39;%20viewBox%3D&#39;0%200%202560%201718&#39;%2F%3E\" data-src=\"https:\/\/obispadosanfelipe.cl\/2020\/wp-content\/uploads\/2020\/08\/DSC_5254-scaled.jpg\" data-srcset=\"https:\/\/obispadosanfelipe.cl\/2020\/wp-content\/uploads\/2020\/08\/DSC_5254-scaled.jpg 2560w\" class=\"preload-me photo-thumb-lazy-load\" width=\"2560\" height=\"1718\"  alt=\"\" title=\"DSC_5254\" \/><\/a><\/a><\/figure><figure data-width=\"1417\" data-height=\"945\"><a href=\" https:\/\/obispadosanfelipe.cl\/2020\/wp-content\/uploads\/2020\/08\/DSC_9336-b.jpg \"<a href=\"https:\/\/obispadosanfelipe.cl\/2020\/wp-content\/uploads\/2020\/08\/DSC_9336-b.jpg\" class=\"post-thumbnail-rollover layzr-bg\" title=\"DSC_9336 b\"  aria-label=\"Post image\"><img loading=\"lazy\" src=\"data:image\/svg+xml,%3Csvg%20xmlns%3D&#39;http%3A%2F%2Fwww.w3.org%2F2000%2Fsvg&#39;%20viewBox%3D&#39;0%200%201417%20945&#39;%2F%3E\" data-src=\"https:\/\/obispadosanfelipe.cl\/2020\/wp-content\/uploads\/2020\/08\/DSC_9336-b.jpg\" data-srcset=\"https:\/\/obispadosanfelipe.cl\/2020\/wp-content\/uploads\/2020\/08\/DSC_9336-b.jpg 1417w\" class=\"preload-me photo-thumb-lazy-load\" width=\"1417\" height=\"945\"  alt=\"\" title=\"DSC_9336 b\" \/><\/a><\/a><\/figure>\t\t\t<\/div>\n\t\t\t<div class=\"btn-cntr\">\n\t\t\t\t<a href=\"#\" class=\"hide-thumb-btn\"><\/a>\n\t\t\t\t<a href=\"#\" class=\"auto-play-btn\"><\/a>\n\t\t\t\t<a href=\"#\" class=\"full-screen-btn\"><\/a>\n\t\t\t<\/div>\n\t\t<\/div>\n\t\t\t\t<\/div>\n\t\t\t\t<\/div>\n\t\t\t\t\t\t<\/div>\n\t\t\t\t\t<\/div>\n\t\t<\/div>\n\t\t\t\t\t\t\t\t<\/div>\n\t\t\t\t\t<\/div>\n\t\t<\/section>\n\t\t\t\t\t\t<\/div>\n\t\t\t\t\t\t<\/div>\n\t\t\t\t\t<\/div>\n\t\t","protected":false},"excerpt":{"rendered":"<p>Tiene como objetivo principal la responsabilidad de administrar el recurso humano, f\u00edsico y financiero del Obispado de San Felipe, en cumplimiento de la normativa civil y eclesi\u00e1stica que lo rige&hellip;<\/p>\n","protected":false},"author":1,"featured_media":0,"parent":0,"menu_order":0,"comment_status":"closed","ping_status":"closed","template":"","meta":[],"_links":{"self":[{"href":"https:\/\/obispadosanfelipe.cl\/2020\/wp-json\/wp\/v2\/pages\/2652"}],"collection":[{"href":"https:\/\/obispadosanfelipe.cl\/2020\/wp-json\/wp\/v2\/pages"}],"about":[{"href":"https:\/\/obispadosanfelipe.cl\/2020\/wp-json\/wp\/v2\/types\/page"}],"author":[{"embeddable":true,"href":"https:\/\/obispadosanfelipe.cl\/2020\/wp-json\/wp\/v2\/users\/1"}],"replies":[{"embeddable":true,"href":"https:\/\/obispadosanfelipe.cl\/2020\/wp-json\/wp\/v2\/comments?post=2652"}],"version-history":[{"count":0,"href":"https:\/\/obispadosanfelipe.cl\/2020\/wp-json\/wp\/v2\/pages\/2652\/revisions"}],"wp:attachment":[{"href":"https:\/\/obispadosanfelipe.cl\/2020\/wp-json\/wp\/v2\/media?parent=2652"}],"curies":[{"name":"wp","href":"https:\/\/api.w.org\/{rel}","templated":true}]}}