{"id":2728,"date":"2020-08-12T02:22:29","date_gmt":"2020-08-12T02:22:29","guid":{"rendered":"https:\/\/obispadosanfelipe.cl\/2020\/?page_id=2728"},"modified":"2020-08-12T15:05:10","modified_gmt":"2020-08-12T15:05:10","slug":"pastoral-social","status":"publish","type":"page","link":"https:\/\/obispadosanfelipe.cl\/2020\/pastoral-social\/","title":{"rendered":"Pastoral Social Caritas"},"content":{"rendered":"\t\t<div data-elementor-type=\"wp-page\" data-elementor-id=\"2728\" class=\"elementor elementor-2728\" data-elementor-settings=\"[]\">\n\t\t\t\t\t\t<div class=\"elementor-inner\">\n\t\t\t\t\t\t\t<div class=\"elementor-section-wrap\">\n\t\t\t\t\t\t\t<section class=\"elementor-section elementor-top-section elementor-element elementor-element-22e07048 elementor-section-boxed elementor-section-height-default elementor-section-height-default\" data-id=\"22e07048\" data-element_type=\"section\">\n\t\t\t\t\t\t<div class=\"elementor-container elementor-column-gap-default\">\n\t\t\t\t\t\t\t<div class=\"elementor-row\">\n\t\t\t\t\t<div class=\"elementor-column elementor-col-100 elementor-top-column elementor-element elementor-element-4e42147e\" data-id=\"4e42147e\" data-element_type=\"column\">\n\t\t\t<div class=\"elementor-column-wrap elementor-element-populated\">\n\t\t\t\t\t\t\t<div class=\"elementor-widget-wrap\">\n\t\t\t\t\t\t<div class=\"elementor-element elementor-element-401487fd elementor-widget elementor-widget-text-editor\" data-id=\"401487fd\" data-element_type=\"widget\" data-widget_type=\"text-editor.default\">\n\t\t\t\t<div class=\"elementor-widget-container\">\n\t\t\t\t\t\t\t\t<div class=\"elementor-text-editor elementor-clearfix\">\n\t\t\t\t\t<p><strong>Delegaci\u00f3n&nbsp;&nbsp; Episcopal&nbsp;&nbsp; de &nbsp;&nbsp;la&nbsp; Pastoral&nbsp;&nbsp; Social<\/strong><\/p>\n<p><strong>&nbsp;<\/strong><\/p>\n<p class=\"texto\">Esta delegaci\u00f3n tiene su como origen y fundamento las actitudes y gestos de Jes\u00fas con el aquel que sufre en cualquier \u00e1mbito de su vida. Por otro lado tiene como referente principal la ense\u00f1anza social de la Iglesia, que a trav\u00e9s de toda su historia ha estado compartiendo <em>\u201cel gozo y la esperanza, la tristeza y la angustia\u201d<\/em>&nbsp;de los hombres y mujeres de su tiempo (cf.GS1).<\/p>\n<p class=\"texto\">\n<\/p><p class=\"texto\">A partir de estas referencias&nbsp; Pastoral Social Caritas, como parte integrante&nbsp; del proceso evangelizador de la Iglesia, ve la necesidad de iluminar en aquellas situaciones, problemas y desaf\u00edos que surgen de lo humano.<\/p>\n<p>Las comisiones que la componen son: Pastoral Penitenciaria, Pastoral Adulto Mayor, Pastoral Enfermos Voluntariado de C\u00e1ritas, Pastoral&nbsp; de los trabajadores(as), Pastoral de la Misericordia, CEVAS,&nbsp; Cuaresma de Fraternidad y Pastoral de Migrantes.<\/p>\n<p><\/p>\n<p><\/p>\t\t\t\t\t<\/div>\n\t\t\t\t\t\t<\/div>\n\t\t\t\t<\/div>\n\t\t\t\t\t\t<\/div>\n\t\t\t\t\t<\/div>\n\t\t<\/div>\n\t\t\t\t\t\t\t\t<\/div>\n\t\t\t\t\t<\/div>\n\t\t<\/section>\n\t\t\t\t<section class=\"elementor-section elementor-top-section elementor-element elementor-element-73019cc elementor-section-boxed elementor-section-height-default elementor-section-height-default\" data-id=\"73019cc\" data-element_type=\"section\">\n\t\t\t\t\t\t<div class=\"elementor-container elementor-column-gap-default\">\n\t\t\t\t\t\t\t<div class=\"elementor-row\">\n\t\t\t\t\t<div class=\"elementor-column elementor-col-100 elementor-top-column elementor-element elementor-element-521bfcc\" data-id=\"521bfcc\" data-element_type=\"column\">\n\t\t\t<div class=\"elementor-column-wrap elementor-element-populated\">\n\t\t\t\t\t\t\t<div class=\"elementor-widget-wrap\">\n\t\t\t\t\t\t<div class=\"elementor-element elementor-element-ebe0c19 elementor-widget elementor-widget-the7_photo-scroller\" data-id=\"ebe0c19\" data-element_type=\"widget\" data-settings=\"{&quot;autoplay&quot;:&quot;no&quot;}\" data-widget_type=\"the7_photo-scroller.default\">\n\t\t\t\t<div class=\"elementor-widget-container\">\n\t\t\t\t\t<div class=\"photo-scroller the7_photo-scroller-ebe0c19 hide-thumbs\" data-scale=\"fill\" data-autoslide=\"false\" data-play-on-hover=\"false\" data-delay=\"0\" data-show-thumbnails=\"true\" data-thumb-position=\"inside-hidden\" data-thumb-height=\"60\" data-thumb-width=\"60\" data-transparency=\"0.15\" data-arrows=\"true\" data-arrows_tablet=\"true\" data-arrows_mobile=\"true\" data-next-icon=\"icomoon-the7-font-the7-arrow-09\" data-prev-icon=\"icomoon-the7-font-the7-arrow-08\" data-r-arrow-v-position=\"center\" data-r-arrow-h-position=\"right\" data-l-arrow-v-position=\"center\" data-l-arrow-h-position=\"left\" data-ls-fill-dt=\"fill\" data-ls-fill-tablet=\"fill\" data-pt-fill-dt=\"fit\" data-pt-fill-tablet=\"fit\" data-pt-fill-mob=\"fit\" data-ls-fill-mob=\"fill\" data-padding-top=\"0\" data-padding-bottom=\"0\" data-padding-side=\"0\" data-padding-left=\"0\" data-t-padding-top=\"0\" data-t-padding-bottom=\"0\" data-t-padding-side=\"0\" data-t-padding-left=\"0\" data-m-padding-top=\"0\" data-m-padding-bottom=\"0\" data-m-padding-side=\"0\" data-m-padding-left=\"0\" data-ls-max=\"100\" data-t-ls-max=\"100\" data-m-ls-max=\"100\" data-ls-min=\"0\" data-t-ls-min=\"0\" data-m-ls-min=\"0\" data-pt-max=\"100\" data-t-pt-max=\"100\" data-m-pt-max=\"100\" data-pt-min=\"0\" data-t-pt-min=\"0\" data-m-pt-min=\"0\" data-height=\"300\" data-tablet-height=\"300\" data-mobile-height=\"300\">\n\t\t\t<div class=\"photoSlider\">\n\t\t\t\t<figure data-width=\"2560\" data-height=\"1708\"><a href=\" https:\/\/obispadosanfelipe.cl\/2020\/wp-content\/uploads\/2020\/08\/DSC_0035-scaled.jpg \"<a href=\"https:\/\/obispadosanfelipe.cl\/2020\/wp-content\/uploads\/2020\/08\/DSC_0035-scaled.jpg\" class=\"post-thumbnail-rollover layzr-bg\" title=\"DSC_0035\"  aria-label=\"Post image\"><img loading=\"lazy\" src=\"data:image\/svg+xml,%3Csvg%20xmlns%3D&#39;http%3A%2F%2Fwww.w3.org%2F2000%2Fsvg&#39;%20viewBox%3D&#39;0%200%202560%201708&#39;%2F%3E\" data-src=\"https:\/\/obispadosanfelipe.cl\/2020\/wp-content\/uploads\/2020\/08\/DSC_0035-scaled.jpg\" data-srcset=\"https:\/\/obispadosanfelipe.cl\/2020\/wp-content\/uploads\/2020\/08\/DSC_0035-scaled.jpg 2560w\" class=\"preload-me photo-thumb-lazy-load\" width=\"2560\" height=\"1708\"  alt=\"\" title=\"DSC_0035\" \/><\/a><\/a><\/figure><figure data-width=\"2560\" data-height=\"1711\"><a href=\" https:\/\/obispadosanfelipe.cl\/2020\/wp-content\/uploads\/2020\/08\/DSC_0115-1-scaled.jpg \"<a href=\"https:\/\/obispadosanfelipe.cl\/2020\/wp-content\/uploads\/2020\/08\/DSC_0115-1-scaled.jpg\" class=\"post-thumbnail-rollover layzr-bg\" title=\"DSC_0115\"  aria-label=\"Post image\"><img loading=\"lazy\" src=\"data:image\/svg+xml,%3Csvg%20xmlns%3D&#39;http%3A%2F%2Fwww.w3.org%2F2000%2Fsvg&#39;%20viewBox%3D&#39;0%200%202560%201711&#39;%2F%3E\" data-src=\"https:\/\/obispadosanfelipe.cl\/2020\/wp-content\/uploads\/2020\/08\/DSC_0115-1-scaled.jpg\" data-srcset=\"https:\/\/obispadosanfelipe.cl\/2020\/wp-content\/uploads\/2020\/08\/DSC_0115-1-scaled.jpg 2560w\" class=\"preload-me photo-thumb-lazy-load\" width=\"2560\" height=\"1711\"  alt=\"\" title=\"DSC_0115\" \/><\/a><\/a><\/figure><figure data-width=\"2560\" data-height=\"1711\"><a href=\" https:\/\/obispadosanfelipe.cl\/2020\/wp-content\/uploads\/2020\/08\/DSC_0175-scaled.jpg \"<a href=\"https:\/\/obispadosanfelipe.cl\/2020\/wp-content\/uploads\/2020\/08\/DSC_0175-scaled.jpg\" class=\"post-thumbnail-rollover layzr-bg\" title=\"DSC_0175\"  aria-label=\"Post image\"><img loading=\"lazy\" src=\"data:image\/svg+xml,%3Csvg%20xmlns%3D&#39;http%3A%2F%2Fwww.w3.org%2F2000%2Fsvg&#39;%20viewBox%3D&#39;0%200%202560%201711&#39;%2F%3E\" data-src=\"https:\/\/obispadosanfelipe.cl\/2020\/wp-content\/uploads\/2020\/08\/DSC_0175-scaled.jpg\" data-srcset=\"https:\/\/obispadosanfelipe.cl\/2020\/wp-content\/uploads\/2020\/08\/DSC_0175-scaled.jpg 2560w\" class=\"preload-me photo-thumb-lazy-load\" width=\"2560\" height=\"1711\"  alt=\"\" title=\"DSC_0175\" \/><\/a><\/a><\/figure><figure data-width=\"1024\" data-height=\"683\"><a href=\" https:\/\/obispadosanfelipe.cl\/2020\/wp-content\/uploads\/2020\/08\/IMG_1750.jpg \"<a href=\"https:\/\/obispadosanfelipe.cl\/2020\/wp-content\/uploads\/2020\/08\/IMG_1750.jpg\" class=\"post-thumbnail-rollover layzr-bg\" title=\"IMG_1750\"  aria-label=\"Post image\"><img loading=\"lazy\" src=\"data:image\/svg+xml,%3Csvg%20xmlns%3D&#39;http%3A%2F%2Fwww.w3.org%2F2000%2Fsvg&#39;%20viewBox%3D&#39;0%200%201024%20683&#39;%2F%3E\" data-src=\"https:\/\/obispadosanfelipe.cl\/2020\/wp-content\/uploads\/2020\/08\/IMG_1750.jpg\" data-srcset=\"https:\/\/obispadosanfelipe.cl\/2020\/wp-content\/uploads\/2020\/08\/IMG_1750.jpg 1024w\" class=\"preload-me photo-thumb-lazy-load\" width=\"1024\" height=\"683\"  alt=\"\" title=\"IMG_1750\" \/><\/a><\/a><\/figure><figure data-width=\"960\" data-height=\"641\"><a href=\" https:\/\/obispadosanfelipe.cl\/2020\/wp-content\/uploads\/2020\/08\/54545.jpg \"<a href=\"https:\/\/obispadosanfelipe.cl\/2020\/wp-content\/uploads\/2020\/08\/54545.jpg\" class=\"post-thumbnail-rollover layzr-bg\" title=\"54545\"  aria-label=\"Post image\"><img loading=\"lazy\" src=\"data:image\/svg+xml,%3Csvg%20xmlns%3D&#39;http%3A%2F%2Fwww.w3.org%2F2000%2Fsvg&#39;%20viewBox%3D&#39;0%200%20960%20641&#39;%2F%3E\" data-src=\"https:\/\/obispadosanfelipe.cl\/2020\/wp-content\/uploads\/2020\/08\/54545.jpg\" data-srcset=\"https:\/\/obispadosanfelipe.cl\/2020\/wp-content\/uploads\/2020\/08\/54545.jpg 960w\" class=\"preload-me photo-thumb-lazy-load\" width=\"960\" height=\"641\"  alt=\"\" title=\"54545\" \/><\/a><\/a><\/figure><figure data-width=\"960\" data-height=\"641\"><a href=\" https:\/\/obispadosanfelipe.cl\/2020\/wp-content\/uploads\/2020\/08\/54545-1.jpg \"<a href=\"https:\/\/obispadosanfelipe.cl\/2020\/wp-content\/uploads\/2020\/08\/54545-1.jpg\" class=\"post-thumbnail-rollover layzr-bg\" title=\"54545\"  aria-label=\"Post image\"><img loading=\"lazy\" src=\"data:image\/svg+xml,%3Csvg%20xmlns%3D&#39;http%3A%2F%2Fwww.w3.org%2F2000%2Fsvg&#39;%20viewBox%3D&#39;0%200%20960%20641&#39;%2F%3E\" data-src=\"https:\/\/obispadosanfelipe.cl\/2020\/wp-content\/uploads\/2020\/08\/54545-1.jpg\" data-srcset=\"https:\/\/obispadosanfelipe.cl\/2020\/wp-content\/uploads\/2020\/08\/54545-1.jpg 960w\" class=\"preload-me photo-thumb-lazy-load\" width=\"960\" height=\"641\"  alt=\"\" title=\"54545\" \/><\/a><\/a><\/figure><figure data-width=\"2560\" data-height=\"1707\"><a href=\" https:\/\/obispadosanfelipe.cl\/2020\/wp-content\/uploads\/2020\/08\/celebracion-carcel-San-Felipe-041-scaled.jpg \"<a href=\"https:\/\/obispadosanfelipe.cl\/2020\/wp-content\/uploads\/2020\/08\/celebracion-carcel-San-Felipe-041-scaled.jpg\" class=\"post-thumbnail-rollover layzr-bg\" title=\"celebraci\u00f3n carcel San Felipe 041\"  aria-label=\"Post image\"><img loading=\"lazy\" src=\"data:image\/svg+xml,%3Csvg%20xmlns%3D&#39;http%3A%2F%2Fwww.w3.org%2F2000%2Fsvg&#39;%20viewBox%3D&#39;0%200%202560%201707&#39;%2F%3E\" data-src=\"https:\/\/obispadosanfelipe.cl\/2020\/wp-content\/uploads\/2020\/08\/celebracion-carcel-San-Felipe-041-scaled.jpg\" data-srcset=\"https:\/\/obispadosanfelipe.cl\/2020\/wp-content\/uploads\/2020\/08\/celebracion-carcel-San-Felipe-041-scaled.jpg 2560w\" class=\"preload-me photo-thumb-lazy-load\" width=\"2560\" height=\"1707\"  alt=\"\" title=\"celebraci\u00f3n carcel San Felipe 041\" \/><\/a><\/a><\/figure><figure data-width=\"923\" data-height=\"617\"><a href=\" https:\/\/obispadosanfelipe.cl\/2020\/wp-content\/uploads\/2020\/08\/CEVAS-2.jpg \"<a href=\"https:\/\/obispadosanfelipe.cl\/2020\/wp-content\/uploads\/2020\/08\/CEVAS-2.jpg\" class=\"post-thumbnail-rollover layzr-bg\" title=\"CEVAS 2\"  aria-label=\"Post image\"><img loading=\"lazy\" src=\"data:image\/svg+xml,%3Csvg%20xmlns%3D&#39;http%3A%2F%2Fwww.w3.org%2F2000%2Fsvg&#39;%20viewBox%3D&#39;0%200%20923%20617&#39;%2F%3E\" data-src=\"https:\/\/obispadosanfelipe.cl\/2020\/wp-content\/uploads\/2020\/08\/CEVAS-2.jpg\" data-srcset=\"https:\/\/obispadosanfelipe.cl\/2020\/wp-content\/uploads\/2020\/08\/CEVAS-2.jpg 923w\" class=\"preload-me photo-thumb-lazy-load\" width=\"923\" height=\"617\"  alt=\"\" title=\"CEVAS 2\" \/><\/a><\/a><\/figure><figure data-width=\"1920\" data-height=\"1080\"><a href=\" https:\/\/obispadosanfelipe.cl\/2020\/wp-content\/uploads\/2020\/08\/DSC08283.jpg \"<a href=\"https:\/\/obispadosanfelipe.cl\/2020\/wp-content\/uploads\/2020\/08\/DSC08283.jpg\" class=\"post-thumbnail-rollover layzr-bg\" title=\"DSC08283\"  aria-label=\"Post image\"><img loading=\"lazy\" src=\"data:image\/svg+xml,%3Csvg%20xmlns%3D&#39;http%3A%2F%2Fwww.w3.org%2F2000%2Fsvg&#39;%20viewBox%3D&#39;0%200%201920%201080&#39;%2F%3E\" data-src=\"https:\/\/obispadosanfelipe.cl\/2020\/wp-content\/uploads\/2020\/08\/DSC08283.jpg\" data-srcset=\"https:\/\/obispadosanfelipe.cl\/2020\/wp-content\/uploads\/2020\/08\/DSC08283.jpg 1920w\" class=\"preload-me photo-thumb-lazy-load\" width=\"1920\" height=\"1080\"  alt=\"\" title=\"DSC08283\" \/><\/a><\/a><\/figure><figure data-width=\"1920\" data-height=\"1080\"><a href=\" https:\/\/obispadosanfelipe.cl\/2020\/wp-content\/uploads\/2020\/08\/DSCF3912.jpg \"<a href=\"https:\/\/obispadosanfelipe.cl\/2020\/wp-content\/uploads\/2020\/08\/DSCF3912.jpg\" class=\"post-thumbnail-rollover layzr-bg\" title=\"DSCF3912\"  aria-label=\"Post image\"><img loading=\"lazy\" src=\"data:image\/svg+xml,%3Csvg%20xmlns%3D&#39;http%3A%2F%2Fwww.w3.org%2F2000%2Fsvg&#39;%20viewBox%3D&#39;0%200%201920%201080&#39;%2F%3E\" data-src=\"https:\/\/obispadosanfelipe.cl\/2020\/wp-content\/uploads\/2020\/08\/DSCF3912.jpg\" data-srcset=\"https:\/\/obispadosanfelipe.cl\/2020\/wp-content\/uploads\/2020\/08\/DSCF3912.jpg 1920w\" class=\"preload-me photo-thumb-lazy-load\" width=\"1920\" height=\"1080\"  alt=\"\" title=\"DSCF3912\" \/><\/a><\/a><\/figure><figure data-width=\"2560\" data-height=\"1920\"><a href=\" https:\/\/obispadosanfelipe.cl\/2020\/wp-content\/uploads\/2020\/08\/DSCN5695-scaled.jpg \"<a href=\"https:\/\/obispadosanfelipe.cl\/2020\/wp-content\/uploads\/2020\/08\/DSCN5695-scaled.jpg\" class=\"post-thumbnail-rollover layzr-bg\" title=\"DSCN5695\"  aria-label=\"Post image\"><img loading=\"lazy\" src=\"data:image\/svg+xml,%3Csvg%20xmlns%3D&#39;http%3A%2F%2Fwww.w3.org%2F2000%2Fsvg&#39;%20viewBox%3D&#39;0%200%202560%201920&#39;%2F%3E\" data-src=\"https:\/\/obispadosanfelipe.cl\/2020\/wp-content\/uploads\/2020\/08\/DSCN5695-scaled.jpg\" data-srcset=\"https:\/\/obispadosanfelipe.cl\/2020\/wp-content\/uploads\/2020\/08\/DSCN5695-scaled.jpg 2560w\" class=\"preload-me photo-thumb-lazy-load\" width=\"2560\" height=\"1920\"  alt=\"\" title=\"DSCN5695\" \/><\/a><\/a><\/figure><figure data-width=\"2560\" data-height=\"1920\"><a href=\" https:\/\/obispadosanfelipe.cl\/2020\/wp-content\/uploads\/2020\/08\/DSCN5830-scaled.jpg \"<a href=\"https:\/\/obispadosanfelipe.cl\/2020\/wp-content\/uploads\/2020\/08\/DSCN5830-scaled.jpg\" class=\"post-thumbnail-rollover layzr-bg\" title=\"DSCN5830\"  aria-label=\"Post image\"><img loading=\"lazy\" src=\"data:image\/svg+xml,%3Csvg%20xmlns%3D&#39;http%3A%2F%2Fwww.w3.org%2F2000%2Fsvg&#39;%20viewBox%3D&#39;0%200%202560%201920&#39;%2F%3E\" data-src=\"https:\/\/obispadosanfelipe.cl\/2020\/wp-content\/uploads\/2020\/08\/DSCN5830-scaled.jpg\" data-srcset=\"https:\/\/obispadosanfelipe.cl\/2020\/wp-content\/uploads\/2020\/08\/DSCN5830-scaled.jpg 2560w\" class=\"preload-me photo-thumb-lazy-load\" width=\"2560\" height=\"1920\"  alt=\"\" title=\"DSCN5830\" \/><\/a><\/a><\/figure><figure data-width=\"2560\" data-height=\"1920\"><a href=\" https:\/\/obispadosanfelipe.cl\/2020\/wp-content\/uploads\/2020\/08\/DSCN6065-scaled.jpg \"<a href=\"https:\/\/obispadosanfelipe.cl\/2020\/wp-content\/uploads\/2020\/08\/DSCN6065-scaled.jpg\" class=\"post-thumbnail-rollover layzr-bg\" title=\"DSCN6065\"  aria-label=\"Post image\"><img loading=\"lazy\" src=\"data:image\/svg+xml,%3Csvg%20xmlns%3D&#39;http%3A%2F%2Fwww.w3.org%2F2000%2Fsvg&#39;%20viewBox%3D&#39;0%200%202560%201920&#39;%2F%3E\" data-src=\"https:\/\/obispadosanfelipe.cl\/2020\/wp-content\/uploads\/2020\/08\/DSCN6065-scaled.jpg\" data-srcset=\"https:\/\/obispadosanfelipe.cl\/2020\/wp-content\/uploads\/2020\/08\/DSCN6065-scaled.jpg 2560w\" class=\"preload-me photo-thumb-lazy-load\" width=\"2560\" height=\"1920\"  alt=\"\" title=\"DSCN6065\" \/><\/a><\/a><\/figure><figure data-width=\"2560\" data-height=\"1920\"><a href=\" https:\/\/obispadosanfelipe.cl\/2020\/wp-content\/uploads\/2020\/08\/IMG_1588-scaled.jpg \"<a href=\"https:\/\/obispadosanfelipe.cl\/2020\/wp-content\/uploads\/2020\/08\/IMG_1588-scaled.jpg\" class=\"post-thumbnail-rollover layzr-bg\" title=\"IMG_1588\"  aria-label=\"Post image\"><img loading=\"lazy\" src=\"data:image\/svg+xml,%3Csvg%20xmlns%3D&#39;http%3A%2F%2Fwww.w3.org%2F2000%2Fsvg&#39;%20viewBox%3D&#39;0%200%202560%201920&#39;%2F%3E\" data-src=\"https:\/\/obispadosanfelipe.cl\/2020\/wp-content\/uploads\/2020\/08\/IMG_1588-scaled.jpg\" data-srcset=\"https:\/\/obispadosanfelipe.cl\/2020\/wp-content\/uploads\/2020\/08\/IMG_1588-scaled.jpg 2560w\" class=\"preload-me photo-thumb-lazy-load\" width=\"2560\" height=\"1920\"  alt=\"\" title=\"IMG_1588\" \/><\/a><\/a><\/figure><figure data-width=\"2560\" data-height=\"1707\"><a href=\" https:\/\/obispadosanfelipe.cl\/2020\/wp-content\/uploads\/2020\/08\/IMG_5011-scaled.jpg \"<a href=\"https:\/\/obispadosanfelipe.cl\/2020\/wp-content\/uploads\/2020\/08\/IMG_5011-scaled.jpg\" class=\"post-thumbnail-rollover layzr-bg\" title=\"IMG_5011\"  aria-label=\"Post image\"><img loading=\"lazy\" src=\"data:image\/svg+xml,%3Csvg%20xmlns%3D&#39;http%3A%2F%2Fwww.w3.org%2F2000%2Fsvg&#39;%20viewBox%3D&#39;0%200%202560%201707&#39;%2F%3E\" data-src=\"https:\/\/obispadosanfelipe.cl\/2020\/wp-content\/uploads\/2020\/08\/IMG_5011-scaled.jpg\" data-srcset=\"https:\/\/obispadosanfelipe.cl\/2020\/wp-content\/uploads\/2020\/08\/IMG_5011-scaled.jpg 2560w\" class=\"preload-me photo-thumb-lazy-load\" width=\"2560\" height=\"1707\"  alt=\"\" title=\"IMG_5011\" \/><\/a><\/a><\/figure><figure data-width=\"2560\" data-height=\"1707\"><a href=\" https:\/\/obispadosanfelipe.cl\/2020\/wp-content\/uploads\/2020\/08\/IMG_6488-scaled.jpg \"<a href=\"https:\/\/obispadosanfelipe.cl\/2020\/wp-content\/uploads\/2020\/08\/IMG_6488-scaled.jpg\" class=\"post-thumbnail-rollover layzr-bg\" title=\"IMG_6488\"  aria-label=\"Post image\"><img loading=\"lazy\" src=\"data:image\/svg+xml,%3Csvg%20xmlns%3D&#39;http%3A%2F%2Fwww.w3.org%2F2000%2Fsvg&#39;%20viewBox%3D&#39;0%200%202560%201707&#39;%2F%3E\" data-src=\"https:\/\/obispadosanfelipe.cl\/2020\/wp-content\/uploads\/2020\/08\/IMG_6488-scaled.jpg\" data-srcset=\"https:\/\/obispadosanfelipe.cl\/2020\/wp-content\/uploads\/2020\/08\/IMG_6488-scaled.jpg 2560w\" class=\"preload-me photo-thumb-lazy-load\" width=\"2560\" height=\"1707\"  alt=\"\" title=\"IMG_6488\" \/><\/a><\/a><\/figure>\t\t\t<\/div>\n\t\t\t<div class=\"btn-cntr\">\n\t\t\t\t<a href=\"#\" class=\"hide-thumb-btn\"><\/a>\n\t\t\t\t<a href=\"#\" class=\"auto-play-btn\"><\/a>\n\t\t\t\t<a href=\"#\" class=\"full-screen-btn\"><\/a>\n\t\t\t<\/div>\n\t\t<\/div>\n\t\t\t\t<\/div>\n\t\t\t\t<\/div>\n\t\t\t\t\t\t<\/div>\n\t\t\t\t\t<\/div>\n\t\t<\/div>\n\t\t\t\t\t\t\t\t<\/div>\n\t\t\t\t\t<\/div>\n\t\t<\/section>\n\t\t\t\t\t\t<\/div>\n\t\t\t\t\t\t<\/div>\n\t\t\t\t\t<\/div>\n\t\t","protected":false},"excerpt":{"rendered":"<p>Delegaci\u00f3n&nbsp;&nbsp; Episcopal&nbsp;&nbsp; de &nbsp;&nbsp;la&nbsp; Pastoral&nbsp;&nbsp; Social &nbsp; Esta delegaci\u00f3n tiene su como origen y fundamento las actitudes y gestos de Jes\u00fas con el aquel que sufre en cualquier \u00e1mbito de&hellip;<\/p>\n","protected":false},"author":1,"featured_media":0,"parent":0,"menu_order":0,"comment_status":"closed","ping_status":"closed","template":"","meta":[],"_links":{"self":[{"href":"https:\/\/obispadosanfelipe.cl\/2020\/wp-json\/wp\/v2\/pages\/2728"}],"collection":[{"href":"https:\/\/obispadosanfelipe.cl\/2020\/wp-json\/wp\/v2\/pages"}],"about":[{"href":"https:\/\/obispadosanfelipe.cl\/2020\/wp-json\/wp\/v2\/types\/page"}],"author":[{"embeddable":true,"href":"https:\/\/obispadosanfelipe.cl\/2020\/wp-json\/wp\/v2\/users\/1"}],"replies":[{"embeddable":true,"href":"https:\/\/obispadosanfelipe.cl\/2020\/wp-json\/wp\/v2\/comments?post=2728"}],"version-history":[{"count":0,"href":"https:\/\/obispadosanfelipe.cl\/2020\/wp-json\/wp\/v2\/pages\/2728\/revisions"}],"wp:attachment":[{"href":"https:\/\/obispadosanfelipe.cl\/2020\/wp-json\/wp\/v2\/media?parent=2728"}],"curies":[{"name":"wp","href":"https:\/\/api.w.org\/{rel}","templated":true}]}}