{"id":2732,"date":"2020-08-12T02:25:45","date_gmt":"2020-08-12T02:25:45","guid":{"rendered":"https:\/\/obispadosanfelipe.cl\/2020\/?page_id=2732"},"modified":"2020-08-12T21:52:22","modified_gmt":"2020-08-12T21:52:22","slug":"pastoral-juvenil","status":"publish","type":"page","link":"https:\/\/obispadosanfelipe.cl\/2020\/pastoral-juvenil\/","title":{"rendered":"Pastoral  Juvenil"},"content":{"rendered":"\t\t<div data-elementor-type=\"wp-page\" data-elementor-id=\"2732\" class=\"elementor elementor-2732\" data-elementor-settings=\"[]\">\n\t\t\t\t\t\t<div class=\"elementor-inner\">\n\t\t\t\t\t\t\t<div class=\"elementor-section-wrap\">\n\t\t\t\t\t\t\t<section class=\"elementor-section elementor-top-section elementor-element elementor-element-e30b937 elementor-section-boxed elementor-section-height-default elementor-section-height-default\" data-id=\"e30b937\" data-element_type=\"section\">\n\t\t\t\t\t\t<div class=\"elementor-container elementor-column-gap-default\">\n\t\t\t\t\t\t\t<div class=\"elementor-row\">\n\t\t\t\t\t<div class=\"elementor-column elementor-col-100 elementor-top-column elementor-element elementor-element-76ef9e6d\" data-id=\"76ef9e6d\" data-element_type=\"column\">\n\t\t\t<div class=\"elementor-column-wrap elementor-element-populated\">\n\t\t\t\t\t\t\t<div class=\"elementor-widget-wrap\">\n\t\t\t\t\t\t<div class=\"elementor-element elementor-element-1ad64bb elementor-widget elementor-widget-text-editor\" data-id=\"1ad64bb\" data-element_type=\"widget\" data-widget_type=\"text-editor.default\">\n\t\t\t\t<div class=\"elementor-widget-container\">\n\t\t\t\t\t\t\t\t<div class=\"elementor-text-editor elementor-clearfix\">\n\t\t\t\t\tLa Pastoral Juvenil diocesana es el \u00e1rea pastoral de la Iglesia que promueve el encuentro de los j\u00f3venes con Cristo.\n\n&nbsp;\n\nEs la acci\u00f3n organizada de la Iglesia para acompa\u00f1ar a los j\u00f3venes a descubrir, seguir y comprometerse con Jesucristo y su mensaje para que, transformados en hombres nuevos, e integrando su fe y su vida, se conviertan en protagonistas de construcci\u00f3n de la civilizaci\u00f3n del amor.\n\n&nbsp;\n\n&nbsp;\t\t\t\t\t<\/div>\n\t\t\t\t\t\t<\/div>\n\t\t\t\t<\/div>\n\t\t\t\t\t\t<\/div>\n\t\t\t\t\t<\/div>\n\t\t<\/div>\n\t\t\t\t\t\t\t\t<\/div>\n\t\t\t\t\t<\/div>\n\t\t<\/section>\n\t\t\t\t<section class=\"elementor-section elementor-top-section elementor-element elementor-element-62fedbe elementor-section-boxed elementor-section-height-default elementor-section-height-default\" data-id=\"62fedbe\" data-element_type=\"section\">\n\t\t\t\t\t\t<div class=\"elementor-container elementor-column-gap-default\">\n\t\t\t\t\t\t\t<div class=\"elementor-row\">\n\t\t\t\t\t<div class=\"elementor-column elementor-col-100 elementor-top-column elementor-element elementor-element-7f4db8c\" data-id=\"7f4db8c\" data-element_type=\"column\">\n\t\t\t<div class=\"elementor-column-wrap elementor-element-populated\">\n\t\t\t\t\t\t\t<div class=\"elementor-widget-wrap\">\n\t\t\t\t\t\t<div class=\"elementor-element elementor-element-49655ca elementor-widget elementor-widget-the7_photo-scroller\" data-id=\"49655ca\" data-element_type=\"widget\" data-settings=\"{&quot;autoplay&quot;:&quot;no&quot;}\" data-widget_type=\"the7_photo-scroller.default\">\n\t\t\t\t<div class=\"elementor-widget-container\">\n\t\t\t\t\t<div class=\"photo-scroller the7_photo-scroller-49655ca hide-thumbs\" data-scale=\"fill\" data-autoslide=\"false\" data-play-on-hover=\"false\" data-delay=\"0\" data-show-thumbnails=\"true\" data-thumb-position=\"inside-hidden\" data-thumb-height=\"60\" data-thumb-width=\"60\" data-transparency=\"0.15\" data-arrows=\"true\" data-arrows_tablet=\"true\" data-arrows_mobile=\"true\" data-next-icon=\"icomoon-the7-font-the7-arrow-09\" data-prev-icon=\"icomoon-the7-font-the7-arrow-08\" data-r-arrow-v-position=\"center\" data-r-arrow-h-position=\"right\" data-l-arrow-v-position=\"center\" data-l-arrow-h-position=\"left\" data-ls-fill-dt=\"fill\" data-ls-fill-tablet=\"fill\" data-pt-fill-dt=\"fit\" data-pt-fill-tablet=\"fit\" data-pt-fill-mob=\"fit\" data-ls-fill-mob=\"fill\" data-padding-top=\"0\" data-padding-bottom=\"0\" data-padding-side=\"0\" data-padding-left=\"0\" data-t-padding-top=\"0\" data-t-padding-bottom=\"0\" data-t-padding-side=\"0\" data-t-padding-left=\"0\" data-m-padding-top=\"0\" data-m-padding-bottom=\"0\" data-m-padding-side=\"0\" data-m-padding-left=\"0\" data-ls-max=\"100\" data-t-ls-max=\"100\" data-m-ls-max=\"100\" data-ls-min=\"0\" data-t-ls-min=\"0\" data-m-ls-min=\"0\" data-pt-max=\"100\" data-t-pt-max=\"100\" data-m-pt-max=\"100\" data-pt-min=\"0\" data-t-pt-min=\"0\" data-m-pt-min=\"0\" data-height=\"300\" data-tablet-height=\"300\" data-mobile-height=\"300\">\n\t\t\t<div class=\"photoSlider\">\n\t\t\t\t<figure data-width=\"803\" data-height=\"614\"><a href=\" https:\/\/obispadosanfelipe.cl\/2020\/wp-content\/uploads\/2020\/08\/21034709_923734651097994_8522117484406948018_n.jpg \"<a href=\"https:\/\/obispadosanfelipe.cl\/2020\/wp-content\/uploads\/2020\/08\/21034709_923734651097994_8522117484406948018_n.jpg\" class=\"post-thumbnail-rollover layzr-bg\" title=\"21034709_923734651097994_8522117484406948018_n\"  aria-label=\"Post image\"><img loading=\"lazy\" src=\"data:image\/svg+xml,%3Csvg%20xmlns%3D&#39;http%3A%2F%2Fwww.w3.org%2F2000%2Fsvg&#39;%20viewBox%3D&#39;0%200%20803%20614&#39;%2F%3E\" data-src=\"https:\/\/obispadosanfelipe.cl\/2020\/wp-content\/uploads\/2020\/08\/21034709_923734651097994_8522117484406948018_n.jpg\" data-srcset=\"https:\/\/obispadosanfelipe.cl\/2020\/wp-content\/uploads\/2020\/08\/21034709_923734651097994_8522117484406948018_n.jpg 803w\" class=\"preload-me photo-thumb-lazy-load\" width=\"803\" height=\"614\"  alt=\"\" title=\"21034709_923734651097994_8522117484406948018_n\" \/><\/a><\/a><\/figure><figure data-width=\"960\" data-height=\"720\"><a href=\" https:\/\/obispadosanfelipe.cl\/2020\/wp-content\/uploads\/2020\/08\/21078340_923733444431448_2833036555346763157_n.jpg \"<a href=\"https:\/\/obispadosanfelipe.cl\/2020\/wp-content\/uploads\/2020\/08\/21078340_923733444431448_2833036555346763157_n.jpg\" class=\"post-thumbnail-rollover layzr-bg\" title=\"21078340_923733444431448_2833036555346763157_n\"  aria-label=\"Post image\"><img loading=\"lazy\" src=\"data:image\/svg+xml,%3Csvg%20xmlns%3D&#39;http%3A%2F%2Fwww.w3.org%2F2000%2Fsvg&#39;%20viewBox%3D&#39;0%200%20960%20720&#39;%2F%3E\" data-src=\"https:\/\/obispadosanfelipe.cl\/2020\/wp-content\/uploads\/2020\/08\/21078340_923733444431448_2833036555346763157_n.jpg\" data-srcset=\"https:\/\/obispadosanfelipe.cl\/2020\/wp-content\/uploads\/2020\/08\/21078340_923733444431448_2833036555346763157_n.jpg 960w\" class=\"preload-me photo-thumb-lazy-load\" width=\"960\" height=\"720\"  alt=\"\" title=\"21078340_923733444431448_2833036555346763157_n\" \/><\/a><\/a><\/figure><figure data-width=\"960\" data-height=\"720\"><a href=\" https:\/\/obispadosanfelipe.cl\/2020\/wp-content\/uploads\/2020\/08\/21151383_923737454431047_4000986548354082311_n.jpg \"<a href=\"https:\/\/obispadosanfelipe.cl\/2020\/wp-content\/uploads\/2020\/08\/21151383_923737454431047_4000986548354082311_n.jpg\" class=\"post-thumbnail-rollover layzr-bg\" title=\"21151383_923737454431047_4000986548354082311_n\"  aria-label=\"Post image\"><img loading=\"lazy\" src=\"data:image\/svg+xml,%3Csvg%20xmlns%3D&#39;http%3A%2F%2Fwww.w3.org%2F2000%2Fsvg&#39;%20viewBox%3D&#39;0%200%20960%20720&#39;%2F%3E\" data-src=\"https:\/\/obispadosanfelipe.cl\/2020\/wp-content\/uploads\/2020\/08\/21151383_923737454431047_4000986548354082311_n.jpg\" data-srcset=\"https:\/\/obispadosanfelipe.cl\/2020\/wp-content\/uploads\/2020\/08\/21151383_923737454431047_4000986548354082311_n.jpg 960w\" class=\"preload-me photo-thumb-lazy-load\" width=\"960\" height=\"720\"  alt=\"\" title=\"21151383_923737454431047_4000986548354082311_n\" \/><\/a><\/a><\/figure><figure data-width=\"2560\" data-height=\"1708\"><a href=\" https:\/\/obispadosanfelipe.cl\/2020\/wp-content\/uploads\/2020\/08\/DSC_0196-scaled.jpg \"<a href=\"https:\/\/obispadosanfelipe.cl\/2020\/wp-content\/uploads\/2020\/08\/DSC_0196-scaled.jpg\" class=\"post-thumbnail-rollover layzr-bg\" title=\"DSC_0196\"  aria-label=\"Post image\"><img loading=\"lazy\" src=\"data:image\/svg+xml,%3Csvg%20xmlns%3D&#39;http%3A%2F%2Fwww.w3.org%2F2000%2Fsvg&#39;%20viewBox%3D&#39;0%200%202560%201708&#39;%2F%3E\" data-src=\"https:\/\/obispadosanfelipe.cl\/2020\/wp-content\/uploads\/2020\/08\/DSC_0196-scaled.jpg\" data-srcset=\"https:\/\/obispadosanfelipe.cl\/2020\/wp-content\/uploads\/2020\/08\/DSC_0196-scaled.jpg 2560w\" class=\"preload-me photo-thumb-lazy-load\" width=\"2560\" height=\"1708\"  alt=\"\" title=\"DSC_0196\" \/><\/a><\/a><\/figure><figure data-width=\"2560\" data-height=\"1708\"><a href=\" https:\/\/obispadosanfelipe.cl\/2020\/wp-content\/uploads\/2020\/08\/DSC_0208-scaled.jpg \"<a href=\"https:\/\/obispadosanfelipe.cl\/2020\/wp-content\/uploads\/2020\/08\/DSC_0208-scaled.jpg\" class=\"post-thumbnail-rollover layzr-bg\" title=\"DSC_0208\"  aria-label=\"Post image\"><img loading=\"lazy\" src=\"data:image\/svg+xml,%3Csvg%20xmlns%3D&#39;http%3A%2F%2Fwww.w3.org%2F2000%2Fsvg&#39;%20viewBox%3D&#39;0%200%202560%201708&#39;%2F%3E\" data-src=\"https:\/\/obispadosanfelipe.cl\/2020\/wp-content\/uploads\/2020\/08\/DSC_0208-scaled.jpg\" data-srcset=\"https:\/\/obispadosanfelipe.cl\/2020\/wp-content\/uploads\/2020\/08\/DSC_0208-scaled.jpg 2560w\" class=\"preload-me photo-thumb-lazy-load\" width=\"2560\" height=\"1708\"  alt=\"\" title=\"DSC_0208\" \/><\/a><\/a><\/figure><figure data-width=\"2560\" data-height=\"1708\"><a href=\" https:\/\/obispadosanfelipe.cl\/2020\/wp-content\/uploads\/2020\/08\/DSC_0213-scaled.jpg \"<a href=\"https:\/\/obispadosanfelipe.cl\/2020\/wp-content\/uploads\/2020\/08\/DSC_0213-scaled.jpg\" class=\"post-thumbnail-rollover layzr-bg\" title=\"DSC_0213\"  aria-label=\"Post image\"><img loading=\"lazy\" src=\"data:image\/svg+xml,%3Csvg%20xmlns%3D&#39;http%3A%2F%2Fwww.w3.org%2F2000%2Fsvg&#39;%20viewBox%3D&#39;0%200%202560%201708&#39;%2F%3E\" data-src=\"https:\/\/obispadosanfelipe.cl\/2020\/wp-content\/uploads\/2020\/08\/DSC_0213-scaled.jpg\" data-srcset=\"https:\/\/obispadosanfelipe.cl\/2020\/wp-content\/uploads\/2020\/08\/DSC_0213-scaled.jpg 2560w\" class=\"preload-me photo-thumb-lazy-load\" width=\"2560\" height=\"1708\"  alt=\"\" title=\"DSC_0213\" \/><\/a><\/a><\/figure>\t\t\t<\/div>\n\t\t\t<div class=\"btn-cntr\">\n\t\t\t\t<a href=\"#\" class=\"hide-thumb-btn\"><\/a>\n\t\t\t\t<a href=\"#\" class=\"auto-play-btn\"><\/a>\n\t\t\t\t<a href=\"#\" class=\"full-screen-btn\"><\/a>\n\t\t\t<\/div>\n\t\t<\/div>\n\t\t\t\t<\/div>\n\t\t\t\t<\/div>\n\t\t\t\t\t\t<\/div>\n\t\t\t\t\t<\/div>\n\t\t<\/div>\n\t\t\t\t\t\t\t\t<\/div>\n\t\t\t\t\t<\/div>\n\t\t<\/section>\n\t\t\t\t\t\t<\/div>\n\t\t\t\t\t\t<\/div>\n\t\t\t\t\t<\/div>\n\t\t","protected":false},"excerpt":{"rendered":"<p>La Pastoral Juvenil diocesana es el \u00e1rea pastoral de la Iglesia que promueve el encuentro de los j\u00f3venes con Cristo. Es la acci\u00f3n organizada de la Iglesia para acompa\u00f1ar a&hellip;<\/p>\n","protected":false},"author":1,"featured_media":0,"parent":0,"menu_order":0,"comment_status":"closed","ping_status":"closed","template":"","meta":[],"_links":{"self":[{"href":"https:\/\/obispadosanfelipe.cl\/2020\/wp-json\/wp\/v2\/pages\/2732"}],"collection":[{"href":"https:\/\/obispadosanfelipe.cl\/2020\/wp-json\/wp\/v2\/pages"}],"about":[{"href":"https:\/\/obispadosanfelipe.cl\/2020\/wp-json\/wp\/v2\/types\/page"}],"author":[{"embeddable":true,"href":"https:\/\/obispadosanfelipe.cl\/2020\/wp-json\/wp\/v2\/users\/1"}],"replies":[{"embeddable":true,"href":"https:\/\/obispadosanfelipe.cl\/2020\/wp-json\/wp\/v2\/comments?post=2732"}],"version-history":[{"count":0,"href":"https:\/\/obispadosanfelipe.cl\/2020\/wp-json\/wp\/v2\/pages\/2732\/revisions"}],"wp:attachment":[{"href":"https:\/\/obispadosanfelipe.cl\/2020\/wp-json\/wp\/v2\/media?parent=2732"}],"curies":[{"name":"wp","href":"https:\/\/api.w.org\/{rel}","templated":true}]}}