{"id":2736,"date":"2020-08-12T02:27:13","date_gmt":"2020-08-12T02:27:13","guid":{"rendered":"https:\/\/obispadosanfelipe.cl\/2020\/?page_id=2736"},"modified":"2021-06-04T16:51:33","modified_gmt":"2021-06-04T16:51:33","slug":"catequesis-liturgia-biblia-y-formacion","status":"publish","type":"page","link":"https:\/\/obispadosanfelipe.cl\/2020\/catequesis-liturgia-biblia-y-formacion\/","title":{"rendered":"Catequesis, Liturgia, Biblia y Formaci\u00f3n"},"content":{"rendered":"\t\t<div data-elementor-type=\"wp-page\" data-elementor-id=\"2736\" class=\"elementor elementor-2736\" data-elementor-settings=\"[]\">\n\t\t\t\t\t\t<div class=\"elementor-inner\">\n\t\t\t\t\t\t\t<div class=\"elementor-section-wrap\">\n\t\t\t\t\t\t\t<section class=\"elementor-section elementor-top-section elementor-element elementor-element-707cfbe8 elementor-section-boxed elementor-section-height-default elementor-section-height-default\" data-id=\"707cfbe8\" data-element_type=\"section\">\n\t\t\t\t\t\t<div class=\"elementor-container elementor-column-gap-default\">\n\t\t\t\t\t\t\t<div class=\"elementor-row\">\n\t\t\t\t\t<div class=\"elementor-column elementor-col-100 elementor-top-column elementor-element elementor-element-70abf0f6\" data-id=\"70abf0f6\" data-element_type=\"column\">\n\t\t\t<div class=\"elementor-column-wrap elementor-element-populated\">\n\t\t\t\t\t\t\t<div class=\"elementor-widget-wrap\">\n\t\t\t\t\t\t<div class=\"elementor-element elementor-element-19f59dae elementor-widget elementor-widget-text-editor\" data-id=\"19f59dae\" data-element_type=\"widget\" data-widget_type=\"text-editor.default\">\n\t\t\t\t<div class=\"elementor-widget-container\">\n\t\t\t\t\t\t\t\t<div class=\"elementor-text-editor elementor-clearfix\">\n\t\t\t\t\t<p><span style=\"color: #222222; font-family: Arial, Helvetica, sans-serif; font-size: small;\">La Delegaci\u00f3n para los Agentes Evangelizadores es el \u00e1rea pastoral responsable de la Catequesis, Formaci\u00f3n, Misiones, Liturgia y Misiones.\u00a0<\/span><\/p><div><span style=\"color: #222222; font-family: Arial, Helvetica, sans-serif; font-size: small;\"><br \/><\/span><div style=\"color: #222222; font-family: Arial, Helvetica, sans-serif; font-size: small;\">Su finalidad est\u00e1 fundamentalmente centrada en la persona y su encuentro con Cristo, por ello, se ha propuesto acompa\u00f1ar y animar estas 5 dimensiones de la vida pastoral de la Iglesia, de tal manera que Cristo sea conocido, amado y servido.\u00a0<\/div><div style=\"color: #222222; font-family: Arial, Helvetica, sans-serif; font-size: small;\">\u00a0<\/div><p><span style=\"color: #222222; font-family: Arial, Helvetica, sans-serif; font-size: small; word-spacing: normal;\">Buscando caminos de acercamiento y servicio a los Agentes Evangelizadores la Delegaci\u00f3n ha puesto a disposici\u00f3n un n\u00famero de WhatsApp +56 982427408. Por medio de este n\u00famero se busca compartir informaci\u00f3n y responder oportunamente a las necesidades de las comunidades.\u00a0<\/span><span style=\"word-spacing: normal;\">.<\/span><\/p><p>\u00a0<\/p><\/div>\t\t\t\t\t<\/div>\n\t\t\t\t\t\t<\/div>\n\t\t\t\t<\/div>\n\t\t\t\t\t\t<\/div>\n\t\t\t\t\t<\/div>\n\t\t<\/div>\n\t\t\t\t\t\t\t\t<\/div>\n\t\t\t\t\t<\/div>\n\t\t<\/section>\n\t\t\t\t<section class=\"elementor-section elementor-top-section elementor-element elementor-element-d10f9c3 elementor-section-boxed elementor-section-height-default elementor-section-height-default\" data-id=\"d10f9c3\" data-element_type=\"section\">\n\t\t\t\t\t\t<div class=\"elementor-container elementor-column-gap-default\">\n\t\t\t\t\t\t\t<div class=\"elementor-row\">\n\t\t\t\t\t<div class=\"elementor-column elementor-col-100 elementor-top-column elementor-element elementor-element-ee6d557\" data-id=\"ee6d557\" data-element_type=\"column\">\n\t\t\t<div class=\"elementor-column-wrap elementor-element-populated\">\n\t\t\t\t\t\t\t<div class=\"elementor-widget-wrap\">\n\t\t\t\t\t\t<div class=\"elementor-element elementor-element-8ac83f6 elementor-widget elementor-widget-the7_photo-scroller\" data-id=\"8ac83f6\" data-element_type=\"widget\" data-settings=\"{&quot;autoplay&quot;:&quot;no&quot;}\" data-widget_type=\"the7_photo-scroller.default\">\n\t\t\t\t<div class=\"elementor-widget-container\">\n\t\t\t\t\t<div class=\"photo-scroller the7_photo-scroller-8ac83f6 hide-thumbs\" data-scale=\"fill\" data-autoslide=\"false\" data-play-on-hover=\"false\" data-delay=\"0\" data-show-thumbnails=\"true\" data-thumb-position=\"inside-hidden\" data-thumb-height=\"60\" data-thumb-width=\"60\" data-transparency=\"0.15\" data-arrows=\"true\" data-arrows_tablet=\"true\" data-arrows_mobile=\"true\" data-next-icon=\"icomoon-the7-font-the7-arrow-09\" data-prev-icon=\"icomoon-the7-font-the7-arrow-08\" data-r-arrow-v-position=\"center\" data-r-arrow-h-position=\"right\" data-l-arrow-v-position=\"center\" data-l-arrow-h-position=\"left\" data-ls-fill-dt=\"fill\" data-ls-fill-tablet=\"fill\" data-pt-fill-dt=\"fit\" data-pt-fill-tablet=\"fit\" data-pt-fill-mob=\"fit\" data-ls-fill-mob=\"fill\" data-padding-top=\"0\" data-padding-bottom=\"0\" data-padding-side=\"0\" data-padding-left=\"0\" data-t-padding-top=\"0\" data-t-padding-bottom=\"0\" data-t-padding-side=\"0\" data-t-padding-left=\"0\" data-m-padding-top=\"0\" data-m-padding-bottom=\"0\" data-m-padding-side=\"0\" data-m-padding-left=\"0\" data-ls-max=\"100\" data-t-ls-max=\"100\" data-m-ls-max=\"100\" data-ls-min=\"0\" data-t-ls-min=\"0\" data-m-ls-min=\"0\" data-pt-max=\"100\" data-t-pt-max=\"100\" data-m-pt-max=\"100\" data-pt-min=\"0\" data-t-pt-min=\"0\" data-m-pt-min=\"0\" data-height=\"300\" data-tablet-height=\"300\" data-mobile-height=\"300\">\n\t\t\t<div class=\"photoSlider\">\n\t\t\t\t<figure data-width=\"1280\" data-height=\"914\"><a href=\" https:\/\/obispadosanfelipe.cl\/2020\/wp-content\/uploads\/2021\/06\/AFICHE-FORMACIONES.jpeg \"<a href=\"https:\/\/obispadosanfelipe.cl\/2020\/wp-content\/uploads\/2021\/06\/AFICHE-FORMACIONES.jpeg\" class=\"post-thumbnail-rollover layzr-bg\" title=\"AFICHE FORMACIONES\"  aria-label=\"Post image\"><img loading=\"lazy\" src=\"data:image\/svg+xml,%3Csvg%20xmlns%3D&#39;http%3A%2F%2Fwww.w3.org%2F2000%2Fsvg&#39;%20viewBox%3D&#39;0%200%201280%20914&#39;%2F%3E\" data-src=\"https:\/\/obispadosanfelipe.cl\/2020\/wp-content\/uploads\/2021\/06\/AFICHE-FORMACIONES.jpeg\" data-srcset=\"https:\/\/obispadosanfelipe.cl\/2020\/wp-content\/uploads\/2021\/06\/AFICHE-FORMACIONES.jpeg 1280w\" class=\"preload-me photo-thumb-lazy-load\" width=\"1280\" height=\"914\"  alt=\"\" title=\"AFICHE FORMACIONES\" \/><\/a><\/a><\/figure><figure data-width=\"720\" data-height=\"404\"><a href=\" https:\/\/obispadosanfelipe.cl\/2020\/wp-content\/uploads\/2021\/06\/189321466_4039295176154046_3696499214335816750_n.jpg \"<a href=\"https:\/\/obispadosanfelipe.cl\/2020\/wp-content\/uploads\/2021\/06\/189321466_4039295176154046_3696499214335816750_n.jpg\" class=\"post-thumbnail-rollover layzr-bg\" title=\"189321466_4039295176154046_3696499214335816750_n\"  aria-label=\"Post image\"><img loading=\"lazy\" src=\"data:image\/svg+xml,%3Csvg%20xmlns%3D&#39;http%3A%2F%2Fwww.w3.org%2F2000%2Fsvg&#39;%20viewBox%3D&#39;0%200%20720%20404&#39;%2F%3E\" data-src=\"https:\/\/obispadosanfelipe.cl\/2020\/wp-content\/uploads\/2021\/06\/189321466_4039295176154046_3696499214335816750_n.jpg\" data-srcset=\"https:\/\/obispadosanfelipe.cl\/2020\/wp-content\/uploads\/2021\/06\/189321466_4039295176154046_3696499214335816750_n.jpg 720w\" class=\"preload-me photo-thumb-lazy-load\" width=\"720\" height=\"404\"  alt=\"\" title=\"189321466_4039295176154046_3696499214335816750_n\" \/><\/a><\/a><\/figure><figure data-width=\"1280\" data-height=\"960\"><a href=\" https:\/\/obispadosanfelipe.cl\/2020\/wp-content\/uploads\/2021\/06\/WhatsApp-Image-2021-05-30-at-20.52.31-1.jpeg \"<a href=\"https:\/\/obispadosanfelipe.cl\/2020\/wp-content\/uploads\/2021\/06\/WhatsApp-Image-2021-05-30-at-20.52.31-1.jpeg\" class=\"post-thumbnail-rollover layzr-bg\"   aria-label=\"Post image\"><img loading=\"lazy\" src=\"data:image\/svg+xml,%3Csvg%20xmlns%3D&#39;http%3A%2F%2Fwww.w3.org%2F2000%2Fsvg&#39;%20viewBox%3D&#39;0%200%201280%20960&#39;%2F%3E\" data-src=\"https:\/\/obispadosanfelipe.cl\/2020\/wp-content\/uploads\/2021\/06\/WhatsApp-Image-2021-05-30-at-20.52.31-1.jpeg\" data-srcset=\"https:\/\/obispadosanfelipe.cl\/2020\/wp-content\/uploads\/2021\/06\/WhatsApp-Image-2021-05-30-at-20.52.31-1.jpeg 1280w\" class=\"preload-me photo-thumb-lazy-load\" width=\"1280\" height=\"960\"  alt=\"\"  \/><\/a><\/a><\/figure><figure data-width=\"1024\" data-height=\"1024\"><a href=\" https:\/\/obispadosanfelipe.cl\/2020\/wp-content\/uploads\/2021\/05\/186466505_4001049876645243_5595476634104867777_n.jpg \"<a href=\"https:\/\/obispadosanfelipe.cl\/2020\/wp-content\/uploads\/2021\/05\/186466505_4001049876645243_5595476634104867777_n.jpg\" class=\"post-thumbnail-rollover layzr-bg\" title=\"186466505_4001049876645243_5595476634104867777_n\"  aria-label=\"Post image\"><img loading=\"lazy\" src=\"data:image\/svg+xml,%3Csvg%20xmlns%3D&#39;http%3A%2F%2Fwww.w3.org%2F2000%2Fsvg&#39;%20viewBox%3D&#39;0%200%201024%201024&#39;%2F%3E\" data-src=\"https:\/\/obispadosanfelipe.cl\/2020\/wp-content\/uploads\/2021\/05\/186466505_4001049876645243_5595476634104867777_n.jpg\" data-srcset=\"https:\/\/obispadosanfelipe.cl\/2020\/wp-content\/uploads\/2021\/05\/186466505_4001049876645243_5595476634104867777_n.jpg 1024w\" class=\"preload-me photo-thumb-lazy-load\" width=\"1024\" height=\"1024\"  alt=\"\" title=\"186466505_4001049876645243_5595476634104867777_n\" \/><\/a><\/a><\/figure><figure data-width=\"1280\" data-height=\"1024\"><a href=\" https:\/\/obispadosanfelipe.cl\/2020\/wp-content\/uploads\/2021\/05\/WhatsApp-Image-2021-05-21-at-18.41.17.jpeg \"<a href=\"https:\/\/obispadosanfelipe.cl\/2020\/wp-content\/uploads\/2021\/05\/WhatsApp-Image-2021-05-21-at-18.41.17.jpeg\" class=\"post-thumbnail-rollover layzr-bg\" title=\"WhatsApp Image 2021-05-21 at 18.41.17\"  aria-label=\"Post image\"><img loading=\"lazy\" src=\"data:image\/svg+xml,%3Csvg%20xmlns%3D&#39;http%3A%2F%2Fwww.w3.org%2F2000%2Fsvg&#39;%20viewBox%3D&#39;0%200%201280%201024&#39;%2F%3E\" data-src=\"https:\/\/obispadosanfelipe.cl\/2020\/wp-content\/uploads\/2021\/05\/WhatsApp-Image-2021-05-21-at-18.41.17.jpeg\" data-srcset=\"https:\/\/obispadosanfelipe.cl\/2020\/wp-content\/uploads\/2021\/05\/WhatsApp-Image-2021-05-21-at-18.41.17.jpeg 1280w\" class=\"preload-me photo-thumb-lazy-load\" width=\"1280\" height=\"1024\"  alt=\"\" title=\"WhatsApp Image 2021-05-21 at 18.41.17\" \/><\/a><\/a><\/figure><figure data-width=\"1080\" data-height=\"864\"><a href=\" https:\/\/obispadosanfelipe.cl\/2020\/wp-content\/uploads\/2021\/05\/185764492_4001723013244596_8276241563856731246_n.jpg \"<a href=\"https:\/\/obispadosanfelipe.cl\/2020\/wp-content\/uploads\/2021\/05\/185764492_4001723013244596_8276241563856731246_n.jpg\" class=\"post-thumbnail-rollover layzr-bg\" title=\"185764492_4001723013244596_8276241563856731246_n\"  aria-label=\"Post image\"><img loading=\"lazy\" src=\"data:image\/svg+xml,%3Csvg%20xmlns%3D&#39;http%3A%2F%2Fwww.w3.org%2F2000%2Fsvg&#39;%20viewBox%3D&#39;0%200%201080%20864&#39;%2F%3E\" data-src=\"https:\/\/obispadosanfelipe.cl\/2020\/wp-content\/uploads\/2021\/05\/185764492_4001723013244596_8276241563856731246_n.jpg\" data-srcset=\"https:\/\/obispadosanfelipe.cl\/2020\/wp-content\/uploads\/2021\/05\/185764492_4001723013244596_8276241563856731246_n.jpg 1080w\" class=\"preload-me photo-thumb-lazy-load\" width=\"1080\" height=\"864\"  alt=\"\" title=\"185764492_4001723013244596_8276241563856731246_n\" \/><\/a><\/a><\/figure><figure data-width=\"1080\" data-height=\"1080\"><a href=\" https:\/\/obispadosanfelipe.cl\/2020\/wp-content\/uploads\/2021\/05\/WhatsApp-Image-2021-05-18-at-20.04.57-1.jpeg \"<a href=\"https:\/\/obispadosanfelipe.cl\/2020\/wp-content\/uploads\/2021\/05\/WhatsApp-Image-2021-05-18-at-20.04.57-1.jpeg\" class=\"post-thumbnail-rollover layzr-bg\" title=\"WhatsApp Image 2021-05-18 at 20.04.57 (1)\"  aria-label=\"Post image\"><img loading=\"lazy\" src=\"data:image\/svg+xml,%3Csvg%20xmlns%3D&#39;http%3A%2F%2Fwww.w3.org%2F2000%2Fsvg&#39;%20viewBox%3D&#39;0%200%201080%201080&#39;%2F%3E\" data-src=\"https:\/\/obispadosanfelipe.cl\/2020\/wp-content\/uploads\/2021\/05\/WhatsApp-Image-2021-05-18-at-20.04.57-1.jpeg\" data-srcset=\"https:\/\/obispadosanfelipe.cl\/2020\/wp-content\/uploads\/2021\/05\/WhatsApp-Image-2021-05-18-at-20.04.57-1.jpeg 1080w\" class=\"preload-me photo-thumb-lazy-load\" width=\"1080\" height=\"1080\"  alt=\"\" title=\"WhatsApp Image 2021-05-18 at 20.04.57 (1)\" \/><\/a><\/a><\/figure><figure data-width=\"1080\" data-height=\"1080\"><a href=\" https:\/\/obispadosanfelipe.cl\/2020\/wp-content\/uploads\/2021\/05\/WhatsApp-Image-2021-05-18-at-20.04.58-1.jpeg \"<a href=\"https:\/\/obispadosanfelipe.cl\/2020\/wp-content\/uploads\/2021\/05\/WhatsApp-Image-2021-05-18-at-20.04.58-1.jpeg\" class=\"post-thumbnail-rollover layzr-bg\" title=\"WhatsApp Image 2021-05-18 at 20.04.58 (1)\"  aria-label=\"Post image\"><img loading=\"lazy\" src=\"data:image\/svg+xml,%3Csvg%20xmlns%3D&#39;http%3A%2F%2Fwww.w3.org%2F2000%2Fsvg&#39;%20viewBox%3D&#39;0%200%201080%201080&#39;%2F%3E\" data-src=\"https:\/\/obispadosanfelipe.cl\/2020\/wp-content\/uploads\/2021\/05\/WhatsApp-Image-2021-05-18-at-20.04.58-1.jpeg\" data-srcset=\"https:\/\/obispadosanfelipe.cl\/2020\/wp-content\/uploads\/2021\/05\/WhatsApp-Image-2021-05-18-at-20.04.58-1.jpeg 1080w\" class=\"preload-me photo-thumb-lazy-load\" width=\"1080\" height=\"1080\"  alt=\"\" title=\"WhatsApp Image 2021-05-18 at 20.04.58 (1)\" \/><\/a><\/a><\/figure><figure data-width=\"1280\" data-height=\"1024\"><a href=\" https:\/\/obispadosanfelipe.cl\/2020\/wp-content\/uploads\/2021\/05\/WhatsApp-Image-2021-05-18-at-20.05.43.jpeg \"<a href=\"https:\/\/obispadosanfelipe.cl\/2020\/wp-content\/uploads\/2021\/05\/WhatsApp-Image-2021-05-18-at-20.05.43.jpeg\" class=\"post-thumbnail-rollover layzr-bg\" title=\"WhatsApp Image 2021-05-18 at 20.05.43\"  aria-label=\"Post image\"><img loading=\"lazy\" src=\"data:image\/svg+xml,%3Csvg%20xmlns%3D&#39;http%3A%2F%2Fwww.w3.org%2F2000%2Fsvg&#39;%20viewBox%3D&#39;0%200%201280%201024&#39;%2F%3E\" data-src=\"https:\/\/obispadosanfelipe.cl\/2020\/wp-content\/uploads\/2021\/05\/WhatsApp-Image-2021-05-18-at-20.05.43.jpeg\" data-srcset=\"https:\/\/obispadosanfelipe.cl\/2020\/wp-content\/uploads\/2021\/05\/WhatsApp-Image-2021-05-18-at-20.05.43.jpeg 1280w\" class=\"preload-me photo-thumb-lazy-load\" width=\"1280\" height=\"1024\"  alt=\"\" title=\"WhatsApp Image 2021-05-18 at 20.05.43\" \/><\/a><\/a><\/figure><figure data-width=\"1280\" data-height=\"1024\"><a href=\" https:\/\/obispadosanfelipe.cl\/2020\/wp-content\/uploads\/2021\/05\/WhatsApp-Image-2021-05-19-at-20.30.59.jpeg \"<a href=\"https:\/\/obispadosanfelipe.cl\/2020\/wp-content\/uploads\/2021\/05\/WhatsApp-Image-2021-05-19-at-20.30.59.jpeg\" class=\"post-thumbnail-rollover layzr-bg\" title=\"WhatsApp Image 2021-05-19 at 20.30.59\"  aria-label=\"Post image\"><img loading=\"lazy\" src=\"data:image\/svg+xml,%3Csvg%20xmlns%3D&#39;http%3A%2F%2Fwww.w3.org%2F2000%2Fsvg&#39;%20viewBox%3D&#39;0%200%201280%201024&#39;%2F%3E\" data-src=\"https:\/\/obispadosanfelipe.cl\/2020\/wp-content\/uploads\/2021\/05\/WhatsApp-Image-2021-05-19-at-20.30.59.jpeg\" data-srcset=\"https:\/\/obispadosanfelipe.cl\/2020\/wp-content\/uploads\/2021\/05\/WhatsApp-Image-2021-05-19-at-20.30.59.jpeg 1280w\" class=\"preload-me photo-thumb-lazy-load\" width=\"1280\" height=\"1024\"  alt=\"\" title=\"WhatsApp Image 2021-05-19 at 20.30.59\" \/><\/a><\/a><\/figure><figure data-width=\"1280\" data-height=\"1024\"><a href=\" https:\/\/obispadosanfelipe.cl\/2020\/wp-content\/uploads\/2021\/05\/WhatsApp-Image-2021-05-19-at-20.30.59-1.jpeg \"<a href=\"https:\/\/obispadosanfelipe.cl\/2020\/wp-content\/uploads\/2021\/05\/WhatsApp-Image-2021-05-19-at-20.30.59-1.jpeg\" class=\"post-thumbnail-rollover layzr-bg\" title=\"WhatsApp Image 2021-05-19 at 20.30.59 (1)\"  aria-label=\"Post image\"><img loading=\"lazy\" src=\"data:image\/svg+xml,%3Csvg%20xmlns%3D&#39;http%3A%2F%2Fwww.w3.org%2F2000%2Fsvg&#39;%20viewBox%3D&#39;0%200%201280%201024&#39;%2F%3E\" data-src=\"https:\/\/obispadosanfelipe.cl\/2020\/wp-content\/uploads\/2021\/05\/WhatsApp-Image-2021-05-19-at-20.30.59-1.jpeg\" data-srcset=\"https:\/\/obispadosanfelipe.cl\/2020\/wp-content\/uploads\/2021\/05\/WhatsApp-Image-2021-05-19-at-20.30.59-1.jpeg 1280w\" class=\"preload-me photo-thumb-lazy-load\" width=\"1280\" height=\"1024\"  alt=\"\" title=\"WhatsApp Image 2021-05-19 at 20.30.59 (1)\" \/><\/a><\/a><\/figure><figure data-width=\"1280\" data-height=\"1024\"><a href=\" https:\/\/obispadosanfelipe.cl\/2020\/wp-content\/uploads\/2021\/05\/WhatsApp-Image-2021-05-16-at-16.39.59.jpeg \"<a href=\"https:\/\/obispadosanfelipe.cl\/2020\/wp-content\/uploads\/2021\/05\/WhatsApp-Image-2021-05-16-at-16.39.59.jpeg\" class=\"post-thumbnail-rollover layzr-bg\" title=\"WhatsApp Image 2021-05-16 at 16.39.59\"  aria-label=\"Post image\"><img loading=\"lazy\" src=\"data:image\/svg+xml,%3Csvg%20xmlns%3D&#39;http%3A%2F%2Fwww.w3.org%2F2000%2Fsvg&#39;%20viewBox%3D&#39;0%200%201280%201024&#39;%2F%3E\" data-src=\"https:\/\/obispadosanfelipe.cl\/2020\/wp-content\/uploads\/2021\/05\/WhatsApp-Image-2021-05-16-at-16.39.59.jpeg\" data-srcset=\"https:\/\/obispadosanfelipe.cl\/2020\/wp-content\/uploads\/2021\/05\/WhatsApp-Image-2021-05-16-at-16.39.59.jpeg 1280w\" class=\"preload-me photo-thumb-lazy-load\" width=\"1280\" height=\"1024\"  alt=\"\" title=\"WhatsApp Image 2021-05-16 at 16.39.59\" \/><\/a><\/a><\/figure><figure data-width=\"1280\" data-height=\"1024\"><a href=\" https:\/\/obispadosanfelipe.cl\/2020\/wp-content\/uploads\/2021\/05\/WhatsApp-Image-2021-05-16-at-16.31.23.jpeg \"<a href=\"https:\/\/obispadosanfelipe.cl\/2020\/wp-content\/uploads\/2021\/05\/WhatsApp-Image-2021-05-16-at-16.31.23.jpeg\" class=\"post-thumbnail-rollover layzr-bg\" title=\"WhatsApp Image 2021-05-16 at 16.31.23\"  aria-label=\"Post image\"><img loading=\"lazy\" src=\"data:image\/svg+xml,%3Csvg%20xmlns%3D&#39;http%3A%2F%2Fwww.w3.org%2F2000%2Fsvg&#39;%20viewBox%3D&#39;0%200%201280%201024&#39;%2F%3E\" data-src=\"https:\/\/obispadosanfelipe.cl\/2020\/wp-content\/uploads\/2021\/05\/WhatsApp-Image-2021-05-16-at-16.31.23.jpeg\" data-srcset=\"https:\/\/obispadosanfelipe.cl\/2020\/wp-content\/uploads\/2021\/05\/WhatsApp-Image-2021-05-16-at-16.31.23.jpeg 1280w\" class=\"preload-me photo-thumb-lazy-load\" width=\"1280\" height=\"1024\"  alt=\"\" title=\"WhatsApp Image 2021-05-16 at 16.31.23\" \/><\/a><\/a><\/figure><figure data-width=\"1280\" data-height=\"1024\"><a href=\" https:\/\/obispadosanfelipe.cl\/2020\/wp-content\/uploads\/2021\/05\/WhatsApp-Image-2021-05-16-at-16.38.50-1.jpeg \"<a href=\"https:\/\/obispadosanfelipe.cl\/2020\/wp-content\/uploads\/2021\/05\/WhatsApp-Image-2021-05-16-at-16.38.50-1.jpeg\" class=\"post-thumbnail-rollover layzr-bg\" title=\"WhatsApp Image 2021-05-16 at 16.38.50 (1)\"  aria-label=\"Post image\"><img loading=\"lazy\" src=\"data:image\/svg+xml,%3Csvg%20xmlns%3D&#39;http%3A%2F%2Fwww.w3.org%2F2000%2Fsvg&#39;%20viewBox%3D&#39;0%200%201280%201024&#39;%2F%3E\" data-src=\"https:\/\/obispadosanfelipe.cl\/2020\/wp-content\/uploads\/2021\/05\/WhatsApp-Image-2021-05-16-at-16.38.50-1.jpeg\" data-srcset=\"https:\/\/obispadosanfelipe.cl\/2020\/wp-content\/uploads\/2021\/05\/WhatsApp-Image-2021-05-16-at-16.38.50-1.jpeg 1280w\" class=\"preload-me photo-thumb-lazy-load\" width=\"1280\" height=\"1024\"  alt=\"\" title=\"WhatsApp Image 2021-05-16 at 16.38.50 (1)\" \/><\/a><\/a><\/figure><figure data-width=\"1280\" data-height=\"1024\"><a href=\" https:\/\/obispadosanfelipe.cl\/2020\/wp-content\/uploads\/2021\/05\/WhatsApp-Image-2021-05-16-at-16.43.07-1.jpeg \"<a href=\"https:\/\/obispadosanfelipe.cl\/2020\/wp-content\/uploads\/2021\/05\/WhatsApp-Image-2021-05-16-at-16.43.07-1.jpeg\" class=\"post-thumbnail-rollover layzr-bg\" title=\"WhatsApp Image 2021-05-16 at 16.43.07 (1)\"  aria-label=\"Post image\"><img loading=\"lazy\" src=\"data:image\/svg+xml,%3Csvg%20xmlns%3D&#39;http%3A%2F%2Fwww.w3.org%2F2000%2Fsvg&#39;%20viewBox%3D&#39;0%200%201280%201024&#39;%2F%3E\" data-src=\"https:\/\/obispadosanfelipe.cl\/2020\/wp-content\/uploads\/2021\/05\/WhatsApp-Image-2021-05-16-at-16.43.07-1.jpeg\" data-srcset=\"https:\/\/obispadosanfelipe.cl\/2020\/wp-content\/uploads\/2021\/05\/WhatsApp-Image-2021-05-16-at-16.43.07-1.jpeg 1280w\" class=\"preload-me photo-thumb-lazy-load\" width=\"1280\" height=\"1024\"  alt=\"\" title=\"WhatsApp Image 2021-05-16 at 16.43.07 (1)\" \/><\/a><\/a><\/figure><figure data-width=\"1280\" data-height=\"1024\"><a href=\" https:\/\/obispadosanfelipe.cl\/2020\/wp-content\/uploads\/2021\/05\/WhatsApp-Image-2021-05-16-at-16.45.00.jpeg \"<a href=\"https:\/\/obispadosanfelipe.cl\/2020\/wp-content\/uploads\/2021\/05\/WhatsApp-Image-2021-05-16-at-16.45.00.jpeg\" class=\"post-thumbnail-rollover layzr-bg\" title=\"WhatsApp Image 2021-05-16 at 16.45.00\"  aria-label=\"Post image\"><img loading=\"lazy\" src=\"data:image\/svg+xml,%3Csvg%20xmlns%3D&#39;http%3A%2F%2Fwww.w3.org%2F2000%2Fsvg&#39;%20viewBox%3D&#39;0%200%201280%201024&#39;%2F%3E\" data-src=\"https:\/\/obispadosanfelipe.cl\/2020\/wp-content\/uploads\/2021\/05\/WhatsApp-Image-2021-05-16-at-16.45.00.jpeg\" data-srcset=\"https:\/\/obispadosanfelipe.cl\/2020\/wp-content\/uploads\/2021\/05\/WhatsApp-Image-2021-05-16-at-16.45.00.jpeg 1280w\" class=\"preload-me photo-thumb-lazy-load\" width=\"1280\" height=\"1024\"  alt=\"\" title=\"WhatsApp Image 2021-05-16 at 16.45.00\" \/><\/a><\/a><\/figure><figure data-width=\"1280\" data-height=\"720\"><a href=\" https:\/\/obispadosanfelipe.cl\/2020\/wp-content\/uploads\/2021\/05\/WhatsApp-Image-2021-05-16-at-17.01.55.jpeg \"<a href=\"https:\/\/obispadosanfelipe.cl\/2020\/wp-content\/uploads\/2021\/05\/WhatsApp-Image-2021-05-16-at-17.01.55.jpeg\" class=\"post-thumbnail-rollover layzr-bg\" title=\"WhatsApp Image 2021-05-16 at 17.01.55\"  aria-label=\"Post image\"><img loading=\"lazy\" src=\"data:image\/svg+xml,%3Csvg%20xmlns%3D&#39;http%3A%2F%2Fwww.w3.org%2F2000%2Fsvg&#39;%20viewBox%3D&#39;0%200%201280%20720&#39;%2F%3E\" data-src=\"https:\/\/obispadosanfelipe.cl\/2020\/wp-content\/uploads\/2021\/05\/WhatsApp-Image-2021-05-16-at-17.01.55.jpeg\" data-srcset=\"https:\/\/obispadosanfelipe.cl\/2020\/wp-content\/uploads\/2021\/05\/WhatsApp-Image-2021-05-16-at-17.01.55.jpeg 1280w\" class=\"preload-me photo-thumb-lazy-load\" width=\"1280\" height=\"720\"  alt=\"\" title=\"WhatsApp Image 2021-05-16 at 17.01.55\" \/><\/a><\/a><\/figure><figure data-width=\"1280\" data-height=\"1024\"><a href=\" https:\/\/obispadosanfelipe.cl\/2020\/wp-content\/uploads\/2021\/05\/WhatsApp-Image-2021-05-16-at-23.44.14.jpeg \"<a href=\"https:\/\/obispadosanfelipe.cl\/2020\/wp-content\/uploads\/2021\/05\/WhatsApp-Image-2021-05-16-at-23.44.14.jpeg\" class=\"post-thumbnail-rollover layzr-bg\" title=\"WhatsApp Image 2021-05-16 at 23.44.14\"  aria-label=\"Post image\"><img loading=\"lazy\" src=\"data:image\/svg+xml,%3Csvg%20xmlns%3D&#39;http%3A%2F%2Fwww.w3.org%2F2000%2Fsvg&#39;%20viewBox%3D&#39;0%200%201280%201024&#39;%2F%3E\" data-src=\"https:\/\/obispadosanfelipe.cl\/2020\/wp-content\/uploads\/2021\/05\/WhatsApp-Image-2021-05-16-at-23.44.14.jpeg\" data-srcset=\"https:\/\/obispadosanfelipe.cl\/2020\/wp-content\/uploads\/2021\/05\/WhatsApp-Image-2021-05-16-at-23.44.14.jpeg 1280w\" class=\"preload-me photo-thumb-lazy-load\" width=\"1280\" height=\"1024\"  alt=\"\" title=\"WhatsApp Image 2021-05-16 at 23.44.14\" \/><\/a><\/a><\/figure><figure data-width=\"1280\" data-height=\"1024\"><a href=\" https:\/\/obispadosanfelipe.cl\/2020\/wp-content\/uploads\/2021\/05\/WhatsApp-Image-2021-05-17-at-11.06.30.jpeg \"<a href=\"https:\/\/obispadosanfelipe.cl\/2020\/wp-content\/uploads\/2021\/05\/WhatsApp-Image-2021-05-17-at-11.06.30.jpeg\" class=\"post-thumbnail-rollover layzr-bg\" title=\"WhatsApp Image 2021-05-17 at 11.06.30\"  aria-label=\"Post image\"><img loading=\"lazy\" src=\"data:image\/svg+xml,%3Csvg%20xmlns%3D&#39;http%3A%2F%2Fwww.w3.org%2F2000%2Fsvg&#39;%20viewBox%3D&#39;0%200%201280%201024&#39;%2F%3E\" data-src=\"https:\/\/obispadosanfelipe.cl\/2020\/wp-content\/uploads\/2021\/05\/WhatsApp-Image-2021-05-17-at-11.06.30.jpeg\" data-srcset=\"https:\/\/obispadosanfelipe.cl\/2020\/wp-content\/uploads\/2021\/05\/WhatsApp-Image-2021-05-17-at-11.06.30.jpeg 1280w\" class=\"preload-me photo-thumb-lazy-load\" width=\"1280\" height=\"1024\"  alt=\"\" title=\"WhatsApp Image 2021-05-17 at 11.06.30\" \/><\/a><\/a><\/figure><figure data-width=\"1280\" data-height=\"1024\"><a href=\" https:\/\/obispadosanfelipe.cl\/2020\/wp-content\/uploads\/2021\/05\/WhatsApp-Image-2021-05-17-at-11.06.43.jpeg \"<a href=\"https:\/\/obispadosanfelipe.cl\/2020\/wp-content\/uploads\/2021\/05\/WhatsApp-Image-2021-05-17-at-11.06.43.jpeg\" class=\"post-thumbnail-rollover layzr-bg\" title=\"WhatsApp Image 2021-05-17 at 11.06.43\"  aria-label=\"Post image\"><img loading=\"lazy\" src=\"data:image\/svg+xml,%3Csvg%20xmlns%3D&#39;http%3A%2F%2Fwww.w3.org%2F2000%2Fsvg&#39;%20viewBox%3D&#39;0%200%201280%201024&#39;%2F%3E\" data-src=\"https:\/\/obispadosanfelipe.cl\/2020\/wp-content\/uploads\/2021\/05\/WhatsApp-Image-2021-05-17-at-11.06.43.jpeg\" data-srcset=\"https:\/\/obispadosanfelipe.cl\/2020\/wp-content\/uploads\/2021\/05\/WhatsApp-Image-2021-05-17-at-11.06.43.jpeg 1280w\" class=\"preload-me photo-thumb-lazy-load\" width=\"1280\" height=\"1024\"  alt=\"\" title=\"WhatsApp Image 2021-05-17 at 11.06.43\" \/><\/a><\/a><\/figure><figure data-width=\"1080\" data-height=\"1080\"><a href=\" https:\/\/obispadosanfelipe.cl\/2020\/wp-content\/uploads\/2021\/05\/WhatsApp-Image-2021-05-17-at-15.53.26.jpeg \"<a href=\"https:\/\/obispadosanfelipe.cl\/2020\/wp-content\/uploads\/2021\/05\/WhatsApp-Image-2021-05-17-at-15.53.26.jpeg\" class=\"post-thumbnail-rollover layzr-bg\" title=\"WhatsApp Image 2021-05-17 at 15.53.26\"  aria-label=\"Post image\"><img loading=\"lazy\" src=\"data:image\/svg+xml,%3Csvg%20xmlns%3D&#39;http%3A%2F%2Fwww.w3.org%2F2000%2Fsvg&#39;%20viewBox%3D&#39;0%200%201080%201080&#39;%2F%3E\" data-src=\"https:\/\/obispadosanfelipe.cl\/2020\/wp-content\/uploads\/2021\/05\/WhatsApp-Image-2021-05-17-at-15.53.26.jpeg\" data-srcset=\"https:\/\/obispadosanfelipe.cl\/2020\/wp-content\/uploads\/2021\/05\/WhatsApp-Image-2021-05-17-at-15.53.26.jpeg 1080w\" class=\"preload-me photo-thumb-lazy-load\" width=\"1080\" height=\"1080\"  alt=\"\" title=\"WhatsApp Image 2021-05-17 at 15.53.26\" \/><\/a><\/a><\/figure><figure data-width=\"1080\" data-height=\"1080\"><a href=\" https:\/\/obispadosanfelipe.cl\/2020\/wp-content\/uploads\/2021\/05\/WhatsApp-Image-2021-05-17-at-15.53.27-1.jpeg \"<a href=\"https:\/\/obispadosanfelipe.cl\/2020\/wp-content\/uploads\/2021\/05\/WhatsApp-Image-2021-05-17-at-15.53.27-1.jpeg\" class=\"post-thumbnail-rollover layzr-bg\"   aria-label=\"Post image\"><img loading=\"lazy\" src=\"data:image\/svg+xml,%3Csvg%20xmlns%3D&#39;http%3A%2F%2Fwww.w3.org%2F2000%2Fsvg&#39;%20viewBox%3D&#39;0%200%201080%201080&#39;%2F%3E\" data-src=\"https:\/\/obispadosanfelipe.cl\/2020\/wp-content\/uploads\/2021\/05\/WhatsApp-Image-2021-05-17-at-15.53.27-1.jpeg\" data-srcset=\"https:\/\/obispadosanfelipe.cl\/2020\/wp-content\/uploads\/2021\/05\/WhatsApp-Image-2021-05-17-at-15.53.27-1.jpeg 1080w\" class=\"preload-me photo-thumb-lazy-load\" width=\"1080\" height=\"1080\"  alt=\"\"  \/><\/a><\/a><\/figure><figure data-width=\"1280\" data-height=\"1280\"><a href=\" https:\/\/obispadosanfelipe.cl\/2020\/wp-content\/uploads\/2021\/05\/WhatsApp-Image-2021-05-17-at-19.59.43.jpeg \"<a href=\"https:\/\/obispadosanfelipe.cl\/2020\/wp-content\/uploads\/2021\/05\/WhatsApp-Image-2021-05-17-at-19.59.43.jpeg\" class=\"post-thumbnail-rollover layzr-bg\" title=\"WhatsApp Image 2021-05-17 at 19.59.43\"  aria-label=\"Post image\"><img loading=\"lazy\" src=\"data:image\/svg+xml,%3Csvg%20xmlns%3D&#39;http%3A%2F%2Fwww.w3.org%2F2000%2Fsvg&#39;%20viewBox%3D&#39;0%200%201280%201280&#39;%2F%3E\" data-src=\"https:\/\/obispadosanfelipe.cl\/2020\/wp-content\/uploads\/2021\/05\/WhatsApp-Image-2021-05-17-at-19.59.43.jpeg\" data-srcset=\"https:\/\/obispadosanfelipe.cl\/2020\/wp-content\/uploads\/2021\/05\/WhatsApp-Image-2021-05-17-at-19.59.43.jpeg 1280w\" class=\"preload-me photo-thumb-lazy-load\" width=\"1280\" height=\"1280\"  alt=\"\" title=\"WhatsApp Image 2021-05-17 at 19.59.43\" \/><\/a><\/a><\/figure><figure data-width=\"1080\" data-height=\"1080\"><a href=\" https:\/\/obispadosanfelipe.cl\/2020\/wp-content\/uploads\/2021\/05\/WhatsApp-Image-2021-05-17-at-15.53.27-1-1.jpeg \"<a href=\"https:\/\/obispadosanfelipe.cl\/2020\/wp-content\/uploads\/2021\/05\/WhatsApp-Image-2021-05-17-at-15.53.27-1-1.jpeg\" class=\"post-thumbnail-rollover layzr-bg\" title=\"WhatsApp Image 2021-05-17 at 15.53.27 (1)\"  aria-label=\"Post image\"><img loading=\"lazy\" src=\"data:image\/svg+xml,%3Csvg%20xmlns%3D&#39;http%3A%2F%2Fwww.w3.org%2F2000%2Fsvg&#39;%20viewBox%3D&#39;0%200%201080%201080&#39;%2F%3E\" data-src=\"https:\/\/obispadosanfelipe.cl\/2020\/wp-content\/uploads\/2021\/05\/WhatsApp-Image-2021-05-17-at-15.53.27-1-1.jpeg\" data-srcset=\"https:\/\/obispadosanfelipe.cl\/2020\/wp-content\/uploads\/2021\/05\/WhatsApp-Image-2021-05-17-at-15.53.27-1-1.jpeg 1080w\" class=\"preload-me photo-thumb-lazy-load\" width=\"1080\" height=\"1080\"  alt=\"\" title=\"WhatsApp Image 2021-05-17 at 15.53.27 (1)\" \/><\/a><\/a><\/figure>\t\t\t<\/div>\n\t\t\t<div class=\"btn-cntr\">\n\t\t\t\t<a href=\"#\" class=\"hide-thumb-btn\"><\/a>\n\t\t\t\t<a href=\"#\" class=\"auto-play-btn\"><\/a>\n\t\t\t\t<a href=\"#\" class=\"full-screen-btn\"><\/a>\n\t\t\t<\/div>\n\t\t<\/div>\n\t\t\t\t<\/div>\n\t\t\t\t<\/div>\n\t\t\t\t\t\t<\/div>\n\t\t\t\t\t<\/div>\n\t\t<\/div>\n\t\t\t\t\t\t\t\t<\/div>\n\t\t\t\t\t<\/div>\n\t\t<\/section>\n\t\t\t\t\t\t<\/div>\n\t\t\t\t\t\t<\/div>\n\t\t\t\t\t<\/div>\n\t\t","protected":false},"excerpt":{"rendered":"<p>La Delegaci\u00f3n para los Agentes Evangelizadores es el \u00e1rea pastoral responsable de la Catequesis, Formaci\u00f3n, Misiones, Liturgia y Misiones.\u00a0 Su finalidad est\u00e1 fundamentalmente centrada en la persona y su encuentro&hellip;<\/p>\n","protected":false},"author":1,"featured_media":0,"parent":0,"menu_order":0,"comment_status":"closed","ping_status":"closed","template":"","meta":[],"_links":{"self":[{"href":"https:\/\/obispadosanfelipe.cl\/2020\/wp-json\/wp\/v2\/pages\/2736"}],"collection":[{"href":"https:\/\/obispadosanfelipe.cl\/2020\/wp-json\/wp\/v2\/pages"}],"about":[{"href":"https:\/\/obispadosanfelipe.cl\/2020\/wp-json\/wp\/v2\/types\/page"}],"author":[{"embeddable":true,"href":"https:\/\/obispadosanfelipe.cl\/2020\/wp-json\/wp\/v2\/users\/1"}],"replies":[{"embeddable":true,"href":"https:\/\/obispadosanfelipe.cl\/2020\/wp-json\/wp\/v2\/comments?post=2736"}],"version-history":[{"count":7,"href":"https:\/\/obispadosanfelipe.cl\/2020\/wp-json\/wp\/v2\/pages\/2736\/revisions"}],"predecessor-version":[{"id":5221,"href":"https:\/\/obispadosanfelipe.cl\/2020\/wp-json\/wp\/v2\/pages\/2736\/revisions\/5221"}],"wp:attachment":[{"href":"https:\/\/obispadosanfelipe.cl\/2020\/wp-json\/wp\/v2\/media?parent=2736"}],"curies":[{"name":"wp","href":"https:\/\/api.w.org\/{rel}","templated":true}]}}