{"id":3148,"date":"2020-08-17T01:11:06","date_gmt":"2020-08-17T01:11:06","guid":{"rendered":"https:\/\/obispadosanfelipe.cl\/2020\/?page_id=3148"},"modified":"2020-08-17T01:14:30","modified_gmt":"2020-08-17T01:14:30","slug":"santa-rosa-de-lima-1804-los-andes","status":"publish","type":"page","link":"https:\/\/obispadosanfelipe.cl\/2020\/santa-rosa-de-lima-1804-los-andes\/","title":{"rendered":"Santa Rosa de Lima (1804) &#8211; Los Andes"},"content":{"rendered":"\t\t<div data-elementor-type=\"wp-page\" data-elementor-id=\"3148\" class=\"elementor elementor-3148\" data-elementor-settings=\"[]\">\n\t\t\t\t\t\t<div class=\"elementor-inner\">\n\t\t\t\t\t\t\t<div class=\"elementor-section-wrap\">\n\t\t\t\t\t\t\t<section class=\"elementor-section elementor-top-section elementor-element elementor-element-77571f76 elementor-section-boxed elementor-section-height-default elementor-section-height-default\" data-id=\"77571f76\" data-element_type=\"section\">\n\t\t\t\t\t\t<div class=\"elementor-container elementor-column-gap-default\">\n\t\t\t\t\t\t\t<div class=\"elementor-row\">\n\t\t\t\t\t<div class=\"elementor-column elementor-col-100 elementor-top-column elementor-element elementor-element-2300d0da\" data-id=\"2300d0da\" data-element_type=\"column\">\n\t\t\t<div class=\"elementor-column-wrap elementor-element-populated\">\n\t\t\t\t\t\t\t<div class=\"elementor-widget-wrap\">\n\t\t\t\t\t\t<div class=\"elementor-element elementor-element-2d2ab46d elementor-widget elementor-widget-text-editor\" data-id=\"2d2ab46d\" data-element_type=\"widget\" data-widget_type=\"text-editor.default\">\n\t\t\t\t<div class=\"elementor-widget-container\">\n\t\t\t\t\t\t\t\t<div class=\"elementor-text-editor elementor-clearfix\">\n\t\t\t\t\t<p class=\"txt\"><strong>Los Andes. Santa Rosa de Lima (1804)<\/strong><\/p>\n\n<div><\/div>\n<table border=\"0\" width=\"498\" cellspacing=\"0\" cellpadding=\"2\">\n<tbody>\n<tr>\n<td class=\"txt\" width=\"156\"><img loading=\"lazy\" src=\"https:\/\/obispadosanfelipe.cl\/imagenes\/blue.png\" alt=\"\" width=\"6\" height=\"7\" \/>\u00a0P\u00e1rroco:<\/td>\n<td width=\"6\"><\/td>\n<td class=\"txt\" width=\"324\">Pbro. Mauricio Cruz Lolas<\/td>\n<\/tr>\n<tr>\n<td class=\"txt\"><img loading=\"lazy\" src=\"https:\/\/obispadosanfelipe.cl\/imagenes\/blue.png\" alt=\"\" width=\"6\" height=\"7\" \/>\u00a0Di\u00e1conos:<\/td>\n<td><\/td>\n<td class=\"txt\">Di\u00e1c. Wilfredo Alejandro Figueroa L\u00f3pez\nDi\u00e1c. Luis Alberto Gallardo Far\u00edas\nDi\u00e1c. Fidel del Carmen Salgado Palma<\/td>\n<\/tr>\n<tr>\n<td><span class=\"txt\"><img loading=\"lazy\" src=\"https:\/\/obispadosanfelipe.cl\/imagenes\/blue.png\" alt=\"\" width=\"6\" height=\"7\" \/>\u00a0Direcci\u00f3n<\/span>:<\/td>\n<td><\/td>\n<td class=\"txt\">Santa Rosa N\u00ba 339, Casilla 64. Los Andes.<\/td>\n<\/tr>\n<tr>\n<td><span class=\"txt\"><img loading=\"lazy\" src=\"https:\/\/obispadosanfelipe.cl\/imagenes\/blue.png\" alt=\"\" width=\"6\" height=\"7\" \/>\u00a0Fono\/Fax<\/span>:<\/td>\n<td><\/td>\n<td class=\"txt\">(34) 2421304 \/ 2422495<\/td>\n<\/tr>\n<tr>\n<td class=\"txt\"><img loading=\"lazy\" src=\"https:\/\/obispadosanfelipe.cl\/imagenes\/blue.png\" alt=\"\" width=\"6\" height=\"7\" \/>\u00a0Secretaria parroquial:<\/td>\n<td><\/td>\n<td class=\"txt\">Gilda Mill\u00e1n Arancibia<\/td>\n<\/tr>\n<\/tbody>\n<\/table>\t\t\t\t\t<\/div>\n\t\t\t\t\t\t<\/div>\n\t\t\t\t<\/div>\n\t\t\t\t\t\t<\/div>\n\t\t\t\t\t<\/div>\n\t\t<\/div>\n\t\t\t\t\t\t\t\t<\/div>\n\t\t\t\t\t<\/div>\n\t\t<\/section>\n\t\t\t\t<section class=\"elementor-section elementor-top-section elementor-element elementor-element-2090cd0 elementor-section-boxed elementor-section-height-default elementor-section-height-default\" data-id=\"2090cd0\" data-element_type=\"section\">\n\t\t\t\t\t\t<div class=\"elementor-container elementor-column-gap-default\">\n\t\t\t\t\t\t\t<div class=\"elementor-row\">\n\t\t\t\t\t<div class=\"elementor-column elementor-col-100 elementor-top-column elementor-element elementor-element-8b63f63\" data-id=\"8b63f63\" data-element_type=\"column\">\n\t\t\t<div class=\"elementor-column-wrap elementor-element-populated\">\n\t\t\t\t\t\t\t<div class=\"elementor-widget-wrap\">\n\t\t\t\t\t\t<div class=\"elementor-element elementor-element-f8394ca elementor-widget elementor-widget-image\" data-id=\"f8394ca\" data-element_type=\"widget\" data-widget_type=\"image.default\">\n\t\t\t\t<div class=\"elementor-widget-container\">\n\t\t\t\t\t\t\t\t<div class=\"elementor-image\">\n\t\t\t\t\t\t\t\t\t\t\t\t<img width=\"512\" height=\"288\" src=\"https:\/\/obispadosanfelipe.cl\/2020\/wp-content\/uploads\/2020\/08\/unnamed-1-1.jpg\" class=\"attachment-large size-large\" alt=\"\" loading=\"lazy\" srcset=\"https:\/\/obispadosanfelipe.cl\/2020\/wp-content\/uploads\/2020\/08\/unnamed-1-1.jpg 512w, https:\/\/obispadosanfelipe.cl\/2020\/wp-content\/uploads\/2020\/08\/unnamed-1-1-300x169.jpg 300w\" sizes=\"(max-width: 512px) 100vw, 512px\" \/>\t\t\t\t\t\t\t\t\t\t\t\t\t\t<\/div>\n\t\t\t\t\t\t<\/div>\n\t\t\t\t<\/div>\n\t\t\t\t\t\t<\/div>\n\t\t\t\t\t<\/div>\n\t\t<\/div>\n\t\t\t\t\t\t\t\t<\/div>\n\t\t\t\t\t<\/div>\n\t\t<\/section>\n\t\t\t\t<section class=\"elementor-section elementor-top-section elementor-element elementor-element-9e2674d elementor-section-boxed elementor-section-height-default elementor-section-height-default\" data-id=\"9e2674d\" data-element_type=\"section\">\n\t\t\t\t\t\t<div class=\"elementor-container elementor-column-gap-default\">\n\t\t\t\t\t\t\t<div class=\"elementor-row\">\n\t\t\t\t\t<div class=\"elementor-column elementor-col-100 elementor-top-column elementor-element elementor-element-f9ef533\" data-id=\"f9ef533\" data-element_type=\"column\">\n\t\t\t<div class=\"elementor-column-wrap elementor-element-populated\">\n\t\t\t\t\t\t\t<div class=\"elementor-widget-wrap\">\n\t\t\t\t\t\t<div class=\"elementor-element elementor-element-ade2899 elementor-widget-divider--view-line elementor-widget elementor-widget-divider\" data-id=\"ade2899\" data-element_type=\"widget\" data-widget_type=\"divider.default\">\n\t\t\t\t<div class=\"elementor-widget-container\">\n\t\t\t\t\t<div class=\"elementor-divider\">\n\t\t\t<span class=\"elementor-divider-separator\">\n\t\t\t\t\t\t<\/span>\n\t\t<\/div>\n\t\t\t\t<\/div>\n\t\t\t\t<\/div>\n\t\t\t\t\t\t<\/div>\n\t\t\t\t\t<\/div>\n\t\t<\/div>\n\t\t\t\t\t\t\t\t<\/div>\n\t\t\t\t\t<\/div>\n\t\t<\/section>\n\t\t\t\t<section class=\"elementor-section elementor-top-section elementor-element elementor-element-e1ec9d6 elementor-section-boxed elementor-section-height-default elementor-section-height-default\" data-id=\"e1ec9d6\" data-element_type=\"section\">\n\t\t\t\t\t\t<div class=\"elementor-container elementor-column-gap-default\">\n\t\t\t\t\t\t\t<div class=\"elementor-row\">\n\t\t\t\t\t<div class=\"elementor-column elementor-col-100 elementor-top-column elementor-element elementor-element-c10ba11\" data-id=\"c10ba11\" data-element_type=\"column\">\n\t\t\t<div class=\"elementor-column-wrap elementor-element-populated\">\n\t\t\t\t\t\t\t<div class=\"elementor-widget-wrap\">\n\t\t\t\t\t\t<div class=\"elementor-element elementor-element-76e66aa elementor-widget elementor-widget-google_maps\" data-id=\"76e66aa\" data-element_type=\"widget\" data-widget_type=\"google_maps.default\">\n\t\t\t\t<div class=\"elementor-widget-container\">\n\t\t\t<div class=\"elementor-custom-embed\"><iframe frameborder=\"0\" scrolling=\"no\" marginheight=\"0\" marginwidth=\"0\" src=\"https:\/\/maps.google.com\/maps?q=Santa%20Rosa%20N%C2%BA%20339%20%2C%20Los%20Andes&amp;t=m&amp;z=10&amp;output=embed&amp;iwloc=near\" title=\"Santa Rosa N\u00ba 339 , Los Andes\" aria-label=\"Santa Rosa N\u00ba 339 , Los Andes\"><\/iframe><\/div>\t\t<\/div>\n\t\t\t\t<\/div>\n\t\t\t\t\t\t<\/div>\n\t\t\t\t\t<\/div>\n\t\t<\/div>\n\t\t\t\t\t\t\t\t<\/div>\n\t\t\t\t\t<\/div>\n\t\t<\/section>\n\t\t\t\t\t\t<\/div>\n\t\t\t\t\t\t<\/div>\n\t\t\t\t\t<\/div>\n\t\t","protected":false},"excerpt":{"rendered":"<p>Los Andes. Santa Rosa de Lima (1804) \u00a0P\u00e1rroco: Pbro. Mauricio Cruz Lolas \u00a0Di\u00e1conos: Di\u00e1c. Wilfredo Alejandro Figueroa L\u00f3pez Di\u00e1c. Luis Alberto Gallardo Far\u00edas Di\u00e1c. Fidel del Carmen Salgado Palma \u00a0Direcci\u00f3n:&hellip;<\/p>\n","protected":false},"author":1,"featured_media":0,"parent":0,"menu_order":0,"comment_status":"closed","ping_status":"closed","template":"","meta":[],"_links":{"self":[{"href":"https:\/\/obispadosanfelipe.cl\/2020\/wp-json\/wp\/v2\/pages\/3148"}],"collection":[{"href":"https:\/\/obispadosanfelipe.cl\/2020\/wp-json\/wp\/v2\/pages"}],"about":[{"href":"https:\/\/obispadosanfelipe.cl\/2020\/wp-json\/wp\/v2\/types\/page"}],"author":[{"embeddable":true,"href":"https:\/\/obispadosanfelipe.cl\/2020\/wp-json\/wp\/v2\/users\/1"}],"replies":[{"embeddable":true,"href":"https:\/\/obispadosanfelipe.cl\/2020\/wp-json\/wp\/v2\/comments?post=3148"}],"version-history":[{"count":0,"href":"https:\/\/obispadosanfelipe.cl\/2020\/wp-json\/wp\/v2\/pages\/3148\/revisions"}],"wp:attachment":[{"href":"https:\/\/obispadosanfelipe.cl\/2020\/wp-json\/wp\/v2\/media?parent=3148"}],"curies":[{"name":"wp","href":"https:\/\/api.w.org\/{rel}","templated":true}]}}