{"id":6566,"date":"2021-11-25T01:51:46","date_gmt":"2021-11-25T01:51:46","guid":{"rendered":"https:\/\/obispadosanfelipe.cl\/2020\/?page_id=6566"},"modified":"2021-11-25T01:53:33","modified_gmt":"2021-11-25T01:53:33","slug":"piedad-popular-y-los-bailes-religiosos-2","status":"publish","type":"page","link":"https:\/\/obispadosanfelipe.cl\/2020\/piedad-popular-y-los-bailes-religiosos-2\/","title":{"rendered":"Piedad Popular y los Bailes Religiosos"},"content":{"rendered":"<p>La delegaci\u00f3n de la piedad popular es el \u00f3rgano diocesano que tiene como misi\u00f3n principal cuidar la piedad popular, \u00abverdadero tesoro del pueblo de Dios\u00bb y \u00abanimar la manifestaci\u00f3n p\u00fablica de la fe\u00bb.<\/p>\n<p>&nbsp;<\/p>\n<p><strong><i>La fuerza evangelizadora de la piedad popular<\/i><\/strong><\/p>\n<p>Del mismo modo, podemos pensar que los distintos pueblos en los que ha sido inculturado el Evangelio son sujetos colectivos activos, agentes de la evangelizaci\u00f3n. Esto es as\u00ed porque cada pueblo es el creador de su cultura y el protagonista de su historia. La cultura es algo din\u00e1mico, que un pueblo recrea permanentemente, y cada generaci\u00f3n le transmite a la siguiente un sistema de actitudes ante las distintas situaciones existenciales, que \u00e9sta debe reformular frente a sus propios desaf\u00edos. El ser humano \u00abes al mismo tiempo hijo y padre de la cultura a la que pertenece\u00bb. Cuando en un pueblo se ha inculturado el Evangelio, en su proceso de transmisi\u00f3n cultural tambi\u00e9n transmite la fe de maneras siempre nuevas; de aqu\u00ed la importancia de la evangelizaci\u00f3n entendida como inculturaci\u00f3n. Cada porci\u00f3n del Pueblo de Dios, al traducir en su vida el don de Dios seg\u00fan su genio propio, da testimonio de la fe recibida y la enriquece con nuevas expresiones que son elocuentes. Puede decirse que \u00abel pueblo se evangeliza continuamente a s\u00ed mismo\u00bb. Aqu\u00ed toma importancia la piedad popular, verdadera expresi\u00f3n de la acci\u00f3n misionera espont\u00e1nea del Pueblo de Dios. Se trata de una realidad en permanente desarrollo, donde el Esp\u00edritu Santo es el agente principal. EG 122<\/p>\n<p>&nbsp;<\/p>\n<p><strong>Delegaci\u00f3n Episcopal de la Piedad Popular y los Bailes Religiosos tiene como Delegado a Erwin Olmos.\u00a0<\/strong><\/p>\n<p>&nbsp;<\/p>\n<p><img loading=\"lazy\" class=\"aligncenter size-medium wp-image-6229\" src=\"https:\/\/obispadosanfelipe.cl\/2020\/wp-content\/uploads\/2021\/10\/WhatsApp-Image-2021-10-11-at-10.16.53-300x225.jpeg\" alt=\"\" width=\"300\" height=\"225\" srcset=\"https:\/\/obispadosanfelipe.cl\/2020\/wp-content\/uploads\/2021\/10\/WhatsApp-Image-2021-10-11-at-10.16.53-300x225.jpeg 300w, https:\/\/obispadosanfelipe.cl\/2020\/wp-content\/uploads\/2021\/10\/WhatsApp-Image-2021-10-11-at-10.16.53-1024x768.jpeg 1024w, https:\/\/obispadosanfelipe.cl\/2020\/wp-content\/uploads\/2021\/10\/WhatsApp-Image-2021-10-11-at-10.16.53-768x576.jpeg 768w, https:\/\/obispadosanfelipe.cl\/2020\/wp-content\/uploads\/2021\/10\/WhatsApp-Image-2021-10-11-at-10.16.53.jpeg 1280w\" sizes=\"(max-width: 300px) 100vw, 300px\" \/><\/p>\n","protected":false},"excerpt":{"rendered":"<p>La delegaci\u00f3n de la piedad popular es el \u00f3rgano diocesano que tiene como misi\u00f3n principal cuidar la piedad popular, \u00abverdadero tesoro del pueblo de Dios\u00bb y \u00abanimar la manifestaci\u00f3n p\u00fablica&hellip;<\/p>\n","protected":false},"author":1,"featured_media":0,"parent":0,"menu_order":0,"comment_status":"closed","ping_status":"closed","template":"","meta":[],"_links":{"self":[{"href":"https:\/\/obispadosanfelipe.cl\/2020\/wp-json\/wp\/v2\/pages\/6566"}],"collection":[{"href":"https:\/\/obispadosanfelipe.cl\/2020\/wp-json\/wp\/v2\/pages"}],"about":[{"href":"https:\/\/obispadosanfelipe.cl\/2020\/wp-json\/wp\/v2\/types\/page"}],"author":[{"embeddable":true,"href":"https:\/\/obispadosanfelipe.cl\/2020\/wp-json\/wp\/v2\/users\/1"}],"replies":[{"embeddable":true,"href":"https:\/\/obispadosanfelipe.cl\/2020\/wp-json\/wp\/v2\/comments?post=6566"}],"version-history":[{"count":1,"href":"https:\/\/obispadosanfelipe.cl\/2020\/wp-json\/wp\/v2\/pages\/6566\/revisions"}],"predecessor-version":[{"id":6567,"href":"https:\/\/obispadosanfelipe.cl\/2020\/wp-json\/wp\/v2\/pages\/6566\/revisions\/6567"}],"wp:attachment":[{"href":"https:\/\/obispadosanfelipe.cl\/2020\/wp-json\/wp\/v2\/media?parent=6566"}],"curies":[{"name":"wp","href":"https:\/\/api.w.org\/{rel}","templated":true}]}}