{"id":6618,"date":"2021-12-04T01:47:14","date_gmt":"2021-12-04T01:47:14","guid":{"rendered":"https:\/\/obispadosanfelipe.cl\/2020\/?page_id=6618"},"modified":"2022-02-22T13:28:13","modified_gmt":"2022-02-22T13:28:13","slug":"caminar-diocesano-iglesia-sinodal","status":"publish","type":"page","link":"https:\/\/obispadosanfelipe.cl\/2020\/caminar-diocesano-iglesia-sinodal\/","title":{"rendered":"Caminar Diocesano &#8211; Iglesia Sinodal"},"content":{"rendered":"\t\t<div data-elementor-type=\"wp-page\" data-elementor-id=\"6618\" class=\"elementor elementor-6618\" data-elementor-settings=\"[]\">\n\t\t\t\t\t\t<div class=\"elementor-inner\">\n\t\t\t\t\t\t\t<div class=\"elementor-section-wrap\">\n\t\t\t\t\t\t\t<section class=\"elementor-section elementor-top-section elementor-element elementor-element-0a0a0f3 elementor-section-boxed elementor-section-height-default elementor-section-height-default\" data-id=\"0a0a0f3\" data-element_type=\"section\">\n\t\t\t\t\t\t<div class=\"elementor-container elementor-column-gap-default\">\n\t\t\t\t\t\t\t<div class=\"elementor-row\">\n\t\t\t\t\t<div class=\"elementor-column elementor-col-100 elementor-top-column elementor-element elementor-element-2ff7443\" data-id=\"2ff7443\" data-element_type=\"column\">\n\t\t\t<div class=\"elementor-column-wrap elementor-element-populated\">\n\t\t\t\t\t\t\t<div class=\"elementor-widget-wrap\">\n\t\t\t\t\t\t<div class=\"elementor-element elementor-element-c3a757c elementor-widget elementor-widget-text-editor\" data-id=\"c3a757c\" data-element_type=\"widget\" data-widget_type=\"text-editor.default\">\n\t\t\t\t<div class=\"elementor-widget-container\">\n\t\t\t\t\t\t\t\t<div class=\"elementor-text-editor elementor-clearfix\">\n\t\t\t\t\t<p>En el marco del caminar diocesano e impulsado con m\u00e1s fuerza por este tiempo de preparaci\u00f3n al s\u00ednodo de los obispos nuestra Di\u00f3cesis ha definido 3 grandes etapas para vivir este camino de discernimiento y renovaci\u00f3n. Etapas que no viene a alterar el caminar diocesano, sino por el contrario, fortalecer y enriquecer a\u00fan m\u00e1s nuestro proceso de discernimiento iluminado por nuestras Orientaciones Pastoral.\u00a0<\/p><p>Las etapas propuestas para este caminar son:\u00a0<\/p><ol><li><strong>Etapa 1: Asambleas Decanales (noviembre 2021)<\/strong><\/li><\/ol><p>\u00a0 \u00a0 \u00a0 \u00a0 Esta primera etapa buscar ser un espacio de encuentro fraternal, un espacio de alegr\u00eda y esperanza, que permita a todas las comunidades conocer el caminar de la Iglesia Nacional y nuestra Iglesia Diocesana y, tomar conciencia que es tiempo de una transformaci\u00f3n radical.\u00a0<\/p><ol start=\"2\"><li><strong>Etapa 2: Encuentros en cada comunidad de base (de noviembre 2021 a abril 2022)<\/strong><\/li><\/ol><p>\u00a0 \u00a0 \u00a0 \u00a0 Esta segunda etapa es fundamental en la vida de cada comunidad porque buscar incentivar un proceso de renovaci\u00f3n eclesial donde cada persona se sienta interpelada y junto a su comunidad quieran buscar nuevos caminos de evangelizaci\u00f3n que permitan que nuestras comunidades sean una verdadera casa de encuentro y consuelo.\u00a0<\/p><p>\u00a0 \u00a0 \u00a0 \u00a0 Para fortalecer el discernimiento y contribuir a hacer procesos en las comunidades les proponemos tres etapas que, creemos, permitir\u00e1n iniciar este caminar sinodal en cada comunidad:\u00a0<\/p><ul><li><strong>Encuentro de Fin de a\u00f1o (Diciembre 2021):<\/strong>\u00a0La pr\u00f3xima semana enviaremos material de reflexi\u00f3n personal y comunitaria que les animamos a utilizar en los encuentros que cada comunidad\u00a0est\u00e1 organizado para la finalizaci\u00f3n de este a\u00f1o. Este material busca fomentar la toma de conciencia en la urgencia de realizar cambios concretos que afecten en lo cotidiano de nuestras comunidades. Es una instancia de oraci\u00f3n y compartir basada en la Homil\u00eda del Papa Francisco en la Apertura del S\u00ednodo de los Obispos.<\/li><\/ul><ul><li><strong>Escuela de Formaci\u00f3n de Verano (Del 3 al 14 de enero 2022):<\/strong>\u00a0En el mes de enero se realizar\u00e1n 2 semanas de formaci\u00f3n con la misma metodolog\u00eda del a\u00f1o pasado: itinerante por las comunidades \u2013 comunidades reunidas de forma presencial \u2013 transmisi\u00f3n por redes sociales. Estas semanas de formaci\u00f3n buscar\u00e1n profundizar en la toma de conciencia del momento que estamos viviendo y son instancias claves para la vida comunitaria de cada comunidad.<\/li><\/ul><ul><li><strong>Encuentros parroquiales (Febrero \u2013 Abril 2022):<\/strong>\u00a0En este periodo de tiempo se animar\u00e1 a todas las comunidades a encuentros de discernimiento que permitan dar pasos concretos de caminar juntos, donde cada persona pueda dar su opini\u00f3n libremente y donde todos podamos buscar caminos para crecer en la fidelidad al Evangelio. Para este periodo se entregar\u00e1 material de trabajo.<\/li><\/ul><ol start=\"3\"><li><strong>Etapa 3: Asamblea Diocesana (7 de mayo 2022).<\/strong>\u00a0Esta asamblea busca recoger el caminar de todas las comunidades y animar en el proceso de renovaci\u00f3n que estamos viviendo como Iglesia Universal.<\/li><\/ol><p>Desde ya nos ponemos al servicio de cada comunidad para acompa\u00f1arlos y ayudarlos en lo que ustedes estimen conveniente. Creemos firmemente que solo caminando juntos y juntas podremos ser fiel al anuncio del Evangelio.\u00a0<\/p><p>Les agradecemos infinitamente toda su entrega silenciosa que realizan en sus servicios y comunidades, les agradecemos su entusiasmo y motivaci\u00f3n de querer ser parte de este caminar. \u00a1Gracias por tanto!\u00a0<\/p><p>Confiamos plenamente que el Esp\u00edritu Santo est\u00e1 animando este tiempo de esperanza y renovaci\u00f3n.<\/p>\t\t\t\t\t<\/div>\n\t\t\t\t\t\t<\/div>\n\t\t\t\t<\/div>\n\t\t\t\t\t\t<\/div>\n\t\t\t\t\t<\/div>\n\t\t<\/div>\n\t\t\t\t\t\t\t\t<\/div>\n\t\t\t\t\t<\/div>\n\t\t<\/section>\n\t\t\t\t<section class=\"elementor-section elementor-top-section elementor-element elementor-element-4c23546 elementor-section-boxed elementor-section-height-default elementor-section-height-default\" data-id=\"4c23546\" data-element_type=\"section\">\n\t\t\t\t\t\t<div class=\"elementor-container elementor-column-gap-default\">\n\t\t\t\t\t\t\t<div class=\"elementor-row\">\n\t\t\t\t\t<div class=\"elementor-column elementor-col-100 elementor-top-column elementor-element elementor-element-6975d0e0\" data-id=\"6975d0e0\" data-element_type=\"column\">\n\t\t\t<div class=\"elementor-column-wrap elementor-element-populated\">\n\t\t\t\t\t\t\t<div class=\"elementor-widget-wrap\">\n\t\t\t\t\t\t<div class=\"elementor-element elementor-element-76af22cd elementor-widget elementor-widget-text-editor\" data-id=\"76af22cd\" data-element_type=\"widget\" data-widget_type=\"text-editor.default\">\n\t\t\t\t<div class=\"elementor-widget-container\">\n\t\t\t\t\t\t\t\t<div class=\"elementor-text-editor elementor-clearfix\">\n\t\t\t\t\t<img loading=\"lazy\" class=\"aligncenter  wp-image-6619\" src=\"https:\/\/obispadosanfelipe.cl\/2020\/wp-content\/uploads\/2021\/12\/PASO-A-PASO-DIOCESANO-1-300x300.jpeg\" alt=\"\" width=\"444\" height=\"444\" srcset=\"https:\/\/obispadosanfelipe.cl\/2020\/wp-content\/uploads\/2021\/12\/PASO-A-PASO-DIOCESANO-1-300x300.jpeg 300w, https:\/\/obispadosanfelipe.cl\/2020\/wp-content\/uploads\/2021\/12\/PASO-A-PASO-DIOCESANO-1-1024x1024.jpeg 1024w, https:\/\/obispadosanfelipe.cl\/2020\/wp-content\/uploads\/2021\/12\/PASO-A-PASO-DIOCESANO-1-150x150.jpeg 150w, https:\/\/obispadosanfelipe.cl\/2020\/wp-content\/uploads\/2021\/12\/PASO-A-PASO-DIOCESANO-1-768x768.jpeg 768w, https:\/\/obispadosanfelipe.cl\/2020\/wp-content\/uploads\/2021\/12\/PASO-A-PASO-DIOCESANO-1.jpeg 1080w\" sizes=\"(max-width: 444px) 100vw, 444px\" \/>\t\t\t\t\t<\/div>\n\t\t\t\t\t\t<\/div>\n\t\t\t\t<\/div>\n\t\t\t\t\t\t<\/div>\n\t\t\t\t\t<\/div>\n\t\t<\/div>\n\t\t\t\t\t\t\t\t<\/div>\n\t\t\t\t\t<\/div>\n\t\t<\/section>\n\t\t\t\t<section class=\"elementor-section elementor-top-section elementor-element elementor-element-9743875 elementor-section-boxed elementor-section-height-default elementor-section-height-default\" data-id=\"9743875\" data-element_type=\"section\">\n\t\t\t\t\t\t<div class=\"elementor-container elementor-column-gap-default\">\n\t\t\t\t\t\t\t<div class=\"elementor-row\">\n\t\t\t\t\t<div class=\"elementor-column elementor-col-100 elementor-top-column elementor-element elementor-element-e932a66\" data-id=\"e932a66\" data-element_type=\"column\">\n\t\t\t<div class=\"elementor-column-wrap elementor-element-populated\">\n\t\t\t\t\t\t\t<div class=\"elementor-widget-wrap\">\n\t\t\t\t\t\t<div class=\"elementor-element elementor-element-1715e0d elementor-widget elementor-widget-text-editor\" data-id=\"1715e0d\" data-element_type=\"widget\" data-widget_type=\"text-editor.default\">\n\t\t\t\t<div class=\"elementor-widget-container\">\n\t\t\t\t\t\t\t\t<div class=\"elementor-text-editor elementor-clearfix\">\n\t\t\t\t\t<p>Nuestra Iglesia Nacional y tambi\u00e9n nuestra Iglesia Diocesana hace algunos a\u00f1os est\u00e1 viviendo un tiempo de discernimiento, que nos permita descubrir en el aqu\u00ed y ahora el querer de Dios. \u00a1Seamos una Iglesia Sinodal que se deja desbordar por la fuerza renovadora del Esp\u00edritu Santo!<\/p><p>\ud83d\udcdd\u00bfC\u00f3mo nos podemos sumar a este tiempo? \u00bfC\u00f3mo podemos construir juntos y juntas una Iglesia Sinodal? <br \/>Para ser parte de este tiempo te invitamos a reunirte con tu comunidad: movimiento, parroquia, capilla, equipo de pastoral, delegaciones, etc&#8230;. \u00a1Organiza con tu comunidad espacios de dialogo!<\/p><p>\ud83d\udcdd\u00bfQu\u00e9 haremos en estos espacios de encuentro? <br \/>Escuchar!!! Nos escucharemos con respeto y apertura y tambi\u00e9n escucharemos al Esp\u00edritu Santo. El Papa Francisco nos dice \u00abHacer s\u00ednodo es ponerse en el mismo camino del Verbo hecho hombre, es seguir sus huellas, escuchando su Palabra junto a las palabras de los dem\u00e1s. Es descubrir con asombro que el Esp\u00edritu Santo siempre sopla de modo sorprendente, sugiriendo recorridos y lenguajes nuevos\u00bb<\/p><p>\ud83d\udcdd\u00bfTendremos acceso a alg\u00fan material para estos encuentros? <br \/>S\u00ed. Para ayudar a cada comunidad a generar estos espacios de encuentro ponemos a disposici\u00f3n los siguientes materiales: <br \/>&#8211; \u00abMe sumo, nos sumamos\u00bb (material para realizar durante diciembre 2021 y enero 2022) <br \/>&#8211; \u00abD\u00e9mosle otra vuelta\u00bb (material para realizar durante los meses de marzo y abril 2022)<\/p>\t\t\t\t\t<\/div>\n\t\t\t\t\t\t<\/div>\n\t\t\t\t<\/div>\n\t\t\t\t\t\t<\/div>\n\t\t\t\t\t<\/div>\n\t\t<\/div>\n\t\t\t\t\t\t\t\t<\/div>\n\t\t\t\t\t<\/div>\n\t\t<\/section>\n\t\t\t\t<section class=\"elementor-section elementor-top-section elementor-element elementor-element-2a6862c elementor-section-boxed elementor-section-height-default elementor-section-height-default\" data-id=\"2a6862c\" data-element_type=\"section\">\n\t\t\t\t\t\t<div class=\"elementor-container elementor-column-gap-default\">\n\t\t\t\t\t\t\t<div class=\"elementor-row\">\n\t\t\t\t\t<div class=\"elementor-column elementor-col-100 elementor-top-column elementor-element elementor-element-f398efb\" data-id=\"f398efb\" data-element_type=\"column\">\n\t\t\t<div class=\"elementor-column-wrap elementor-element-populated\">\n\t\t\t\t\t\t\t<div class=\"elementor-widget-wrap\">\n\t\t\t\t\t\t<div class=\"elementor-element elementor-element-6d09276 elementor-align-center elementor-widget elementor-widget-button\" data-id=\"6d09276\" data-element_type=\"widget\" data-widget_type=\"button.default\">\n\t\t\t\t<div class=\"elementor-widget-container\">\n\t\t\t\t\t<div class=\"elementor-button-wrapper\">\n\t\t\t<a href=\"https:\/\/drive.google.com\/file\/d\/1aJYl4LOB1JeQxRBHaP2BwkRKQ5dr88e0\/view?usp=sharing\" class=\"elementor-button-link elementor-button elementor-size-lg\" role=\"button\">\n\t\t\t\t\t\t<span class=\"elementor-button-content-wrapper\">\n\t\t\t\t\t\t<span class=\"elementor-button-icon elementor-align-icon-left\">\n\t\t\t\t<i aria-hidden=\"true\" class=\"far fa-arrow-alt-circle-right\"><\/i>\t\t\t<\/span>\n\t\t\t\t\t\t<span class=\"elementor-button-text\">Descargar Material \"Me Sumo, nos Sumamos\"<\/span>\n\t\t<\/span>\n\t\t\t\t\t<\/a>\n\t\t<\/div>\n\t\t\t\t<\/div>\n\t\t\t\t<\/div>\n\t\t\t\t\t\t<\/div>\n\t\t\t\t\t<\/div>\n\t\t<\/div>\n\t\t\t\t\t\t\t\t<\/div>\n\t\t\t\t\t<\/div>\n\t\t<\/section>\n\t\t\t\t<section class=\"elementor-section elementor-top-section elementor-element elementor-element-e31ade9 elementor-section-boxed elementor-section-height-default elementor-section-height-default\" data-id=\"e31ade9\" data-element_type=\"section\">\n\t\t\t\t\t\t<div class=\"elementor-container elementor-column-gap-default\">\n\t\t\t\t\t\t\t<div class=\"elementor-row\">\n\t\t\t\t\t<div class=\"elementor-column elementor-col-33 elementor-top-column elementor-element elementor-element-63612c0\" data-id=\"63612c0\" data-element_type=\"column\">\n\t\t\t<div class=\"elementor-column-wrap elementor-element-populated\">\n\t\t\t\t\t\t\t<div class=\"elementor-widget-wrap\">\n\t\t\t\t\t\t<div class=\"elementor-element elementor-element-f6ca8d1 elementor-align-center elementor-widget elementor-widget-button\" data-id=\"f6ca8d1\" data-element_type=\"widget\" data-widget_type=\"button.default\">\n\t\t\t\t<div class=\"elementor-widget-container\">\n\t\t\t\t\t<div class=\"elementor-button-wrapper\">\n\t\t\t<a href=\"https:\/\/obispadosanfelipe.cl\/2020\/wp-content\/uploads\/2022\/02\/Instructivo-juego-Dio\u0301cesis-San-Felipe.pdf\" class=\"elementor-button-link elementor-button elementor-size-md\" role=\"button\">\n\t\t\t\t\t\t<span class=\"elementor-button-content-wrapper\">\n\t\t\t\t\t\t<span class=\"elementor-button-icon elementor-align-icon-left\">\n\t\t\t\t<i aria-hidden=\"true\" class=\"fas fa-arrow-alt-circle-right\"><\/i>\t\t\t<\/span>\n\t\t\t\t\t\t<span class=\"elementor-button-text\">Descargar Material  <br>\"Demosle otra vuelta\" <br>Instructivo<\/span>\n\t\t<\/span>\n\t\t\t\t\t<\/a>\n\t\t<\/div>\n\t\t\t\t<\/div>\n\t\t\t\t<\/div>\n\t\t\t\t\t\t<\/div>\n\t\t\t\t\t<\/div>\n\t\t<\/div>\n\t\t\t\t<div class=\"elementor-column elementor-col-33 elementor-top-column elementor-element elementor-element-27ee9d4\" data-id=\"27ee9d4\" data-element_type=\"column\">\n\t\t\t<div class=\"elementor-column-wrap elementor-element-populated\">\n\t\t\t\t\t\t\t<div class=\"elementor-widget-wrap\">\n\t\t\t\t\t\t<div class=\"elementor-element elementor-element-2567ed6 elementor-align-center elementor-widget elementor-widget-button\" data-id=\"2567ed6\" data-element_type=\"widget\" data-widget_type=\"button.default\">\n\t\t\t\t<div class=\"elementor-widget-container\">\n\t\t\t\t\t<div class=\"elementor-button-wrapper\">\n\t\t\t<a href=\"https:\/\/obispadosanfelipe.cl\/2020\/wp-content\/uploads\/2022\/02\/tarjetasdiscernimiento.pdf\" class=\"elementor-button-link elementor-button elementor-size-md\" role=\"button\">\n\t\t\t\t\t\t<span class=\"elementor-button-content-wrapper\">\n\t\t\t\t\t\t<span class=\"elementor-button-icon elementor-align-icon-left\">\n\t\t\t\t<i aria-hidden=\"true\" class=\"fas fa-arrow-alt-circle-right\"><\/i>\t\t\t<\/span>\n\t\t\t\t\t\t<span class=\"elementor-button-text\">Descargar Material<br>\"Demosle otra vuelta\"<br>Tarjetas Discernimiento<\/span>\n\t\t<\/span>\n\t\t\t\t\t<\/a>\n\t\t<\/div>\n\t\t\t\t<\/div>\n\t\t\t\t<\/div>\n\t\t\t\t\t\t<\/div>\n\t\t\t\t\t<\/div>\n\t\t<\/div>\n\t\t\t\t<div class=\"elementor-column elementor-col-33 elementor-top-column elementor-element elementor-element-5d96203\" data-id=\"5d96203\" data-element_type=\"column\">\n\t\t\t<div class=\"elementor-column-wrap elementor-element-populated\">\n\t\t\t\t\t\t\t<div class=\"elementor-widget-wrap\">\n\t\t\t\t\t\t<div class=\"elementor-element elementor-element-1e18149 elementor-align-center elementor-widget elementor-widget-button\" data-id=\"1e18149\" data-element_type=\"widget\" data-widget_type=\"button.default\">\n\t\t\t\t<div class=\"elementor-widget-container\">\n\t\t\t\t\t<div class=\"elementor-button-wrapper\">\n\t\t\t<a href=\"https:\/\/obispadosanfelipe.cl\/2020\/wp-content\/uploads\/2022\/02\/Juego-fichas-comodin.pdf\" class=\"elementor-button-link elementor-button elementor-size-md\" role=\"button\">\n\t\t\t\t\t\t<span class=\"elementor-button-content-wrapper\">\n\t\t\t\t\t\t<span class=\"elementor-button-icon elementor-align-icon-left\">\n\t\t\t\t<i aria-hidden=\"true\" class=\"fas fa-arrow-alt-circle-right\"><\/i>\t\t\t<\/span>\n\t\t\t\t\t\t<span class=\"elementor-button-text\">Descargar Material<br>\"Demosle otra vuelta\"<br>Fichas Comod\u00edn<\/span>\n\t\t<\/span>\n\t\t\t\t\t<\/a>\n\t\t<\/div>\n\t\t\t\t<\/div>\n\t\t\t\t<\/div>\n\t\t\t\t\t\t<\/div>\n\t\t\t\t\t<\/div>\n\t\t<\/div>\n\t\t\t\t\t\t\t\t<\/div>\n\t\t\t\t\t<\/div>\n\t\t<\/section>\n\t\t\t\t\t\t<\/div>\n\t\t\t\t\t\t<\/div>\n\t\t\t\t\t<\/div>\n\t\t","protected":false},"excerpt":{"rendered":"<p>En el marco del caminar diocesano e impulsado con m\u00e1s fuerza por este tiempo de preparaci\u00f3n al s\u00ednodo de los obispos nuestra Di\u00f3cesis ha definido 3 grandes etapas para vivir&hellip;<\/p>\n","protected":false},"author":1,"featured_media":0,"parent":0,"menu_order":0,"comment_status":"closed","ping_status":"closed","template":"","meta":[],"_links":{"self":[{"href":"https:\/\/obispadosanfelipe.cl\/2020\/wp-json\/wp\/v2\/pages\/6618"}],"collection":[{"href":"https:\/\/obispadosanfelipe.cl\/2020\/wp-json\/wp\/v2\/pages"}],"about":[{"href":"https:\/\/obispadosanfelipe.cl\/2020\/wp-json\/wp\/v2\/types\/page"}],"author":[{"embeddable":true,"href":"https:\/\/obispadosanfelipe.cl\/2020\/wp-json\/wp\/v2\/users\/1"}],"replies":[{"embeddable":true,"href":"https:\/\/obispadosanfelipe.cl\/2020\/wp-json\/wp\/v2\/comments?post=6618"}],"version-history":[{"count":19,"href":"https:\/\/obispadosanfelipe.cl\/2020\/wp-json\/wp\/v2\/pages\/6618\/revisions"}],"predecessor-version":[{"id":6751,"href":"https:\/\/obispadosanfelipe.cl\/2020\/wp-json\/wp\/v2\/pages\/6618\/revisions\/6751"}],"wp:attachment":[{"href":"https:\/\/obispadosanfelipe.cl\/2020\/wp-json\/wp\/v2\/media?parent=6618"}],"curies":[{"name":"wp","href":"https:\/\/api.w.org\/{rel}","templated":true}]}}